{"id":8814,"date":"2024-10-08T11:59:13","date_gmt":"2024-10-08T11:59:13","guid":{"rendered":"https:\/\/pelestest.thepoint-agency.com\/citadela-artelor-debuteaza-la-castelul-peles-prin-concertul-de-jazz-sustinut-de-sorin-zlat-quartet\/"},"modified":"2024-12-19T09:48:20","modified_gmt":"2024-12-19T07:48:20","slug":"citadela-artelor-debuteaza-la-castelul-peles-prin-concertul-de-jazz-sustinut-de-sorin-zlat-quartet","status":"publish","type":"eveniment","link":"https:\/\/thewebdevpoint.com\/ro\/eveniment\/citadela-artelor-debuteaza-la-castelul-peles-prin-concertul-de-jazz-sustinut-de-sorin-zlat-quartet\/","title":{"rendered":"Citadela Artelor debuteaz\u0103 la Castelul Pele\u0219 prin concertul de jazz sus\u021binut de Sorin Zlat Quartet"},"content":{"rendered":"<p>Stagiunea \u201eSunetul Muzicii\u201d de la Castelul Pele\u0219, dup\u0103 10 ani \u0219i numeroase evenimente culturale sus\u021binute la Sala de Concerte, prime\u0219te o \u00eenf\u0103\u021bi\u0219are nou\u0103 \u0219i un format mai cuprinz\u0103tor reunite sub numele de <strong>\u201eCitadela Artelor\u201d.<\/strong><\/p>\n<p>Primul eveniment, intitulat \u201eThe Land of Dreams\u201d va avea loc <strong>s\u00e2mb\u0103t\u0103, 23 martie 2019,<\/strong> de la <strong>ora 16:00,<\/strong> invita\u021bi fiind membrii forma\u021biei <strong>Sorin Zlat Quartet, <\/strong>unul dintre band-urile de referin\u021b\u0103 ale jazz-ului autohton. Deschiderea noii stagiuni va aduce \u00een premier\u0103 <strong>prezentarea colec\u021biei de instrumente muzicale<\/strong> cu semnifica\u021bie istoric\u0103 alese din patrimoniul Muzeului Na\u021bional Pele\u0219.<\/p>\n<p>Evenimentul va fi prezentat de Sebastian Cr\u0103ciun, iar <u>intrarea va fi liber\u0103<\/u>, prin solicitarea invita\u021biei la adresa <u>rezervari.ucimr@gmail.com<\/u><\/p>\n<p>Organizatorii, Muzeul Na\u021bional Pele\u0219 \u0219i Uniunea de Crea\u021bie Interpretativ\u0103 a Muzicienilor din Rom\u00e2nia, promit o serie nou\u0103 de evenimente culturale \u00een Sala de concerte a Casetelului Pele\u0219 unde publicul va fi invitat s\u0103 ia parte la un adev\u0103rat regal al artelor care va cuprinde, pe l\u00e2ng\u0103 concertele de jazz \u0219i muzic\u0103 clasic\u0103, \u0219i spectacole de dans contemporan al\u0103turi de expozi\u021bii speciale. \u0218i anul acesta, evenimentele se vor desf\u0103\u0219ura lunar \u00een perioada martie \u2013 octombrie.<\/p>\n<p>Primii arti\u0219ti invita\u021bi s\u0103 fac\u0103 parte din \u201eCitadela Artelor\u201d sunt <strong>Sorin Zlat<\/strong> \u2013 pian, <strong>Mihaela Alexa<\/strong> \u2013 voce, <strong>Michael Acker<\/strong> \u2013 contrabas \u0219i <strong>Gabi Matei<\/strong> \u2013 percu\u021bie, reprezent\u00e2nd componen\u021ba unuia dintre cele mai longevive cvartete jazz din Rom\u00e2nia, \u00eemplinind recent 10 ani de activitate. Liderul grupului, Sorin Zlat, este primul pianist str\u0103in care reu\u0219e\u0219te s\u0103 cucereasc\u0103 r\u00e2vnitul premiu &#8222;The Great American Jazz Piano Competition&#8221;, considerat cel mai prestigios concurs de pian solo din SUA cu o tradi\u021bie de peste 30 de ani, artistul devenind astfel \u0219i primul rom\u00e2n care prime\u0219te un premiu de o asemenea anvergur\u0103.<\/p>\n<p>La concertele pe care le-au sus\u021binut \u00een Rom\u00e2nia, Europa \u0219i S.U.A, membrii grupului \u0219i-au propus \u0219i continu\u0103 s\u0103 \u00eenc\u00e2nte publicul cu lucr\u0103ri originale compuse pentru albumul &#8222;Endurance&#8221; \u0219i cu standarde de jazz reorchestrate \u00een manier\u0103 proprie. La concertul de s\u00e2mb\u0103t\u0103 arti\u0219tii vor interpreta, totodat\u0103, \u0219i lucrari noi ce vor ap\u0103rea pe urmatorul disc, &#8222;The Land of Dreams&#8221;.<\/p>\n<p>Prin aceast\u0103 fuziune de stiluri, grupul a c\u00e2\u0219tigat recuno\u0219terea publicului, particip\u00e2nd la numeroase concerte pe scenele unor cluburi si festivaluri celebre, precum:\u00a0Montreux Jazz Festival,\u00a0Jacksonville Jazz Festival (S.U.A),\u00a0Garana Jazz Festival, Sibiu Jazz Festival, Timisoara Jazz Festival, Bucharest Jazz Festival sau la Ronnie\u2019s Scott, Kings Place din Londra, Nardis Club (Istanbul), Jazz Cafe (Montreux), B-flat (Berlin), Pera Fest (Turcia), Getxo Jazz Festival (Spania), Monaco Jazz Festival etc.\u00a0De-a lungul timpului, Sorin Zlat Quartet a c\u00e2ntat pe aceea\u0219i scen\u0103 al\u0103turi de nume mari ale jazzului: Lee Ritenour, Ravi Coltrane, Brandford Marsallis, Joey Calderazzo, Tito Puente \u0219i Jeff Ballard.\u00a0La data de\u00a028 mai 2017, Sorin Zlat a fost invitat \u00een calitate de <em>headliner<\/em> la festivalul \u00a0din S.U.A &#8222;Jacksonville Jazz Festival&#8221; s\u0103 concerteze \u00een aceea\u0219i sear\u0103 \u0219i pe aceea\u0219i scen\u0103 alaturi de Chick Corea Trio, Joey Alexander Trio \u0219i The Commodores.<\/p>\n<p><a href=\"https:\/\/pelestest.thepoint-agency.com\/wp-content\/uploads\/2019\/03\/Sorin-Zlat-750x530.jpg\"><img fetchpriority=\"high\" decoding=\"async\" class=\"alignnone size-full wp-image-2556\" src=\"https:\/\/pelestest.thepoint-agency.com\/wp-content\/uploads\/2019\/03\/Sorin-Zlat-750x530.jpg\" alt=\"\" width=\"750\" height=\"530\" \/><\/a><\/p>\n<p><strong>Sorin Zlat <\/strong><strong>&#8211;\u00a0<\/strong>pianist de jazz, clarinetist, compozitor, orchestrator \u0219i laureat a peste dou\u0103zeci de premii na\u021bionale \u0219i interna\u021bionale, este unul dintre cei mai talenta\u021bi muzicieni rom\u00e2ni de jazz ai momentului.\u00a0A \u00eenceput studiile muzicale la v\u00e2rsta de \u0219apte ani, primele instrumente studiate fiind vioara \u0219i clarinetul la Liceul de Art\u0103 \u201eGeorge Apostu\u201d din Bacau. Este absolvent al Facult\u0103\u021bii de Muzic\u0103 \u201eGeorge Enescu\u201d din Ia\u0219i, sectia clarinet clasic, \u0219i masterand al Universit\u0103\u021bii de Muzic\u0103 din Bucure\u0219ti, sectia jazz, instrument-pian la clasa renumitului pianist \u0219i profesor de jazz Mircea Tiberian. Sorin a creat un repertoriu ce contine piese de jazz originale, precum \u0219i standarde reorchestrate, variind prin stilurile latin, jazz, pop \u0219i clasic, orchestrate pentru a reflecta stilul s\u0103u interpretativ unic care i-a adus recunoa\u0219terea instantanee pe scena de jazz european\u0103 \u0219i nord american\u0103.<\/p>\n<p>Printre numeroasele premii c\u00e2\u0219tigate de Sorin Zlat se num\u0103r\u0103 Marele Premiu \u00een cadrul Competi\u021biei de Jazz din Jacksonville, Florida, Statele Unite ale Americii (2015), Marele Premiu \u00een cadrul Competi\u021biei de Jazz din Monaco (2013), Marele Premiu \u00een cadul Competi\u021biei de Jazz din Montreux (2015), precum \u0219i Premiul pentru Cel Mai Bun Muzician de Jazz pentru anii 2014, 2015, acordat de Fundatia de Jazz Muzza. Demn de men\u021bionat este faptul c\u0103 Sorin a fost primul pianist non-american care a c\u00e2\u0219tigat pentru prima dat\u0103 Marele Premiu \u00een cadrul celui mai prestigios concurs de pian solo din S.U.A, &#8222;The Great American Jazz Piano Competion&#8221;, o competi\u021bie cu o tradi\u021bie de peste 30 de ani. \u00cen vara aceluia\u0219i an, Sorin a lansat albumul\u00a0<em>Endurance<\/em>\u00a0ce con\u021bine piese solo, \u00een formul\u0103 de trio, precum \u0219i compozi\u021bii personale, un album primit cu mult\u0103 apreciere de c\u0103tre iubitorii de jazz. \u00cen anul 2019, datorit\u0103 premiilor \u0219i meritelor aduse Rom\u00e2niei, primarul ora\u0219ului Bac\u0103u, Cosmin Necula, i-a \u00eenm\u00e2nat lui Sorin titlul de \u201eCet\u0103\u021bean de onoare\u201d \u0219i \u201eCheia Ora\u0219ului&#8221;. De asemenea, \u00een acela\u0219i an, a primit din partea \u00a0UCMR \u201ePremiul pentru Jazz&#8221;.<\/p>\n<p>Stagiunea \u201eCitadela Artelor\u201d este un eveniment organizat de UCIMR \u2013 Uniunea de Crea\u021bie Interpretativ\u0103 a Muzicienilor din Rom\u00e2nia \u00een parteneriat cu Muzeul Na\u021bional Pele\u0219.<\/p>\n<p>Parteneri culturali: Exces Music, Programul \u201eOportunit\u0103\u021bi la tine acas\u0103\u201d derulat de UCIMR, Asocia\u021bia Pro Valores.<\/p>\n<p>Parteneri media: EnjoyTV Romania, Radio Rom\u00e2nia Cultural, Observator cultural, Radio Trinitas, Agen\u021bia de Carte, Ro Portal, Rom\u00e2nia Pozitiv\u0103, Calendar Evenimente, Bucuresteni.ro, Onlinegallery.ro, Jurnalmm.ro<\/p>\n<p><strong>Urm\u0103torul eveniment<\/strong> din \u201eCitadela Artelor\u201d se va intitula \u201eArmonii Pascale\u201d \u0219i va avea loc s\u00e2mb\u0103t\u0103, 20 aprilie, de la ora 16:00, av\u00e2ndu-i invita\u021bi pe actri\u021ba Lamia Beligan \u0219i pe multi-instrumentistul Nicolae Szekely.\u00a0 Intrarea va fi liber\u0103 prin solicitarea invita\u021biei la adresa rezervari.ucimr@gmail.com<\/p>\n<p>&nbsp;<\/p>\n","protected":false},"featured_media":0,"template":"","meta":{"_acf_changed":false},"categorie-evenimente":[353],"class_list":["post-8814","eveniment","type-eveniment","status-publish","hentry","categorie-evenimente-arhiva"],"acf":[],"yoast_head":"<!-- This site is optimized with the Yoast SEO plugin v24.1 - https:\/\/yoast.com\/wordpress\/plugins\/seo\/ -->\n<title>Citadela Artelor debuteaz\u0103 la Castelul Pele\u0219 prin concertul de jazz sus\u021binut de Sorin Zlat Quartet &#183; Peles Test<\/title>\n<meta name=\"robots\" content=\"noindex, follow, max-snippet:-1, max-image-preview:large, max-video-preview:-1\" \/>\n<script type=\"application\/ld+json\" class=\"yoast-schema-graph\">{\"@context\":\"https:\/\/schema.org\",\"@graph\":[{\"@type\":\"WebPage\",\"@id\":\"https:\/\/thewebdevpoint.com\/eveniment\/citadela-artelor-debuteaza-la-castelul-peles-prin-concertul-de-jazz-sustinut-de-sorin-zlat-quartet\/\",\"url\":\"https:\/\/thewebdevpoint.com\/eveniment\/citadela-artelor-debuteaza-la-castelul-peles-prin-concertul-de-jazz-sustinut-de-sorin-zlat-quartet\/\",\"name\":\"Citadela Artelor debuteaz\u0103 la Castelul Pele\u0219 prin concertul de jazz sus\u021binut de Sorin Zlat Quartet &#183; Peles Test\",\"isPartOf\":{\"@id\":\"https:\/\/thewebdevpoint.com\/ro\/#website\"},\"primaryImageOfPage\":{\"@id\":\"https:\/\/thewebdevpoint.com\/eveniment\/citadela-artelor-debuteaza-la-castelul-peles-prin-concertul-de-jazz-sustinut-de-sorin-zlat-quartet\/#primaryimage\"},\"image\":{\"@id\":\"https:\/\/thewebdevpoint.com\/eveniment\/citadela-artelor-debuteaza-la-castelul-peles-prin-concertul-de-jazz-sustinut-de-sorin-zlat-quartet\/#primaryimage\"},\"thumbnailUrl\":\"https:\/\/pelestest.thepoint-agency.com\/wp-content\/uploads\/2019\/03\/Sorin-Zlat-750x530.jpg\",\"datePublished\":\"2024-10-08T11:59:13+00:00\",\"dateModified\":\"2024-12-19T07:48:20+00:00\",\"breadcrumb\":{\"@id\":\"https:\/\/thewebdevpoint.com\/eveniment\/citadela-artelor-debuteaza-la-castelul-peles-prin-concertul-de-jazz-sustinut-de-sorin-zlat-quartet\/#breadcrumb\"},\"inLanguage\":\"ro-RO\",\"potentialAction\":[{\"@type\":\"ReadAction\",\"target\":[\"https:\/\/thewebdevpoint.com\/eveniment\/citadela-artelor-debuteaza-la-castelul-peles-prin-concertul-de-jazz-sustinut-de-sorin-zlat-quartet\/\"]}]},{\"@type\":\"ImageObject\",\"inLanguage\":\"ro-RO\",\"@id\":\"https:\/\/thewebdevpoint.com\/eveniment\/citadela-artelor-debuteaza-la-castelul-peles-prin-concertul-de-jazz-sustinut-de-sorin-zlat-quartet\/#primaryimage\",\"url\":\"https:\/\/pelestest.thepoint-agency.com\/wp-content\/uploads\/2019\/03\/Sorin-Zlat-750x530.jpg\",\"contentUrl\":\"https:\/\/pelestest.thepoint-agency.com\/wp-content\/uploads\/2019\/03\/Sorin-Zlat-750x530.jpg\"},{\"@type\":\"BreadcrumbList\",\"@id\":\"https:\/\/thewebdevpoint.com\/eveniment\/citadela-artelor-debuteaza-la-castelul-peles-prin-concertul-de-jazz-sustinut-de-sorin-zlat-quartet\/#breadcrumb\",\"itemListElement\":[{\"@type\":\"ListItem\",\"position\":1,\"name\":\"Acas\u0103\",\"item\":\"https:\/\/thewebdevpoint.com\/\"},{\"@type\":\"ListItem\",\"position\":2,\"name\":\"Evenimente\",\"item\":\"https:\/\/thewebdevpoint.com\/ro\/evenimente\/\"},{\"@type\":\"ListItem\",\"position\":3,\"name\":\"Citadela Artelor debuteaz\u0103 la Castelul Pele\u0219 prin concertul de jazz sus\u021binut de Sorin Zlat Quartet\"}]},{\"@type\":\"WebSite\",\"@id\":\"https:\/\/thewebdevpoint.com\/ro\/#website\",\"url\":\"https:\/\/thewebdevpoint.com\/ro\/\",\"name\":\"Peles Test\",\"description\":\"\",\"publisher\":{\"@id\":\"https:\/\/thewebdevpoint.com\/ro\/#organization\"},\"potentialAction\":[{\"@type\":\"SearchAction\",\"target\":{\"@type\":\"EntryPoint\",\"urlTemplate\":\"https:\/\/thewebdevpoint.com\/ro\/?s={search_term_string}\"},\"query-input\":{\"@type\":\"PropertyValueSpecification\",\"valueRequired\":true,\"valueName\":\"search_term_string\"}}],\"inLanguage\":\"ro-RO\"},{\"@type\":\"Organization\",\"@id\":\"https:\/\/thewebdevpoint.com\/ro\/#organization\",\"name\":\"Muzeul Pele\u0219\",\"alternateName\":\"MP\",\"url\":\"https:\/\/thewebdevpoint.com\/ro\/\",\"logo\":{\"@type\":\"ImageObject\",\"inLanguage\":\"ro-RO\",\"@id\":\"https:\/\/thewebdevpoint.com\/ro\/#\/schema\/logo\/image\/\",\"url\":\"https:\/\/thewebdevpoint.com\/wp-content\/uploads\/2024\/10\/Logo.svg\",\"contentUrl\":\"https:\/\/thewebdevpoint.com\/wp-content\/uploads\/2024\/10\/Logo.svg\",\"width\":251,\"height\":48,\"caption\":\"Muzeul Pele\u0219\"},\"image\":{\"@id\":\"https:\/\/thewebdevpoint.com\/ro\/#\/schema\/logo\/image\/\"}}]}<\/script>\n<!-- \/ Yoast SEO plugin. -->","yoast_head_json":{"title":"Citadela Artelor debuteaz\u0103 la Castelul Pele\u0219 prin concertul de jazz sus\u021binut de Sorin Zlat Quartet &#183; Peles Test","robots":{"index":"noindex","follow":"follow","max-snippet":"max-snippet:-1","max-image-preview":"max-image-preview:large","max-video-preview":"max-video-preview:-1"},"schema":{"@context":"https:\/\/schema.org","@graph":[{"@type":"WebPage","@id":"https:\/\/thewebdevpoint.com\/eveniment\/citadela-artelor-debuteaza-la-castelul-peles-prin-concertul-de-jazz-sustinut-de-sorin-zlat-quartet\/","url":"https:\/\/thewebdevpoint.com\/eveniment\/citadela-artelor-debuteaza-la-castelul-peles-prin-concertul-de-jazz-sustinut-de-sorin-zlat-quartet\/","name":"Citadela Artelor debuteaz\u0103 la Castelul Pele\u0219 prin concertul de jazz sus\u021binut de Sorin Zlat Quartet &#183; Peles Test","isPartOf":{"@id":"https:\/\/thewebdevpoint.com\/ro\/#website"},"primaryImageOfPage":{"@id":"https:\/\/thewebdevpoint.com\/eveniment\/citadela-artelor-debuteaza-la-castelul-peles-prin-concertul-de-jazz-sustinut-de-sorin-zlat-quartet\/#primaryimage"},"image":{"@id":"https:\/\/thewebdevpoint.com\/eveniment\/citadela-artelor-debuteaza-la-castelul-peles-prin-concertul-de-jazz-sustinut-de-sorin-zlat-quartet\/#primaryimage"},"thumbnailUrl":"https:\/\/pelestest.thepoint-agency.com\/wp-content\/uploads\/2019\/03\/Sorin-Zlat-750x530.jpg","datePublished":"2024-10-08T11:59:13+00:00","dateModified":"2024-12-19T07:48:20+00:00","breadcrumb":{"@id":"https:\/\/thewebdevpoint.com\/eveniment\/citadela-artelor-debuteaza-la-castelul-peles-prin-concertul-de-jazz-sustinut-de-sorin-zlat-quartet\/#breadcrumb"},"inLanguage":"ro-RO","potentialAction":[{"@type":"ReadAction","target":["https:\/\/thewebdevpoint.com\/eveniment\/citadela-artelor-debuteaza-la-castelul-peles-prin-concertul-de-jazz-sustinut-de-sorin-zlat-quartet\/"]}]},{"@type":"ImageObject","inLanguage":"ro-RO","@id":"https:\/\/thewebdevpoint.com\/eveniment\/citadela-artelor-debuteaza-la-castelul-peles-prin-concertul-de-jazz-sustinut-de-sorin-zlat-quartet\/#primaryimage","url":"https:\/\/pelestest.thepoint-agency.com\/wp-content\/uploads\/2019\/03\/Sorin-Zlat-750x530.jpg","contentUrl":"https:\/\/pelestest.thepoint-agency.com\/wp-content\/uploads\/2019\/03\/Sorin-Zlat-750x530.jpg"},{"@type":"BreadcrumbList","@id":"https:\/\/thewebdevpoint.com\/eveniment\/citadela-artelor-debuteaza-la-castelul-peles-prin-concertul-de-jazz-sustinut-de-sorin-zlat-quartet\/#breadcrumb","itemListElement":[{"@type":"ListItem","position":1,"name":"Acas\u0103","item":"https:\/\/thewebdevpoint.com\/"},{"@type":"ListItem","position":2,"name":"Evenimente","item":"https:\/\/thewebdevpoint.com\/ro\/evenimente\/"},{"@type":"ListItem","position":3,"name":"Citadela Artelor debuteaz\u0103 la Castelul Pele\u0219 prin concertul de jazz sus\u021binut de Sorin Zlat Quartet"}]},{"@type":"WebSite","@id":"https:\/\/thewebdevpoint.com\/ro\/#website","url":"https:\/\/thewebdevpoint.com\/ro\/","name":"Peles Test","description":"","publisher":{"@id":"https:\/\/thewebdevpoint.com\/ro\/#organization"},"potentialAction":[{"@type":"SearchAction","target":{"@type":"EntryPoint","urlTemplate":"https:\/\/thewebdevpoint.com\/ro\/?s={search_term_string}"},"query-input":{"@type":"PropertyValueSpecification","valueRequired":true,"valueName":"search_term_string"}}],"inLanguage":"ro-RO"},{"@type":"Organization","@id":"https:\/\/thewebdevpoint.com\/ro\/#organization","name":"Muzeul Pele\u0219","alternateName":"MP","url":"https:\/\/thewebdevpoint.com\/ro\/","logo":{"@type":"ImageObject","inLanguage":"ro-RO","@id":"https:\/\/thewebdevpoint.com\/ro\/#\/schema\/logo\/image\/","url":"https:\/\/thewebdevpoint.com\/wp-content\/uploads\/2024\/10\/Logo.svg","contentUrl":"https:\/\/thewebdevpoint.com\/wp-content\/uploads\/2024\/10\/Logo.svg","width":251,"height":48,"caption":"Muzeul Pele\u0219"},"image":{"@id":"https:\/\/thewebdevpoint.com\/ro\/#\/schema\/logo\/image\/"}}]}},"_links":{"self":[{"href":"https:\/\/thewebdevpoint.com\/ro\/wp-json\/wp\/v2\/eveniment\/8814","targetHints":{"allow":["GET"]}}],"collection":[{"href":"https:\/\/thewebdevpoint.com\/ro\/wp-json\/wp\/v2\/eveniment"}],"about":[{"href":"https:\/\/thewebdevpoint.com\/ro\/wp-json\/wp\/v2\/types\/eveniment"}],"version-history":[{"count":1,"href":"https:\/\/thewebdevpoint.com\/ro\/wp-json\/wp\/v2\/eveniment\/8814\/revisions"}],"predecessor-version":[{"id":17237,"href":"https:\/\/thewebdevpoint.com\/ro\/wp-json\/wp\/v2\/eveniment\/8814\/revisions\/17237"}],"wp:attachment":[{"href":"https:\/\/thewebdevpoint.com\/ro\/wp-json\/wp\/v2\/media?parent=8814"}],"wp:term":[{"taxonomy":"categorie-evenimente","embeddable":true,"href":"https:\/\/thewebdevpoint.com\/ro\/wp-json\/wp\/v2\/categorie-evenimente?post=8814"}],"curies":[{"name":"wp","href":"https:\/\/api.w.org\/{rel}","templated":true}]}}