{"id":8818,"date":"2024-10-08T11:59:13","date_gmt":"2024-10-08T11:59:13","guid":{"rendered":"https:\/\/pelestest.thepoint-agency.com\/actrita-lamia-beligan-si-muzicianul-nicolae-szekely-in-recitalul-armonii-pascale-sambata-la-castelul-peles\/"},"modified":"2024-12-19T09:48:38","modified_gmt":"2024-12-19T07:48:38","slug":"actrita-lamia-beligan-si-muzicianul-nicolae-szekely-in-recitalul-armonii-pascale-sambata-la-castelul-peles","status":"publish","type":"eveniment","link":"https:\/\/thewebdevpoint.com\/ro\/eveniment\/actrita-lamia-beligan-si-muzicianul-nicolae-szekely-in-recitalul-armonii-pascale-sambata-la-castelul-peles\/","title":{"rendered":"ACTRI\u021aA LAMIA BELIGAN \u0218I MUZICIANUL NICOLAE SZEKELY, \u00ceN RECITALUL \u201eARMONII PASCALE\u201d, S\u00c2MB\u0102T\u0102 LA CASTELUL PELE\u0218"},"content":{"rendered":"<p><em>Stagiunea \u201eSunetul Muzicii\u201d de la Castelul Pele\u0219, dup\u0103 10 ani \u0219i numeroase evenimente culturale, prime\u0219te o \u00eenf\u0103\u021bi\u0219are nou\u0103 \u0219i un format mai cuprinz\u0103tor reunite sub numele de <strong>\u201eCitadela Artelor\u201d &#8211; <\/strong>o nou\u0103 stagiune al c\u0103rei debut s-a bucurat de mult succes \u00een luna martie a acestui an.<\/em><\/p>\n<p><strong>S\u00e2mb\u0103t\u0103, 20 aprilie 2019,<\/strong> de la <strong>ora 16:00, la Sala de Concerte a Castelului Pele\u0219 <\/strong>va avea loc cel de-al doilea eveniment al stagiunii, prilejuit de apropierea S\u0103rb\u0103torilor de Pa\u0219ti. Invita\u021bi s\u0103 fac\u0103 parte din \u201eCitadela Artelor\u201d vor fi <strong>Lamia Beligan,<\/strong> distins\u0103 actri\u021b\u0103 a Teatrului Na\u021bional din Bucure\u0219ti, \u0219i multi-instrumentistul <strong>Nicolae Szekely. <\/strong><\/p>\n<p>Arti\u0219tii au preg\u0103tit un program emo\u021bionant care va cuprinde lectura poemelor alese, cu tem\u0103 filosofic\u0103 \u0219i religioas\u0103, acompaniate de acorduri ale muzicii tradi\u021bionale vechi rom\u00e2ne\u0219ti \u0219i de factur\u0103 oriental\u0103, oferind un \u00eendemn c\u0103tre medita\u021bie, cump\u0103tare \u0219i \u00eentoarcere c\u0103tre valori din timpuri imemoriale. \u0218i de aceast\u0103 dat\u0103, deschiderea serii va fi marcat\u0103 de <strong>prezentarea unui nou element de valoare din patrimoniul Muzeului Na\u021bional Pele\u0219.<\/strong><\/p>\n<p>Gazda evenimentului va fi Sebastian Cr\u0103ciun, iar <u>intrarea va fi liber\u0103<\/u>, prin solicitarea invita\u021biei electronice la adresa <u>rezervari.ucimr@gmail.com<\/u><\/p>\n<p>Actri\u021ba invitat\u0103 va citi o selec\u021bie de poeme ce poart\u0103 cu sine un profund mesaj spiritual, alese din opera unor scriitori precum maica Teodosia Zorica La\u021bcu, Sandu Tudor, Radu Gyr, Daniel Turcea, Corneliu Coposu, Cezar Iv\u0103nescu \u0219i Vasile Voiculescu. Lectura va fi acompaniat\u0103 de recitalul care va cuprinde lucr\u0103ri tradi\u021bionale rom\u00e2ne\u0219ti, doine \u0219i sonorit\u0103\u021bi vechi ale Orientului apropiat interpretate la instrumente precum nai, flaut de bambus, duduk, cavala egiptean\u0103 \u0219i nei milenar.<\/p>\n<p>,,Aceste versuri poart\u0103 \u00een ele o for\u021b\u0103, o lumin\u0103 \u0219i o intensitate pe care doar durerea \u0219i experien\u021ba mistic\u0103 o puteau na\u0219te.\u201d (<strong>Lamia Beligan<\/strong>) \u201eAm ales o muzic\u0103 a c\u0103rei surs\u0103 este poezia, \u00een sensul ei divin, cu teme \u0219i sunete care te \u00eenfioar\u0103 \u0219i poate c\u0103 \u00eenc\u0103 au capacitatea de a purifica g\u00e2ndurile ascult\u0103torilor din zilele noastre.\u201d (<strong>Nicolae Szekely<\/strong>)<\/p>\n<p><strong>Lamia Beligan <\/strong><strong>\u2013\u00a0<\/strong>a absolvit Institutul de Art\u0103 Teatral\u0103 \u0219i Cinematografic\u0103\u00a0 Bucure\u0219ti, promo\u021bia 1990, clasa profesorului Ion Cojar. A debutat la Teatrul Na\u021bional din Craiova, cu rolul Honey din ,,Cui i-e fric\u0103 de Virginia Woolf?\u201d de Edward Albee \u00een regia lui Mircea Corni\u0219teanu. A jucat pe scena acestui teatru p\u00e2n\u0103 \u00een anul 1994 interpret\u00e2nd roluri ca Vr\u0103jitoarea din ,,Ubu Rex cu scene din Macbeth\u201d de Alfred Jarry \u0219i William Shakespeare sau Sonia din ,,Unchiul Vanea\u201d de A.P. Cehov. \u00cen prezent este actri\u021b\u0103 a Teatrului Na\u021bional din Bucure\u0219ti. A debutat pe scena acestui teatru \u00een 1979, cu piesa ,,\u00censemn\u0103rile unui Necunoscut\u201d dup\u0103 Fiodor Mihailovici Dostoievski, \u00een rolul Sa\u0219a. Au urmat rolurile: ,,Fata din Andros\u201d de Teren\u021biu, Tamara, Sachs din ,,De partea cui e\u0219ti\u201d de Ronald Harwood, Veturia din ,,Mofturi la Union\u201d dup\u0103 I.L. Caragiale, Lucie din ,,Egoistul\u201d de Jean Anouilh, p\u00e2n\u0103 la\u00a0Raisa Filippovna din ,,Sinuciga\u0219ul\u201d de Nikolai Erdman. A jucat \u0219i rolul Lizei \u00een piesa ,,Copiii Soarelui\u201d de Maxim Gorki, la Teatrul Mic din capital\u0103.<\/p>\n<p>Debutul \u00een televiziune l-a avut cu rolul Ioanei din ,, Ochii care nu se v\u0103d\u201d \u00een regia lui Dan Nec\u0219ulea, apoi a jucat rolul M\u0103riuc\u0103i \u00een ,,Baltagul\u201d, ecranizarea pentru televiziune a romanului sadovenian, \u00een 1998. \u00cen anul 2000 a ap\u0103rut \u00een filmul ,,Poveste imoral\u0103\u201d de Rodica Ojog Bra\u0219oveanu, \u00een 2002 a interpretat rolul Anei \u00een ,,Tinere\u021bea l\u0103custelor\u201d, iar \u00een anul 2006 a jucat rolul Tania Belinski din serialul ,,La urgen\u021b\u0103\u201d.<\/p>\n<p>\u00cen domeniul filmului a interpretat numeroase roluri precum: Gioia din ,,Nisipul din urne\u201d \u00een regia lui Frieder Schuller, coproduc\u021bie Germania \u2013 Rom\u00e2nia, \u00een 1986; Edith &#8211; ,,Natures mortes\u201d \u00een regia lui Patrick Malakian, 2000; Therese &#8211; ,,Le Pere Goriot\u201d, regia Jean \u2013 Daniel Verhaeghe \u00een anul 2004 sau Ida din ,,Na vlasti nebespeci\u201d(At Your Own Risk), regia Filip Renc, \u00een anul 2008.<\/p>\n<p>A fost decorat\u0103 de Pre\u0219edintele Rom\u00e2niei cu Medalia Meritul Cultural. \u00cen anul 1999 a fost distins\u0103 cu\u00a0 Premiul Funda\u021biei <em>Silvia Popivici<\/em> pentru cea mai bun\u0103 actri\u021b\u0103 a anului 1998 \u0219i multe alte premii \u0219i nominaliz\u0103ri precum: Premiul de interpretare pentru rolul Gwendolline din comedia muzical\u0103 dup\u0103 piesa ,,Bun\u0103 seara, domnule Wild\u201d la Festivalul Interna\u021bional de la Liverpool \u00een anul 1990 \u0219i Leul de Argint pentru filmul ,,Hotel de lux\u201d \u00een regia lui Dan Pi\u021ba, \u00een care a interpretat rolul Martei\u00a0 \u00een anul 1992.<\/p>\n<p><strong>Nicolae Szekely<\/strong> \u2013 de profesie inginer, a absolvit Facultatea de Metalurgie la Institutul Politehnic Bucure\u0219ti, \u00eentreaga personalitate \u0219i timpul liber fiindu-i acaparate \u00eens\u0103 de preocup\u0103rile pentru arte, \u00een genral filosofie, muzic\u0103 \u0219i poezie. Pasiunea pentru muzic\u0103 \u00eel c\u0103l\u0103uze\u0219te spre chitara clasic\u0103, astfel c\u0103 \u00een anul 1987 particip\u0103 \u0219i c\u00e2\u0219tig\u0103 locul I la Festivalul Na\u021bional de Chitar\u0103 Clasic\u0103 de la Sinaia.<\/p>\n<p>Dup\u0103 anul 1988 se stabile\u0219te la Hunedoara, unde continu\u0103 preocup\u0103rile pentru muzic\u0103, \u00eenv\u0103\u0163\u00e2ndu-i \u015fi pe al\u0163ii arta interpret\u0103rii la chitar\u0103. \u00cen anii 1990 este co-organizator al festivalulului \u201eZilele Chitarei Clasice\u201d, la care particip\u0103 chitari\u015fti din \u0163ar\u0103 dar \u015fi de peste hotare. Cu aceast\u0103 ocazie \u00eent\u00e2lne\u015fte pentru prima dat\u0103 acest instrument. Activitatea chitaristic\u0103 continu\u0103 cu diferite recitaluri (festivalul \u201eToamna Muzical\u0103\u201d, \u201eZilele Chitarei Clasice\u201d), urm\u00e2nd ca \u00een anul 2007 s\u0103 urmeze adev\u0103rata \u00eent\u00e2lnire cu familia l\u0103utei. Grupul \u201eHuniadi Cantores\u201d \u00eei aduce lui Nicolae Szekely un instrument deosebit: vihuela, instrument din perioada rena\u0219terii, din Spania secolului XV.<\/p>\n<p>Dup\u0103 un an, \u00ee\u015fi comand\u0103 o l\u0103ut\u0103, mai apoi o vihuela (construite de acela\u015fi lutier \u2013 Gyorgy Lorinczi), instrumente care \u00eei acapareaz\u0103 \u00eentreaga pasiune pentru muzic\u0103. Studiaz\u0103 intens repertoriul pentru l\u0103ut\u0103 \u015fi vihuela, este activ la festivalurile medievale din \u0163ar\u0103: Sighi\u0219oara, Media\u0219, Codlea, T\u00eergu Neam\u021b, Bra\u0219ov, R\u00e2\u0219nov, Bistri\u021ba, Cluj, Alba-Iulia, Sibiu, particip\u0103 \u015fi la un master-class cu Hopkinson Smith, care \u00eei dezv\u0103luie din tainele tehnicii, speciale, a acestor instrumente.<\/p>\n<p>Sus\u0163ine recitaluri de muzic\u0103 renascentist\u0103 \u00een diferite spa\u021bii culturale, \u00een special cet\u0103\u021bi, s\u0103li de muzee, biserici vechi: Cetatea Neam\u021bului, Castelul Corvinilor, Biserica fortificat\u0103 de la Biertan, Cetatea R\u00e2\u0219novului, Turnul Bastionului din Cluj, Biserica Evanghelic\u0103 Media\u0219, Bucure\u0219ti: Casa de Cultur\u0103 a Studen\u021bilor, teatrul particular UnTeatru, Palatul Mogo\u0219oaia, Muzeul \u021a\u0103ranului Rom\u00e2n. Lumea muzical\u0103 a lui Nicolae Szekely persist\u0103 \u00een repertoriul medieval \u015fi renascentist, de o bog\u0103\u0163ie \u015fi profunzime neb\u0103nuite. Autori ca Francesco da Milano, Enriquez Valderrabano, Miguel Fuenllana, Luis Milan, Pierre Ataingnant, Diego Pisador, John Dowland, Hans Gerle, Hans Judenkoenig, Hans Newsidler, Alonso Mudarra, Francesco Spinacino, sunt doar c\u00e2\u0163iva din imensa literatur\u0103 pentru l\u0103ut\u0103 \u015fi vihuela.<\/p>\n<p>Preocup\u0103rile muzicale nu sunt deloc limitate la o epoc\u0103 anume, perioad\u0103 sau gen, orice \u00eent\u00e2lnire cu muzica adev\u0103rat\u0103 devine o pasiune. Astfel c\u0103 \u00een colec\u021bia proprie au ap\u0103rut pe r\u00e2nd, o cobz\u0103, blokflute (sopran, alto, sopranino), mandolina, instrumente de percu\u021bie (tobele, cochet\u00e2nd cu muzica de jazz), cavalul, naiul, harpa medieval\u0103 sau gotic\u0103, ney, kawala egiptean, psaltery, pipa, quena, duduk, si multe multe altele.<\/p>\n<p><strong>Stagiunea \u201eCitadela Artelor\u201d<\/strong> este un eveniment organizat de UCIMR \u2013 Uniunea de Crea\u021bie Interpretativ\u0103 a Muzicienilor din Rom\u00e2nia \u00een parteneriat cu Muzeul Na\u021bional Pele\u0219.<\/p>\n<p>Parteneri culturali: Exces Music, Programul \u201eOportunit\u0103\u021bi la tine acas\u0103\u201d derulat de UCIMR, Asocia\u021bia Pro Valores.<\/p>\n<p>Parteneri media: EnjoyTV Romania, Radio Rom\u00e2nia Cultural, Observator cultural, Radio Trinitas, Agen\u021bia de Carte, Ro Portal, Rom\u00e2nia Pozitiv\u0103, Calendar Evenimente, Bucuresteni.ro, Onlinegallery.ro, Jurnalmm.ro<\/p>\n<p><strong>Urm\u0103torul eveniment<\/strong> din \u201eCitadela Artelor\u201d va fi un omagiu adus lui Dinu Lipatti de c\u0103tre cunoscuta pianist\u0103 <strong>M\u0103d\u0103lina Pa\u0219ol<\/strong> \u0219i va avea loc <u>s\u00e2mb\u0103t\u0103, 25 mai, de la ora 16:00<\/u>.\u00a0 Intrarea va fi liber\u0103 prin solicitarea invita\u021biei la adresa rezervari.ucimr@gmail.com<\/p>\n<p>&nbsp;<\/p>\n<p>&nbsp;<\/p>\n","protected":false},"featured_media":0,"template":"","meta":{"_acf_changed":false},"categorie-evenimente":[353],"class_list":["post-8818","eveniment","type-eveniment","status-publish","hentry","categorie-evenimente-arhiva"],"acf":[],"yoast_head":"<!-- This site is optimized with the Yoast SEO plugin v24.1 - https:\/\/yoast.com\/wordpress\/plugins\/seo\/ -->\n<title>ACTRI\u021aA LAMIA BELIGAN \u0218I MUZICIANUL NICOLAE SZEKELY, \u00ceN RECITALUL \u201eARMONII PASCALE\u201d, S\u00c2MB\u0102T\u0102 LA CASTELUL PELE\u0218 &#183; Peles Test<\/title>\n<meta name=\"robots\" content=\"noindex, follow, max-snippet:-1, max-image-preview:large, max-video-preview:-1\" \/>\n<script type=\"application\/ld+json\" class=\"yoast-schema-graph\">{\"@context\":\"https:\/\/schema.org\",\"@graph\":[{\"@type\":\"WebPage\",\"@id\":\"https:\/\/thewebdevpoint.com\/eveniment\/actrita-lamia-beligan-si-muzicianul-nicolae-szekely-in-recitalul-armonii-pascale-sambata-la-castelul-peles\/\",\"url\":\"https:\/\/thewebdevpoint.com\/eveniment\/actrita-lamia-beligan-si-muzicianul-nicolae-szekely-in-recitalul-armonii-pascale-sambata-la-castelul-peles\/\",\"name\":\"ACTRI\u021aA LAMIA BELIGAN \u0218I MUZICIANUL NICOLAE SZEKELY, \u00ceN RECITALUL \u201eARMONII PASCALE\u201d, S\u00c2MB\u0102T\u0102 LA CASTELUL PELE\u0218 &#183; Peles Test\",\"isPartOf\":{\"@id\":\"https:\/\/thewebdevpoint.com\/ro\/#website\"},\"datePublished\":\"2024-10-08T11:59:13+00:00\",\"dateModified\":\"2024-12-19T07:48:38+00:00\",\"breadcrumb\":{\"@id\":\"https:\/\/thewebdevpoint.com\/eveniment\/actrita-lamia-beligan-si-muzicianul-nicolae-szekely-in-recitalul-armonii-pascale-sambata-la-castelul-peles\/#breadcrumb\"},\"inLanguage\":\"ro-RO\",\"potentialAction\":[{\"@type\":\"ReadAction\",\"target\":[\"https:\/\/thewebdevpoint.com\/eveniment\/actrita-lamia-beligan-si-muzicianul-nicolae-szekely-in-recitalul-armonii-pascale-sambata-la-castelul-peles\/\"]}]},{\"@type\":\"BreadcrumbList\",\"@id\":\"https:\/\/thewebdevpoint.com\/eveniment\/actrita-lamia-beligan-si-muzicianul-nicolae-szekely-in-recitalul-armonii-pascale-sambata-la-castelul-peles\/#breadcrumb\",\"itemListElement\":[{\"@type\":\"ListItem\",\"position\":1,\"name\":\"Acas\u0103\",\"item\":\"https:\/\/thewebdevpoint.com\/\"},{\"@type\":\"ListItem\",\"position\":2,\"name\":\"Evenimente\",\"item\":\"https:\/\/thewebdevpoint.com\/ro\/evenimente\/\"},{\"@type\":\"ListItem\",\"position\":3,\"name\":\"ACTRI\u021aA LAMIA BELIGAN \u0218I MUZICIANUL NICOLAE SZEKELY, \u00ceN RECITALUL \u201eARMONII PASCALE\u201d, S\u00c2MB\u0102T\u0102 LA CASTELUL PELE\u0218\"}]},{\"@type\":\"WebSite\",\"@id\":\"https:\/\/thewebdevpoint.com\/ro\/#website\",\"url\":\"https:\/\/thewebdevpoint.com\/ro\/\",\"name\":\"Peles Test\",\"description\":\"\",\"publisher\":{\"@id\":\"https:\/\/thewebdevpoint.com\/ro\/#organization\"},\"potentialAction\":[{\"@type\":\"SearchAction\",\"target\":{\"@type\":\"EntryPoint\",\"urlTemplate\":\"https:\/\/thewebdevpoint.com\/ro\/?s={search_term_string}\"},\"query-input\":{\"@type\":\"PropertyValueSpecification\",\"valueRequired\":true,\"valueName\":\"search_term_string\"}}],\"inLanguage\":\"ro-RO\"},{\"@type\":\"Organization\",\"@id\":\"https:\/\/thewebdevpoint.com\/ro\/#organization\",\"name\":\"Muzeul Pele\u0219\",\"alternateName\":\"MP\",\"url\":\"https:\/\/thewebdevpoint.com\/ro\/\",\"logo\":{\"@type\":\"ImageObject\",\"inLanguage\":\"ro-RO\",\"@id\":\"https:\/\/thewebdevpoint.com\/ro\/#\/schema\/logo\/image\/\",\"url\":\"https:\/\/thewebdevpoint.com\/wp-content\/uploads\/2024\/10\/Logo.svg\",\"contentUrl\":\"https:\/\/thewebdevpoint.com\/wp-content\/uploads\/2024\/10\/Logo.svg\",\"width\":251,\"height\":48,\"caption\":\"Muzeul Pele\u0219\"},\"image\":{\"@id\":\"https:\/\/thewebdevpoint.com\/ro\/#\/schema\/logo\/image\/\"}}]}<\/script>\n<!-- \/ Yoast SEO plugin. -->","yoast_head_json":{"title":"ACTRI\u021aA LAMIA BELIGAN \u0218I MUZICIANUL NICOLAE SZEKELY, \u00ceN RECITALUL \u201eARMONII PASCALE\u201d, S\u00c2MB\u0102T\u0102 LA CASTELUL PELE\u0218 &#183; Peles Test","robots":{"index":"noindex","follow":"follow","max-snippet":"max-snippet:-1","max-image-preview":"max-image-preview:large","max-video-preview":"max-video-preview:-1"},"schema":{"@context":"https:\/\/schema.org","@graph":[{"@type":"WebPage","@id":"https:\/\/thewebdevpoint.com\/eveniment\/actrita-lamia-beligan-si-muzicianul-nicolae-szekely-in-recitalul-armonii-pascale-sambata-la-castelul-peles\/","url":"https:\/\/thewebdevpoint.com\/eveniment\/actrita-lamia-beligan-si-muzicianul-nicolae-szekely-in-recitalul-armonii-pascale-sambata-la-castelul-peles\/","name":"ACTRI\u021aA LAMIA BELIGAN \u0218I MUZICIANUL NICOLAE SZEKELY, \u00ceN RECITALUL \u201eARMONII PASCALE\u201d, S\u00c2MB\u0102T\u0102 LA CASTELUL PELE\u0218 &#183; Peles Test","isPartOf":{"@id":"https:\/\/thewebdevpoint.com\/ro\/#website"},"datePublished":"2024-10-08T11:59:13+00:00","dateModified":"2024-12-19T07:48:38+00:00","breadcrumb":{"@id":"https:\/\/thewebdevpoint.com\/eveniment\/actrita-lamia-beligan-si-muzicianul-nicolae-szekely-in-recitalul-armonii-pascale-sambata-la-castelul-peles\/#breadcrumb"},"inLanguage":"ro-RO","potentialAction":[{"@type":"ReadAction","target":["https:\/\/thewebdevpoint.com\/eveniment\/actrita-lamia-beligan-si-muzicianul-nicolae-szekely-in-recitalul-armonii-pascale-sambata-la-castelul-peles\/"]}]},{"@type":"BreadcrumbList","@id":"https:\/\/thewebdevpoint.com\/eveniment\/actrita-lamia-beligan-si-muzicianul-nicolae-szekely-in-recitalul-armonii-pascale-sambata-la-castelul-peles\/#breadcrumb","itemListElement":[{"@type":"ListItem","position":1,"name":"Acas\u0103","item":"https:\/\/thewebdevpoint.com\/"},{"@type":"ListItem","position":2,"name":"Evenimente","item":"https:\/\/thewebdevpoint.com\/ro\/evenimente\/"},{"@type":"ListItem","position":3,"name":"ACTRI\u021aA LAMIA BELIGAN \u0218I MUZICIANUL NICOLAE SZEKELY, \u00ceN RECITALUL \u201eARMONII PASCALE\u201d, S\u00c2MB\u0102T\u0102 LA CASTELUL PELE\u0218"}]},{"@type":"WebSite","@id":"https:\/\/thewebdevpoint.com\/ro\/#website","url":"https:\/\/thewebdevpoint.com\/ro\/","name":"Peles Test","description":"","publisher":{"@id":"https:\/\/thewebdevpoint.com\/ro\/#organization"},"potentialAction":[{"@type":"SearchAction","target":{"@type":"EntryPoint","urlTemplate":"https:\/\/thewebdevpoint.com\/ro\/?s={search_term_string}"},"query-input":{"@type":"PropertyValueSpecification","valueRequired":true,"valueName":"search_term_string"}}],"inLanguage":"ro-RO"},{"@type":"Organization","@id":"https:\/\/thewebdevpoint.com\/ro\/#organization","name":"Muzeul Pele\u0219","alternateName":"MP","url":"https:\/\/thewebdevpoint.com\/ro\/","logo":{"@type":"ImageObject","inLanguage":"ro-RO","@id":"https:\/\/thewebdevpoint.com\/ro\/#\/schema\/logo\/image\/","url":"https:\/\/thewebdevpoint.com\/wp-content\/uploads\/2024\/10\/Logo.svg","contentUrl":"https:\/\/thewebdevpoint.com\/wp-content\/uploads\/2024\/10\/Logo.svg","width":251,"height":48,"caption":"Muzeul Pele\u0219"},"image":{"@id":"https:\/\/thewebdevpoint.com\/ro\/#\/schema\/logo\/image\/"}}]}},"_links":{"self":[{"href":"https:\/\/thewebdevpoint.com\/ro\/wp-json\/wp\/v2\/eveniment\/8818","targetHints":{"allow":["GET"]}}],"collection":[{"href":"https:\/\/thewebdevpoint.com\/ro\/wp-json\/wp\/v2\/eveniment"}],"about":[{"href":"https:\/\/thewebdevpoint.com\/ro\/wp-json\/wp\/v2\/types\/eveniment"}],"version-history":[{"count":1,"href":"https:\/\/thewebdevpoint.com\/ro\/wp-json\/wp\/v2\/eveniment\/8818\/revisions"}],"predecessor-version":[{"id":17239,"href":"https:\/\/thewebdevpoint.com\/ro\/wp-json\/wp\/v2\/eveniment\/8818\/revisions\/17239"}],"wp:attachment":[{"href":"https:\/\/thewebdevpoint.com\/ro\/wp-json\/wp\/v2\/media?parent=8818"}],"wp:term":[{"taxonomy":"categorie-evenimente","embeddable":true,"href":"https:\/\/thewebdevpoint.com\/ro\/wp-json\/wp\/v2\/categorie-evenimente?post=8818"}],"curies":[{"name":"wp","href":"https:\/\/api.w.org\/{rel}","templated":true}]}}