{"id":8824,"date":"2024-10-08T11:59:13","date_gmt":"2024-10-08T11:59:13","guid":{"rendered":"https:\/\/pelestest.thepoint-agency.com\/omagiu-lui-dinu-lipatti-recital-madalina-pasol-sambata-la-castelul-peles\/"},"modified":"2024-12-19T10:08:07","modified_gmt":"2024-12-19T08:08:07","slug":"omagiu-lui-dinu-lipatti-recital-madalina-pasol-sambata-la-castelul-peles","status":"publish","type":"eveniment","link":"https:\/\/thewebdevpoint.com\/ro\/eveniment\/omagiu-lui-dinu-lipatti-recital-madalina-pasol-sambata-la-castelul-peles\/","title":{"rendered":"Omagiu lui Dinu Lipatti. Recital M\u0103d\u0103lina Pa\u0219ol, s\u00e2mb\u0103t\u0103, la Castelul Pele\u0219"},"content":{"rendered":"<p><em>Stagiunea <strong>\u201eCitadela Artelor\u201d<\/strong> de la Castelul Pele\u0219 preg\u0103te\u0219te publicului o nou\u0103 experien\u021b\u0103 cultural\u0103 aparte prin cel de-al treilea concert al sezonului, intitulat <strong>\u201eOmagiu lui Dinu Lipatti\u201d.<\/strong><\/em><\/p>\n<p>Evenimentul va avea loc<strong> s\u00e2mb\u0103t\u0103, 25 mai 2019,<\/strong> de la <strong>ora 16:00, la Sala de Concerte a Castelului Pele\u0219. <\/strong>Invita\u021b\u0103 va fi cunoscuta pianist\u0103 <strong>M\u0103d\u0103lina Pa\u0219ol <\/strong>care a impresionat prin recentele sale concerte de la Sala Mare a Ateneului Rom\u00e2n sau de la Biblioteca Na\u021bional\u0103 a Rom\u00e2niei.<\/p>\n<p>M\u0103d\u0103lina Pa\u0219ol va aduce un omagiu emo\u021bionant celui mai mare pianist rom\u00e2n prin reinterpretarea lucr\u0103rilor care au f\u0103cut parte din ultimul recital sus\u021binut de Dinu Lipatti la Festivalul de la la Besan\u00e7on din 16 septembrie 1950.<\/p>\n<p>\u0218i cu acest prilej deosebit, deschiderea serii va fi marcat\u0103 de <strong>prezentarea unui nou obicet de valoare din patrimoniul Muzeului Na\u021bional Pele\u0219.<\/strong><\/p>\n<p>Gazda evenimentului va fi jurnalistul Sebastian Cr\u0103ciun. I<u>ntrarea va fi liber\u0103<\/u>, prin solicitarea invita\u021biei electronice la adresa <u>rezervari.ucimr@gmail.com<\/u><\/p>\n<p>Din programul concertului vor face parte opusuri de Mozart, Schubert, Chopin \u0219i Bach. Recitalul va avea un plus de spectaculozitate prin invitarea <strong>balerinilor Denisa Anastasiu \u0219i Relu Dobrin, <\/strong>\u00a0soli\u0219ti ai Teatrului Na\u021bional de Operet\u0103 \u201eIon Dacian\u201d. Arti\u0219tii vor oferi momente coregrafice de mare sensibilitate, inspirate de valsurile lui Frederic Chopin.<\/p>\n<p>*<\/p>\n<p>M\u0103d\u0103lina Pa\u0219ol a concertat ca solist\u0103 sau \u00een forma\u021bii camerale \u00eempreun\u0103 cu arti\u0219ti de renume mondial. Dup\u0103 absolvirea Liceului de Art\u0103 \u201eGeorge Enescu\u201d a ob\u021binut o burs\u0103 de studii la Universitatea de Arte din Berlin, la clasa prof. Georg Sava \u0219i apoi la clasa prof. Pascal Devoyon. Pentru merite deosebite ob\u021bine bursa \u201eNachwuchs F\u00f6rderung Stipendium &#8211; NaF\u00f6g&#8221; a Senatului Cultural German, oferit\u0103 pentru cursurile de Master, precum si diploma de Pianist Concertist.<\/p>\n<p>Activitatea artistic\u0103 a M\u0103d\u0103linei Pa\u0219ol a fost recunoscut\u0103 prin premii, burse, diplome la concursuri na\u021bionale si interna\u021bionale: bursa NaF\u00f6g a Senatului Cultural German, bursa Fundatiei Paul Hindemith, bursa Universitatii de Arte din Berlin, bursa pentru studiile doctorale ale Universit\u0103\u021bii de Muzic\u0103 din Bucure\u0219ti, bursa a Fundatiei Georg Schumann, Concursul Interna\u021bional pentru pian Feruccio Busoni, Concursul Interna\u021bional ARD &#8211; M\u00fcnchen, Marele Premiu &#8211; Concursul Interna\u021bional de concerte T\u00e2rgu Mures.<\/p>\n<p>Din anul 2014, M\u0103d\u0103lina Pa\u0219ol se dedic\u0103 promov\u0103rii tinerelor talente, arti\u0219tilor rom\u00e2ni \u0219i valorilor culturale na\u021bionale pe plan regional \u0219i interna\u021bional \u00een cadrul Institutului de Arte pe care \u00eel conduce. Printre ini\u021biativele culturale se num\u0103r\u0103 \u201ePianina &#8211; Play me &#8211; CANTA!\u201d \u00een colaborare cu Metrorex \u2013 Bucure\u0219ti \u0219i concertele educative din cadrul Festivalului Music Film Festival 2015 organizat de ARCUB. Institutul de Arte a devenit la scurt timp de la infiin\u021bare o institu\u021bie cultural\u0103 care promoveaz\u0103 arta \u0219i cultura \u00een spa\u021bii neconven\u021bionale.<\/p>\n<p>M\u0103d\u0103lina Pa\u0219ol a sus\u021binut cursuri de m\u0103iestrie, concerte \u0219i recitaluri \u00een Europa \u0219i Asia.<\/p>\n<p>*<\/p>\n<p><strong>Stagiunea \u201eCitadela Artelor\u201d<\/strong> este un eveniment organizat de UCIMR \u2013 Uniunea de Crea\u021bie Interpretativ\u0103 a Muzicienilor din Rom\u00e2nia \u00een parteneriat cu Muzeul Na\u021bional Pele\u0219.<\/p>\n<p>Parteneri culturali: Exces Music, Programul \u201eOportunit\u0103\u021bi la tine acas\u0103\u201d derulat de UCIMR, Asocia\u021bia Pro Valores, Complex \u201eLa tunuri\u201d Sinaia<\/p>\n<p>Parteneri media: EnjoyTV Romania, Radio Rom\u00e2nia Cultural, Observator cultural, Radio Trinitas, Agen\u021bia de Carte, Ro Portal, Rom\u00e2nia Pozitiv\u0103, Calendar Evenimente, Bucuresteni.ro, Onlinegallery.ro, Jurnalmm.ro<\/p>\n<p><strong>Urm\u0103torul concert<\/strong> din \u201eCitadela Artelor\u201d va avea loc s\u00e2mb\u0103t\u0103, <strong>1 iunie,<\/strong> de la ora 16:00 \u0219i va fi sus\u021binut de t\u00e2n\u0103ra solist\u0103 <strong>Eva Garet,<\/strong> considerat\u0103 \u201erevela\u021bia pianisticii rom\u00e2ne\u0219ti\u201d. Intrarea va fi liber\u0103 prin solicitarea invita\u021biei electronice la adresa <u>rezervari.ucimr@gmail.com<\/u><\/p>\n<p><a href=\"https:\/\/pelestest.thepoint-agency.com\/wp-content\/uploads\/2019\/05\/Madalina-Pasol-foto-Mihai-Benea-UCIMR.jpg\"><img fetchpriority=\"high\" decoding=\"async\" class=\"alignnone size-full wp-image-2713\" src=\"https:\/\/pelestest.thepoint-agency.com\/wp-content\/uploads\/2019\/05\/Madalina-Pasol-foto-Mihai-Benea-UCIMR.jpg\" alt=\"\" width=\"1620\" height=\"1080\" \/><\/a><img decoding=\"async\" class=\"alignnone size-full wp-image-2712\" src=\"https:\/\/pelestest.thepoint-agency.com\/wp-content\/uploads\/2019\/05\/Denisa-Anastasiu-si-Relu-Dobrin-foto-Mihai-Benea-UCIMR.jpg\" alt=\"\" width=\"1620\" height=\"1080\" \/><\/p>\n","protected":false},"featured_media":0,"template":"","meta":{"_acf_changed":false},"categorie-evenimente":[353],"class_list":["post-8824","eveniment","type-eveniment","status-publish","hentry","categorie-evenimente-arhiva"],"acf":[],"yoast_head":"<!-- This site is optimized with the Yoast SEO plugin v24.1 - https:\/\/yoast.com\/wordpress\/plugins\/seo\/ -->\n<title>Omagiu lui Dinu Lipatti. Recital M\u0103d\u0103lina Pa\u0219ol, s\u00e2mb\u0103t\u0103, la Castelul Pele\u0219 &#183; Peles Test<\/title>\n<meta name=\"robots\" content=\"noindex, follow, max-snippet:-1, max-image-preview:large, max-video-preview:-1\" \/>\n<script type=\"application\/ld+json\" class=\"yoast-schema-graph\">{\"@context\":\"https:\/\/schema.org\",\"@graph\":[{\"@type\":\"WebPage\",\"@id\":\"https:\/\/thewebdevpoint.com\/ro\/eveniment\/omagiu-lui-dinu-lipatti-recital-madalina-pasol-sambata-la-castelul-peles\/\",\"url\":\"https:\/\/thewebdevpoint.com\/ro\/eveniment\/omagiu-lui-dinu-lipatti-recital-madalina-pasol-sambata-la-castelul-peles\/\",\"name\":\"Omagiu lui Dinu Lipatti. Recital M\u0103d\u0103lina Pa\u0219ol, s\u00e2mb\u0103t\u0103, la Castelul Pele\u0219 &#183; Peles Test\",\"isPartOf\":{\"@id\":\"https:\/\/thewebdevpoint.com\/ro\/#website\"},\"primaryImageOfPage\":{\"@id\":\"https:\/\/thewebdevpoint.com\/ro\/eveniment\/omagiu-lui-dinu-lipatti-recital-madalina-pasol-sambata-la-castelul-peles\/#primaryimage\"},\"image\":{\"@id\":\"https:\/\/thewebdevpoint.com\/ro\/eveniment\/omagiu-lui-dinu-lipatti-recital-madalina-pasol-sambata-la-castelul-peles\/#primaryimage\"},\"thumbnailUrl\":\"https:\/\/pelestest.thepoint-agency.com\/wp-content\/uploads\/2019\/05\/Madalina-Pasol-foto-Mihai-Benea-UCIMR.jpg\",\"datePublished\":\"2024-10-08T11:59:13+00:00\",\"dateModified\":\"2024-12-19T08:08:07+00:00\",\"breadcrumb\":{\"@id\":\"https:\/\/thewebdevpoint.com\/ro\/eveniment\/omagiu-lui-dinu-lipatti-recital-madalina-pasol-sambata-la-castelul-peles\/#breadcrumb\"},\"inLanguage\":\"ro-RO\",\"potentialAction\":[{\"@type\":\"ReadAction\",\"target\":[\"https:\/\/thewebdevpoint.com\/ro\/eveniment\/omagiu-lui-dinu-lipatti-recital-madalina-pasol-sambata-la-castelul-peles\/\"]}]},{\"@type\":\"ImageObject\",\"inLanguage\":\"ro-RO\",\"@id\":\"https:\/\/thewebdevpoint.com\/ro\/eveniment\/omagiu-lui-dinu-lipatti-recital-madalina-pasol-sambata-la-castelul-peles\/#primaryimage\",\"url\":\"https:\/\/pelestest.thepoint-agency.com\/wp-content\/uploads\/2019\/05\/Madalina-Pasol-foto-Mihai-Benea-UCIMR.jpg\",\"contentUrl\":\"https:\/\/pelestest.thepoint-agency.com\/wp-content\/uploads\/2019\/05\/Madalina-Pasol-foto-Mihai-Benea-UCIMR.jpg\"},{\"@type\":\"BreadcrumbList\",\"@id\":\"https:\/\/thewebdevpoint.com\/ro\/eveniment\/omagiu-lui-dinu-lipatti-recital-madalina-pasol-sambata-la-castelul-peles\/#breadcrumb\",\"itemListElement\":[{\"@type\":\"ListItem\",\"position\":1,\"name\":\"Acas\u0103\",\"item\":\"https:\/\/thewebdevpoint.com\/\"},{\"@type\":\"ListItem\",\"position\":2,\"name\":\"Evenimente\",\"item\":\"https:\/\/thewebdevpoint.com\/ro\/evenimente\/\"},{\"@type\":\"ListItem\",\"position\":3,\"name\":\"Omagiu lui Dinu Lipatti. Recital M\u0103d\u0103lina Pa\u0219ol, s\u00e2mb\u0103t\u0103, la Castelul Pele\u0219\"}]},{\"@type\":\"WebSite\",\"@id\":\"https:\/\/thewebdevpoint.com\/ro\/#website\",\"url\":\"https:\/\/thewebdevpoint.com\/ro\/\",\"name\":\"Peles Test\",\"description\":\"\",\"publisher\":{\"@id\":\"https:\/\/thewebdevpoint.com\/ro\/#organization\"},\"potentialAction\":[{\"@type\":\"SearchAction\",\"target\":{\"@type\":\"EntryPoint\",\"urlTemplate\":\"https:\/\/thewebdevpoint.com\/ro\/?s={search_term_string}\"},\"query-input\":{\"@type\":\"PropertyValueSpecification\",\"valueRequired\":true,\"valueName\":\"search_term_string\"}}],\"inLanguage\":\"ro-RO\"},{\"@type\":\"Organization\",\"@id\":\"https:\/\/thewebdevpoint.com\/ro\/#organization\",\"name\":\"Muzeul Pele\u0219\",\"alternateName\":\"MP\",\"url\":\"https:\/\/thewebdevpoint.com\/ro\/\",\"logo\":{\"@type\":\"ImageObject\",\"inLanguage\":\"ro-RO\",\"@id\":\"https:\/\/thewebdevpoint.com\/ro\/#\/schema\/logo\/image\/\",\"url\":\"https:\/\/thewebdevpoint.com\/wp-content\/uploads\/2024\/10\/Logo.svg\",\"contentUrl\":\"https:\/\/thewebdevpoint.com\/wp-content\/uploads\/2024\/10\/Logo.svg\",\"width\":251,\"height\":48,\"caption\":\"Muzeul Pele\u0219\"},\"image\":{\"@id\":\"https:\/\/thewebdevpoint.com\/ro\/#\/schema\/logo\/image\/\"}}]}<\/script>\n<!-- \/ Yoast SEO plugin. -->","yoast_head_json":{"title":"Omagiu lui Dinu Lipatti. Recital M\u0103d\u0103lina Pa\u0219ol, s\u00e2mb\u0103t\u0103, la Castelul Pele\u0219 &#183; Peles Test","robots":{"index":"noindex","follow":"follow","max-snippet":"max-snippet:-1","max-image-preview":"max-image-preview:large","max-video-preview":"max-video-preview:-1"},"schema":{"@context":"https:\/\/schema.org","@graph":[{"@type":"WebPage","@id":"https:\/\/thewebdevpoint.com\/ro\/eveniment\/omagiu-lui-dinu-lipatti-recital-madalina-pasol-sambata-la-castelul-peles\/","url":"https:\/\/thewebdevpoint.com\/ro\/eveniment\/omagiu-lui-dinu-lipatti-recital-madalina-pasol-sambata-la-castelul-peles\/","name":"Omagiu lui Dinu Lipatti. Recital M\u0103d\u0103lina Pa\u0219ol, s\u00e2mb\u0103t\u0103, la Castelul Pele\u0219 &#183; Peles Test","isPartOf":{"@id":"https:\/\/thewebdevpoint.com\/ro\/#website"},"primaryImageOfPage":{"@id":"https:\/\/thewebdevpoint.com\/ro\/eveniment\/omagiu-lui-dinu-lipatti-recital-madalina-pasol-sambata-la-castelul-peles\/#primaryimage"},"image":{"@id":"https:\/\/thewebdevpoint.com\/ro\/eveniment\/omagiu-lui-dinu-lipatti-recital-madalina-pasol-sambata-la-castelul-peles\/#primaryimage"},"thumbnailUrl":"https:\/\/pelestest.thepoint-agency.com\/wp-content\/uploads\/2019\/05\/Madalina-Pasol-foto-Mihai-Benea-UCIMR.jpg","datePublished":"2024-10-08T11:59:13+00:00","dateModified":"2024-12-19T08:08:07+00:00","breadcrumb":{"@id":"https:\/\/thewebdevpoint.com\/ro\/eveniment\/omagiu-lui-dinu-lipatti-recital-madalina-pasol-sambata-la-castelul-peles\/#breadcrumb"},"inLanguage":"ro-RO","potentialAction":[{"@type":"ReadAction","target":["https:\/\/thewebdevpoint.com\/ro\/eveniment\/omagiu-lui-dinu-lipatti-recital-madalina-pasol-sambata-la-castelul-peles\/"]}]},{"@type":"ImageObject","inLanguage":"ro-RO","@id":"https:\/\/thewebdevpoint.com\/ro\/eveniment\/omagiu-lui-dinu-lipatti-recital-madalina-pasol-sambata-la-castelul-peles\/#primaryimage","url":"https:\/\/pelestest.thepoint-agency.com\/wp-content\/uploads\/2019\/05\/Madalina-Pasol-foto-Mihai-Benea-UCIMR.jpg","contentUrl":"https:\/\/pelestest.thepoint-agency.com\/wp-content\/uploads\/2019\/05\/Madalina-Pasol-foto-Mihai-Benea-UCIMR.jpg"},{"@type":"BreadcrumbList","@id":"https:\/\/thewebdevpoint.com\/ro\/eveniment\/omagiu-lui-dinu-lipatti-recital-madalina-pasol-sambata-la-castelul-peles\/#breadcrumb","itemListElement":[{"@type":"ListItem","position":1,"name":"Acas\u0103","item":"https:\/\/thewebdevpoint.com\/"},{"@type":"ListItem","position":2,"name":"Evenimente","item":"https:\/\/thewebdevpoint.com\/ro\/evenimente\/"},{"@type":"ListItem","position":3,"name":"Omagiu lui Dinu Lipatti. Recital M\u0103d\u0103lina Pa\u0219ol, s\u00e2mb\u0103t\u0103, la Castelul Pele\u0219"}]},{"@type":"WebSite","@id":"https:\/\/thewebdevpoint.com\/ro\/#website","url":"https:\/\/thewebdevpoint.com\/ro\/","name":"Peles Test","description":"","publisher":{"@id":"https:\/\/thewebdevpoint.com\/ro\/#organization"},"potentialAction":[{"@type":"SearchAction","target":{"@type":"EntryPoint","urlTemplate":"https:\/\/thewebdevpoint.com\/ro\/?s={search_term_string}"},"query-input":{"@type":"PropertyValueSpecification","valueRequired":true,"valueName":"search_term_string"}}],"inLanguage":"ro-RO"},{"@type":"Organization","@id":"https:\/\/thewebdevpoint.com\/ro\/#organization","name":"Muzeul Pele\u0219","alternateName":"MP","url":"https:\/\/thewebdevpoint.com\/ro\/","logo":{"@type":"ImageObject","inLanguage":"ro-RO","@id":"https:\/\/thewebdevpoint.com\/ro\/#\/schema\/logo\/image\/","url":"https:\/\/thewebdevpoint.com\/wp-content\/uploads\/2024\/10\/Logo.svg","contentUrl":"https:\/\/thewebdevpoint.com\/wp-content\/uploads\/2024\/10\/Logo.svg","width":251,"height":48,"caption":"Muzeul Pele\u0219"},"image":{"@id":"https:\/\/thewebdevpoint.com\/ro\/#\/schema\/logo\/image\/"}}]}},"_links":{"self":[{"href":"https:\/\/thewebdevpoint.com\/ro\/wp-json\/wp\/v2\/eveniment\/8824","targetHints":{"allow":["GET"]}}],"collection":[{"href":"https:\/\/thewebdevpoint.com\/ro\/wp-json\/wp\/v2\/eveniment"}],"about":[{"href":"https:\/\/thewebdevpoint.com\/ro\/wp-json\/wp\/v2\/types\/eveniment"}],"version-history":[{"count":1,"href":"https:\/\/thewebdevpoint.com\/ro\/wp-json\/wp\/v2\/eveniment\/8824\/revisions"}],"predecessor-version":[{"id":16427,"href":"https:\/\/thewebdevpoint.com\/ro\/wp-json\/wp\/v2\/eveniment\/8824\/revisions\/16427"}],"wp:attachment":[{"href":"https:\/\/thewebdevpoint.com\/ro\/wp-json\/wp\/v2\/media?parent=8824"}],"wp:term":[{"taxonomy":"categorie-evenimente","embeddable":true,"href":"https:\/\/thewebdevpoint.com\/ro\/wp-json\/wp\/v2\/categorie-evenimente?post=8824"}],"curies":[{"name":"wp","href":"https:\/\/api.w.org\/{rel}","templated":true}]}}