{"id":8827,"date":"2024-10-08T11:59:13","date_gmt":"2024-10-08T11:59:13","guid":{"rendered":"https:\/\/pelestest.thepoint-agency.com\/de-la-schubert-la-sting-recital-costin-soare-sambata-la-castelul-peles\/"},"modified":"2024-12-13T15:09:41","modified_gmt":"2024-12-13T13:09:41","slug":"de-la-schubert-la-sting-recital-costin-soare-sambata-la-castelul-peles","status":"publish","type":"eveniment","link":"https:\/\/thewebdevpoint.com\/ro\/eveniment\/de-la-schubert-la-sting-recital-costin-soare-sambata-la-castelul-peles\/","title":{"rendered":"De la Schubert la Sting. Recital Costin Soare, s\u00e2mb\u0103t\u0103 la Castelul Pele\u0219"},"content":{"rendered":"<p><em>Stagiunea <strong>\u201eCitadela Artelor\u201d<\/strong> continu\u0103 la Castelul Pele\u0219 cu un recital aparte sus\u021binut de <strong>Costin Soare, <\/strong>unul dintre cei mai aprecia\u021bi virtuozi ai chitarei clasice din Rom\u00e2nia. <\/em><\/p>\n<p>Concertul va marca finalul turneului na\u021bional<em> <strong>\u201eDe la Schubert la Sting\u201d <\/strong><\/em>\u0219i avea loc <strong>s\u00e2mb\u0103t\u0103, 15 iunie 2019,<\/strong> de la <strong>ora 16:00, la Sala de Concerte a Castelului Pele\u0219. <\/strong><\/p>\n<p>Gazda evenimentului va fi jurnalistul Sebastian Cr\u0103ciun. I<u>ntrarea va fi liber\u0103<\/u>, prin solicitarea invita\u021biei electronice la adresa <a href=\"mailto:rezervari.ucimr@gmail.com\">rezervari.ucimr@gmail.com<\/a><\/p>\n<p>Artistul va interpreta<em> lied<\/em>-uri de Franz Schubert, aranjate de unul dintre cei mai importan\u0163i chitari\u015fti ai secolului al XIX-lea, Johann Kaspar Mertz; teme cu varia\u0163iuni\/lucr\u0103ri care au la baz\u0103 <em>arii<\/em> sau <em>c\u00e2ntece<\/em> celebre; Sonata a III-a de Manuel Maria Ponce, una dintre cele mai frumoase compuse pentru chitar\u0103 \u00een secolul XX, care are \u00een partea median\u0103 un <em>Chanson <\/em>nostalgic; iar, la finalul itinerariului muzical, publicul va putea asculta un aranjament inedit dup\u0103 una dintre cele mai iubite piese c\u00e2ntate de Sting, <em>Shape of my heart<\/em>.<\/p>\n<p>Concertul va fi sus\u021binut de unul dintre cei mai aprecia\u0163i \u015fi activi chitari\u015fti rom\u00e2ni, aflat la cel de-al optulea s\u0103u turneu na\u021bional, Costin Soare continu\u00e2nd seria turneelor de succes \u201eDe la Bach la Beatles\u201d, sau \u201eDe la Paganini la Piazzolla\u201d \u00een care asocierea dintre un repertoriu clasic, tradi\u0163ional al chitarei clasice \u015fi aranjamente spectaculoase dup\u0103 lucr\u0103ri din cultura pop\/rock\/jazz a secolului XX atrage numero\u0219i spectatori.<\/p>\n<p>\u0218i cu acest prilej deosebit, deschiderea serii va fi marcat\u0103 de <strong>prezentarea unui nou obiect de valoare din patrimoniul Muzeului Na\u021bional Pele\u0219.<\/strong><\/p>\n<p><a href=\"https:\/\/pelestest.thepoint-agency.com\/wp-content\/uploads\/2019\/06\/Costin-Soare.jpg\"><img fetchpriority=\"high\" decoding=\"async\" class=\"alignnone size-full wp-image-2736\" src=\"https:\/\/pelestest.thepoint-agency.com\/wp-content\/uploads\/2019\/06\/Costin-Soare.jpg\" alt=\"\" width=\"2048\" height=\"1365\" \/><\/a><\/p>\n<p><strong>Costin Soare <\/strong>(<em>www.costinsoare.com<\/em>) s-a remarcat prin calit\u0103\u021bile de muzician polivalent abord\u00e2nd un repertoriu care porne\u015fte de la muzica veche (interpretat\u0103 la l\u0103ut\u0103) \u015fi ajunge la cea contemporan\u0103. Artistul \u00eembin\u0103 \u00een mod fericit o frumoas\u0103 carier\u0103 concertistic\u0103 (chitarist \u015fi lutist) cu cea pedagogic\u0103 (profesor la C.N.A. \u201eDinu Lipatti\u201d, Bucure\u015fti \u015fi prof. asoc. la Universitatea Na\u0163ional\u0103 de de Muzic\u0103), fiind, de asemenea, director artistic al Festivalului Interna\u0163ional \u201eSerile de chitar\u0103\u201d <em>(www.seriledechitara.ro)<\/em>, manifestare de succes ajuns\u0103 la a opta edi\u0163ie, \u00een cadrul c\u0103reia concerteaz\u0103 chitari\u015fti de top din \u00eentreaga lume.<\/p>\n<p>Cu o experien\u0163\u0103 de 8 turnee na\u0163ionale la activ (<strong><em>Rom\u00e2nesc 100%<\/em><\/strong><em>\/2019; <strong>Flautul fermecat<\/strong>\/2018 \u2013 <\/em>ambele al\u0103turi de flautistul Ion Bogdan \u015etef\u0103nescu;<em> <strong>De la Paganini la Piazzolla<\/strong>\/2018; <\/em>turneul de lansare a CD-ului <strong><em>Twenty Shades of Music<\/em><\/strong><em>\/2017 &#8211; <\/em>al\u0103turi de Ion Bogdan \u015etef\u0103nescu;<em> <strong>De la Bach la Beatles<\/strong>\/2017; <strong>Muzica \u00een palatele Rom\u00e2niei<\/strong><\/em>\/2016; <strong><em>Armonii pascale<\/em><\/strong>\/2015 &#8211; al\u0103turi de actri\u0163a Daniela Nane; <strong><em>Nocturne \u015fi dansuri<\/em><\/strong>\/2013), un CD lansat \u00een 2014 (<strong><em>Nocturne \u015fi dansuri<\/em><\/strong>), altul \u00een 2017, <strong><em>Twenty Shades of Music<\/em><\/strong> (al\u0103turi de Ion Bogdan \u015etef\u0103nescu), membru permanent a dou\u0103 ansambluri camerale (al\u0103turi de flautistul Ion Bogdan \u015etef\u0103nescu \u015fi de mezzosoprana Claudia Codreanu), chitaristul Costin Soare este un promotor neobosit al muzicii clasice de foarte bun\u0103 calitate prin intermediul unui instrument a c\u0103rui voce intim\u0103 \u015fi repertoriu sunt apreciate de publicul larg. Pentru activitatea desf\u0103\u015furat\u0103 \u00een 2016 (turneul <em>Muzica \u00een palatele Rom\u00e2niei<\/em> \u015fi organizarea <em>Festivalului Interna\u0163ional \u201eSerile de chitar\u0103\u201d, edi\u0163ia a VI-a<\/em>), Costin Soare s-a num\u0103rat printre nominaliza\u0163ii sec\u0163iunii <em>Muzic\u0103 Clasic\u0103<\/em> din cadrul Galei Premiilor \u201eMatei Br\u00e2ncoveanu\u201d ale Funda\u0163iei Alexandrion.<\/p>\n<p>&nbsp;<\/p>\n<p><strong>Stagiunea \u201eCitadela Artelor\u201d<\/strong> este un eveniment organizat de UCIMR \u2013 Uniunea de Crea\u021bie Interpretativ\u0103 a Muzicienilor din Rom\u00e2nia \u00een parteneriat cu Muzeul Na\u021bional Pele\u0219.<\/p>\n<p>Parteneri culturali: Exces Music, Programul \u201eOportunit\u0103\u021bi la tine acas\u0103\u201d derulat de UCIMR, Asocia\u021bia Pro Valores, Complex \u201eLa tunuri\u201d Sinaia<\/p>\n<p>Parteneri media: EnjoyTV Romania, Radio Rom\u00e2nia Cultural, Observator cultural, Radio Trinitas, Agen\u021bia de Carte, Ro Portal, Rom\u00e2nia Pozitiv\u0103, Calendar Evenimente, Bucuresteni.ro, Onlinegallery.ro, Jurnalmm.ro<\/p>\n","protected":false},"featured_media":0,"template":"","meta":{"_acf_changed":false},"categorie-evenimente":[331],"class_list":["post-8827","eveniment","type-eveniment","status-publish","hentry","categorie-evenimente-eveniment"],"acf":[],"yoast_head":"<!-- This site is optimized with the Yoast SEO plugin v24.1 - https:\/\/yoast.com\/wordpress\/plugins\/seo\/ -->\n<title>De la Schubert la Sting. Recital Costin Soare, s\u00e2mb\u0103t\u0103 la Castelul Pele\u0219 &#183; Peles Test<\/title>\n<meta name=\"robots\" content=\"noindex, follow, max-snippet:-1, max-image-preview:large, max-video-preview:-1\" \/>\n<script type=\"application\/ld+json\" class=\"yoast-schema-graph\">{\"@context\":\"https:\/\/schema.org\",\"@graph\":[{\"@type\":\"WebPage\",\"@id\":\"https:\/\/thewebdevpoint.com\/eveniment\/de-la-schubert-la-sting-recital-costin-soare-sambata-la-castelul-peles\/\",\"url\":\"https:\/\/thewebdevpoint.com\/eveniment\/de-la-schubert-la-sting-recital-costin-soare-sambata-la-castelul-peles\/\",\"name\":\"De la Schubert la Sting. Recital Costin Soare, s\u00e2mb\u0103t\u0103 la Castelul Pele\u0219 &#183; Peles Test\",\"isPartOf\":{\"@id\":\"https:\/\/thewebdevpoint.com\/ro\/#website\"},\"primaryImageOfPage\":{\"@id\":\"https:\/\/thewebdevpoint.com\/eveniment\/de-la-schubert-la-sting-recital-costin-soare-sambata-la-castelul-peles\/#primaryimage\"},\"image\":{\"@id\":\"https:\/\/thewebdevpoint.com\/eveniment\/de-la-schubert-la-sting-recital-costin-soare-sambata-la-castelul-peles\/#primaryimage\"},\"thumbnailUrl\":\"https:\/\/pelestest.thepoint-agency.com\/wp-content\/uploads\/2019\/06\/Costin-Soare.jpg\",\"datePublished\":\"2024-10-08T11:59:13+00:00\",\"dateModified\":\"2024-12-13T13:09:41+00:00\",\"breadcrumb\":{\"@id\":\"https:\/\/thewebdevpoint.com\/eveniment\/de-la-schubert-la-sting-recital-costin-soare-sambata-la-castelul-peles\/#breadcrumb\"},\"inLanguage\":\"ro-RO\",\"potentialAction\":[{\"@type\":\"ReadAction\",\"target\":[\"https:\/\/thewebdevpoint.com\/eveniment\/de-la-schubert-la-sting-recital-costin-soare-sambata-la-castelul-peles\/\"]}]},{\"@type\":\"ImageObject\",\"inLanguage\":\"ro-RO\",\"@id\":\"https:\/\/thewebdevpoint.com\/eveniment\/de-la-schubert-la-sting-recital-costin-soare-sambata-la-castelul-peles\/#primaryimage\",\"url\":\"https:\/\/pelestest.thepoint-agency.com\/wp-content\/uploads\/2019\/06\/Costin-Soare.jpg\",\"contentUrl\":\"https:\/\/pelestest.thepoint-agency.com\/wp-content\/uploads\/2019\/06\/Costin-Soare.jpg\"},{\"@type\":\"BreadcrumbList\",\"@id\":\"https:\/\/thewebdevpoint.com\/eveniment\/de-la-schubert-la-sting-recital-costin-soare-sambata-la-castelul-peles\/#breadcrumb\",\"itemListElement\":[{\"@type\":\"ListItem\",\"position\":1,\"name\":\"Acas\u0103\",\"item\":\"https:\/\/thewebdevpoint.com\/\"},{\"@type\":\"ListItem\",\"position\":2,\"name\":\"Evenimente\",\"item\":\"https:\/\/thewebdevpoint.com\/ro\/evenimente\/\"},{\"@type\":\"ListItem\",\"position\":3,\"name\":\"De la Schubert la Sting. Recital Costin Soare, s\u00e2mb\u0103t\u0103 la Castelul Pele\u0219\"}]},{\"@type\":\"WebSite\",\"@id\":\"https:\/\/thewebdevpoint.com\/ro\/#website\",\"url\":\"https:\/\/thewebdevpoint.com\/ro\/\",\"name\":\"Peles Test\",\"description\":\"\",\"publisher\":{\"@id\":\"https:\/\/thewebdevpoint.com\/ro\/#organization\"},\"potentialAction\":[{\"@type\":\"SearchAction\",\"target\":{\"@type\":\"EntryPoint\",\"urlTemplate\":\"https:\/\/thewebdevpoint.com\/ro\/?s={search_term_string}\"},\"query-input\":{\"@type\":\"PropertyValueSpecification\",\"valueRequired\":true,\"valueName\":\"search_term_string\"}}],\"inLanguage\":\"ro-RO\"},{\"@type\":\"Organization\",\"@id\":\"https:\/\/thewebdevpoint.com\/ro\/#organization\",\"name\":\"Muzeul Pele\u0219\",\"alternateName\":\"MP\",\"url\":\"https:\/\/thewebdevpoint.com\/ro\/\",\"logo\":{\"@type\":\"ImageObject\",\"inLanguage\":\"ro-RO\",\"@id\":\"https:\/\/thewebdevpoint.com\/ro\/#\/schema\/logo\/image\/\",\"url\":\"https:\/\/thewebdevpoint.com\/wp-content\/uploads\/2024\/10\/Logo.svg\",\"contentUrl\":\"https:\/\/thewebdevpoint.com\/wp-content\/uploads\/2024\/10\/Logo.svg\",\"width\":251,\"height\":48,\"caption\":\"Muzeul Pele\u0219\"},\"image\":{\"@id\":\"https:\/\/thewebdevpoint.com\/ro\/#\/schema\/logo\/image\/\"}}]}<\/script>\n<!-- \/ Yoast SEO plugin. -->","yoast_head_json":{"title":"De la Schubert la Sting. Recital Costin Soare, s\u00e2mb\u0103t\u0103 la Castelul Pele\u0219 &#183; Peles Test","robots":{"index":"noindex","follow":"follow","max-snippet":"max-snippet:-1","max-image-preview":"max-image-preview:large","max-video-preview":"max-video-preview:-1"},"schema":{"@context":"https:\/\/schema.org","@graph":[{"@type":"WebPage","@id":"https:\/\/thewebdevpoint.com\/eveniment\/de-la-schubert-la-sting-recital-costin-soare-sambata-la-castelul-peles\/","url":"https:\/\/thewebdevpoint.com\/eveniment\/de-la-schubert-la-sting-recital-costin-soare-sambata-la-castelul-peles\/","name":"De la Schubert la Sting. Recital Costin Soare, s\u00e2mb\u0103t\u0103 la Castelul Pele\u0219 &#183; Peles Test","isPartOf":{"@id":"https:\/\/thewebdevpoint.com\/ro\/#website"},"primaryImageOfPage":{"@id":"https:\/\/thewebdevpoint.com\/eveniment\/de-la-schubert-la-sting-recital-costin-soare-sambata-la-castelul-peles\/#primaryimage"},"image":{"@id":"https:\/\/thewebdevpoint.com\/eveniment\/de-la-schubert-la-sting-recital-costin-soare-sambata-la-castelul-peles\/#primaryimage"},"thumbnailUrl":"https:\/\/pelestest.thepoint-agency.com\/wp-content\/uploads\/2019\/06\/Costin-Soare.jpg","datePublished":"2024-10-08T11:59:13+00:00","dateModified":"2024-12-13T13:09:41+00:00","breadcrumb":{"@id":"https:\/\/thewebdevpoint.com\/eveniment\/de-la-schubert-la-sting-recital-costin-soare-sambata-la-castelul-peles\/#breadcrumb"},"inLanguage":"ro-RO","potentialAction":[{"@type":"ReadAction","target":["https:\/\/thewebdevpoint.com\/eveniment\/de-la-schubert-la-sting-recital-costin-soare-sambata-la-castelul-peles\/"]}]},{"@type":"ImageObject","inLanguage":"ro-RO","@id":"https:\/\/thewebdevpoint.com\/eveniment\/de-la-schubert-la-sting-recital-costin-soare-sambata-la-castelul-peles\/#primaryimage","url":"https:\/\/pelestest.thepoint-agency.com\/wp-content\/uploads\/2019\/06\/Costin-Soare.jpg","contentUrl":"https:\/\/pelestest.thepoint-agency.com\/wp-content\/uploads\/2019\/06\/Costin-Soare.jpg"},{"@type":"BreadcrumbList","@id":"https:\/\/thewebdevpoint.com\/eveniment\/de-la-schubert-la-sting-recital-costin-soare-sambata-la-castelul-peles\/#breadcrumb","itemListElement":[{"@type":"ListItem","position":1,"name":"Acas\u0103","item":"https:\/\/thewebdevpoint.com\/"},{"@type":"ListItem","position":2,"name":"Evenimente","item":"https:\/\/thewebdevpoint.com\/ro\/evenimente\/"},{"@type":"ListItem","position":3,"name":"De la Schubert la Sting. Recital Costin Soare, s\u00e2mb\u0103t\u0103 la Castelul Pele\u0219"}]},{"@type":"WebSite","@id":"https:\/\/thewebdevpoint.com\/ro\/#website","url":"https:\/\/thewebdevpoint.com\/ro\/","name":"Peles Test","description":"","publisher":{"@id":"https:\/\/thewebdevpoint.com\/ro\/#organization"},"potentialAction":[{"@type":"SearchAction","target":{"@type":"EntryPoint","urlTemplate":"https:\/\/thewebdevpoint.com\/ro\/?s={search_term_string}"},"query-input":{"@type":"PropertyValueSpecification","valueRequired":true,"valueName":"search_term_string"}}],"inLanguage":"ro-RO"},{"@type":"Organization","@id":"https:\/\/thewebdevpoint.com\/ro\/#organization","name":"Muzeul Pele\u0219","alternateName":"MP","url":"https:\/\/thewebdevpoint.com\/ro\/","logo":{"@type":"ImageObject","inLanguage":"ro-RO","@id":"https:\/\/thewebdevpoint.com\/ro\/#\/schema\/logo\/image\/","url":"https:\/\/thewebdevpoint.com\/wp-content\/uploads\/2024\/10\/Logo.svg","contentUrl":"https:\/\/thewebdevpoint.com\/wp-content\/uploads\/2024\/10\/Logo.svg","width":251,"height":48,"caption":"Muzeul Pele\u0219"},"image":{"@id":"https:\/\/thewebdevpoint.com\/ro\/#\/schema\/logo\/image\/"}}]}},"_links":{"self":[{"href":"https:\/\/thewebdevpoint.com\/ro\/wp-json\/wp\/v2\/eveniment\/8827","targetHints":{"allow":["GET"]}}],"collection":[{"href":"https:\/\/thewebdevpoint.com\/ro\/wp-json\/wp\/v2\/eveniment"}],"about":[{"href":"https:\/\/thewebdevpoint.com\/ro\/wp-json\/wp\/v2\/types\/eveniment"}],"version-history":[{"count":1,"href":"https:\/\/thewebdevpoint.com\/ro\/wp-json\/wp\/v2\/eveniment\/8827\/revisions"}],"predecessor-version":[{"id":16426,"href":"https:\/\/thewebdevpoint.com\/ro\/wp-json\/wp\/v2\/eveniment\/8827\/revisions\/16426"}],"wp:attachment":[{"href":"https:\/\/thewebdevpoint.com\/ro\/wp-json\/wp\/v2\/media?parent=8827"}],"wp:term":[{"taxonomy":"categorie-evenimente","embeddable":true,"href":"https:\/\/thewebdevpoint.com\/ro\/wp-json\/wp\/v2\/categorie-evenimente?post=8827"}],"curies":[{"name":"wp","href":"https:\/\/api.w.org\/{rel}","templated":true}]}}