{"id":8974,"date":"2023-10-01T11:59:16","date_gmt":"2023-10-01T08:59:16","guid":{"rendered":"https:\/\/pelestest.thepoint-agency.com\/comunicat-de-presa-concertul-de-deschidere-a-turneului-international-carmen-sylva-180-la-castelul-peles-din-sinaia\/"},"modified":"2024-12-19T09:49:57","modified_gmt":"2024-12-19T07:49:57","slug":"comunicat-de-presa-concertul-de-deschidere-a-turneului-international-carmen-sylva-180-la-castelul-peles-din-sinaia","status":"publish","type":"eveniment","link":"https:\/\/thewebdevpoint.com\/ro\/eveniment\/comunicat-de-presa-concertul-de-deschidere-a-turneului-international-carmen-sylva-180-la-castelul-peles-din-sinaia\/","title":{"rendered":"COMUNICAT DE PRES\u0102 CONCERTUL DE DESCHIDERE A TURNEULUI INTERNA\u021aIONAL \u201eCARMEN SYLVA &#8211; 180\u201d LA CASTELUL PELE\u0218 DIN SINAIA"},"content":{"rendered":"<p>COMUNICAT DE PRES\u0102 CONCERTUL DE DESCHIDERE A TURNEULUI INTERNA\u021aIONAL \u201eCARMEN SYLVA &#8211; 180\u201d LA CASTELUL PELE\u0218 DIN SINAIA<\/p>\n<p>Cu ocazia anivers\u0103rii a 180 de ani de la na\u0219terea M. S. Regina Elisabeta a Rom\u00e2niei, Asocia\u021bia pentru Muzic\u0103, Art\u0103 \u0219i Cultur\u0103, \u00een parteneriat cu Muzeul Na\u021bional Pele\u0219, Centrul Cultural Carmen Sylva \u0219i Prim\u0103ria Sinaia \u0219i Muzeul Na\u021bional George Enescu din Bucure\u0219ti, organizeaz\u0103 concertul de deschidere a turneul interna\u021bional \u201eCARMEN SYLVA &#8211; 180\u201d.<\/p>\n<p>Duminic\u0103, 1 octombrie 2023, ora 16:00, \u00een Salonul de Muzic\u0103 al Muzeului Na\u021bional Pele\u0219 din Sinaia (Str. Pele\u0219ului nr. 2), va avea loc concertul de deschidere a turneului interna\u021bional \u201eCARMEN SYLVA &#8211; 180\u201d, concert ce va fi sus\u021binut de Rodica Vic\u0103 \u2013 sopran\u0103 (Austria\/Rom\u00e2nia),<br \/>\nMaria B\u00eeldea \u2013 harp\u0103 (Rom\u00e2nia\/Grecia) \u0219i Silvia Irina Zimmermann \u2013 istoric literar, traduc\u0103toare \u0219i ilustratoare (Germania\/Rom\u00e2nia). Programul concertului va prezenta piese de George Enescu, Agathe Backer Gr\u00f6ndahl, Clara Faisst, August Bungert, Nicolae Bretan \u0219i George Steph\u0103nescu \u0219i lecturi din opera literar\u0103 a Reginei Elisabeta a Rom\u00e2niei (Carmen Sylva) \u00eentr-o selec\u021bie de Silvia Irina Zimmermann din volumele originale germane \u0219i din traducerile \u00een limba rom\u00e2n\u0103 de George Co\u0219buc, Dimitrie A. Sturdza, Adrian Maniu \u0219i Silvia Irina Zimmermann.<\/p>\n<p>Piesele din cadrul concertelor de la Sinaia \u0219i Bucure\u0219ti vor fi interpretate de harpista Maria B\u00eeldea pe harpa istoric\u0103 Erard, care la \u00eenceputul secolului al XX-lea (aprox. 1935) se afla \u00een salonul de muzic\u0103 a Palatului Regal Rom\u00e2n \u0219i era c\u00e2ntat\u0103 de c\u0103tre harpista de origine italian\u0103 Elodia Casseli Coand\u0103. \u00cemp\u0103timit\u0103 a interpret\u0103rilor istorice, harpista Maria B\u00eeldea a urm\u0103rit traseul rom\u00e2nesc al cestei harpe unice \u00een lume, a achizi\u021bionat-o \u0219i a reu\u0219it s\u0103 o readuc\u0103 la via\u021ba, trimi\u021b\u00e2nd-o la Londra, \u00een atelierul manufacturii Pilgrim, pentru o restaurare complet\u0103. Astfel, datorit\u0103 dorin\u021bei \u0219i perseveren\u021bei harpistei Maria B\u00eeldea harpa istoric\u0103 va r\u0103suna din nou \u00een dou\u0103 dintre cele mai emblematice \u0219i prestigioase saloane din cele dou\u0103 ora\u0219e: Castelul Pele\u0219 \u0219i Muzeul Colec\u021biilor de Art\u0103.<\/p>\n<p>Participarea la eveniment este liber\u0103, \u00een limita locurilor disponibile, cu rezervarea obligatorie a locului la adresa de e-mail: peles.ro@gmail.com . Accesul publicului \u00een Sala de Concerte se face pe terasa de nord a Castelului Pele\u0219.<\/p>\n<p>Turneul interna\u021bional este co-finan\u021bat de AFCN \u2013 Administra\u021bia Fondului Cultural Na\u021bional. Proiectul nu reprezint\u0103 \u00een mod necesar pozi\u021bia Administra\u021biei Fondului Cultural Na\u021bional. AFCN nu este responsabil\u0103 de con\u021binutul proiectului sau de modul \u00een care rezultatele proiectului pot fi folosite. Acestea sunt \u00een \u00eentregime responsabilitatea beneficiarului finan\u021b\u0103rii.<\/p>\n<p>Mai multe informa\u021bii despre turneului interna\u021bional CARMEN SYLVA &#8211; 180 pot fi g\u0103site pe site-ul www.carmensylva.musicarte.ro .<\/p>\n<p>***<\/p>\n<p>Despre turneu:<br \/>\nAnul 2023 st\u0103 sub semnul anivers\u0103rii a 180 de ani de la na\u0219terea poetei Carmen Sylva \u2013 Regina Elisabeta a Rom\u00e2niei. Astfel, cu aceast\u0103 ocazie muzicieni \u0219i oameni de cultur\u0103 s-au reunit \u00een acest proiect pentru a aduce un omagiu Reginei Elisabeta a Rom\u00e2niei: Rodica Vic\u0103 \u2013 sopran\u0103 (Austria\/Rom\u00e2nia), Silvia Irina Zimmermann \u2013 scriitoare cu numeroase biografii despre Carmen Sylva (Germania\/Rom\u00e2nia), Maria B\u00eeldea \u2013 harp\u0103 (Rom\u00e2nia &#8211; Grecia), Adela Liculescu \u2013 pian (Austria\/Rom\u00e2nia) \u0219i Mara Dobresco \u2013 pian (Fran\u021ba\/Rom\u00e2nia). Proiectul realizeaz\u0103 o panoplie literar-componistic\u0103 extraordinar\u0103, pe o \u00eentindere geografic\u0103 european\u0103 ce cuprinde \u021b\u0103rile: Rom\u00e2nia, Ungaria, Austria, Fran\u021ba, Germania \u0219i Italia, aceast\u0103 panoplie fiind dat\u0103 de localizarea compozitorilor numero\u0219i care au ales s\u0103 compun\u0103 muzic\u0103 pe versurile poetei Carmen Sylva. Prin cercetarea intens\u0103 \u0219i relevant\u0103 \u00een domeniu, proiectul se plaseaz\u0103 \u00een avangarda proiectelor de cercetare muzical\u0103 ale sopranei Rodica Vica construind, prin cercetarea sa din cadrul Bibliotecii Na\u021bionale austriece de la Viena \u0219i din cadrul Muzeului Na\u021bional \u201eGeorge Enescu\u201d din Bucure\u0219ti, un fir cronologic al lucr\u0103rilor scrise de c\u0103tre Carmen Sylva \u0219i puse pe muzic\u0103 de c\u0103tre compozitorii interpreta\u021bi \u00een cadrul celor 5 concerte. Turneul interna\u021bional CARMEN SYLVA &#8211; 180 porne\u0219te din Sinaia, \u00een Salonul de Muzic\u0103 al Castelului Pele\u0219, trece prin Bucure\u0219ti, \u00een elegantele spa\u021bii ale Muzeului Colec\u021biilor de Art\u0103,\u00a0 face o oprire la Viena \u2013 \u00eentr-unul dintre elegantele saloane de muzic\u0103 ale Vechii Prim\u0103rii, continu\u0103 la Roentgen Museum din Neuwied \u2013 locul na\u0219terii Reginei Elisabeta a Rom\u00e2niei \u0219i se \u00eencheie la Vene\u021bia \u2013 romanticul ora\u0219 \u00een care Regina s-a aflat \u00een exil. Aceste loca\u021bii nu au fost alese \u00eent\u00e2mpl\u0103tor ci sunt locurile \u00een care Regina Elisabeta a Rom\u00e2niei s-a n\u0103scut, a tr\u0103it, a c\u0103l\u0103torit sau s-a aflat \u00een exil.<\/p>\n<p>Despre arti\u0219ti:<br \/>\nRODICA VIC\u0102 este solist invitat al multor opere \u0219i filarmonici at\u00e2t din Rom\u00e2nia c\u00e2t \u0219i din str\u0103in\u0103tate fiind considerat\u0103 una dintre cele mai interesante voci ale genera\u021biei sale. Soprana debuteaz\u0103 pe scena Operei bucure\u0219tene \u00een 2010, urm\u00e2nd mai apoi s\u0103 colaboreze permanent cu aceast\u0103 institu\u021bie, interpret\u00e2nd roluri principale \u00een operele Flautul fermecat (Regina Nop\u021bii) \u0219i Don Giovanni (Donna Anna) de W. A. Mozart, Rita de G. Donizetti, Rosina din B\u0103rbierul din Sevilla de G.Rossini, Alcina de G. Fr. Haendel, etc. Rodica Vic\u0103 este c\u00e2\u0219tigatoarea a numeroase premii la concursuri na\u021bionale si interna\u021bionale: Premiul I la Concursul Interna\u0163ional de muzicabaroc\u0103 \u201eLa Stravaganza\u201d Cluj- Napoca, Premiul II la Concursul Radiodifuziunii Rom\u00e2ne \u201eDrumul spre celebritate\u201d, Premiul pentru cea mai Buna Interpretare Muzical\u0103 \u00een cadrul Trofeului<br \/>\n\u201eIon Dacian\u201d pentru Tineri Interpre\u0163i, \u0219.a. Activitatea artistic\u0103 actual\u0103 a sopranei Rodica Vic\u0103 include premiera mondial\u0103 a oratoriului Strigoii de George Enescu al\u0103turi de Rundfunk Sinfonieorchester Berlin la Konzerthaus Berlin sub conducerea muzical\u0103 a lui Gabriel Bebe\u0219elea, Gala OTP Bank la Sala Bela Bart\u00f3k-M\u00fcpa Budapesta, Canto Barocco la Teatro La Fenice, Gloria de Antonio Vivaldi al\u0103turi de Accademia<br \/>\nBizantina condus\u0103 de Ottavio Dantone \u00een deschiderea Festivalului Baroc Varazdin, La Lumiere Comique la Festivalul de Muzic\u0103 Veche de la Budapesta \u0219i BaRockIN\u2019 Transylvania cu orchestra Musica Ricercata, Matth\u00e4us Passion de J.S. Bach sub conducerea dirijoral\u0103 a lui Cristian M\u0103celaru la Ateneul Rom\u00e2n, Poemes pour mi de Olivier Messiaen al\u0103turi de Filarmonica Transilvania sub conducerea dirijorului Cristian<br \/>\nMandeal, concert \u00een cadrul Lunii Oedip la Londra, serat\u0103 inclus\u0103 \u00een evenimentele premerg\u0103toare premierei operei enesciene la Royal Opera House Covent Garden. De asemenea, angajamentele recente \u0219i viitoare includ debutul \u00een Violetta Valery din La Traviata de Giuseppe Verdi, un turneu interna\u021bional inovator JAZZT Vivaldi, participarea deosebit\u0103 la Festivalul interna\u021bional George Enescu, turneul interna\u021bional cameral menit s\u0103 celebreze genialitatea compozitorilor rom\u00e2ni \u201cRomanian Music Journey\u201d, participarea deosebit\u0103 \u00een opera baroc\u0103 \u201cIndiile galante\u201d \u00een regia lui Andrei \u0218erban, lansarea produc\u021biei \u201conly ONE Diva allowed\u201d \u00een cadrul festivalului Kultursommer Wien \u0219.a. Discografia Rodic\u0103i Vic\u0103 include dou\u0103 CD-uri, primul produs de casa de discuri Capriccio cu \u00eenregistrarea absolut\u0103 a oratoriului Strigoii de George Enescu (The Ghosts) \u0219i al doilea, Stars in the Sky lansat la sf\u00e2r\u0219itul anului 2018 la Musikverein Vienna \u2013 un proiect multicultural \u0219i unic care cuprinde o colec\u021bie de c\u00e2ntece de leag\u0103n din \u00eentreaga lume, al\u0103turi de celebra \u021biterist\u0103 Barbara Laister- Ebner, solista Concertului de Anul Nou de la Viena din 2018. Mai multe informa\u021bii despre activitatea sopranei Rodica Vica pot fi g\u0103site pe www.rodicavica.com<\/p>\n<p>MARIA B\u00ceLDEA s-a n\u0103scut \u00een Bucure\u0219ti \u0219i a \u00eenceput s\u0103 studieze harpa la 8 ani, la Liceul de Muzic\u0103 George Enescu. La 12 ani sus\u021binea deja primul recital iar la 18 ani a sus\u021binut primul concert ca solist\u0103 la Ateneul Rom\u00e2n. Dup\u0103 absolvirea Academiei de Muzic\u0103 din Bucure\u0219ti, \u00een 1986, a ob\u021binut postul de prim harpist la Orchestra Simfonic\u0103 de Stat din Ploie\u0219ti. \u00cen 1988 a fost invitat\u0103 \u00een Grecia de Orchestra de Stat Thessaloniki. A fost membr\u0103 a orchestrei din Salonic p\u00e2n\u0103 \u00een 1990 dup\u0103 care a plecat la Atena, invitat\u0103 de c\u0103tre Manos Hatzidakis, \u0219i angajat\u0103 la Orchestra of Colours. Din 1993 este \u0219i prim harpist la National Symphony Orchestra of the Hellenic Radio and Television. Maria B\u00eeldea a \u00eenfiin\u021bat, \u00een 1988, prima clas\u0103 de harp\u0103 la Thessaloniki State Odeion (Conservatorul din Salonic), iar \u00een 1992 la Athenaum Odeion (Conservatorul din Atena). A concertat cu cele mai mari orchestre din Rom\u00e2nia \u0219i din Grecia, a sus\u021binut recitaluri \u0219i master classes \u00een Rom\u00e2nia, Serbia \u0219i Fran\u021ba, Marea Britanie, Germania, Canada, SUA, Spania, Cipru, Slovenia \u0219i \u00een Grecia, la siturile arheologice din Atena. De-a lungul carierei a colaborat cu Sir Neville Marriner, Michel Plasson, Vangelis, Horia Andreescu. A interpretat muzica de Eleni Karaindrou pentru filmul \u201eDust in time\u201d, \u00eempreun\u0103 cu so\u021bul s\u0103u, violonistul Sergiu Nastasa \u0219i \u201eAlexander\u201d (regizor Oliver Stone, muzica de Vangelis). A fondat \u0219i cvartetul \u201eAeolian Harps\u201d \u0219i este membru fondator al \u201eKYKLOS ENSEMBLE\u201d. Particip\u0103 \u00een orchestra \u201eArmonia Atenea\u201d, interpret\u00e2nd la harpe istorice, \u00eenregistr\u00e2nd recent L.v. Beethoven \u201cDie Gesch\u00f6pfe des Prometheus\u201d cu Decca. Mai multe informa\u021bii despre artista Maria<br \/>\nB\u00eeldea pot fi g\u0103site pe https:\/\/harpadepoveste.ro\/maria-bildea\/ SILVIA IRINA ZIMMERMANN a studiat la universit\u0103\u0163ile din Sibiu \u015fi Marburg filologie german\u0103, englez\u0103, istoria artei \u015fi sociologie \u015fi este doctor \u00een literatur\u0103 german\u0103 a Universit\u0103\u0163ii din Marburg cu o tez\u0103 de doctorat<br \/>\ndespre opera literar\u0103 a Reginei Elisabeta a Rom\u00e2niei (Carmen Sylva). \u00cen anul 2012 a ini\u0163iat \u00eenfiin\u0163area Centrului de Cercetare Carmen Sylva al Arhivei Princiare de Wied din Neuwied, pe care \u00eel conduce onorific, \u015fi este<br \/>\neditoare a colec\u0163iei Centrului de Cercetare Carmen Sylva (11 volume publicate p\u00e2n\u0103 \u00een 2022). \u00cen anul 2013 a primit dinstinc\u0163ia Casei Regale a Rom\u00e2niei: \u201eMedalia Regele Mihai I., pentru Loialitate\u201d. A publicat numeroase volume \u00een limba german\u0103, englez\u0103 \u015fi rom\u00e2n\u0103 despre Carmen Sylva \u015fi vremea Vechiului Regat, printre care monografii \u00een german\u0103 \u015fi rom\u00e2n\u0103 despre literatura \u015fi via\u0163a reginei Elisabeta a Rom\u00e2niei (Carmen<br \/>\nSylva), volume \u015ftiin\u0163ifice coordonate \u015fi cu traduceri de articole de specialitate din rom\u00e2n\u0103 \u00een german\u0103 despre perioada Vechiului Regat, edi\u0163ia german\u0103 complet\u0103 critic\u0103-\u015ftiin\u0163ific\u0103 a coresponden\u0163ei perechii regale Carol I \u015fi Elisabeta, edi\u0163ia german\u0103 complet\u0103, critic\u0103-\u015ftiin\u0163ific\u0103, a coresponden\u0163ei Regelui Carol I cu tat\u0103l s\u0103u, principele Karl Anton de Hohenzollern-Sigmaringen (1866-1885), edi\u0163ii antologice de texte literare cu bibliografie critic\u0103 (\u00een englez\u0103 \u015fi rom\u00e2n\u0103) din opera reginelor scriitoare ale Rom\u00e2niei, Elisabeta (Carmen Sylva) \u015fi Maria. Este autoarea volumelor \u00een limba rom\u00e2n\u0103: Regina poet\u0103 Carmen Sylva: Literatura \u00een serviciul Coroanei (ed. All, 2013), Regele Carol I \u00een opera Reginei Elisabeta (ed. Curtea Veche, 2014), Reginele scriitoare ale Rom\u00e2niei, Elisabeta (Carmen Sylva) \u015fi Maria (ed. Corint, 2021). A \u00eengrijit edi\u021biile rom\u00e2ne\u015fti din opera lui Carmen Sylva: Pove\u015ftile Pele\u015fului (ed. Corint 2016, edi\u0163ia a II-a ad\u0103ugit\u0103, 2018), Domnul Pulcinel (ed. Vremea, 2017), De prin veacuri. Povestiri istorice \u015fi legende populare (ed. Humanitas, 2018), Cuvinte suflete\u015fti (cu ilustra\u0163ii de S.I. Zimmermann, ed. Humanitas, 2022). Este traduc\u0103toare \u015fi editoare a volumelor de coresponden\u0163\u0103: \u201eCu iubire tandr\u0103, Elisabeta\u201d. \u201eMereu al t\u0103u credincios, Carol\u201d. Coresponden\u0163a perechii regale (\u00eempreun\u0103 cu Romani\u0163a Costantinescu, ed. Humanitas, 2 volume, 2020\u20132021), Tat\u0103 iubit \u015fi cel mai credincios prieten. Coresponden\u0163a Regelui Carol I cu tat\u0103l s\u0103u (cu ilustra\u0163ii de S.I. Zimmermann, ed. Corint, 2023).<\/p>\n<p>Organizator: Asocia\u021bia pentru Muzic\u0103, Art\u0103 \u0219i Cultur\u0103<\/p>\n<p>Proiect co-finan\u021bat de: AFCN \u2013 Administra\u021bia Fondului Cultural Na\u021bional \u00cen parteneriat cu: Muzeul Na\u021bional Pele\u0219 &#8211; Sinaia, Centrul Cultural Carmen Sylva din Sinaia \u0219i Prim\u0103ria Sinaia, Muzeul Na\u021bional George Enescu din Bucure\u0219ti, Muzeul Na\u021bional de Art\u0103 al Rom\u00e2niei \u2013 Muzeul Colec\u021biilor de Art\u0103 din Bucure\u0219ti, Societatea Austro-Rom\u00e2n\u0103 din Viena, Institutul Cultural Rom\u00e2n din Viena, Ambasada Rom\u00e2niei \u00een Austria \u0219i Amtshaus Hietzing \u2013 Viena, Institutul Rom\u00e2n de Cultur\u0103 \u0219i Cercetare Umanistic\u0103 de la Vene\u021bia \u0219i Asocia\u021bia Italo-German\u0103 din Vene\u021bia<\/p>\n<p>Parteneri Media Na\u021bionali: TVR Cultural, Trinitas TV, Radio Rom\u00e2nia Muzical, Radio Rom\u00e2nia Cultural, RFI Rom\u00e2nia, Radio Trinitas, Radio Clasic, AGERPRES, spotmedia, Zile \u0219i Nop\u021bi, Fest.ro, Revista Leviathan \u0219i Connect Arts<\/p>\n<p>Parteneri Media Bucure\u0219ti \u0219i Sinaia: Revista Femeia, Revista Tango \u2013 Marea Dragoste, SensoTV, Revista Actualitatea Muzical\u0103 a UCMR, LiterNet.ro, BookHub, Verbs describe us, Literomania, Jurnalul Bucure\u0219tiului, Iqads, Catchy, InOras.ro, AgentiadeCarte.ro, PRwave, Onlinegallery.ro, Bucharest Cultural Events, Edi\u021bia de Diminea\u021b\u0103, Jurnalul de Afaceri, Bucure\u0219tii vechi \u0219i noi, 4arte.ro, Bun\u0103 diminea\u021ba Bucure\u0219ti, Semne Bune, Republika Kritica, Urban.ro, Autentici.info, Bucure\u0219ti City News, Rom\u00e2nia Pozitiv\u0103, Jurnal de Bucure\u0219ti, iTour, Femei \u00een<br \/>\ntendin\u021be, Bun\u0103 Ziua Ia\u0219i \u0219i Cea\u0219ca de Cultur\u0103<\/p>\n<p>Parteneri media interna\u021bionali: Venice Radio Classic, Venezia News, Un ospite di Venezia<\/p>\n<p>Birou Pres\u0103 &#8211; Asocia\u021bia pentru Muzic\u0103, Art\u0103 \u0219i Cultur\u0103<br \/>\ntel. +40 723917995; birou.presa@musicarte.ro ; birou.presa.musicarte@gmail.com .<\/p>\n","protected":false},"featured_media":0,"template":"","meta":{"_acf_changed":false},"categorie-evenimente":[353],"class_list":["post-8974","eveniment","type-eveniment","status-publish","hentry","categorie-evenimente-arhiva"],"acf":[],"yoast_head":"<!-- This site is optimized with the Yoast SEO plugin v24.1 - https:\/\/yoast.com\/wordpress\/plugins\/seo\/ -->\n<title>COMUNICAT DE PRES\u0102 CONCERTUL DE DESCHIDERE A TURNEULUI INTERNA\u021aIONAL \u201eCARMEN SYLVA - 180\u201d LA CASTELUL PELE\u0218 DIN SINAIA &#183; Peles Test<\/title>\n<meta name=\"robots\" content=\"noindex, follow, max-snippet:-1, max-image-preview:large, max-video-preview:-1\" \/>\n<script type=\"application\/ld+json\" class=\"yoast-schema-graph\">{\"@context\":\"https:\/\/schema.org\",\"@graph\":[{\"@type\":\"WebPage\",\"@id\":\"https:\/\/thewebdevpoint.com\/eveniment\/comunicat-de-presa-concertul-de-deschidere-a-turneului-international-carmen-sylva-180-la-castelul-peles-din-sinaia\/\",\"url\":\"https:\/\/thewebdevpoint.com\/eveniment\/comunicat-de-presa-concertul-de-deschidere-a-turneului-international-carmen-sylva-180-la-castelul-peles-din-sinaia\/\",\"name\":\"COMUNICAT DE PRES\u0102 CONCERTUL DE DESCHIDERE A TURNEULUI INTERNA\u021aIONAL \u201eCARMEN SYLVA - 180\u201d LA CASTELUL PELE\u0218 DIN SINAIA &#183; Peles Test\",\"isPartOf\":{\"@id\":\"https:\/\/thewebdevpoint.com\/ro\/#website\"},\"datePublished\":\"2023-10-01T08:59:16+00:00\",\"dateModified\":\"2024-12-19T07:49:57+00:00\",\"breadcrumb\":{\"@id\":\"https:\/\/thewebdevpoint.com\/eveniment\/comunicat-de-presa-concertul-de-deschidere-a-turneului-international-carmen-sylva-180-la-castelul-peles-din-sinaia\/#breadcrumb\"},\"inLanguage\":\"ro-RO\",\"potentialAction\":[{\"@type\":\"ReadAction\",\"target\":[\"https:\/\/thewebdevpoint.com\/eveniment\/comunicat-de-presa-concertul-de-deschidere-a-turneului-international-carmen-sylva-180-la-castelul-peles-din-sinaia\/\"]}]},{\"@type\":\"BreadcrumbList\",\"@id\":\"https:\/\/thewebdevpoint.com\/eveniment\/comunicat-de-presa-concertul-de-deschidere-a-turneului-international-carmen-sylva-180-la-castelul-peles-din-sinaia\/#breadcrumb\",\"itemListElement\":[{\"@type\":\"ListItem\",\"position\":1,\"name\":\"Acas\u0103\",\"item\":\"https:\/\/thewebdevpoint.com\/\"},{\"@type\":\"ListItem\",\"position\":2,\"name\":\"Evenimente\",\"item\":\"https:\/\/thewebdevpoint.com\/ro\/evenimente\/\"},{\"@type\":\"ListItem\",\"position\":3,\"name\":\"COMUNICAT DE PRES\u0102 CONCERTUL DE DESCHIDERE A TURNEULUI INTERNA\u021aIONAL \u201eCARMEN SYLVA &#8211; 180\u201d LA CASTELUL PELE\u0218 DIN SINAIA\"}]},{\"@type\":\"WebSite\",\"@id\":\"https:\/\/thewebdevpoint.com\/ro\/#website\",\"url\":\"https:\/\/thewebdevpoint.com\/ro\/\",\"name\":\"Peles Test\",\"description\":\"\",\"publisher\":{\"@id\":\"https:\/\/thewebdevpoint.com\/ro\/#organization\"},\"potentialAction\":[{\"@type\":\"SearchAction\",\"target\":{\"@type\":\"EntryPoint\",\"urlTemplate\":\"https:\/\/thewebdevpoint.com\/ro\/?s={search_term_string}\"},\"query-input\":{\"@type\":\"PropertyValueSpecification\",\"valueRequired\":true,\"valueName\":\"search_term_string\"}}],\"inLanguage\":\"ro-RO\"},{\"@type\":\"Organization\",\"@id\":\"https:\/\/thewebdevpoint.com\/ro\/#organization\",\"name\":\"Muzeul Pele\u0219\",\"alternateName\":\"MP\",\"url\":\"https:\/\/thewebdevpoint.com\/ro\/\",\"logo\":{\"@type\":\"ImageObject\",\"inLanguage\":\"ro-RO\",\"@id\":\"https:\/\/thewebdevpoint.com\/ro\/#\/schema\/logo\/image\/\",\"url\":\"https:\/\/thewebdevpoint.com\/wp-content\/uploads\/2024\/10\/Logo.svg\",\"contentUrl\":\"https:\/\/thewebdevpoint.com\/wp-content\/uploads\/2024\/10\/Logo.svg\",\"width\":251,\"height\":48,\"caption\":\"Muzeul Pele\u0219\"},\"image\":{\"@id\":\"https:\/\/thewebdevpoint.com\/ro\/#\/schema\/logo\/image\/\"}}]}<\/script>\n<!-- \/ Yoast SEO plugin. -->","yoast_head_json":{"title":"COMUNICAT DE PRES\u0102 CONCERTUL DE DESCHIDERE A TURNEULUI INTERNA\u021aIONAL \u201eCARMEN SYLVA - 180\u201d LA CASTELUL PELE\u0218 DIN SINAIA &#183; Peles Test","robots":{"index":"noindex","follow":"follow","max-snippet":"max-snippet:-1","max-image-preview":"max-image-preview:large","max-video-preview":"max-video-preview:-1"},"schema":{"@context":"https:\/\/schema.org","@graph":[{"@type":"WebPage","@id":"https:\/\/thewebdevpoint.com\/eveniment\/comunicat-de-presa-concertul-de-deschidere-a-turneului-international-carmen-sylva-180-la-castelul-peles-din-sinaia\/","url":"https:\/\/thewebdevpoint.com\/eveniment\/comunicat-de-presa-concertul-de-deschidere-a-turneului-international-carmen-sylva-180-la-castelul-peles-din-sinaia\/","name":"COMUNICAT DE PRES\u0102 CONCERTUL DE DESCHIDERE A TURNEULUI INTERNA\u021aIONAL \u201eCARMEN SYLVA - 180\u201d LA CASTELUL PELE\u0218 DIN SINAIA &#183; Peles Test","isPartOf":{"@id":"https:\/\/thewebdevpoint.com\/ro\/#website"},"datePublished":"2023-10-01T08:59:16+00:00","dateModified":"2024-12-19T07:49:57+00:00","breadcrumb":{"@id":"https:\/\/thewebdevpoint.com\/eveniment\/comunicat-de-presa-concertul-de-deschidere-a-turneului-international-carmen-sylva-180-la-castelul-peles-din-sinaia\/#breadcrumb"},"inLanguage":"ro-RO","potentialAction":[{"@type":"ReadAction","target":["https:\/\/thewebdevpoint.com\/eveniment\/comunicat-de-presa-concertul-de-deschidere-a-turneului-international-carmen-sylva-180-la-castelul-peles-din-sinaia\/"]}]},{"@type":"BreadcrumbList","@id":"https:\/\/thewebdevpoint.com\/eveniment\/comunicat-de-presa-concertul-de-deschidere-a-turneului-international-carmen-sylva-180-la-castelul-peles-din-sinaia\/#breadcrumb","itemListElement":[{"@type":"ListItem","position":1,"name":"Acas\u0103","item":"https:\/\/thewebdevpoint.com\/"},{"@type":"ListItem","position":2,"name":"Evenimente","item":"https:\/\/thewebdevpoint.com\/ro\/evenimente\/"},{"@type":"ListItem","position":3,"name":"COMUNICAT DE PRES\u0102 CONCERTUL DE DESCHIDERE A TURNEULUI INTERNA\u021aIONAL \u201eCARMEN SYLVA &#8211; 180\u201d LA CASTELUL PELE\u0218 DIN SINAIA"}]},{"@type":"WebSite","@id":"https:\/\/thewebdevpoint.com\/ro\/#website","url":"https:\/\/thewebdevpoint.com\/ro\/","name":"Peles Test","description":"","publisher":{"@id":"https:\/\/thewebdevpoint.com\/ro\/#organization"},"potentialAction":[{"@type":"SearchAction","target":{"@type":"EntryPoint","urlTemplate":"https:\/\/thewebdevpoint.com\/ro\/?s={search_term_string}"},"query-input":{"@type":"PropertyValueSpecification","valueRequired":true,"valueName":"search_term_string"}}],"inLanguage":"ro-RO"},{"@type":"Organization","@id":"https:\/\/thewebdevpoint.com\/ro\/#organization","name":"Muzeul Pele\u0219","alternateName":"MP","url":"https:\/\/thewebdevpoint.com\/ro\/","logo":{"@type":"ImageObject","inLanguage":"ro-RO","@id":"https:\/\/thewebdevpoint.com\/ro\/#\/schema\/logo\/image\/","url":"https:\/\/thewebdevpoint.com\/wp-content\/uploads\/2024\/10\/Logo.svg","contentUrl":"https:\/\/thewebdevpoint.com\/wp-content\/uploads\/2024\/10\/Logo.svg","width":251,"height":48,"caption":"Muzeul Pele\u0219"},"image":{"@id":"https:\/\/thewebdevpoint.com\/ro\/#\/schema\/logo\/image\/"}}]}},"_links":{"self":[{"href":"https:\/\/thewebdevpoint.com\/ro\/wp-json\/wp\/v2\/eveniment\/8974","targetHints":{"allow":["GET"]}}],"collection":[{"href":"https:\/\/thewebdevpoint.com\/ro\/wp-json\/wp\/v2\/eveniment"}],"about":[{"href":"https:\/\/thewebdevpoint.com\/ro\/wp-json\/wp\/v2\/types\/eveniment"}],"version-history":[{"count":2,"href":"https:\/\/thewebdevpoint.com\/ro\/wp-json\/wp\/v2\/eveniment\/8974\/revisions"}],"predecessor-version":[{"id":17224,"href":"https:\/\/thewebdevpoint.com\/ro\/wp-json\/wp\/v2\/eveniment\/8974\/revisions\/17224"}],"wp:attachment":[{"href":"https:\/\/thewebdevpoint.com\/ro\/wp-json\/wp\/v2\/media?parent=8974"}],"wp:term":[{"taxonomy":"categorie-evenimente","embeddable":true,"href":"https:\/\/thewebdevpoint.com\/ro\/wp-json\/wp\/v2\/categorie-evenimente?post=8974"}],"curies":[{"name":"wp","href":"https:\/\/api.w.org\/{rel}","templated":true}]}}