{"id":8986,"date":"2024-05-11T11:59:16","date_gmt":"2024-05-11T08:59:16","guid":{"rendered":"https:\/\/pelestest.thepoint-agency.com\/expozitia-temporara-regalitatea-si-marea\/"},"modified":"2024-12-19T13:53:39","modified_gmt":"2024-12-19T11:53:39","slug":"expozitia-temporara-regalitatea-si-marea","status":"publish","type":"eveniment","link":"https:\/\/thewebdevpoint.com\/ro\/eveniment\/expozitia-temporara-regalitatea-si-marea\/","title":{"rendered":"expozi\u021bia temporar\u0103 ,,Regalitatea \u0219i Marea\u201d"},"content":{"rendered":"<p>Muzeul Na\u021bional Pele\u0219 \u0219i Societatea de Cartofilie \u201eStella Maris\u201d Constan\u021ba, anun\u021b\u0103 deschiderea expozi\u021biei ,,Regalitatea \u0219i Marea\u201d, care va avea loc s\u00e2mb\u0103t\u0103, 11 mai 2024, ora 12:00, \u00een Holul de onoare al castelului Peli\u0219or.<br \/>\nEvenimentul s\u0103rb\u0103tore\u0219te at\u00e2t Ziua Regalit\u0103\u021bii, c\u00e2t \u0219i leg\u0103tura aparte dintre Casa Regal\u0103 \u0219i Mare.<br \/>\n\u201eRegalitatea \u0219i marea: un titlu \u00eembietor de carte, al c\u0103rei autor a fost neuitata Doina P\u0103uleanu, prestigios istoric de art\u0103 de la \u021b\u0103rmul Pontului Euxin, care s-a identificat cu istoria locului unde \u0219i-a tr\u0103it anii cei mai rodnici ai vie\u021bii \u0219i pe care a descris-o \u00een savante lucr\u0103ri devenite bibliografie obligatorie \u00een domeniu. Albumul-carte ce purta subtitlul Dobrogea. 1878-1914, riguros documentat \u0219i ap\u0103rut \u00een excelente condi\u021bii grafice \u00een anul 2015, evoca istoria acestei provincii integrat\u0103 Vechiului Regat dup\u0103 victoriosul R\u0103zboi de Independen\u021b\u0103, ar\u0103t\u00e2nd tocmai contribu\u021bia esen\u021bial\u0103 a monarhiei rom\u00e2ne la dezvoltarea acestor \u021binuturi \u00een timpul domniei regelui Carol I.<br \/>\nRegalitatea \u0219i marea: titlul unei foarte interesante expozi\u021bii, vernisat\u0103 la Muzeul Na\u021bional Pele\u0219, \u00een holul de onoare al Castelului Peli\u0219or, \u00een data de 11 mai 2024. Iat\u0103, a\u0219adar, temeiurile istorice puternice care au determinat un grup de colec\u021bionari \u00eemp\u0103timi\u021bi, str\u00e2n\u0219i \u00een Asocia\u021bia \u201eStella Maris\u201d \u2013 ce poart\u0103, simbolic, numele capelei pe care regina Maria a zidit-o la Balcic \u0219i \u00een care a dorit s\u0103 \u00eei odihneasc\u0103 inima \u2013, s\u0103 organizeze la castelul Peli\u0219or din Sinaia, alt\u0103 \u201ecas\u0103 de vis\u201d drag\u0103 suveranei, c\u0103minul \u00een care a locuit aproape o via\u021b\u0103, o expozi\u021bie care s\u0103 prezinte publicului din \u021bar\u0103 \u0219i din str\u0103in\u0103tate m\u0103rturii ale acestei leg\u0103turi speciale \u00eentre lumea de la malul M\u0103rii \u0219i Familia regal\u0103 rom\u00e2n\u0103\u201d &#8211; dr. Narcis Dorin Ion, director general al Muzeului Na\u021bional Pele\u0219.<br \/>\nProiectul expozi\u021bional a fost pornit de unii dintre membrii Asocia\u021biei Stella Maris &#8211; Gabriel Octavian Nicolae, Doru Ghizd\u0103vescu, George Barcaru, Zetu Harrys, \u0218tefan Constantinescu, Emanuel Erena, Eduard Chirilov \u0219i \u0218erban Dr\u0103gu\u0219anu \u2013 din dorin\u021ba de a oferi iubitorilor de istorie \u0219i art\u0103 ocazia de a admira obiecte de patrimoniu din colec\u021biile personale, care se subsumeaz\u0103 unor subiecte dintre cele mai diverse \u0219i interesante: Dobrogea regal\u0103, Armata regal\u0103 la Constan\u021ba, Cuvinte regale \u00een paginile revistei \u201eMarea Noastr\u0103\u201d, Mamaia regal\u0103, Amintiri din Rom\u00e2nia regal\u0103, Constan\u021ba de odinioar\u0103, \u201eCuibul lini\u0219tit\u201d al reginei Maria de la Balcic sau R\u0103zboiul de Independen\u021b\u0103 \u00een presa vremii.<br \/>\n\u00cen cadrul vernisajului va fi lansat \u0219i cel de-al doilea num\u0103r al revistei ,,Stella Maris\u201d.<br \/>\nExpozi\u021bia ,,Regalitatea \u0219i Marea\u201d va fi deschis\u0103 publicului \u00een perioada 11 mai \u2013 9 iunie 2024, \u0219i se va vizita \u00een regim de gratuitate, de miercuri p\u00e2n\u0103 duminic\u0103, dup\u0103 cum urmeaz\u0103:<br \/>\nMiercuri: 10:00 \u2013 16:00 (ultima intrare)<br \/>\nJoi \u2013 Duminic\u0103: 09:15 \u2013 16:00 (ultima intrare).<\/p>\n","protected":false},"featured_media":13787,"template":"","meta":{"_acf_changed":false},"categorie-evenimente":[332],"class_list":["post-8986","eveniment","type-eveniment","status-publish","has-post-thumbnail","hentry","categorie-evenimente-expozitii-temporare"],"acf":[],"yoast_head":"<!-- This site is optimized with the Yoast SEO plugin v24.1 - https:\/\/yoast.com\/wordpress\/plugins\/seo\/ -->\n<title>expozi\u021bia temporar\u0103 ,,Regalitatea \u0219i Marea\u201d &#183; Peles Test<\/title>\n<meta name=\"robots\" content=\"noindex, follow, max-snippet:-1, max-image-preview:large, max-video-preview:-1\" \/>\n<script type=\"application\/ld+json\" class=\"yoast-schema-graph\">{\"@context\":\"https:\/\/schema.org\",\"@graph\":[{\"@type\":\"WebPage\",\"@id\":\"https:\/\/thewebdevpoint.com\/eveniment\/expozitia-temporara-regalitatea-si-marea\/\",\"url\":\"https:\/\/thewebdevpoint.com\/eveniment\/expozitia-temporara-regalitatea-si-marea\/\",\"name\":\"expozi\u021bia temporar\u0103 ,,Regalitatea \u0219i Marea\u201d &#183; Peles Test\",\"isPartOf\":{\"@id\":\"https:\/\/thewebdevpoint.com\/ro\/#website\"},\"primaryImageOfPage\":{\"@id\":\"https:\/\/thewebdevpoint.com\/eveniment\/expozitia-temporara-regalitatea-si-marea\/#primaryimage\"},\"image\":{\"@id\":\"https:\/\/thewebdevpoint.com\/eveniment\/expozitia-temporara-regalitatea-si-marea\/#primaryimage\"},\"thumbnailUrl\":\"https:\/\/thewebdevpoint.com\/wp-content\/uploads\/2024\/05\/438128275_834653812027579_878402041938807868_n.jpg\",\"datePublished\":\"2024-05-11T08:59:16+00:00\",\"dateModified\":\"2024-12-19T11:53:39+00:00\",\"breadcrumb\":{\"@id\":\"https:\/\/thewebdevpoint.com\/eveniment\/expozitia-temporara-regalitatea-si-marea\/#breadcrumb\"},\"inLanguage\":\"ro-RO\",\"potentialAction\":[{\"@type\":\"ReadAction\",\"target\":[\"https:\/\/thewebdevpoint.com\/eveniment\/expozitia-temporara-regalitatea-si-marea\/\"]}]},{\"@type\":\"ImageObject\",\"inLanguage\":\"ro-RO\",\"@id\":\"https:\/\/thewebdevpoint.com\/eveniment\/expozitia-temporara-regalitatea-si-marea\/#primaryimage\",\"url\":\"https:\/\/thewebdevpoint.com\/wp-content\/uploads\/2024\/05\/438128275_834653812027579_878402041938807868_n.jpg\",\"contentUrl\":\"https:\/\/thewebdevpoint.com\/wp-content\/uploads\/2024\/05\/438128275_834653812027579_878402041938807868_n.jpg\",\"width\":1482,\"height\":2048},{\"@type\":\"BreadcrumbList\",\"@id\":\"https:\/\/thewebdevpoint.com\/eveniment\/expozitia-temporara-regalitatea-si-marea\/#breadcrumb\",\"itemListElement\":[{\"@type\":\"ListItem\",\"position\":1,\"name\":\"Acas\u0103\",\"item\":\"https:\/\/thewebdevpoint.com\/\"},{\"@type\":\"ListItem\",\"position\":2,\"name\":\"Evenimente\",\"item\":\"https:\/\/thewebdevpoint.com\/ro\/evenimente\/\"},{\"@type\":\"ListItem\",\"position\":3,\"name\":\"expozi\u021bia temporar\u0103 ,,Regalitatea \u0219i Marea\u201d\"}]},{\"@type\":\"WebSite\",\"@id\":\"https:\/\/thewebdevpoint.com\/ro\/#website\",\"url\":\"https:\/\/thewebdevpoint.com\/ro\/\",\"name\":\"Peles Test\",\"description\":\"\",\"publisher\":{\"@id\":\"https:\/\/thewebdevpoint.com\/ro\/#organization\"},\"potentialAction\":[{\"@type\":\"SearchAction\",\"target\":{\"@type\":\"EntryPoint\",\"urlTemplate\":\"https:\/\/thewebdevpoint.com\/ro\/?s={search_term_string}\"},\"query-input\":{\"@type\":\"PropertyValueSpecification\",\"valueRequired\":true,\"valueName\":\"search_term_string\"}}],\"inLanguage\":\"ro-RO\"},{\"@type\":\"Organization\",\"@id\":\"https:\/\/thewebdevpoint.com\/ro\/#organization\",\"name\":\"Muzeul Pele\u0219\",\"alternateName\":\"MP\",\"url\":\"https:\/\/thewebdevpoint.com\/ro\/\",\"logo\":{\"@type\":\"ImageObject\",\"inLanguage\":\"ro-RO\",\"@id\":\"https:\/\/thewebdevpoint.com\/ro\/#\/schema\/logo\/image\/\",\"url\":\"https:\/\/thewebdevpoint.com\/wp-content\/uploads\/2024\/10\/Logo.svg\",\"contentUrl\":\"https:\/\/thewebdevpoint.com\/wp-content\/uploads\/2024\/10\/Logo.svg\",\"width\":251,\"height\":48,\"caption\":\"Muzeul Pele\u0219\"},\"image\":{\"@id\":\"https:\/\/thewebdevpoint.com\/ro\/#\/schema\/logo\/image\/\"}}]}<\/script>\n<!-- \/ Yoast SEO plugin. -->","yoast_head_json":{"title":"expozi\u021bia temporar\u0103 ,,Regalitatea \u0219i Marea\u201d &#183; Peles Test","robots":{"index":"noindex","follow":"follow","max-snippet":"max-snippet:-1","max-image-preview":"max-image-preview:large","max-video-preview":"max-video-preview:-1"},"schema":{"@context":"https:\/\/schema.org","@graph":[{"@type":"WebPage","@id":"https:\/\/thewebdevpoint.com\/eveniment\/expozitia-temporara-regalitatea-si-marea\/","url":"https:\/\/thewebdevpoint.com\/eveniment\/expozitia-temporara-regalitatea-si-marea\/","name":"expozi\u021bia temporar\u0103 ,,Regalitatea \u0219i Marea\u201d &#183; Peles Test","isPartOf":{"@id":"https:\/\/thewebdevpoint.com\/ro\/#website"},"primaryImageOfPage":{"@id":"https:\/\/thewebdevpoint.com\/eveniment\/expozitia-temporara-regalitatea-si-marea\/#primaryimage"},"image":{"@id":"https:\/\/thewebdevpoint.com\/eveniment\/expozitia-temporara-regalitatea-si-marea\/#primaryimage"},"thumbnailUrl":"https:\/\/thewebdevpoint.com\/wp-content\/uploads\/2024\/05\/438128275_834653812027579_878402041938807868_n.jpg","datePublished":"2024-05-11T08:59:16+00:00","dateModified":"2024-12-19T11:53:39+00:00","breadcrumb":{"@id":"https:\/\/thewebdevpoint.com\/eveniment\/expozitia-temporara-regalitatea-si-marea\/#breadcrumb"},"inLanguage":"ro-RO","potentialAction":[{"@type":"ReadAction","target":["https:\/\/thewebdevpoint.com\/eveniment\/expozitia-temporara-regalitatea-si-marea\/"]}]},{"@type":"ImageObject","inLanguage":"ro-RO","@id":"https:\/\/thewebdevpoint.com\/eveniment\/expozitia-temporara-regalitatea-si-marea\/#primaryimage","url":"https:\/\/thewebdevpoint.com\/wp-content\/uploads\/2024\/05\/438128275_834653812027579_878402041938807868_n.jpg","contentUrl":"https:\/\/thewebdevpoint.com\/wp-content\/uploads\/2024\/05\/438128275_834653812027579_878402041938807868_n.jpg","width":1482,"height":2048},{"@type":"BreadcrumbList","@id":"https:\/\/thewebdevpoint.com\/eveniment\/expozitia-temporara-regalitatea-si-marea\/#breadcrumb","itemListElement":[{"@type":"ListItem","position":1,"name":"Acas\u0103","item":"https:\/\/thewebdevpoint.com\/"},{"@type":"ListItem","position":2,"name":"Evenimente","item":"https:\/\/thewebdevpoint.com\/ro\/evenimente\/"},{"@type":"ListItem","position":3,"name":"expozi\u021bia temporar\u0103 ,,Regalitatea \u0219i Marea\u201d"}]},{"@type":"WebSite","@id":"https:\/\/thewebdevpoint.com\/ro\/#website","url":"https:\/\/thewebdevpoint.com\/ro\/","name":"Peles Test","description":"","publisher":{"@id":"https:\/\/thewebdevpoint.com\/ro\/#organization"},"potentialAction":[{"@type":"SearchAction","target":{"@type":"EntryPoint","urlTemplate":"https:\/\/thewebdevpoint.com\/ro\/?s={search_term_string}"},"query-input":{"@type":"PropertyValueSpecification","valueRequired":true,"valueName":"search_term_string"}}],"inLanguage":"ro-RO"},{"@type":"Organization","@id":"https:\/\/thewebdevpoint.com\/ro\/#organization","name":"Muzeul Pele\u0219","alternateName":"MP","url":"https:\/\/thewebdevpoint.com\/ro\/","logo":{"@type":"ImageObject","inLanguage":"ro-RO","@id":"https:\/\/thewebdevpoint.com\/ro\/#\/schema\/logo\/image\/","url":"https:\/\/thewebdevpoint.com\/wp-content\/uploads\/2024\/10\/Logo.svg","contentUrl":"https:\/\/thewebdevpoint.com\/wp-content\/uploads\/2024\/10\/Logo.svg","width":251,"height":48,"caption":"Muzeul Pele\u0219"},"image":{"@id":"https:\/\/thewebdevpoint.com\/ro\/#\/schema\/logo\/image\/"}}]}},"_links":{"self":[{"href":"https:\/\/thewebdevpoint.com\/ro\/wp-json\/wp\/v2\/eveniment\/8986","targetHints":{"allow":["GET"]}}],"collection":[{"href":"https:\/\/thewebdevpoint.com\/ro\/wp-json\/wp\/v2\/eveniment"}],"about":[{"href":"https:\/\/thewebdevpoint.com\/ro\/wp-json\/wp\/v2\/types\/eveniment"}],"version-history":[{"count":2,"href":"https:\/\/thewebdevpoint.com\/ro\/wp-json\/wp\/v2\/eveniment\/8986\/revisions"}],"predecessor-version":[{"id":16952,"href":"https:\/\/thewebdevpoint.com\/ro\/wp-json\/wp\/v2\/eveniment\/8986\/revisions\/16952"}],"wp:featuredmedia":[{"embeddable":true,"href":"https:\/\/thewebdevpoint.com\/ro\/wp-json\/wp\/v2\/media\/13787"}],"wp:attachment":[{"href":"https:\/\/thewebdevpoint.com\/ro\/wp-json\/wp\/v2\/media?parent=8986"}],"wp:term":[{"taxonomy":"categorie-evenimente","embeddable":true,"href":"https:\/\/thewebdevpoint.com\/ro\/wp-json\/wp\/v2\/categorie-evenimente?post=8986"}],"curies":[{"name":"wp","href":"https:\/\/api.w.org\/{rel}","templated":true}]}}