{"id":8987,"date":"2024-05-11T11:59:16","date_gmt":"2024-05-11T08:59:16","guid":{"rendered":"https:\/\/pelestest.thepoint-agency.com\/conferinta-contributia-casei-regale-a-romaniei-la-dezvoltarea-cercetasiei\/"},"modified":"2024-12-19T13:53:43","modified_gmt":"2024-12-19T11:53:43","slug":"conferinta-contributia-casei-regale-a-romaniei-la-dezvoltarea-cercetasiei","status":"publish","type":"eveniment","link":"https:\/\/thewebdevpoint.com\/ro\/eveniment\/conferinta-contributia-casei-regale-a-romaniei-la-dezvoltarea-cercetasiei\/","title":{"rendered":"conferin\u021ba \u201cContribu\u021bia Casei Regale a Rom\u00e2niei la dezvoltarea cercet\u0103\u0219iei\u201d"},"content":{"rendered":"<div dir=\"auto\"><span class=\"html-span xdj266r x11i5rnm xat24cr x1mh8g0r xexx8yu x4uap5 x18d9i69 xkhd6sd x1hl2dhg x16tdsg8 x1vvkbs\"><a class=\"x1i10hfl xjbqb8w x1ejq31n xd10rxx x1sy0etr x17r0tee x972fbf xcfux6l x1qhh985 xm0m39n x9f619 x1ypdohk xt0psk2 xe8uvvx xdj266r x11i5rnm xat24cr x1mh8g0r xexx8yu x4uap5 x18d9i69 xkhd6sd x16tdsg8 x1hl2dhg xggy1nq x1a2a7pz x1sur9pj xkrqix3 x1fey0fg xo1l8bm\" tabindex=\"0\" role=\"link\" href=\"https:\/\/www.facebook.com\/cercetasii.traditionali?__cft__[0]=AZUnq_EkHgNZxrmLKS8ieviNNMwBailokr_uPl7XcSD0sNQtpgUh8Ucsbkz4QkcVN9zntEWwI_t7x__qiaJQ_aRCU3R4fgkx2l4FGfWIEbwgFBuxlQEYj5ERcELFyVlESWHX5vhZ05fMhO63qpXH7fTVa1QB-kYVds192cJ8v9Sy_ATXAOnRxn5j-igVdseHyx296GbvIJPNe2Wpj2G0nuPH&amp;__tn__=-]K-R\"><span class=\"xt0psk2\">Asociatia Cercetasilor Traditionali<\/span><\/a><\/span> (ACT-RO) \u00een parteneriat cu Muzeul Na\u021bional Pele\u0219 organizeaz\u0103 s\u00e2mb\u0103t\u0103, 11 mai 2024, conferin\u021ba \u201cContribu\u021bia Casei Regale a Rom\u00e2niei la dezvoltarea cercet\u0103\u0219iei\u201d. Evenimentul marcheaz\u0103 aniversarea a 10 ani de Educa\u021bie prin Aventur\u0103\u00ae de c\u0103tre cerceta\u0219ii tradi\u021bionali.<\/div>\n<div dir=\"auto\">Primele patrule de cerceta\u0219i au ap\u0103rut la Sinaia \u00een anul 1913. Asocia\u021bia Cerceta\u0219ii Rom\u00e2niei (ACR) s-a \u00eenfiin\u021bat un an mai t\u00e2rziu, desf\u0103\u0219ur\u00e2ndu-\u0219i activitatea p\u00e2n\u0103 \u00een anul 1937, perioad\u0103 \u00een care s-a aflat sub Inaltul Patronaj al Casei Regale a Rom\u00e2niei. In cadrul conferin\u021bei vor fi trecute \u00een revist\u0103 momentele de glorie, dar \u0219i perioadele dramatice prin care a trecut cercet\u0103\u0219ia acelor ani<\/div>\n","protected":false},"featured_media":13789,"template":"","meta":{"_acf_changed":false},"categorie-evenimente":[334],"class_list":["post-8987","eveniment","type-eveniment","status-publish","has-post-thumbnail","hentry","categorie-evenimente-conferinte"],"acf":[],"yoast_head":"<!-- This site is optimized with the Yoast SEO plugin v24.1 - https:\/\/yoast.com\/wordpress\/plugins\/seo\/ -->\n<title>conferin\u021ba \u201cContribu\u021bia Casei Regale a Rom\u00e2niei la dezvoltarea cercet\u0103\u0219iei\u201d &#183; Peles Test<\/title>\n<meta name=\"robots\" content=\"noindex, follow, max-snippet:-1, max-image-preview:large, max-video-preview:-1\" \/>\n<script type=\"application\/ld+json\" class=\"yoast-schema-graph\">{\"@context\":\"https:\/\/schema.org\",\"@graph\":[{\"@type\":\"WebPage\",\"@id\":\"https:\/\/thewebdevpoint.com\/eveniment\/conferinta-contributia-casei-regale-a-romaniei-la-dezvoltarea-cercetasiei\/\",\"url\":\"https:\/\/thewebdevpoint.com\/eveniment\/conferinta-contributia-casei-regale-a-romaniei-la-dezvoltarea-cercetasiei\/\",\"name\":\"conferin\u021ba \u201cContribu\u021bia Casei Regale a Rom\u00e2niei la dezvoltarea cercet\u0103\u0219iei\u201d &#183; Peles Test\",\"isPartOf\":{\"@id\":\"https:\/\/thewebdevpoint.com\/ro\/#website\"},\"primaryImageOfPage\":{\"@id\":\"https:\/\/thewebdevpoint.com\/eveniment\/conferinta-contributia-casei-regale-a-romaniei-la-dezvoltarea-cercetasiei\/#primaryimage\"},\"image\":{\"@id\":\"https:\/\/thewebdevpoint.com\/eveniment\/conferinta-contributia-casei-regale-a-romaniei-la-dezvoltarea-cercetasiei\/#primaryimage\"},\"thumbnailUrl\":\"https:\/\/thewebdevpoint.com\/wp-content\/uploads\/2024\/05\/438164629_835963278563299_5589535318385900790_n.jpg\",\"datePublished\":\"2024-05-11T08:59:16+00:00\",\"dateModified\":\"2024-12-19T11:53:43+00:00\",\"breadcrumb\":{\"@id\":\"https:\/\/thewebdevpoint.com\/eveniment\/conferinta-contributia-casei-regale-a-romaniei-la-dezvoltarea-cercetasiei\/#breadcrumb\"},\"inLanguage\":\"ro-RO\",\"potentialAction\":[{\"@type\":\"ReadAction\",\"target\":[\"https:\/\/thewebdevpoint.com\/eveniment\/conferinta-contributia-casei-regale-a-romaniei-la-dezvoltarea-cercetasiei\/\"]}]},{\"@type\":\"ImageObject\",\"inLanguage\":\"ro-RO\",\"@id\":\"https:\/\/thewebdevpoint.com\/eveniment\/conferinta-contributia-casei-regale-a-romaniei-la-dezvoltarea-cercetasiei\/#primaryimage\",\"url\":\"https:\/\/thewebdevpoint.com\/wp-content\/uploads\/2024\/05\/438164629_835963278563299_5589535318385900790_n.jpg\",\"contentUrl\":\"https:\/\/thewebdevpoint.com\/wp-content\/uploads\/2024\/05\/438164629_835963278563299_5589535318385900790_n.jpg\",\"width\":504,\"height\":720},{\"@type\":\"BreadcrumbList\",\"@id\":\"https:\/\/thewebdevpoint.com\/eveniment\/conferinta-contributia-casei-regale-a-romaniei-la-dezvoltarea-cercetasiei\/#breadcrumb\",\"itemListElement\":[{\"@type\":\"ListItem\",\"position\":1,\"name\":\"Acas\u0103\",\"item\":\"https:\/\/thewebdevpoint.com\/\"},{\"@type\":\"ListItem\",\"position\":2,\"name\":\"Evenimente\",\"item\":\"https:\/\/thewebdevpoint.com\/ro\/evenimente\/\"},{\"@type\":\"ListItem\",\"position\":3,\"name\":\"conferin\u021ba \u201cContribu\u021bia Casei Regale a Rom\u00e2niei la dezvoltarea cercet\u0103\u0219iei\u201d\"}]},{\"@type\":\"WebSite\",\"@id\":\"https:\/\/thewebdevpoint.com\/ro\/#website\",\"url\":\"https:\/\/thewebdevpoint.com\/ro\/\",\"name\":\"Peles Test\",\"description\":\"\",\"publisher\":{\"@id\":\"https:\/\/thewebdevpoint.com\/ro\/#organization\"},\"potentialAction\":[{\"@type\":\"SearchAction\",\"target\":{\"@type\":\"EntryPoint\",\"urlTemplate\":\"https:\/\/thewebdevpoint.com\/ro\/?s={search_term_string}\"},\"query-input\":{\"@type\":\"PropertyValueSpecification\",\"valueRequired\":true,\"valueName\":\"search_term_string\"}}],\"inLanguage\":\"ro-RO\"},{\"@type\":\"Organization\",\"@id\":\"https:\/\/thewebdevpoint.com\/ro\/#organization\",\"name\":\"Muzeul Pele\u0219\",\"alternateName\":\"MP\",\"url\":\"https:\/\/thewebdevpoint.com\/ro\/\",\"logo\":{\"@type\":\"ImageObject\",\"inLanguage\":\"ro-RO\",\"@id\":\"https:\/\/thewebdevpoint.com\/ro\/#\/schema\/logo\/image\/\",\"url\":\"https:\/\/thewebdevpoint.com\/wp-content\/uploads\/2024\/10\/Logo.svg\",\"contentUrl\":\"https:\/\/thewebdevpoint.com\/wp-content\/uploads\/2024\/10\/Logo.svg\",\"width\":251,\"height\":48,\"caption\":\"Muzeul Pele\u0219\"},\"image\":{\"@id\":\"https:\/\/thewebdevpoint.com\/ro\/#\/schema\/logo\/image\/\"}}]}<\/script>\n<!-- \/ Yoast SEO plugin. -->","yoast_head_json":{"title":"conferin\u021ba \u201cContribu\u021bia Casei Regale a Rom\u00e2niei la dezvoltarea cercet\u0103\u0219iei\u201d &#183; Peles Test","robots":{"index":"noindex","follow":"follow","max-snippet":"max-snippet:-1","max-image-preview":"max-image-preview:large","max-video-preview":"max-video-preview:-1"},"schema":{"@context":"https:\/\/schema.org","@graph":[{"@type":"WebPage","@id":"https:\/\/thewebdevpoint.com\/eveniment\/conferinta-contributia-casei-regale-a-romaniei-la-dezvoltarea-cercetasiei\/","url":"https:\/\/thewebdevpoint.com\/eveniment\/conferinta-contributia-casei-regale-a-romaniei-la-dezvoltarea-cercetasiei\/","name":"conferin\u021ba \u201cContribu\u021bia Casei Regale a Rom\u00e2niei la dezvoltarea cercet\u0103\u0219iei\u201d &#183; Peles Test","isPartOf":{"@id":"https:\/\/thewebdevpoint.com\/ro\/#website"},"primaryImageOfPage":{"@id":"https:\/\/thewebdevpoint.com\/eveniment\/conferinta-contributia-casei-regale-a-romaniei-la-dezvoltarea-cercetasiei\/#primaryimage"},"image":{"@id":"https:\/\/thewebdevpoint.com\/eveniment\/conferinta-contributia-casei-regale-a-romaniei-la-dezvoltarea-cercetasiei\/#primaryimage"},"thumbnailUrl":"https:\/\/thewebdevpoint.com\/wp-content\/uploads\/2024\/05\/438164629_835963278563299_5589535318385900790_n.jpg","datePublished":"2024-05-11T08:59:16+00:00","dateModified":"2024-12-19T11:53:43+00:00","breadcrumb":{"@id":"https:\/\/thewebdevpoint.com\/eveniment\/conferinta-contributia-casei-regale-a-romaniei-la-dezvoltarea-cercetasiei\/#breadcrumb"},"inLanguage":"ro-RO","potentialAction":[{"@type":"ReadAction","target":["https:\/\/thewebdevpoint.com\/eveniment\/conferinta-contributia-casei-regale-a-romaniei-la-dezvoltarea-cercetasiei\/"]}]},{"@type":"ImageObject","inLanguage":"ro-RO","@id":"https:\/\/thewebdevpoint.com\/eveniment\/conferinta-contributia-casei-regale-a-romaniei-la-dezvoltarea-cercetasiei\/#primaryimage","url":"https:\/\/thewebdevpoint.com\/wp-content\/uploads\/2024\/05\/438164629_835963278563299_5589535318385900790_n.jpg","contentUrl":"https:\/\/thewebdevpoint.com\/wp-content\/uploads\/2024\/05\/438164629_835963278563299_5589535318385900790_n.jpg","width":504,"height":720},{"@type":"BreadcrumbList","@id":"https:\/\/thewebdevpoint.com\/eveniment\/conferinta-contributia-casei-regale-a-romaniei-la-dezvoltarea-cercetasiei\/#breadcrumb","itemListElement":[{"@type":"ListItem","position":1,"name":"Acas\u0103","item":"https:\/\/thewebdevpoint.com\/"},{"@type":"ListItem","position":2,"name":"Evenimente","item":"https:\/\/thewebdevpoint.com\/ro\/evenimente\/"},{"@type":"ListItem","position":3,"name":"conferin\u021ba \u201cContribu\u021bia Casei Regale a Rom\u00e2niei la dezvoltarea cercet\u0103\u0219iei\u201d"}]},{"@type":"WebSite","@id":"https:\/\/thewebdevpoint.com\/ro\/#website","url":"https:\/\/thewebdevpoint.com\/ro\/","name":"Peles Test","description":"","publisher":{"@id":"https:\/\/thewebdevpoint.com\/ro\/#organization"},"potentialAction":[{"@type":"SearchAction","target":{"@type":"EntryPoint","urlTemplate":"https:\/\/thewebdevpoint.com\/ro\/?s={search_term_string}"},"query-input":{"@type":"PropertyValueSpecification","valueRequired":true,"valueName":"search_term_string"}}],"inLanguage":"ro-RO"},{"@type":"Organization","@id":"https:\/\/thewebdevpoint.com\/ro\/#organization","name":"Muzeul Pele\u0219","alternateName":"MP","url":"https:\/\/thewebdevpoint.com\/ro\/","logo":{"@type":"ImageObject","inLanguage":"ro-RO","@id":"https:\/\/thewebdevpoint.com\/ro\/#\/schema\/logo\/image\/","url":"https:\/\/thewebdevpoint.com\/wp-content\/uploads\/2024\/10\/Logo.svg","contentUrl":"https:\/\/thewebdevpoint.com\/wp-content\/uploads\/2024\/10\/Logo.svg","width":251,"height":48,"caption":"Muzeul Pele\u0219"},"image":{"@id":"https:\/\/thewebdevpoint.com\/ro\/#\/schema\/logo\/image\/"}}]}},"_links":{"self":[{"href":"https:\/\/thewebdevpoint.com\/ro\/wp-json\/wp\/v2\/eveniment\/8987","targetHints":{"allow":["GET"]}}],"collection":[{"href":"https:\/\/thewebdevpoint.com\/ro\/wp-json\/wp\/v2\/eveniment"}],"about":[{"href":"https:\/\/thewebdevpoint.com\/ro\/wp-json\/wp\/v2\/types\/eveniment"}],"version-history":[{"count":2,"href":"https:\/\/thewebdevpoint.com\/ro\/wp-json\/wp\/v2\/eveniment\/8987\/revisions"}],"predecessor-version":[{"id":16924,"href":"https:\/\/thewebdevpoint.com\/ro\/wp-json\/wp\/v2\/eveniment\/8987\/revisions\/16924"}],"wp:featuredmedia":[{"embeddable":true,"href":"https:\/\/thewebdevpoint.com\/ro\/wp-json\/wp\/v2\/media\/13789"}],"wp:attachment":[{"href":"https:\/\/thewebdevpoint.com\/ro\/wp-json\/wp\/v2\/media?parent=8987"}],"wp:term":[{"taxonomy":"categorie-evenimente","embeddable":true,"href":"https:\/\/thewebdevpoint.com\/ro\/wp-json\/wp\/v2\/categorie-evenimente?post=8987"}],"curies":[{"name":"wp","href":"https:\/\/api.w.org\/{rel}","templated":true}]}}