{"id":8992,"date":"2024-06-15T11:59:17","date_gmt":"2024-06-15T08:59:17","guid":{"rendered":"https:\/\/pelestest.thepoint-agency.com\/expozitia-temporara-emotii-estivale\/"},"modified":"2024-12-19T13:52:48","modified_gmt":"2024-12-19T11:52:48","slug":"expozitia-temporara-emotii-estivale","status":"publish","type":"eveniment","link":"https:\/\/thewebdevpoint.com\/ro\/eveniment\/expozitia-temporara-emotii-estivale\/","title":{"rendered":"expozi\u021bia temporar\u0103 \u201eEmo\u021bii estivale\u201d"},"content":{"rendered":"<p style=\"text-align: left;\">Emo\u021bii estivale sub penelul Doinei Maravela &#8211; Moss<\/p>\n<p style=\"text-align: left;\">Muzeul Na\u021bional Pele\u0219 va deschide s\u00e2mb\u0103t\u0103, 15 iunie 2024, la ora 13:00, \u00een Holul de Onoare al Castelului Peli\u0219or, expozi\u021bia personal\u0103 de pictur\u0103 a arhitectei Doina Maravela -Moss. Purt\u00e2nd titlul ,,Emo\u021bii estivale\u201d, expozi\u021bia va fi deschis\u0103 publicului \u00eentre 16 iunie \u2013 15 iulie 2024.<br \/>\nStudent\u0103 a Universit\u0103\u021bii de Arhitectur\u0103 \u0219i Urbanism ,,Ion Mincu\u201d, cu master f\u0103cut \u00een cadrul aceleia\u0219i universita\u021bi, \u0219i numeroase specializ\u0103ri la prestigioase institu\u021bii din Marea Britanie, precum Arhitectural Association, School of Architecture, Westminster University, Sotheby\u2019s Institute of Art, unde a ob\u021binut o diplom\u0103 \u00een Art\u0103 \u0219i Finan\u021be pe o Pia\u021b\u0103 Global\u0103, Hetherly School of Art, membr\u0103 a Royal Institute of British Architects (RIBA) \u0219i Royal Society of Arts (FRSA), Doina Maravela &#8211; Moss este o artist\u0103 a c\u0103rei formare \u00een arhitectur\u0103 influen\u021beaz\u0103 stilul ei vizual distinct \u0219i care a navigat la intersec\u021bia dintre efortul artistic \u0219i spontaneitate \u00eenc\u0103 de la o v\u00e2rst\u0103 fraged\u0103.<br \/>\nLocuind \u00een Anglia, \u00een zona Hampton Court, Doina Maravela &#8211; Moss este permanent inspirat\u0103 de peisajele ale acestui loc, at\u00e2t de impregnate de istorie. Din 2016, \u0219i-a revitalizat explorarea picturii \u00een ulei, condus\u0103 de pasiunea pentru filosofia impresionist\u0103. Aceast\u0103 abordare este evident\u0103 \u00een lucr\u0103rile ei en plein air, \u00een care surprinde frumuse\u021bea eteric\u0103 a Tamisei, a parcurilor Richmond \u0219i Bushy, precum \u0219i a diverselor loca\u021bii pe care le \u00eent\u00e2lne\u0219te \u00een timpul c\u0103l\u0103toriilor sale.<br \/>\nOdat\u0103 cu debutul din 2017, la Salon des Refus\u00e9s, cariera Doinei Maravelei \u2013 Moss a cunoscut o traiectorie ascendent\u0103, cu expozi\u021bii organizate de importante muzee sau de institu\u021bii de renume din Bucure\u0219ti, Gala\u021bi, T\u00e2rgu Mure\u0219, Bra\u0219ov, Cluj, Londra, Paris, New York, Houston \u0219i Zurich. Anul acesta, Doina Maravela &#8211; Moss a devenit membru al Uniunii Arti\u0219tilor Plastici din Rom\u00e2nia, filiala Gala\u021bi, \u00eencunun\u00e2nd astfel celalalte afilieri, la prestigioase institu\u021bii, ale artistei.<br \/>\n\u00cen expozi\u021bia amenajat\u0103 la Castelul Peli\u0219or, ,, cas\u0103 de vis\u201d a celei mai iubite regine a rom\u00e2nilor, Maria, ea \u00eens\u0103\u0219i pictori\u021b\u0103 talentat\u0103 \u0219i patroan\u0103 a societ\u0103\u021bii ,,Tinerimea artistic\u0103\u201d, publicul vizitator va putea admira 31 de lucr\u0103ri \u00een ulei, majoritatea lucrate en plein air, \u0219i structurate \u00een trei serii. Prima serie este inspirat\u0103 de Regina Maria a Rom\u00e2niei \u0219i de castelele \u0219i locurile dragi ei din Rom\u00e2nia \u0219i de la Balcic. A doua serie prezint\u0103 peisaje din \u00eemprejurimile casei Doinei din Richmond, Londra. A treia serie include lucr\u0103ri pictate \u00een timpul c\u0103l\u0103toriilor ei \u0219i av\u00e2nd subiecte diverse.<br \/>\nLa invita\u021bia artistei, renumitul designer Simona \u0218pan va aduce un plus de culoare<br \/>\nacestui vernisaj, prezent\u00e2nd colec\u021bia sa de rochii pictate<\/p>\n<p>Expozi\u021bia se va vizita \u00een regim de gratuitate, dup\u0103 urm\u0103torul program:<br \/>\nMiercuri: 10:00 &#8211; 16:15 (ultima intrare)<br \/>\nJoi &#8211; Duminic\u0103: 9:15 \u2013 16:15 (ultima intrare)<br \/>\nContact: Muzeul National Pele\u0219<br \/>\nStr. Pele\u0219ului, nr.2, Sinaia, 106100<\/p>\n<p>www.peles.ro<\/p>\n<p>https:\/\/www.facebook.com\/muzeulnationalpeles<\/p>\n<p>https:\/\/www.leighpicturegallery.co.uk\/blog\/2024\/5\/31\/doina-moss-solo-exhibition-summer-<br \/>\npassions<\/p>\n<p>https:\/\/doinamoss.exposure.co\/art-gallery<\/p>\n<blockquote class=\"wp-embedded-content\" data-secret=\"hOdhtQeAys\"><p><a href=\"https:\/\/simonaspan.ro\/en\/\">Main Home &#8211; en<\/a><\/p><\/blockquote>\n<p><iframe class=\"wp-embedded-content\" sandbox=\"allow-scripts\" security=\"restricted\" style=\"position: absolute; visibility: hidden;\" title=\"&#8220;Main Home &#8211; en&#8221; &#8212; Simona \u0218pan\" src=\"https:\/\/simonaspan.ro\/en\/embed\/#?secret=24PeebZUia#?secret=hOdhtQeAys\" data-secret=\"hOdhtQeAys\" width=\"600\" height=\"338\" frameborder=\"0\" marginwidth=\"0\" marginheight=\"0\" scrolling=\"no\"><\/iframe><\/p>\n","protected":false},"featured_media":16950,"template":"","meta":{"_acf_changed":false},"categorie-evenimente":[332],"class_list":["post-8992","eveniment","type-eveniment","status-publish","has-post-thumbnail","hentry","categorie-evenimente-expozitii-temporare"],"acf":[],"yoast_head":"<!-- This site is optimized with the Yoast SEO plugin v24.1 - https:\/\/yoast.com\/wordpress\/plugins\/seo\/ -->\n<title>expozi\u021bia temporar\u0103 \u201eEmo\u021bii estivale\u201d &#183; Peles Test<\/title>\n<meta name=\"robots\" content=\"noindex, follow, max-snippet:-1, max-image-preview:large, max-video-preview:-1\" \/>\n<script type=\"application\/ld+json\" class=\"yoast-schema-graph\">{\"@context\":\"https:\/\/schema.org\",\"@graph\":[{\"@type\":\"WebPage\",\"@id\":\"https:\/\/thewebdevpoint.com\/eveniment\/expozitia-temporara-emotii-estivale\/\",\"url\":\"https:\/\/thewebdevpoint.com\/eveniment\/expozitia-temporara-emotii-estivale\/\",\"name\":\"expozi\u021bia temporar\u0103 \u201eEmo\u021bii estivale\u201d &#183; Peles Test\",\"isPartOf\":{\"@id\":\"https:\/\/thewebdevpoint.com\/ro\/#website\"},\"primaryImageOfPage\":{\"@id\":\"https:\/\/thewebdevpoint.com\/eveniment\/expozitia-temporara-emotii-estivale\/#primaryimage\"},\"image\":{\"@id\":\"https:\/\/thewebdevpoint.com\/eveniment\/expozitia-temporara-emotii-estivale\/#primaryimage\"},\"thumbnailUrl\":\"https:\/\/thewebdevpoint.com\/wp-content\/uploads\/2024\/10\/Afis-DMM-2024-FIN-1-1-1448x2048-1.jpg\",\"datePublished\":\"2024-06-15T08:59:17+00:00\",\"dateModified\":\"2024-12-19T11:52:48+00:00\",\"breadcrumb\":{\"@id\":\"https:\/\/thewebdevpoint.com\/eveniment\/expozitia-temporara-emotii-estivale\/#breadcrumb\"},\"inLanguage\":\"ro-RO\",\"potentialAction\":[{\"@type\":\"ReadAction\",\"target\":[\"https:\/\/thewebdevpoint.com\/eveniment\/expozitia-temporara-emotii-estivale\/\"]}]},{\"@type\":\"ImageObject\",\"inLanguage\":\"ro-RO\",\"@id\":\"https:\/\/thewebdevpoint.com\/eveniment\/expozitia-temporara-emotii-estivale\/#primaryimage\",\"url\":\"https:\/\/thewebdevpoint.com\/wp-content\/uploads\/2024\/10\/Afis-DMM-2024-FIN-1-1-1448x2048-1.jpg\",\"contentUrl\":\"https:\/\/thewebdevpoint.com\/wp-content\/uploads\/2024\/10\/Afis-DMM-2024-FIN-1-1-1448x2048-1.jpg\",\"width\":1448,\"height\":2048},{\"@type\":\"BreadcrumbList\",\"@id\":\"https:\/\/thewebdevpoint.com\/eveniment\/expozitia-temporara-emotii-estivale\/#breadcrumb\",\"itemListElement\":[{\"@type\":\"ListItem\",\"position\":1,\"name\":\"Acas\u0103\",\"item\":\"https:\/\/thewebdevpoint.com\/\"},{\"@type\":\"ListItem\",\"position\":2,\"name\":\"Evenimente\",\"item\":\"https:\/\/thewebdevpoint.com\/ro\/evenimente\/\"},{\"@type\":\"ListItem\",\"position\":3,\"name\":\"expozi\u021bia temporar\u0103 \u201eEmo\u021bii estivale\u201d\"}]},{\"@type\":\"WebSite\",\"@id\":\"https:\/\/thewebdevpoint.com\/ro\/#website\",\"url\":\"https:\/\/thewebdevpoint.com\/ro\/\",\"name\":\"Peles Test\",\"description\":\"\",\"publisher\":{\"@id\":\"https:\/\/thewebdevpoint.com\/ro\/#organization\"},\"potentialAction\":[{\"@type\":\"SearchAction\",\"target\":{\"@type\":\"EntryPoint\",\"urlTemplate\":\"https:\/\/thewebdevpoint.com\/ro\/?s={search_term_string}\"},\"query-input\":{\"@type\":\"PropertyValueSpecification\",\"valueRequired\":true,\"valueName\":\"search_term_string\"}}],\"inLanguage\":\"ro-RO\"},{\"@type\":\"Organization\",\"@id\":\"https:\/\/thewebdevpoint.com\/ro\/#organization\",\"name\":\"Muzeul Pele\u0219\",\"alternateName\":\"MP\",\"url\":\"https:\/\/thewebdevpoint.com\/ro\/\",\"logo\":{\"@type\":\"ImageObject\",\"inLanguage\":\"ro-RO\",\"@id\":\"https:\/\/thewebdevpoint.com\/ro\/#\/schema\/logo\/image\/\",\"url\":\"https:\/\/thewebdevpoint.com\/wp-content\/uploads\/2024\/10\/Logo.svg\",\"contentUrl\":\"https:\/\/thewebdevpoint.com\/wp-content\/uploads\/2024\/10\/Logo.svg\",\"width\":251,\"height\":48,\"caption\":\"Muzeul Pele\u0219\"},\"image\":{\"@id\":\"https:\/\/thewebdevpoint.com\/ro\/#\/schema\/logo\/image\/\"}}]}<\/script>\n<!-- \/ Yoast SEO plugin. -->","yoast_head_json":{"title":"expozi\u021bia temporar\u0103 \u201eEmo\u021bii estivale\u201d &#183; Peles Test","robots":{"index":"noindex","follow":"follow","max-snippet":"max-snippet:-1","max-image-preview":"max-image-preview:large","max-video-preview":"max-video-preview:-1"},"schema":{"@context":"https:\/\/schema.org","@graph":[{"@type":"WebPage","@id":"https:\/\/thewebdevpoint.com\/eveniment\/expozitia-temporara-emotii-estivale\/","url":"https:\/\/thewebdevpoint.com\/eveniment\/expozitia-temporara-emotii-estivale\/","name":"expozi\u021bia temporar\u0103 \u201eEmo\u021bii estivale\u201d &#183; Peles Test","isPartOf":{"@id":"https:\/\/thewebdevpoint.com\/ro\/#website"},"primaryImageOfPage":{"@id":"https:\/\/thewebdevpoint.com\/eveniment\/expozitia-temporara-emotii-estivale\/#primaryimage"},"image":{"@id":"https:\/\/thewebdevpoint.com\/eveniment\/expozitia-temporara-emotii-estivale\/#primaryimage"},"thumbnailUrl":"https:\/\/thewebdevpoint.com\/wp-content\/uploads\/2024\/10\/Afis-DMM-2024-FIN-1-1-1448x2048-1.jpg","datePublished":"2024-06-15T08:59:17+00:00","dateModified":"2024-12-19T11:52:48+00:00","breadcrumb":{"@id":"https:\/\/thewebdevpoint.com\/eveniment\/expozitia-temporara-emotii-estivale\/#breadcrumb"},"inLanguage":"ro-RO","potentialAction":[{"@type":"ReadAction","target":["https:\/\/thewebdevpoint.com\/eveniment\/expozitia-temporara-emotii-estivale\/"]}]},{"@type":"ImageObject","inLanguage":"ro-RO","@id":"https:\/\/thewebdevpoint.com\/eveniment\/expozitia-temporara-emotii-estivale\/#primaryimage","url":"https:\/\/thewebdevpoint.com\/wp-content\/uploads\/2024\/10\/Afis-DMM-2024-FIN-1-1-1448x2048-1.jpg","contentUrl":"https:\/\/thewebdevpoint.com\/wp-content\/uploads\/2024\/10\/Afis-DMM-2024-FIN-1-1-1448x2048-1.jpg","width":1448,"height":2048},{"@type":"BreadcrumbList","@id":"https:\/\/thewebdevpoint.com\/eveniment\/expozitia-temporara-emotii-estivale\/#breadcrumb","itemListElement":[{"@type":"ListItem","position":1,"name":"Acas\u0103","item":"https:\/\/thewebdevpoint.com\/"},{"@type":"ListItem","position":2,"name":"Evenimente","item":"https:\/\/thewebdevpoint.com\/ro\/evenimente\/"},{"@type":"ListItem","position":3,"name":"expozi\u021bia temporar\u0103 \u201eEmo\u021bii estivale\u201d"}]},{"@type":"WebSite","@id":"https:\/\/thewebdevpoint.com\/ro\/#website","url":"https:\/\/thewebdevpoint.com\/ro\/","name":"Peles Test","description":"","publisher":{"@id":"https:\/\/thewebdevpoint.com\/ro\/#organization"},"potentialAction":[{"@type":"SearchAction","target":{"@type":"EntryPoint","urlTemplate":"https:\/\/thewebdevpoint.com\/ro\/?s={search_term_string}"},"query-input":{"@type":"PropertyValueSpecification","valueRequired":true,"valueName":"search_term_string"}}],"inLanguage":"ro-RO"},{"@type":"Organization","@id":"https:\/\/thewebdevpoint.com\/ro\/#organization","name":"Muzeul Pele\u0219","alternateName":"MP","url":"https:\/\/thewebdevpoint.com\/ro\/","logo":{"@type":"ImageObject","inLanguage":"ro-RO","@id":"https:\/\/thewebdevpoint.com\/ro\/#\/schema\/logo\/image\/","url":"https:\/\/thewebdevpoint.com\/wp-content\/uploads\/2024\/10\/Logo.svg","contentUrl":"https:\/\/thewebdevpoint.com\/wp-content\/uploads\/2024\/10\/Logo.svg","width":251,"height":48,"caption":"Muzeul Pele\u0219"},"image":{"@id":"https:\/\/thewebdevpoint.com\/ro\/#\/schema\/logo\/image\/"}}]}},"_links":{"self":[{"href":"https:\/\/thewebdevpoint.com\/ro\/wp-json\/wp\/v2\/eveniment\/8992","targetHints":{"allow":["GET"]}}],"collection":[{"href":"https:\/\/thewebdevpoint.com\/ro\/wp-json\/wp\/v2\/eveniment"}],"about":[{"href":"https:\/\/thewebdevpoint.com\/ro\/wp-json\/wp\/v2\/types\/eveniment"}],"version-history":[{"count":2,"href":"https:\/\/thewebdevpoint.com\/ro\/wp-json\/wp\/v2\/eveniment\/8992\/revisions"}],"predecessor-version":[{"id":16951,"href":"https:\/\/thewebdevpoint.com\/ro\/wp-json\/wp\/v2\/eveniment\/8992\/revisions\/16951"}],"wp:featuredmedia":[{"embeddable":true,"href":"https:\/\/thewebdevpoint.com\/ro\/wp-json\/wp\/v2\/media\/16950"}],"wp:attachment":[{"href":"https:\/\/thewebdevpoint.com\/ro\/wp-json\/wp\/v2\/media?parent=8992"}],"wp:term":[{"taxonomy":"categorie-evenimente","embeddable":true,"href":"https:\/\/thewebdevpoint.com\/ro\/wp-json\/wp\/v2\/categorie-evenimente?post=8992"}],"curies":[{"name":"wp","href":"https:\/\/api.w.org\/{rel}","templated":true}]}}