{"id":8993,"date":"2024-07-21T11:59:17","date_gmt":"2024-07-21T08:59:17","guid":{"rendered":"https:\/\/pelestest.thepoint-agency.com\/recital-de-pian-theodora-maria-elian-caloianu-si-prof-geanina-adina-salagean\/"},"modified":"2024-12-19T13:52:38","modified_gmt":"2024-12-19T11:52:38","slug":"recital-de-pian-theodora-maria-elian-caloianu-si-prof-geanina-adina-salagean","status":"publish","type":"eveniment","link":"https:\/\/thewebdevpoint.com\/ro\/eveniment\/recital-de-pian-theodora-maria-elian-caloianu-si-prof-geanina-adina-salagean\/","title":{"rendered":"Recital de pian &#8211; Theodora Maria Elian Caloianu \u0219i prof. Geanina Adina S\u0103l\u0103gean"},"content":{"rendered":"<div class=\"html-div xe8uvvx xdj266r x11i5rnm xat24cr x1mh8g0r xexx8yu x4uap5 x18d9i69 xkhd6sd\">\n<div id=\":r2c:\" class=\"x1iorvi4 x1pi30zi x1l90r2v x1swvt13\" data-ad-comet-preview=\"message\" data-ad-preview=\"message\">\n<div class=\"x78zum5 xdt5ytf xz62fqu x16ldp7u\">\n<div class=\"xu06os2 x1ok221b\"><\/div>\n<\/div>\n<\/div>\n<div class=\"x1l90r2v x1pi30zi x1swvt13 x1iorvi4\">\n<div class=\"x78zum5 xdt5ytf xz62fqu x16ldp7u\">\n<div class=\"xu06os2 x1ok221b\">\n<div class=\"x1i10hfl xjbqb8w x1ejq31n xd10rxx x1sy0etr x17r0tee x972fbf xcfux6l x1qhh985 xm0m39n x9f619 x1ypdohk xt0psk2 xe8uvvx xdj266r x11i5rnm xat24cr x1mh8g0r xexx8yu x4uap5 x18d9i69 xkhd6sd x16tdsg8 x1hl2dhg xggy1nq x1o1ewxj x3x9cwd x1e5q0jg x13rtm0m x1n2onr6 x87ps6o x1a2a7pz xt0b8zv\" tabindex=\"0\" role=\"button\">\n<div class=\"html-div xe8uvvx xdj266r x11i5rnm xat24cr x1mh8g0r xexx8yu x4uap5 x18d9i69 xkhd6sd\">\n<div id=\":r2c:\" class=\"x1iorvi4 x1pi30zi x1l90r2v x1swvt13\" data-ad-comet-preview=\"message\" data-ad-preview=\"message\">\n<div class=\"x78zum5 xdt5ytf xz62fqu x16ldp7u\">\n<div class=\"xu06os2 x1ok221b\">\n<div class=\"x11i5rnm xat24cr x1mh8g0r x1vvkbs xtlvy1s x126k92a\"><\/div>\n<\/div>\n<\/div>\n<\/div>\n<\/div>\n<\/div>\n<\/div>\n<\/div>\n<\/div>\n<\/div>\n<div>\n<div class=\"x168nmei x13lgxp2 x30kzoy x9jhf4c x6ikm8r x10wlt62\" data-visualcompletion=\"ignore-dynamic\">\n<div class=\"x1n2onr6\">\n<div class=\"x6s0dn4 xi81zsa x78zum5 x6prxxf x13a6bvl xvq8zen xdj266r xat24cr x1d52u69 xktsk01 x889kno x1a8lsjc xkhd6sd x4uap5 x80vd3b x1q0q8m5 xso031l\">\n<div class=\"x9f619 x1n2onr6 x1ja2u2z x78zum5 x2lah0s x1qughib x1qjc9v5 xozqiw3 x1q0g3np xykv574 xbmpl8g x4cne27 xifccgj\">\n<p>&nbsp;<\/p>\n<h3 style=\"text-align: center;\"><b><i>\u00a0 \u00a0 \u00a0 \u00a0 \u00a0 \u00a0 \u00a0 \u00a0 \u00a0 \u00a0 \u00a0 \u00a0 \u00a0 \u00a0 \u00a0 \u00a0 \u00a0 \u00a0 \u00a0 \u00a0 \u00a0 \u00a0Recital de pian<\/i><\/b><\/h3>\n<h3 style=\"text-align: left;\"><b><i><a href=\"https:\/\/pelestest.thepoint-agency.com\/\/wp-content\/uploads\/2024\/07\/Screenshot-2024-07-21-102816.jpg\"><img decoding=\"async\" class=\"size-full wp-image-5394 alignleft\" src=\"https:\/\/pelestest.thepoint-agency.com\/\/wp-content\/uploads\/2024\/07\/Screenshot-2024-07-21-102816.jpg\" alt=\"\" width=\"147\" height=\"185\" \/><\/a>Theodora Maria Elian Caloianu<\/i><\/b><\/h3>\n<h3 style=\"text-align: center;\"><b><i>Prof. Geanina\u00a0 Adina\u00a0 S\u0103l\u0103gean<\/i><\/b><\/h3>\n<\/div>\n<\/div>\n<\/div>\n<p><strong>Caloianu Elina Theodora-Maria<\/strong> s-a n\u0103scut la data de 16 octombrie 2010 \u0219i a \u00eenceput studiul pianului \u00een anul 2018 la Colegiul Na\u021bional de Arte Dinu Lipatti \u2013 Bucure\u0219ti sub \u00eendrumarea doamnei profesor Geanina Adina S\u0103l\u0103gean.<\/p>\n<p>P\u00e2n\u0103 acum se poate spune c\u0103 s-a bucurat de o dezvoltare frumoas\u0103 din punct de vedere instrumental \u0219i a reu\u0219it s\u0103 abordeze diverse stiluri muzicale. \u00cen perioada anilor de studii a participat la multe evenimente muzicale (recitaluri, gale, festivaluri).<\/p>\n<p>Dintre acestea amintim: Festivalul Interna\u021bional \u201eGeorge Enescu\u201d pentru copii \u2013 Pia\u021ba festivalului (2019)<\/p>\n<p>Recital de pian \u201eArmonii de Prim\u0103var\u0103\u201d &#8211; Centrul Medical Hospice (2019)<\/p>\n<p>Recital Omagial dedicat Zilei Na\u021bionale a Rom\u00e2niei (2022,2023) &#8211; Muzeul Na\u021bional George Enescu, Casa Memorial\u0103 \u201eGeorge Enescu\u201d Sinaia<\/p>\n<p>Recital de pian Expozi\u021bia Peaceful sky Ucraina (2023) &#8211; Biblioteca Metropolitana Bucure\u0219ti \u0219i altele.<\/p>\n<p>De asemenea a participat la numeroase concursuri unde a ob\u021binut rezultate frumoase:<\/p>\n<p>Premiul I (100 puncte) &#8211; Concursul Na\u021bional de Interpretare \u201eAda Ulubeanu\u201d Bucure\u0219ti,<\/p>\n<p>Premiul I &#8211; VIII Interna\u021bional Music Competition Rome<\/p>\n<p>Premiul I Concursul Interna\u021bional de Interpretare Muzical\u0103 \u201eGeorge Georgescu\u201d Tulcea<\/p>\n<p>Premiul I \u0219i Premiu Special pentru interpretare \u2013 Festivalul Interna\u021bional \u201eRezonan\u021be sonore Online\u201dBucure\u0219ti<\/p>\n<p>Premiul III &#8211; Concursul Na\u021bional \u201eDrumul spre celebritate\u201d Bucure\u0219ti 2019<\/p>\n<p>MARELE PREMIU \u201ePAUL POLIDOR\u201d IN MEMORIAM DINU LIPATTI \u2013<\/p>\n<p>Festivalul Concurs Interna\u021bional \u201ePaul Polidor\u201d Bucure\u0219ti 2020<\/p>\n<p>Premiul I \u0219i Premiul Special pentru Muzicalitate &#8211; Concursul Na\u021bional de Muzic\u0103 Rom\u00e2neasc\u0103 PRO PIANO ROMANIA, 2020, Premiul III &#8211; Concursul Na\u021bional de Interpretare \u201eLira de aur\u201d \u2013 Suceava.<\/p>\n<p>Premiul I &#8211; International Music Competition Vienna 2023. Premiul III \u2013 Festival \u2013 Concurs de Interpretare Pianistic\u0103 \u0219i Compozi\u021bie \u201eCarl Filsch\u201d &#8211; Sibiu, \u00a0Premiul I la Concursul Interna\u021bional PRO PIANO Rom\u00e2nia din Bucure\u0219ti \u0219i alte concursuri.<\/p>\n<\/div>\n<p><a href=\"https:\/\/pelestest.thepoint-agency.com\/\/wp-content\/uploads\/2024\/07\/Screenshot-2024-07-21-102724.jpg\"><img decoding=\"async\" class=\"alignnone size-full wp-image-5393\" src=\"https:\/\/pelestest.thepoint-agency.com\/\/wp-content\/uploads\/2024\/07\/Screenshot-2024-07-21-102724.jpg\" alt=\"\" width=\"162\" height=\"171\" \/><\/a><b>Geanina Adina S\u0103l\u0103gean<\/b><span style=\"font-weight: 400;\"> a \u00eenceput studiul muzicii la v\u00e2rsta de 7 ani la Colegiului Na\u021bional de Arte Regina Maria\u201d din Constan\u021ba. \u00centre anii 2015-2019 a studiat la Universitatea Na\u021bional\u0103 de Muzic\u0103 din Bucure\u0219ti, Facultatea de Interpretare Muzical\u0103 iar \u00een anul 2021 \u0219i-a sus\u021binut teza de doctorat sub \u00eendrumarea Prof. univ. dr. \u0218erban Dimitrie Soreanu. Tot \u00een anul 2021 a absolvit programul de Master Stil \u0219i Performan\u021b\u0103 \u00een Interpretare Vocal\u0103 \u0219i Instrumental\u0103 la Universitatea Transilvania din Bra\u0219ov sub \u00eendrumarea profesorului Dr. Steffen Markus Schlandt.\u00a0<\/span><\/p>\n<p><span style=\"font-weight: 400;\">A sus\u021binut numeroase recitaluri \u00een cadrul unor Festivaluri \u0219i stagiuni na\u021bionale. A ob\u021binut premiul I la International Moscow Music Competition, premiul I la VIII Roma International Music Competition \u0219i premiul II la Brussels International Music Competition. \u00cen ultimii ani a sus\u021binut mai multe concerte \u00een \u021bar\u0103 (Bucure\u0219ti, Alba-Iulia, Blaj, Bra\u0219ov, Turda, Deva, Sf\u00e2ntu Gheorghe Timi\u0219oara, \u0219i F\u0103g\u0103ra\u0219) sau \u00een str\u0103in\u0103tate &#8211; Germania (M\u00fcnchen, Ulm \u0219i Bad Aibling), Spania (Madrid) sau SUA (Washington DC &#8211; The Catholic University of America \u0219i Andrews University) \u0219i a participat la cursuri de m\u0103iestrie cu Prof. univ. dr. Ursula Philippi, Dr. M\u00e1ria F\u00fcl\u00f6p, Olivier Penin \u0219i Lars Ulrik Mortensen. De asemenea, este absolvent\u0103 a programelor de licen\u021b\u0103 \u0219i master din cadrul Universit\u0103\u021bii de Arte \u201eGeorge Enescu\u201d din Ia\u0219i.<\/span><\/p>\n<p><span style=\"font-weight: 400;\">\u00a0\u00cen prezent lucreaz\u0103 ca profesor de pian la Colegiul Na\u021bional de Arte \u201eDinu Lipatti\u201d din Bucure\u0219ti iar elevii ei au ob\u021binut numeroase premii la concursuri na\u021bionale \u0219i interna\u021bionale.<\/span><\/p>\n<\/div>\n","protected":false},"featured_media":13799,"template":"","meta":{"_acf_changed":false},"categorie-evenimente":[333],"class_list":["post-8993","eveniment","type-eveniment","status-publish","has-post-thumbnail","hentry","categorie-evenimente-concerte"],"acf":[],"yoast_head":"<!-- This site is optimized with the Yoast SEO plugin v24.1 - https:\/\/yoast.com\/wordpress\/plugins\/seo\/ -->\n<title>Recital de pian - Theodora Maria Elian Caloianu \u0219i prof. Geanina Adina S\u0103l\u0103gean &#183; Peles Test<\/title>\n<meta name=\"robots\" content=\"noindex, follow, max-snippet:-1, max-image-preview:large, max-video-preview:-1\" \/>\n<script type=\"application\/ld+json\" class=\"yoast-schema-graph\">{\"@context\":\"https:\/\/schema.org\",\"@graph\":[{\"@type\":\"WebPage\",\"@id\":\"https:\/\/thewebdevpoint.com\/eveniment\/recital-de-pian-theodora-maria-elian-caloianu-si-prof-geanina-adina-salagean\/\",\"url\":\"https:\/\/thewebdevpoint.com\/eveniment\/recital-de-pian-theodora-maria-elian-caloianu-si-prof-geanina-adina-salagean\/\",\"name\":\"Recital de pian - Theodora Maria Elian Caloianu \u0219i prof. Geanina Adina S\u0103l\u0103gean &#183; Peles Test\",\"isPartOf\":{\"@id\":\"https:\/\/thewebdevpoint.com\/ro\/#website\"},\"primaryImageOfPage\":{\"@id\":\"https:\/\/thewebdevpoint.com\/eveniment\/recital-de-pian-theodora-maria-elian-caloianu-si-prof-geanina-adina-salagean\/#primaryimage\"},\"image\":{\"@id\":\"https:\/\/thewebdevpoint.com\/eveniment\/recital-de-pian-theodora-maria-elian-caloianu-si-prof-geanina-adina-salagean\/#primaryimage\"},\"thumbnailUrl\":\"https:\/\/thewebdevpoint.com\/wp-content\/uploads\/2024\/07\/451478022_881057687387191_5241234871535524187_n.jpg\",\"datePublished\":\"2024-07-21T08:59:17+00:00\",\"dateModified\":\"2024-12-19T11:52:38+00:00\",\"breadcrumb\":{\"@id\":\"https:\/\/thewebdevpoint.com\/eveniment\/recital-de-pian-theodora-maria-elian-caloianu-si-prof-geanina-adina-salagean\/#breadcrumb\"},\"inLanguage\":\"ro-RO\",\"potentialAction\":[{\"@type\":\"ReadAction\",\"target\":[\"https:\/\/thewebdevpoint.com\/eveniment\/recital-de-pian-theodora-maria-elian-caloianu-si-prof-geanina-adina-salagean\/\"]}]},{\"@type\":\"ImageObject\",\"inLanguage\":\"ro-RO\",\"@id\":\"https:\/\/thewebdevpoint.com\/eveniment\/recital-de-pian-theodora-maria-elian-caloianu-si-prof-geanina-adina-salagean\/#primaryimage\",\"url\":\"https:\/\/thewebdevpoint.com\/wp-content\/uploads\/2024\/07\/451478022_881057687387191_5241234871535524187_n.jpg\",\"contentUrl\":\"https:\/\/thewebdevpoint.com\/wp-content\/uploads\/2024\/07\/451478022_881057687387191_5241234871535524187_n.jpg\",\"width\":1448,\"height\":2048},{\"@type\":\"BreadcrumbList\",\"@id\":\"https:\/\/thewebdevpoint.com\/eveniment\/recital-de-pian-theodora-maria-elian-caloianu-si-prof-geanina-adina-salagean\/#breadcrumb\",\"itemListElement\":[{\"@type\":\"ListItem\",\"position\":1,\"name\":\"Acas\u0103\",\"item\":\"https:\/\/thewebdevpoint.com\/\"},{\"@type\":\"ListItem\",\"position\":2,\"name\":\"Evenimente\",\"item\":\"https:\/\/thewebdevpoint.com\/ro\/evenimente\/\"},{\"@type\":\"ListItem\",\"position\":3,\"name\":\"Recital de pian &#8211; Theodora Maria Elian Caloianu \u0219i prof. Geanina Adina S\u0103l\u0103gean\"}]},{\"@type\":\"WebSite\",\"@id\":\"https:\/\/thewebdevpoint.com\/ro\/#website\",\"url\":\"https:\/\/thewebdevpoint.com\/ro\/\",\"name\":\"Peles Test\",\"description\":\"\",\"publisher\":{\"@id\":\"https:\/\/thewebdevpoint.com\/ro\/#organization\"},\"potentialAction\":[{\"@type\":\"SearchAction\",\"target\":{\"@type\":\"EntryPoint\",\"urlTemplate\":\"https:\/\/thewebdevpoint.com\/ro\/?s={search_term_string}\"},\"query-input\":{\"@type\":\"PropertyValueSpecification\",\"valueRequired\":true,\"valueName\":\"search_term_string\"}}],\"inLanguage\":\"ro-RO\"},{\"@type\":\"Organization\",\"@id\":\"https:\/\/thewebdevpoint.com\/ro\/#organization\",\"name\":\"Muzeul Pele\u0219\",\"alternateName\":\"MP\",\"url\":\"https:\/\/thewebdevpoint.com\/ro\/\",\"logo\":{\"@type\":\"ImageObject\",\"inLanguage\":\"ro-RO\",\"@id\":\"https:\/\/thewebdevpoint.com\/ro\/#\/schema\/logo\/image\/\",\"url\":\"https:\/\/thewebdevpoint.com\/wp-content\/uploads\/2024\/10\/Logo.svg\",\"contentUrl\":\"https:\/\/thewebdevpoint.com\/wp-content\/uploads\/2024\/10\/Logo.svg\",\"width\":251,\"height\":48,\"caption\":\"Muzeul Pele\u0219\"},\"image\":{\"@id\":\"https:\/\/thewebdevpoint.com\/ro\/#\/schema\/logo\/image\/\"}}]}<\/script>\n<!-- \/ Yoast SEO plugin. -->","yoast_head_json":{"title":"Recital de pian - Theodora Maria Elian Caloianu \u0219i prof. Geanina Adina S\u0103l\u0103gean &#183; Peles Test","robots":{"index":"noindex","follow":"follow","max-snippet":"max-snippet:-1","max-image-preview":"max-image-preview:large","max-video-preview":"max-video-preview:-1"},"schema":{"@context":"https:\/\/schema.org","@graph":[{"@type":"WebPage","@id":"https:\/\/thewebdevpoint.com\/eveniment\/recital-de-pian-theodora-maria-elian-caloianu-si-prof-geanina-adina-salagean\/","url":"https:\/\/thewebdevpoint.com\/eveniment\/recital-de-pian-theodora-maria-elian-caloianu-si-prof-geanina-adina-salagean\/","name":"Recital de pian - Theodora Maria Elian Caloianu \u0219i prof. Geanina Adina S\u0103l\u0103gean &#183; Peles Test","isPartOf":{"@id":"https:\/\/thewebdevpoint.com\/ro\/#website"},"primaryImageOfPage":{"@id":"https:\/\/thewebdevpoint.com\/eveniment\/recital-de-pian-theodora-maria-elian-caloianu-si-prof-geanina-adina-salagean\/#primaryimage"},"image":{"@id":"https:\/\/thewebdevpoint.com\/eveniment\/recital-de-pian-theodora-maria-elian-caloianu-si-prof-geanina-adina-salagean\/#primaryimage"},"thumbnailUrl":"https:\/\/thewebdevpoint.com\/wp-content\/uploads\/2024\/07\/451478022_881057687387191_5241234871535524187_n.jpg","datePublished":"2024-07-21T08:59:17+00:00","dateModified":"2024-12-19T11:52:38+00:00","breadcrumb":{"@id":"https:\/\/thewebdevpoint.com\/eveniment\/recital-de-pian-theodora-maria-elian-caloianu-si-prof-geanina-adina-salagean\/#breadcrumb"},"inLanguage":"ro-RO","potentialAction":[{"@type":"ReadAction","target":["https:\/\/thewebdevpoint.com\/eveniment\/recital-de-pian-theodora-maria-elian-caloianu-si-prof-geanina-adina-salagean\/"]}]},{"@type":"ImageObject","inLanguage":"ro-RO","@id":"https:\/\/thewebdevpoint.com\/eveniment\/recital-de-pian-theodora-maria-elian-caloianu-si-prof-geanina-adina-salagean\/#primaryimage","url":"https:\/\/thewebdevpoint.com\/wp-content\/uploads\/2024\/07\/451478022_881057687387191_5241234871535524187_n.jpg","contentUrl":"https:\/\/thewebdevpoint.com\/wp-content\/uploads\/2024\/07\/451478022_881057687387191_5241234871535524187_n.jpg","width":1448,"height":2048},{"@type":"BreadcrumbList","@id":"https:\/\/thewebdevpoint.com\/eveniment\/recital-de-pian-theodora-maria-elian-caloianu-si-prof-geanina-adina-salagean\/#breadcrumb","itemListElement":[{"@type":"ListItem","position":1,"name":"Acas\u0103","item":"https:\/\/thewebdevpoint.com\/"},{"@type":"ListItem","position":2,"name":"Evenimente","item":"https:\/\/thewebdevpoint.com\/ro\/evenimente\/"},{"@type":"ListItem","position":3,"name":"Recital de pian &#8211; Theodora Maria Elian Caloianu \u0219i prof. Geanina Adina S\u0103l\u0103gean"}]},{"@type":"WebSite","@id":"https:\/\/thewebdevpoint.com\/ro\/#website","url":"https:\/\/thewebdevpoint.com\/ro\/","name":"Peles Test","description":"","publisher":{"@id":"https:\/\/thewebdevpoint.com\/ro\/#organization"},"potentialAction":[{"@type":"SearchAction","target":{"@type":"EntryPoint","urlTemplate":"https:\/\/thewebdevpoint.com\/ro\/?s={search_term_string}"},"query-input":{"@type":"PropertyValueSpecification","valueRequired":true,"valueName":"search_term_string"}}],"inLanguage":"ro-RO"},{"@type":"Organization","@id":"https:\/\/thewebdevpoint.com\/ro\/#organization","name":"Muzeul Pele\u0219","alternateName":"MP","url":"https:\/\/thewebdevpoint.com\/ro\/","logo":{"@type":"ImageObject","inLanguage":"ro-RO","@id":"https:\/\/thewebdevpoint.com\/ro\/#\/schema\/logo\/image\/","url":"https:\/\/thewebdevpoint.com\/wp-content\/uploads\/2024\/10\/Logo.svg","contentUrl":"https:\/\/thewebdevpoint.com\/wp-content\/uploads\/2024\/10\/Logo.svg","width":251,"height":48,"caption":"Muzeul Pele\u0219"},"image":{"@id":"https:\/\/thewebdevpoint.com\/ro\/#\/schema\/logo\/image\/"}}]}},"_links":{"self":[{"href":"https:\/\/thewebdevpoint.com\/ro\/wp-json\/wp\/v2\/eveniment\/8993","targetHints":{"allow":["GET"]}}],"collection":[{"href":"https:\/\/thewebdevpoint.com\/ro\/wp-json\/wp\/v2\/eveniment"}],"about":[{"href":"https:\/\/thewebdevpoint.com\/ro\/wp-json\/wp\/v2\/types\/eveniment"}],"version-history":[{"count":4,"href":"https:\/\/thewebdevpoint.com\/ro\/wp-json\/wp\/v2\/eveniment\/8993\/revisions"}],"predecessor-version":[{"id":16928,"href":"https:\/\/thewebdevpoint.com\/ro\/wp-json\/wp\/v2\/eveniment\/8993\/revisions\/16928"}],"wp:featuredmedia":[{"embeddable":true,"href":"https:\/\/thewebdevpoint.com\/ro\/wp-json\/wp\/v2\/media\/13799"}],"wp:attachment":[{"href":"https:\/\/thewebdevpoint.com\/ro\/wp-json\/wp\/v2\/media?parent=8993"}],"wp:term":[{"taxonomy":"categorie-evenimente","embeddable":true,"href":"https:\/\/thewebdevpoint.com\/ro\/wp-json\/wp\/v2\/categorie-evenimente?post=8993"}],"curies":[{"name":"wp","href":"https:\/\/api.w.org\/{rel}","templated":true}]}}