{"id":8996,"date":"2024-07-18T11:59:17","date_gmt":"2024-07-18T08:59:17","guid":{"rendered":"https:\/\/pelestest.thepoint-agency.com\/visul-reginei-expozitie-de-pictura\/"},"modified":"2024-12-19T13:52:44","modified_gmt":"2024-12-19T11:52:44","slug":"visul-reginei-expozitie-de-pictura","status":"publish","type":"eveniment","link":"https:\/\/thewebdevpoint.com\/ro\/eveniment\/visul-reginei-expozitie-de-pictura\/","title":{"rendered":"Visul Reginei. Expozi\u021bie de pictur\u0103"},"content":{"rendered":"<p>Visul reginei \u2013 Paula Craioveanu<br \/>\n19 iulie- 4 august 2024<\/p>\n<p>Castelul Peli\u0219or g\u0103zduie\u0219te o expozi\u021bie de autor intitulat\u0103 \u201cVisul reginei\u201d \u2013 24 de tablouri semnate Paula Craioveanu. Vernisajul va avea loc vineri 19 iulie 2024, ora 13.<br \/>\nPrezint\u0103 istoric de art\u0103 \u0219i jurnalist Liliana Popa.<\/p>\n<p>Paula Craioveanu este artist vizual \u0219i arhitect, membr\u0103 a Uniunii Arti\u0219tilor Plastici, absolvent\u0103 a Universit\u0103\u021bii de Arhitectur\u0103 Ion Mincu, Doctor \u00een Arte Vizuale a Universit\u0103tii de Arte Bucure\u0219ti. Paula Craioveanu este reprezentat\u0103 de galerii de art\u0103 din New York \u0219i Los Angeles, iar lucr\u0103rile sale se afl\u0103 \u00een colec\u021bii din \u021bar\u0103 \u0219i str\u0103in\u0103tate.<br \/>\nPaula Craioveanu<br \/>\nwww.cpaula.com<\/p>\n<p>\u201cAm pictat primul portret al reginei Maria in 2006. Este un portret mai sobru inspirat de portretele oficiale ale Reginei. Anul acesta in 2024, am pictat special pentru aceast\u0103 expozi\u021bie un nou portret al reginei, de data aceasta dorind s\u0103 scot \u00een eviden\u021b\u0103 latura artistic\u0103 a reginei Maria, pasiunea pentru art\u0103. Regina picta, scria memorii, basme, iubea crinii, arta simbolista, arta 1900. \u00cen portretul de anul acesta, figura este \u00eenconjurat\u0103 de liane, simbol al stilului Art Nouveau \u0219i de crini, pe un fundal mov &#8211; culoarea preferat\u0103 a acesteia. Unul din romanele scrise de Regina Maria se nume\u0219te chiar \u201cCrinul vietii\u201d \u2013 un basm, o poveste de dragoste.<br \/>\nExpozi\u021bia cuprinde \u00een total de 24 de lucr\u0103ri, realizate \u00een diverse etape, lucr\u0103ri reprezentative pentru c\u0103utarile \u0219i preocuparile mele din ultimii 20 de ani din domeniul picturii \u2013 interioare pictate, ferestre, peisaje de la Balcic \u0219i lucr\u0103ri din seria neomitologie \u0219i nu \u00een ultimul r\u00e2nd portretele reginei.<br \/>\nInterioarele, sunt influen\u021bate de studiile mele de arhitectur\u0103, cel mai vechi interior este din 2004, \u0219i cel mai recent de anul acesta. Picturiile mele sunt scenografii inspirate de interioare istorice, care au evoluat \u00een diverse direc\u021bii, unele din ele constituind fundal pentru personaje, interioare clasice v\u0103zute prin filtre de lumini \u0219i culori tari, sau ferestre \u00een stiluri diferite la care am ad\u0103ugat juxtapuneri vegetale sau suprapuneri \u00een perspectiv\u0103. Un obiect cum este este fotoliul stil, prinde via\u021b\u0103 prin culoare. Referin\u021bele istorice sunt aduse \u00een spa\u021biul contemporan, folosind culori proaspete \u0219i umbre luminoase, vii, care au puterea s\u0103 ating\u0103 c\u00e2te o coard\u0103 sensibil\u0103. Atmosfera creat\u0103 de interioarele cu accente \u0219i citate clasice, \u00eembie la visare, medita\u021bie.<br \/>\nLucr\u0103rile sunt o suit\u0103 de st\u0103ri, c\u0103utari, medita\u021bii. Expozi\u021bia este un omagiu adus reginei Maria, o mare promotoare a artelor, dar \u0219i un adev\u0103rat diplomat, o femeie sensibil\u0103 \u0219i puternic\u0219, c\u0103reia \u00eei dator\u0103m at\u00e2t de multe. V\u0103 invit s\u0103 vede\u021bi expozi\u021bia \u0219i s\u0103 vizita\u021bi muzeul cu minunatele incaperi si obiecte de arta.\u201d<\/p>\n<p>\u2018Un creator de frumos, atras de evolu\u021bia ca spectacol a formelor, luminilor prin capacitatea de a se implica diafan \u00een natur\u0103, un realismul aparent, c\u00eend ludic, c\u00eend meditativ \u0219i funambulesc, pictori\u021ba Paula Craioveanu.<\/p>\n<p>Pictura, grafica inspirate, tu\u0219ele puternice dar \u0219i fine\u021bea lor, jocul \u00eentre decorativ, figurativ \u0219i pictural te fac s\u0103 te opre\u0219ti \u00een fa\u021ba fiec\u0103rei lucr\u0103ri \u0219i s\u0103 te \u00eentrebi unde, \u00een ce anotimp a creat&#8230;.<\/p>\n<p>Paula Craioveanu face parte dintre arti\u0219tii vizuali care picteaz\u0103 \u00een fiecare zi&#8230;Dialogul s\u0103u plastic este clar, un spectacol al frumosului, idiferent dac\u0103 e pesagistic\u0103, portretistic\u0103 sau natur\u0103 static\u0103. Unele lucr\u0103ri par reveniri repetitative, dar s\u00eent propriile-i reevalu\u0103ri de-a lungul timpului. Alternan\u021ba de tonuri, de planuri, practici coloristice, cu note de mare luminozitate, aduce note de echilibru, gra\u021bie interven\u021biilor coloristice temporizate.<\/p>\n<p>Prin concrete\u021bea \u0219i pregnan\u021ba plastic\u0103 dar \u0219i prin darul coloristic al artistei, compozi\u021biile sale au verbialitate.<\/p>\n<p>Numitorul comun este DESENUL. Precum \u00een Rena\u0219tere, un artist care st\u0103p\u00eene\u0219te desenul poate fi un bun pictor, sculptor. Paula Craioveanu trece, cu mare fine\u021be de la clasicism la modernism \u0219i o face ne\u00eendoios de frumos .<br \/>\nArtista \u00ee\u0219i permite s\u0103 treac\u0103 de la figurativ la nonfigurativ, abordarea prin care artista realizeaz\u0103 tema propus\u0103 &#8211; mediul arhitectural \u0219i eternul feminin &#8211; denot\u0103 inteligen\u021b\u0103 artistic\u0103 \u0219i o m\u00een\u0103 \u0219i o minte care st\u0103p\u00eenesc desenul.<br \/>\nGeometrizarea potretului nu deranjeaz\u0103, autoarea are o real\u0103 autoritate artistic\u0103.<br \/>\nStarea de personalitate a artistei este deja clar\u0103, \u00eenclina\u021bia spre realism portretistic sau peisagistic travers\u00eend variate registre de culoare \u0219i luminozitate cu mare rafinament.<br \/>\nLa Paula Craioveanu exist\u0103 un sincretism al artelor, pictura \u0219i arhitectura au multe puncte de \u00eentilnire, deci domeniile s\u00eent congenere, \u00eenrudite. IN MEDIAS REX cum spunea Hora\u021biu, \u00een esen\u021b\u0103, s\u00eent alterit\u0103\u021bi rare, antonimii. S\u0103 ne amintim c\u0103 Michelangelo \u0219i Rafael Sanzio au fost arhitec\u021bi \u0219efi ai Romei.<\/p>\n<p>Pictura ei aparent spontan\u0103 se structureaz\u0103 pe o compozi\u021bie plastic\u0103 riguroas\u0103, chiar dac\u0103 privirea \u00ee\u021bi e atras\u0103 mai \u00eent\u00eei de jocul \u0219i linia spontan\u0103, fluid\u0103.<br \/>\nPaula Craioveanu este arhitect\u0103, absolvent\u0103 a Universit\u0103\u021bii de Arhitectur\u0103 din Bucure\u0219ti (2000) \u0219i Doctor \u00een arte vizuale, a Universit\u0103\u021bii de Arte Bucure\u0219ti (2013). Membr\u0103 a Ordinului Arhitec\u021bilor din Rom\u00e2nia, fililala Bucure\u0219ti \u0219i a Uniunii Arti\u0219tilor Plastici din Rom\u00e2nia.<\/p>\n<p>Liliana Popa<br \/>\nistoric de art\u0103<\/p>\n","protected":false},"featured_media":13813,"template":"","meta":{"_acf_changed":false},"categorie-evenimente":[332],"class_list":["post-8996","eveniment","type-eveniment","status-publish","has-post-thumbnail","hentry","categorie-evenimente-expozitii-temporare"],"acf":[],"yoast_head":"<!-- This site is optimized with the Yoast SEO plugin v24.1 - https:\/\/yoast.com\/wordpress\/plugins\/seo\/ -->\n<title>Visul Reginei. Expozi\u021bie de pictur\u0103 &#183; Peles Test<\/title>\n<meta name=\"robots\" content=\"noindex, follow, max-snippet:-1, max-image-preview:large, max-video-preview:-1\" \/>\n<script type=\"application\/ld+json\" class=\"yoast-schema-graph\">{\"@context\":\"https:\/\/schema.org\",\"@graph\":[{\"@type\":\"WebPage\",\"@id\":\"https:\/\/thewebdevpoint.com\/eveniment\/visul-reginei-expozitie-de-pictura\/\",\"url\":\"https:\/\/thewebdevpoint.com\/eveniment\/visul-reginei-expozitie-de-pictura\/\",\"name\":\"Visul Reginei. Expozi\u021bie de pictur\u0103 &#183; Peles Test\",\"isPartOf\":{\"@id\":\"https:\/\/thewebdevpoint.com\/ro\/#website\"},\"primaryImageOfPage\":{\"@id\":\"https:\/\/thewebdevpoint.com\/eveniment\/visul-reginei-expozitie-de-pictura\/#primaryimage\"},\"image\":{\"@id\":\"https:\/\/thewebdevpoint.com\/eveniment\/visul-reginei-expozitie-de-pictura\/#primaryimage\"},\"thumbnailUrl\":\"https:\/\/thewebdevpoint.com\/wp-content\/uploads\/2024\/08\/AFIS-PAULA-CRAIOVEANU-web-scaled.jpg\",\"datePublished\":\"2024-07-18T08:59:17+00:00\",\"dateModified\":\"2024-12-19T11:52:44+00:00\",\"breadcrumb\":{\"@id\":\"https:\/\/thewebdevpoint.com\/eveniment\/visul-reginei-expozitie-de-pictura\/#breadcrumb\"},\"inLanguage\":\"ro-RO\",\"potentialAction\":[{\"@type\":\"ReadAction\",\"target\":[\"https:\/\/thewebdevpoint.com\/eveniment\/visul-reginei-expozitie-de-pictura\/\"]}]},{\"@type\":\"ImageObject\",\"inLanguage\":\"ro-RO\",\"@id\":\"https:\/\/thewebdevpoint.com\/eveniment\/visul-reginei-expozitie-de-pictura\/#primaryimage\",\"url\":\"https:\/\/thewebdevpoint.com\/wp-content\/uploads\/2024\/08\/AFIS-PAULA-CRAIOVEANU-web-scaled.jpg\",\"contentUrl\":\"https:\/\/thewebdevpoint.com\/wp-content\/uploads\/2024\/08\/AFIS-PAULA-CRAIOVEANU-web-scaled.jpg\",\"width\":1811,\"height\":2560},{\"@type\":\"BreadcrumbList\",\"@id\":\"https:\/\/thewebdevpoint.com\/eveniment\/visul-reginei-expozitie-de-pictura\/#breadcrumb\",\"itemListElement\":[{\"@type\":\"ListItem\",\"position\":1,\"name\":\"Acas\u0103\",\"item\":\"https:\/\/thewebdevpoint.com\/\"},{\"@type\":\"ListItem\",\"position\":2,\"name\":\"Evenimente\",\"item\":\"https:\/\/thewebdevpoint.com\/ro\/evenimente\/\"},{\"@type\":\"ListItem\",\"position\":3,\"name\":\"Visul Reginei. Expozi\u021bie de pictur\u0103\"}]},{\"@type\":\"WebSite\",\"@id\":\"https:\/\/thewebdevpoint.com\/ro\/#website\",\"url\":\"https:\/\/thewebdevpoint.com\/ro\/\",\"name\":\"Peles Test\",\"description\":\"\",\"publisher\":{\"@id\":\"https:\/\/thewebdevpoint.com\/ro\/#organization\"},\"potentialAction\":[{\"@type\":\"SearchAction\",\"target\":{\"@type\":\"EntryPoint\",\"urlTemplate\":\"https:\/\/thewebdevpoint.com\/ro\/?s={search_term_string}\"},\"query-input\":{\"@type\":\"PropertyValueSpecification\",\"valueRequired\":true,\"valueName\":\"search_term_string\"}}],\"inLanguage\":\"ro-RO\"},{\"@type\":\"Organization\",\"@id\":\"https:\/\/thewebdevpoint.com\/ro\/#organization\",\"name\":\"Muzeul Pele\u0219\",\"alternateName\":\"MP\",\"url\":\"https:\/\/thewebdevpoint.com\/ro\/\",\"logo\":{\"@type\":\"ImageObject\",\"inLanguage\":\"ro-RO\",\"@id\":\"https:\/\/thewebdevpoint.com\/ro\/#\/schema\/logo\/image\/\",\"url\":\"https:\/\/thewebdevpoint.com\/wp-content\/uploads\/2024\/10\/Logo.svg\",\"contentUrl\":\"https:\/\/thewebdevpoint.com\/wp-content\/uploads\/2024\/10\/Logo.svg\",\"width\":251,\"height\":48,\"caption\":\"Muzeul Pele\u0219\"},\"image\":{\"@id\":\"https:\/\/thewebdevpoint.com\/ro\/#\/schema\/logo\/image\/\"}}]}<\/script>\n<!-- \/ Yoast SEO plugin. -->","yoast_head_json":{"title":"Visul Reginei. Expozi\u021bie de pictur\u0103 &#183; Peles Test","robots":{"index":"noindex","follow":"follow","max-snippet":"max-snippet:-1","max-image-preview":"max-image-preview:large","max-video-preview":"max-video-preview:-1"},"schema":{"@context":"https:\/\/schema.org","@graph":[{"@type":"WebPage","@id":"https:\/\/thewebdevpoint.com\/eveniment\/visul-reginei-expozitie-de-pictura\/","url":"https:\/\/thewebdevpoint.com\/eveniment\/visul-reginei-expozitie-de-pictura\/","name":"Visul Reginei. Expozi\u021bie de pictur\u0103 &#183; Peles Test","isPartOf":{"@id":"https:\/\/thewebdevpoint.com\/ro\/#website"},"primaryImageOfPage":{"@id":"https:\/\/thewebdevpoint.com\/eveniment\/visul-reginei-expozitie-de-pictura\/#primaryimage"},"image":{"@id":"https:\/\/thewebdevpoint.com\/eveniment\/visul-reginei-expozitie-de-pictura\/#primaryimage"},"thumbnailUrl":"https:\/\/thewebdevpoint.com\/wp-content\/uploads\/2024\/08\/AFIS-PAULA-CRAIOVEANU-web-scaled.jpg","datePublished":"2024-07-18T08:59:17+00:00","dateModified":"2024-12-19T11:52:44+00:00","breadcrumb":{"@id":"https:\/\/thewebdevpoint.com\/eveniment\/visul-reginei-expozitie-de-pictura\/#breadcrumb"},"inLanguage":"ro-RO","potentialAction":[{"@type":"ReadAction","target":["https:\/\/thewebdevpoint.com\/eveniment\/visul-reginei-expozitie-de-pictura\/"]}]},{"@type":"ImageObject","inLanguage":"ro-RO","@id":"https:\/\/thewebdevpoint.com\/eveniment\/visul-reginei-expozitie-de-pictura\/#primaryimage","url":"https:\/\/thewebdevpoint.com\/wp-content\/uploads\/2024\/08\/AFIS-PAULA-CRAIOVEANU-web-scaled.jpg","contentUrl":"https:\/\/thewebdevpoint.com\/wp-content\/uploads\/2024\/08\/AFIS-PAULA-CRAIOVEANU-web-scaled.jpg","width":1811,"height":2560},{"@type":"BreadcrumbList","@id":"https:\/\/thewebdevpoint.com\/eveniment\/visul-reginei-expozitie-de-pictura\/#breadcrumb","itemListElement":[{"@type":"ListItem","position":1,"name":"Acas\u0103","item":"https:\/\/thewebdevpoint.com\/"},{"@type":"ListItem","position":2,"name":"Evenimente","item":"https:\/\/thewebdevpoint.com\/ro\/evenimente\/"},{"@type":"ListItem","position":3,"name":"Visul Reginei. Expozi\u021bie de pictur\u0103"}]},{"@type":"WebSite","@id":"https:\/\/thewebdevpoint.com\/ro\/#website","url":"https:\/\/thewebdevpoint.com\/ro\/","name":"Peles Test","description":"","publisher":{"@id":"https:\/\/thewebdevpoint.com\/ro\/#organization"},"potentialAction":[{"@type":"SearchAction","target":{"@type":"EntryPoint","urlTemplate":"https:\/\/thewebdevpoint.com\/ro\/?s={search_term_string}"},"query-input":{"@type":"PropertyValueSpecification","valueRequired":true,"valueName":"search_term_string"}}],"inLanguage":"ro-RO"},{"@type":"Organization","@id":"https:\/\/thewebdevpoint.com\/ro\/#organization","name":"Muzeul Pele\u0219","alternateName":"MP","url":"https:\/\/thewebdevpoint.com\/ro\/","logo":{"@type":"ImageObject","inLanguage":"ro-RO","@id":"https:\/\/thewebdevpoint.com\/ro\/#\/schema\/logo\/image\/","url":"https:\/\/thewebdevpoint.com\/wp-content\/uploads\/2024\/10\/Logo.svg","contentUrl":"https:\/\/thewebdevpoint.com\/wp-content\/uploads\/2024\/10\/Logo.svg","width":251,"height":48,"caption":"Muzeul Pele\u0219"},"image":{"@id":"https:\/\/thewebdevpoint.com\/ro\/#\/schema\/logo\/image\/"}}]}},"_links":{"self":[{"href":"https:\/\/thewebdevpoint.com\/ro\/wp-json\/wp\/v2\/eveniment\/8996","targetHints":{"allow":["GET"]}}],"collection":[{"href":"https:\/\/thewebdevpoint.com\/ro\/wp-json\/wp\/v2\/eveniment"}],"about":[{"href":"https:\/\/thewebdevpoint.com\/ro\/wp-json\/wp\/v2\/types\/eveniment"}],"version-history":[{"count":3,"href":"https:\/\/thewebdevpoint.com\/ro\/wp-json\/wp\/v2\/eveniment\/8996\/revisions"}],"predecessor-version":[{"id":17226,"href":"https:\/\/thewebdevpoint.com\/ro\/wp-json\/wp\/v2\/eveniment\/8996\/revisions\/17226"}],"wp:featuredmedia":[{"embeddable":true,"href":"https:\/\/thewebdevpoint.com\/ro\/wp-json\/wp\/v2\/media\/13813"}],"wp:attachment":[{"href":"https:\/\/thewebdevpoint.com\/ro\/wp-json\/wp\/v2\/media?parent=8996"}],"wp:term":[{"taxonomy":"categorie-evenimente","embeddable":true,"href":"https:\/\/thewebdevpoint.com\/ro\/wp-json\/wp\/v2\/categorie-evenimente?post=8996"}],"curies":[{"name":"wp","href":"https:\/\/api.w.org\/{rel}","templated":true}]}}