{"id":8997,"date":"2024-08-09T12:30:17","date_gmt":"2024-08-09T09:30:17","guid":{"rendered":"https:\/\/pelestest.thepoint-agency.com\/expozitia-frumusetile-epocii-meiji-in-arta-ukiyo-e\/"},"modified":"2024-12-19T13:52:26","modified_gmt":"2024-12-19T11:52:26","slug":"expozitia-frumusetile-epocii-meiji-in-arta-ukiyo-e","status":"publish","type":"eveniment","link":"https:\/\/thewebdevpoint.com\/ro\/eveniment\/expozitia-frumusetile-epocii-meiji-in-arta-ukiyo-e\/","title":{"rendered":"Expozi\u021bia ,,Frumuse\u021bile Epocii Meiji \u00een arta Ukiyo-E\u201d"},"content":{"rendered":"<p class=\"s4\"><span class=\"s2\"><span class=\"bumpedFont15\">Expozi\u021bia <\/span><\/span><span class=\"s2\"><span class=\"bumpedFont15\">,,<\/span><\/span><span class=\"s2\"><span class=\"bumpedFont15\">Frumuse\u021bile Epocii Meiji \u00een arta Ukiyo-E<\/span><\/span><span class=\"s3\"><span class=\"bumpedFont15\">\u201d<br \/>\n<\/span><\/span>Colec\u021bia George \u0218erban<\/p>\n<p class=\"s4\"><span class=\"s2\"><span class=\"bumpedFont15\">Muzeul Na\u021bional Pele\u0219, Castelul Peli\u0219or<\/span><\/span><span class=\"s2\"><span class=\"bumpedFont15\">, <\/span><\/span><span class=\"s2\"><span class=\"bumpedFont15\">Sinaia<br \/>\n<\/span><\/span>Vernisaj: 9 august 2024, ora 12:30<\/p>\n<p class=\"s4\"><span class=\"s2\"><span class=\"bumpedFont15\">Curator: dr. Alexandru Constantin Chitu\u021b\u0103<br \/>\n<\/span><\/span>Invitat: Laura Caraman<\/p>\n<p class=\"s4\"><span class=\"s2\"><span class=\"bumpedFont15\">Expozi\u021bie realizat\u0103 de Muzeul Na\u021bional Pele\u0219, Muzeul Na\u021bional B<\/span><\/span><span class=\"s2\"><span class=\"bumpedFont15\">r<\/span><\/span><span class=\"s2\"><span class=\"bumpedFont15\">ukenthal cu sprijinul \u0218erban \u0219i Asocia\u021bii, Societate civil\u0103 de avoca\u021bi \u00een parteneriat cu Ambasada Japoniei \u00een Rom\u00e2nia.<\/span><\/span><\/p>\n<p class=\"s4\"><span class=\"s2\"><span class=\"bumpedFont15\">Cuv\u00e2ntul ukiyo exprima ini\u021bial ideea budist\u0103 a naturii trec\u0103toare a vie\u021bii. Aceast\u0103 no\u021biune destul de pesimist\u0103 a fost r\u0103sturnat\u0103 \u00een timpul perioadei<\/span><\/span><span class=\"s2\"><span class=\"bumpedFont15\"> Edo. Caracterul care \u00eenseamn\u0103 <\/span><\/span><span class=\"s3\"><span class=\"bumpedFont15\">a pluti<\/span><\/span><span class=\"s2\"><span class=\"bumpedFont15\"> a fost \u00eenlocuit cu omonimul care \u00eenseamn<\/span><\/span><span class=\"s2\"><span class=\"bumpedFont15\">\u0103 <\/span><\/span><span class=\"s3\"><span class=\"bumpedFont15\">trec\u0103tor<\/span><\/span><span class=\"s2\"><span class=\"bumpedFont15\"> pentru a exprima o atitudine de <\/span><\/span><span class=\"s3\"><span class=\"bumpedFont15\">joie de vivre<\/span><\/span><span class=\"s2\"><span class=\"bumpedFont15\">. Aceast\u0103 cultur\u0103 hed<\/span><\/span><span class=\"s2\"><span class=\"bumpedFont15\">onist\u0103 care glorifica via\u021ba \u00een <\/span><\/span><span class=\"s3\"><span class=\"bumpedFont15\">lumea plutitoare<\/span><\/span><span class=\"s2\"><span class=\"bumpedFont15\"> a fost deosebit de bine exprimat\u0103 \u00een produc\u021bia de gravuri pe lemn, care au pus la dispozi\u021bia oricui avea ceva bani \u00een plus imagini captivante cu curtezane seduc\u0103toare, actori kabuki incitan\u021bi \u0219i peisaje romantice celebre. Pentru prima dat\u0103, arti\u0219tii au fost inspira\u021bi \u0219i au r\u0103spuns intereselor \u0219i preferin\u021belor publicului larg. Ukiyo-e reprezint\u0103 faza final\u0103 \u00een lunga evolu\u021bie a picturii japoneze de gen. Pornind de la evolu\u021biile anterioare care se axaser\u0103 pe figuri umane, pictorii ukiyo-e s-au concentrat asupra activit\u0103\u021bilor pl\u0103cute din peisaje, prezentate de aproape, acord\u00e2nd o aten\u021bie deosebit\u0103 afacerilor \u0219i modei contemporane. Pe m\u0103sur\u0103 ce arti\u0219tii au ales subiec\u021bi din ce \u00een ce mai implica\u021bi \u00een pl\u0103cerile vie\u021bii urbane, interesul lor s-a \u00eendreptat c\u0103tre activit\u0103\u021bile de interior. Cele mai preferate subiecte de pictur\u0103 la \u00eenceputul secolului al XVII-lea erau scenele de veselie din casele de pl\u0103ceri, \u00een special \u00een celebrul cartier Yoshiwara din Edo. <\/span><\/span><\/p>\n<p class=\"s4\"><span class=\"s2\"><span class=\"bumpedFont15\">Perioada Edo (1603- 1868) se \u00eencheie cu demisia ultimului shogun, Yoshinobu Tokugawa, \u00een 1868, iar \u00eemp\u0103ratul Mutsuhito, \u00een v\u00e2rst\u0103 de 16 ani, cunoscut mai t\u00e2rziu sub numele de Meiji, revine acum la conducerea politic\u0103 a Japoniei, dup\u0103 o lung\u0103 perioad\u0103 \u00een care a jucat un rol secundar, mai mult onorific \u0219i religios. \u00cemp\u0103ratul Meiji \u0219i-a mutat re\u0219edin\u021ba permanent\u0103 de la Kyoto la Edo, <\/span><\/span><span class=\"s2\"><span class=\"bumpedFont15\">care a fost redenumit\u0103 \u00een Toyko. <\/span><\/span><span class=\"s2\"><span class=\"bumpedFont15\">Reformele politice \u0219i sociale din epoca Meiji au <\/span><\/span><span class=\"s2\"><span class=\"bumpedFont15\">fost radicale \u0219i au <\/span><\/span><span class=\"s2\"><span class=\"bumpedFont15\">de<\/span><\/span><span class=\"s2\"><span class=\"bumpedFont15\">venit rapid o <\/span><\/span><span class=\"s2\"><span class=\"bumpedFont15\">adev\u0103rat\u0103<\/span><\/span><span class=\"s2\"><span class=\"bumpedFont15\"> revolu\u021bie, a fo<\/span><\/span><span class=\"s2\"><span class=\"bumpedFont15\">st introdus\u0103 Constitu\u021bia Meiji. <\/span><\/span><span class=\"s2\"><span class=\"bumpedFont15\">\u00cemp\u0103<\/span><\/span><span class=\"s2\"><span class=\"bumpedFont15\">ratul a fost declarat ca fiind sacru \u0219i inviolabil<\/span><\/span><span class=\"s2\"><span class=\"bumpedFont15\">. La <\/span><\/span><span class=\"s2\"><span class=\"bumpedFont15\">sf\u00e2r\u0219itul<\/span><\/span><span class=\"s2\"><span class=\"bumpedFont15\">secolului XIX, semnele <\/span><\/span><span class=\"s2\"><span class=\"bumpedFont15\">moderniz\u0103rii<\/span><\/span><span class=\"s2\"><span class=\"bumpedFont15\"> Japoniei, <\/span><\/span><span class=\"s2\"><span class=\"bumpedFont15\">dup\u0103<\/span><\/span><span class=\"s2\"><span class=\"bumpedFont15\"> model occidental se vedeau pretutindeni, cum ar fi: formarea unei armate na\u021bionale, industrializarea, transport \u0219i comunica\u021bii (apar <\/span><\/span><span class=\"s2\"><span class=\"bumpedFont15\">c\u0103ile<\/span><\/span><span class=\"s2\"><span class=\"bumpedFont15\"> ferate, tramvaiele), linii telegrafice, iluminatul stradal al fabricilor si al <\/span><\/span><span class=\"s2\"><span class=\"bumpedFont15\">cl\u0103dirilor<\/span><\/span><span class=\"s2\"><span class=\"bumpedFont15\"> publice, iar majoritatea japonezilor \u0219i-au <\/span><\/span><a name=\"_GoBack\"><\/a><span class=\"s2\"><span class=\"bumpedFont15\">schimbat \u021binuta, trec\u00e2nd de la tradi\u021bionalul kimono la haine occidentale. Pentru arti\u0219tii \u0219i editorii de ukiyo-e din acea perioad<\/span><\/span><span class=\"s2\"><span class=\"bumpedFont15\">\u0103<\/span><\/span><span class=\"s2\"><span class=\"bumpedFont15\">, tranzi\u021bia \u021b\u0103rii le-a permis s<\/span><\/span><span class=\"s2\"><span class=\"bumpedFont15\">\u0103<\/span><\/span><span class=\"s2\"><span class=\"bumpedFont15\"> utilizeze noile culori realizate din <\/span><\/span><span class=\"s2\"><span class=\"bumpedFont15\">coloran\u021bi<\/span><\/span><span class=\"s2\"><span class=\"bumpedFont15\"> de anilin<\/span><\/span><span class=\"s2\"><span class=\"bumpedFont15\">\u0103<\/span><\/span> <span class=\"s2\"><span class=\"bumpedFont15\">\u0219<\/span><\/span><span class=\"s2\"><span class=\"bumpedFont15\">i <\/span><\/span><span class=\"s2\"><span class=\"bumpedFont15\">pigmen\u021bi<\/span><\/span><span class=\"s2\"><span class=\"bumpedFont15\"> care erau <\/span><\/span><span class=\"s2\"><span class=\"bumpedFont15\">importa\u021bi<\/span><\/span><span class=\"s2\"><span class=\"bumpedFont15\">din Germania <\/span><\/span><span class=\"s2\"><span class=\"bumpedFont15\">\u0219<\/span><\/span><span class=\"s2\"><span class=\"bumpedFont15\">i alte <\/span><\/span><span class=\"s2\"><span class=\"bumpedFont15\">\u021b\u0103<\/span><\/span><span class=\"s2\"><span class=\"bumpedFont15\">ri <\/span><\/span><span class=\"s2\"><span class=\"bumpedFont15\">\u0219<\/span><\/span><span class=\"s2\"><span class=\"bumpedFont15\">i au realizat noi genuri de xilogravuri. Au devenit populare imaginile cu str\u0103inii ciuda\u021bi \u0219i realiz\u0103rile lor tehnice, <\/span><\/span><span class=\"s2\"><span class=\"bumpedFont15\">\u0219<\/span><\/span><span class=\"s2\"><span class=\"bumpedFont15\">i au fost realizate stampe care ar\u0103tau transform\u0103rile noii ere &#8211; cl\u0103diri noi \u0219i spectaculoase din piatr\u0103, ma\u0219ini cu aburi, locomotive, poduri de o\u021bel \u0219i tramvaie pe str\u0103zile din Tokyo. <\/span><\/span><\/p>\n<p class=\"s5\"><span class=\"s2\"><span class=\"bumpedFont15\">\u00cemp\u0103ratul Meiji \u0219i membrii familiei sale au \u00eenceput s\u0103 fie portretiza\u021bi (inclusiv \u00een scopuri propagandistice) de arti\u0219tii japonezi \u00een diverse ipostaze oficiale \u0219i familiale. Ace\u0219tia erau \u00eembr\u0103ca\u021bi acum \u00een costume occidentale \u0219i erau surprin\u0219i particip\u00e2nd la diverse activit\u0103\u021bi oficiale, expozi\u021bii sau relax\u00e2ndu-se \u00een natur\u0103, \u00eenso\u021bi\u021bi de anturajul lor feminin.<\/span><\/span><\/p>\n<p class=\"s6\"><span class=\"s2\"><span class=\"bumpedFont15\">Expozi\u021bia aduce \u00een fa\u021ba publicului<\/span><\/span><span class=\"s2\"><span class=\"bumpedFont15\"> cei mai importan\u021bi arti\u0219ti japonezi care au tr\u0103it \u00een Era Meiji \u0219i care au realizat xilogravuri japonez<\/span><\/span><span class=\"s2\"><span class=\"bumpedFont15\">e cu femei frumoase, curtezane \u0219i <\/span><\/span><span class=\"s2\"><span class=\"bumpedFont15\">ghei\u0219e<\/span><\/span><span class=\"s2\"><span class=\"bumpedFont15\">: <\/span><\/span><span class=\"s2\"><span class=\"bumpedFont15\">Toyohara KUNICHIKA (1835-1900), Utagawa KUNISADA III (1848-1920), Toyohara CHIKANOBU (1838-1912), Tsukioka YOSHITOSHI (1839-1892), Adachi GINKO (activ 1874-1902), Ogata GEKKO (1859-1920), Mizuno TOSHIKATA (1866-1908), Utagawa TOYONOBU (1859-1886), Utagawa YOSHIIKU (1833-1904), Utagawa YOSHITAKI (1841-1899), Goyo Hashiguchi (1888-1921), Watanabe NOBUKAZU (1872-1944) \u0219i al\u021bii.<\/span><\/span><\/p>\n","protected":false},"featured_media":13812,"template":"","meta":{"_acf_changed":false},"categorie-evenimente":[332],"class_list":["post-8997","eveniment","type-eveniment","status-publish","has-post-thumbnail","hentry","categorie-evenimente-expozitii-temporare"],"acf":[],"yoast_head":"<!-- This site is optimized with the Yoast SEO plugin v24.1 - https:\/\/yoast.com\/wordpress\/plugins\/seo\/ -->\n<title>Expozi\u021bia ,,Frumuse\u021bile Epocii Meiji \u00een arta Ukiyo-E\u201d &#183; Peles Test<\/title>\n<meta name=\"robots\" content=\"noindex, follow, max-snippet:-1, max-image-preview:large, max-video-preview:-1\" \/>\n<script type=\"application\/ld+json\" class=\"yoast-schema-graph\">{\"@context\":\"https:\/\/schema.org\",\"@graph\":[{\"@type\":\"WebPage\",\"@id\":\"https:\/\/thewebdevpoint.com\/eveniment\/expozitia-frumusetile-epocii-meiji-in-arta-ukiyo-e\/\",\"url\":\"https:\/\/thewebdevpoint.com\/eveniment\/expozitia-frumusetile-epocii-meiji-in-arta-ukiyo-e\/\",\"name\":\"Expozi\u021bia ,,Frumuse\u021bile Epocii Meiji \u00een arta Ukiyo-E\u201d &#183; Peles Test\",\"isPartOf\":{\"@id\":\"https:\/\/thewebdevpoint.com\/ro\/#website\"},\"primaryImageOfPage\":{\"@id\":\"https:\/\/thewebdevpoint.com\/eveniment\/expozitia-frumusetile-epocii-meiji-in-arta-ukiyo-e\/#primaryimage\"},\"image\":{\"@id\":\"https:\/\/thewebdevpoint.com\/eveniment\/expozitia-frumusetile-epocii-meiji-in-arta-ukiyo-e\/#primaryimage\"},\"thumbnailUrl\":\"https:\/\/thewebdevpoint.com\/wp-content\/uploads\/2024\/08\/8c6b06e4-49f1-40a5-abd9-78348533c0c1.jpeg\",\"datePublished\":\"2024-08-09T09:30:17+00:00\",\"dateModified\":\"2024-12-19T11:52:26+00:00\",\"breadcrumb\":{\"@id\":\"https:\/\/thewebdevpoint.com\/eveniment\/expozitia-frumusetile-epocii-meiji-in-arta-ukiyo-e\/#breadcrumb\"},\"inLanguage\":\"ro-RO\",\"potentialAction\":[{\"@type\":\"ReadAction\",\"target\":[\"https:\/\/thewebdevpoint.com\/eveniment\/expozitia-frumusetile-epocii-meiji-in-arta-ukiyo-e\/\"]}]},{\"@type\":\"ImageObject\",\"inLanguage\":\"ro-RO\",\"@id\":\"https:\/\/thewebdevpoint.com\/eveniment\/expozitia-frumusetile-epocii-meiji-in-arta-ukiyo-e\/#primaryimage\",\"url\":\"https:\/\/thewebdevpoint.com\/wp-content\/uploads\/2024\/08\/8c6b06e4-49f1-40a5-abd9-78348533c0c1.jpeg\",\"contentUrl\":\"https:\/\/thewebdevpoint.com\/wp-content\/uploads\/2024\/08\/8c6b06e4-49f1-40a5-abd9-78348533c0c1.jpeg\",\"width\":1136,\"height\":1600},{\"@type\":\"BreadcrumbList\",\"@id\":\"https:\/\/thewebdevpoint.com\/eveniment\/expozitia-frumusetile-epocii-meiji-in-arta-ukiyo-e\/#breadcrumb\",\"itemListElement\":[{\"@type\":\"ListItem\",\"position\":1,\"name\":\"Acas\u0103\",\"item\":\"https:\/\/thewebdevpoint.com\/\"},{\"@type\":\"ListItem\",\"position\":2,\"name\":\"Evenimente\",\"item\":\"https:\/\/thewebdevpoint.com\/ro\/evenimente\/\"},{\"@type\":\"ListItem\",\"position\":3,\"name\":\"Expozi\u021bia ,,Frumuse\u021bile Epocii Meiji \u00een arta Ukiyo-E\u201d\"}]},{\"@type\":\"WebSite\",\"@id\":\"https:\/\/thewebdevpoint.com\/ro\/#website\",\"url\":\"https:\/\/thewebdevpoint.com\/ro\/\",\"name\":\"Peles Test\",\"description\":\"\",\"publisher\":{\"@id\":\"https:\/\/thewebdevpoint.com\/ro\/#organization\"},\"potentialAction\":[{\"@type\":\"SearchAction\",\"target\":{\"@type\":\"EntryPoint\",\"urlTemplate\":\"https:\/\/thewebdevpoint.com\/ro\/?s={search_term_string}\"},\"query-input\":{\"@type\":\"PropertyValueSpecification\",\"valueRequired\":true,\"valueName\":\"search_term_string\"}}],\"inLanguage\":\"ro-RO\"},{\"@type\":\"Organization\",\"@id\":\"https:\/\/thewebdevpoint.com\/ro\/#organization\",\"name\":\"Muzeul Pele\u0219\",\"alternateName\":\"MP\",\"url\":\"https:\/\/thewebdevpoint.com\/ro\/\",\"logo\":{\"@type\":\"ImageObject\",\"inLanguage\":\"ro-RO\",\"@id\":\"https:\/\/thewebdevpoint.com\/ro\/#\/schema\/logo\/image\/\",\"url\":\"https:\/\/thewebdevpoint.com\/wp-content\/uploads\/2024\/10\/Logo.svg\",\"contentUrl\":\"https:\/\/thewebdevpoint.com\/wp-content\/uploads\/2024\/10\/Logo.svg\",\"width\":251,\"height\":48,\"caption\":\"Muzeul Pele\u0219\"},\"image\":{\"@id\":\"https:\/\/thewebdevpoint.com\/ro\/#\/schema\/logo\/image\/\"}}]}<\/script>\n<!-- \/ Yoast SEO plugin. -->","yoast_head_json":{"title":"Expozi\u021bia ,,Frumuse\u021bile Epocii Meiji \u00een arta Ukiyo-E\u201d &#183; Peles Test","robots":{"index":"noindex","follow":"follow","max-snippet":"max-snippet:-1","max-image-preview":"max-image-preview:large","max-video-preview":"max-video-preview:-1"},"schema":{"@context":"https:\/\/schema.org","@graph":[{"@type":"WebPage","@id":"https:\/\/thewebdevpoint.com\/eveniment\/expozitia-frumusetile-epocii-meiji-in-arta-ukiyo-e\/","url":"https:\/\/thewebdevpoint.com\/eveniment\/expozitia-frumusetile-epocii-meiji-in-arta-ukiyo-e\/","name":"Expozi\u021bia ,,Frumuse\u021bile Epocii Meiji \u00een arta Ukiyo-E\u201d &#183; Peles Test","isPartOf":{"@id":"https:\/\/thewebdevpoint.com\/ro\/#website"},"primaryImageOfPage":{"@id":"https:\/\/thewebdevpoint.com\/eveniment\/expozitia-frumusetile-epocii-meiji-in-arta-ukiyo-e\/#primaryimage"},"image":{"@id":"https:\/\/thewebdevpoint.com\/eveniment\/expozitia-frumusetile-epocii-meiji-in-arta-ukiyo-e\/#primaryimage"},"thumbnailUrl":"https:\/\/thewebdevpoint.com\/wp-content\/uploads\/2024\/08\/8c6b06e4-49f1-40a5-abd9-78348533c0c1.jpeg","datePublished":"2024-08-09T09:30:17+00:00","dateModified":"2024-12-19T11:52:26+00:00","breadcrumb":{"@id":"https:\/\/thewebdevpoint.com\/eveniment\/expozitia-frumusetile-epocii-meiji-in-arta-ukiyo-e\/#breadcrumb"},"inLanguage":"ro-RO","potentialAction":[{"@type":"ReadAction","target":["https:\/\/thewebdevpoint.com\/eveniment\/expozitia-frumusetile-epocii-meiji-in-arta-ukiyo-e\/"]}]},{"@type":"ImageObject","inLanguage":"ro-RO","@id":"https:\/\/thewebdevpoint.com\/eveniment\/expozitia-frumusetile-epocii-meiji-in-arta-ukiyo-e\/#primaryimage","url":"https:\/\/thewebdevpoint.com\/wp-content\/uploads\/2024\/08\/8c6b06e4-49f1-40a5-abd9-78348533c0c1.jpeg","contentUrl":"https:\/\/thewebdevpoint.com\/wp-content\/uploads\/2024\/08\/8c6b06e4-49f1-40a5-abd9-78348533c0c1.jpeg","width":1136,"height":1600},{"@type":"BreadcrumbList","@id":"https:\/\/thewebdevpoint.com\/eveniment\/expozitia-frumusetile-epocii-meiji-in-arta-ukiyo-e\/#breadcrumb","itemListElement":[{"@type":"ListItem","position":1,"name":"Acas\u0103","item":"https:\/\/thewebdevpoint.com\/"},{"@type":"ListItem","position":2,"name":"Evenimente","item":"https:\/\/thewebdevpoint.com\/ro\/evenimente\/"},{"@type":"ListItem","position":3,"name":"Expozi\u021bia ,,Frumuse\u021bile Epocii Meiji \u00een arta Ukiyo-E\u201d"}]},{"@type":"WebSite","@id":"https:\/\/thewebdevpoint.com\/ro\/#website","url":"https:\/\/thewebdevpoint.com\/ro\/","name":"Peles Test","description":"","publisher":{"@id":"https:\/\/thewebdevpoint.com\/ro\/#organization"},"potentialAction":[{"@type":"SearchAction","target":{"@type":"EntryPoint","urlTemplate":"https:\/\/thewebdevpoint.com\/ro\/?s={search_term_string}"},"query-input":{"@type":"PropertyValueSpecification","valueRequired":true,"valueName":"search_term_string"}}],"inLanguage":"ro-RO"},{"@type":"Organization","@id":"https:\/\/thewebdevpoint.com\/ro\/#organization","name":"Muzeul Pele\u0219","alternateName":"MP","url":"https:\/\/thewebdevpoint.com\/ro\/","logo":{"@type":"ImageObject","inLanguage":"ro-RO","@id":"https:\/\/thewebdevpoint.com\/ro\/#\/schema\/logo\/image\/","url":"https:\/\/thewebdevpoint.com\/wp-content\/uploads\/2024\/10\/Logo.svg","contentUrl":"https:\/\/thewebdevpoint.com\/wp-content\/uploads\/2024\/10\/Logo.svg","width":251,"height":48,"caption":"Muzeul Pele\u0219"},"image":{"@id":"https:\/\/thewebdevpoint.com\/ro\/#\/schema\/logo\/image\/"}}]}},"_links":{"self":[{"href":"https:\/\/thewebdevpoint.com\/ro\/wp-json\/wp\/v2\/eveniment\/8997","targetHints":{"allow":["GET"]}}],"collection":[{"href":"https:\/\/thewebdevpoint.com\/ro\/wp-json\/wp\/v2\/eveniment"}],"about":[{"href":"https:\/\/thewebdevpoint.com\/ro\/wp-json\/wp\/v2\/types\/eveniment"}],"version-history":[{"count":2,"href":"https:\/\/thewebdevpoint.com\/ro\/wp-json\/wp\/v2\/eveniment\/8997\/revisions"}],"predecessor-version":[{"id":16947,"href":"https:\/\/thewebdevpoint.com\/ro\/wp-json\/wp\/v2\/eveniment\/8997\/revisions\/16947"}],"wp:featuredmedia":[{"embeddable":true,"href":"https:\/\/thewebdevpoint.com\/ro\/wp-json\/wp\/v2\/media\/13812"}],"wp:attachment":[{"href":"https:\/\/thewebdevpoint.com\/ro\/wp-json\/wp\/v2\/media?parent=8997"}],"wp:term":[{"taxonomy":"categorie-evenimente","embeddable":true,"href":"https:\/\/thewebdevpoint.com\/ro\/wp-json\/wp\/v2\/categorie-evenimente?post=8997"}],"curies":[{"name":"wp","href":"https:\/\/api.w.org\/{rel}","templated":true}]}}