{"id":8998,"date":"2024-09-03T11:59:17","date_gmt":"2024-09-03T08:59:17","guid":{"rendered":"https:\/\/pelestest.thepoint-agency.com\/expozitia-temporara-cu-titlul-carmen-sylva-dora-hitz-cuvant-si-imagine-carmen-sylva-dora-hitz-word-and-image\/"},"modified":"2024-12-19T13:52:15","modified_gmt":"2024-12-19T11:52:15","slug":"expozitia-temporara-cu-titlul-carmen-sylva-dora-hitz-cuvant-si-imagine-carmen-sylva-dora-hitz-word-and-image","status":"publish","type":"eveniment","link":"https:\/\/thewebdevpoint.com\/ro\/eveniment\/expozitia-temporara-cu-titlul-carmen-sylva-dora-hitz-cuvant-si-imagine-carmen-sylva-dora-hitz-word-and-image\/","title":{"rendered":"expozi\u021bia temporar\u0103 cu titlul ,,Carmen Sylva-Dora Hitz, cuv\u00e2nt \u0219i imagine \/ Carmen Sylva \u2013 Dora Hitz, word and image\u201d"},"content":{"rendered":"<p>Muzeul Na\u021bional Pele\u0219 va deschide mar\u021bi, 3 septembrie 2024, expozi\u021bia temporar\u0103<br \/>\ncu titlul ,,Carmen Sylva-Dora Hitz, cuv\u00e2nt \u0219i imagine \/ Carmen Sylva \u2013 Dora Hitz,<br \/>\nword and image\u201d, care exploreaz\u0103 remarcabila colaborare artistic\u0103 dintre scriitoarea \u0219i<br \/>\nartista Carmen Sylva (1843-1916) \u0219i pictori\u021ba german\u0103 Dora Hitz (1853-1924).<br \/>\nExpozi\u021bia comemoreaz\u0103 100 de ani de la moartea Dorei Hitz al c\u0103rei succes artistic a fost<br \/>\nfacilitat de primii ani petrecu\u021bi ca pictori\u021b\u0103 a Cur\u021bii Regale a Rom\u00e2niei, sub patronajul<br \/>\nReginei Elisabeta, cunoscut\u0103 sub pseudonimul Carmen Sylva.<br \/>\nPictori\u021ba Dora Hitz s-a bucurat de un succes profesional considerabil ca artist\u0103<br \/>\nindependent\u0103. A participat la activitatea unor cercuri de avangard\u0103 din Paris, Dresda \u0219i<br \/>\nBerlin \u0219i a fost apreciat\u0103 \u00een epoc\u0103 pentru explorarea limbajelor vizuale impresioniste,<br \/>\nsimboliste \u0219i expresioniste. Opera ei a fost recenzat\u0103 favorabil \u00een periodice europene<br \/>\ninfluente, v\u00e2ndut\u0103 de dealeri de art\u0103, precum Paul Cassirer \u0219i Fritz Gurlitt, \u0219i prezentat\u0103 \u00een<br \/>\nexpozi\u021bii din Germania, Italia, Fran\u021ba, Marea Britanie, Rom\u00e2nia \u0219i Statele Unite. Dora<br \/>\nHitz a jucat, de asemenea, un rol important \u00een campania pentru dreptul femeilor la<br \/>\neduca\u021bie artistic\u0103: a \u00eenfiin\u021bat propria \u0219coal\u0103 de art\u0103 pentru femei la Berlin \u00een 1893, a fost<br \/>\nprima pre\u0219edint\u0103 a Frauenkunstverband \u00een 1913 \u0219i a reu\u0219it s\u0103 conving\u0103 Academia de Arte<br \/>\nFrumoase din Berlin s\u0103 permit\u0103 \u00eenscrierea femeilor \u00eencep\u00e2nd cu anul 1919.<br \/>\nSe pare c\u0103 prima \u00eent\u00e2lnire a Dorei Hitz cu Carmen Sylva a avut loc \u00een 1876, la<br \/>\nexpozi\u021bia Allgemeine Kunst-und Kunstindustrie Ausstellung din M\u00fcnchen, c\u00e2nd regina,<br \/>\ncaptivat\u0103 de una din operele tinerei artiste, a invitat-o la Curtea Regal\u0103 a Rom\u00e2niei.<br \/>\nImpetuozitatea acestei propuneri c\u0103tre o pictori\u021b\u0103 \u00eenc\u0103 necunoscut\u0103 face dovada<br \/>\npersonalit\u0103\u021bii reginei \u0219i demonstreaz\u0103 \u0219i profunda ei \u00eencredere \u00een abilit\u0103\u021bile artistice ale<br \/>\nfemeilor \u00eentr-o epoc\u0103 \u00een care talentul feminin era adesea minimalizat. Dora Hitz pare s\u0103 fi<br \/>\nvenit la Bucure\u0219ti \u00een 1878, dup\u0103 R\u0103zboiul de Independen\u021b\u0103, \u0219i s\u0103 fi r\u0103mas p\u00e2n\u0103 \u00een 1882,<br \/>\nrevenind apoi \u00een perioada 1886\u20131887. A continuat s\u0103 lucreze cu Carmen Sylva cel pu\u021bin<br \/>\np\u00e2n\u0103 \u00een 1890. \u00cen 1913, artista scria: \u201eConsider c\u0103 marea \u0219ans\u0103 a vie\u021bii mele a fost faptul<br \/>\nc\u0103 am putut locui ca t\u00e2n\u0103r\u0103 femeie \u00een \u021bara reginei Carmen Sylva, bucur\u00e2ndu-m\u0103 de<br \/>\nprotec\u021bia ei special\u0103.\u201d,<\/p>\n<p>Picturile ei au dat form\u0103 vizual\u0103 crea\u021biilor literare ale reginei, cea mai impresionant\u0103<br \/>\ncristalizare fiind seria de treisprezece picturi pentru Castelul Pele\u0219, majoritatea parte a<br \/>\ndecora\u021biei interioare a S\u0103lii vechi de muzic\u0103. Alte patru valoroase lucr\u0103ri, aflate ini\u021bial la<br \/>\nSinaia, au fost restaurate \u0219i \u00eemprumutate Muzeului Na\u021bional Pele\u0219 de c\u0103tre Muzeul<br \/>\nNa\u021bional de Art\u0103 al Rom\u00e2niei, din patrimoniul c\u0103ruia fac parte.<br \/>\nEvenimentul, plasat sub auspiciile Familiei regale a Rom\u00e2niei este ini\u021biat de c\u0103tre:<br \/>\nDr, Shona Kallestrup, University of St Andrews, \u0219i de Dr. Natalie Gutgesell, Asocia\u021bia de<br \/>\nart\u0103 Kunstverein Coburg, \u0219i va fi continuat cu un colocviu interna\u021bional cu titlul Carmen<br \/>\nSylva, Dora Hitz \u0219i re\u021belele artistice feminine din Rom\u00e2nia \u0219i Germania.<\/p>\n<p>Partenerii institu\u021bionali ai Muzeul Na\u021bional Pele\u0219 \u00een organizarea<br \/>\nacestui demers sunt: Muzeul Na\u021bional de Art\u0103 al Rom\u00e2niei, Institutul Goethe,<br \/>\nAmbasada Republicii Federale Germania la Bucure\u0219ti, Ambasada Rom\u00e2niei la<br \/>\nBerlin \u0219i Consulatul General al Rom\u00e2niei la M\u00fcnchen.<\/p>\n<h3>[stag_button url=&#8221;https:\/\/hitz.openvirtualworlds.org\/pano_package\/webview.html&#8221; style=&#8221;black&#8221; size=&#8221;small&#8221; type=&#8221;normal&#8221; target=&#8221;_self&#8221; icon=&#8221;&#8221; icon_order=&#8221;before&#8221;]TUR VIRTUAL[\/stag_button]<\/h3>\n","protected":false},"featured_media":13815,"template":"","meta":{"_acf_changed":false},"categorie-evenimente":[332],"class_list":["post-8998","eveniment","type-eveniment","status-publish","has-post-thumbnail","hentry","categorie-evenimente-expozitii-temporare"],"acf":[],"yoast_head":"<!-- This site is optimized with the Yoast SEO plugin v24.1 - https:\/\/yoast.com\/wordpress\/plugins\/seo\/ -->\n<title>expozi\u021bia temporar\u0103 cu titlul ,,Carmen Sylva-Dora Hitz, cuv\u00e2nt \u0219i imagine \/ Carmen Sylva \u2013 Dora Hitz, word and image\u201d &#183; Peles Test<\/title>\n<meta name=\"robots\" content=\"noindex, follow, max-snippet:-1, max-image-preview:large, max-video-preview:-1\" \/>\n<script type=\"application\/ld+json\" class=\"yoast-schema-graph\">{\"@context\":\"https:\/\/schema.org\",\"@graph\":[{\"@type\":\"WebPage\",\"@id\":\"https:\/\/thewebdevpoint.com\/eveniment\/expozitia-temporara-cu-titlul-carmen-sylva-dora-hitz-cuvant-si-imagine-carmen-sylva-dora-hitz-word-and-image\/\",\"url\":\"https:\/\/thewebdevpoint.com\/eveniment\/expozitia-temporara-cu-titlul-carmen-sylva-dora-hitz-cuvant-si-imagine-carmen-sylva-dora-hitz-word-and-image\/\",\"name\":\"expozi\u021bia temporar\u0103 cu titlul ,,Carmen Sylva-Dora Hitz, cuv\u00e2nt \u0219i imagine \/ Carmen Sylva \u2013 Dora Hitz, word and image\u201d &#183; Peles Test\",\"isPartOf\":{\"@id\":\"https:\/\/thewebdevpoint.com\/ro\/#website\"},\"primaryImageOfPage\":{\"@id\":\"https:\/\/thewebdevpoint.com\/eveniment\/expozitia-temporara-cu-titlul-carmen-sylva-dora-hitz-cuvant-si-imagine-carmen-sylva-dora-hitz-word-and-image\/#primaryimage\"},\"image\":{\"@id\":\"https:\/\/thewebdevpoint.com\/eveniment\/expozitia-temporara-cu-titlul-carmen-sylva-dora-hitz-cuvant-si-imagine-carmen-sylva-dora-hitz-word-and-image\/#primaryimage\"},\"thumbnailUrl\":\"https:\/\/thewebdevpoint.com\/wp-content\/uploads\/2024\/08\/CDP-DH-scaled.jpg\",\"datePublished\":\"2024-09-03T08:59:17+00:00\",\"dateModified\":\"2024-12-19T11:52:15+00:00\",\"breadcrumb\":{\"@id\":\"https:\/\/thewebdevpoint.com\/eveniment\/expozitia-temporara-cu-titlul-carmen-sylva-dora-hitz-cuvant-si-imagine-carmen-sylva-dora-hitz-word-and-image\/#breadcrumb\"},\"inLanguage\":\"ro-RO\",\"potentialAction\":[{\"@type\":\"ReadAction\",\"target\":[\"https:\/\/thewebdevpoint.com\/eveniment\/expozitia-temporara-cu-titlul-carmen-sylva-dora-hitz-cuvant-si-imagine-carmen-sylva-dora-hitz-word-and-image\/\"]}]},{\"@type\":\"ImageObject\",\"inLanguage\":\"ro-RO\",\"@id\":\"https:\/\/thewebdevpoint.com\/eveniment\/expozitia-temporara-cu-titlul-carmen-sylva-dora-hitz-cuvant-si-imagine-carmen-sylva-dora-hitz-word-and-image\/#primaryimage\",\"url\":\"https:\/\/thewebdevpoint.com\/wp-content\/uploads\/2024\/08\/CDP-DH-scaled.jpg\",\"contentUrl\":\"https:\/\/thewebdevpoint.com\/wp-content\/uploads\/2024\/08\/CDP-DH-scaled.jpg\",\"width\":1707,\"height\":2560},{\"@type\":\"BreadcrumbList\",\"@id\":\"https:\/\/thewebdevpoint.com\/eveniment\/expozitia-temporara-cu-titlul-carmen-sylva-dora-hitz-cuvant-si-imagine-carmen-sylva-dora-hitz-word-and-image\/#breadcrumb\",\"itemListElement\":[{\"@type\":\"ListItem\",\"position\":1,\"name\":\"Acas\u0103\",\"item\":\"https:\/\/thewebdevpoint.com\/\"},{\"@type\":\"ListItem\",\"position\":2,\"name\":\"Evenimente\",\"item\":\"https:\/\/thewebdevpoint.com\/ro\/evenimente\/\"},{\"@type\":\"ListItem\",\"position\":3,\"name\":\"expozi\u021bia temporar\u0103 cu titlul ,,Carmen Sylva-Dora Hitz, cuv\u00e2nt \u0219i imagine \/ Carmen Sylva \u2013 Dora Hitz, word and image\u201d\"}]},{\"@type\":\"WebSite\",\"@id\":\"https:\/\/thewebdevpoint.com\/ro\/#website\",\"url\":\"https:\/\/thewebdevpoint.com\/ro\/\",\"name\":\"Peles Test\",\"description\":\"\",\"publisher\":{\"@id\":\"https:\/\/thewebdevpoint.com\/ro\/#organization\"},\"potentialAction\":[{\"@type\":\"SearchAction\",\"target\":{\"@type\":\"EntryPoint\",\"urlTemplate\":\"https:\/\/thewebdevpoint.com\/ro\/?s={search_term_string}\"},\"query-input\":{\"@type\":\"PropertyValueSpecification\",\"valueRequired\":true,\"valueName\":\"search_term_string\"}}],\"inLanguage\":\"ro-RO\"},{\"@type\":\"Organization\",\"@id\":\"https:\/\/thewebdevpoint.com\/ro\/#organization\",\"name\":\"Muzeul Pele\u0219\",\"alternateName\":\"MP\",\"url\":\"https:\/\/thewebdevpoint.com\/ro\/\",\"logo\":{\"@type\":\"ImageObject\",\"inLanguage\":\"ro-RO\",\"@id\":\"https:\/\/thewebdevpoint.com\/ro\/#\/schema\/logo\/image\/\",\"url\":\"https:\/\/thewebdevpoint.com\/wp-content\/uploads\/2024\/10\/Logo.svg\",\"contentUrl\":\"https:\/\/thewebdevpoint.com\/wp-content\/uploads\/2024\/10\/Logo.svg\",\"width\":251,\"height\":48,\"caption\":\"Muzeul Pele\u0219\"},\"image\":{\"@id\":\"https:\/\/thewebdevpoint.com\/ro\/#\/schema\/logo\/image\/\"}}]}<\/script>\n<!-- \/ Yoast SEO plugin. -->","yoast_head_json":{"title":"expozi\u021bia temporar\u0103 cu titlul ,,Carmen Sylva-Dora Hitz, cuv\u00e2nt \u0219i imagine \/ Carmen Sylva \u2013 Dora Hitz, word and image\u201d &#183; Peles Test","robots":{"index":"noindex","follow":"follow","max-snippet":"max-snippet:-1","max-image-preview":"max-image-preview:large","max-video-preview":"max-video-preview:-1"},"schema":{"@context":"https:\/\/schema.org","@graph":[{"@type":"WebPage","@id":"https:\/\/thewebdevpoint.com\/eveniment\/expozitia-temporara-cu-titlul-carmen-sylva-dora-hitz-cuvant-si-imagine-carmen-sylva-dora-hitz-word-and-image\/","url":"https:\/\/thewebdevpoint.com\/eveniment\/expozitia-temporara-cu-titlul-carmen-sylva-dora-hitz-cuvant-si-imagine-carmen-sylva-dora-hitz-word-and-image\/","name":"expozi\u021bia temporar\u0103 cu titlul ,,Carmen Sylva-Dora Hitz, cuv\u00e2nt \u0219i imagine \/ Carmen Sylva \u2013 Dora Hitz, word and image\u201d &#183; Peles Test","isPartOf":{"@id":"https:\/\/thewebdevpoint.com\/ro\/#website"},"primaryImageOfPage":{"@id":"https:\/\/thewebdevpoint.com\/eveniment\/expozitia-temporara-cu-titlul-carmen-sylva-dora-hitz-cuvant-si-imagine-carmen-sylva-dora-hitz-word-and-image\/#primaryimage"},"image":{"@id":"https:\/\/thewebdevpoint.com\/eveniment\/expozitia-temporara-cu-titlul-carmen-sylva-dora-hitz-cuvant-si-imagine-carmen-sylva-dora-hitz-word-and-image\/#primaryimage"},"thumbnailUrl":"https:\/\/thewebdevpoint.com\/wp-content\/uploads\/2024\/08\/CDP-DH-scaled.jpg","datePublished":"2024-09-03T08:59:17+00:00","dateModified":"2024-12-19T11:52:15+00:00","breadcrumb":{"@id":"https:\/\/thewebdevpoint.com\/eveniment\/expozitia-temporara-cu-titlul-carmen-sylva-dora-hitz-cuvant-si-imagine-carmen-sylva-dora-hitz-word-and-image\/#breadcrumb"},"inLanguage":"ro-RO","potentialAction":[{"@type":"ReadAction","target":["https:\/\/thewebdevpoint.com\/eveniment\/expozitia-temporara-cu-titlul-carmen-sylva-dora-hitz-cuvant-si-imagine-carmen-sylva-dora-hitz-word-and-image\/"]}]},{"@type":"ImageObject","inLanguage":"ro-RO","@id":"https:\/\/thewebdevpoint.com\/eveniment\/expozitia-temporara-cu-titlul-carmen-sylva-dora-hitz-cuvant-si-imagine-carmen-sylva-dora-hitz-word-and-image\/#primaryimage","url":"https:\/\/thewebdevpoint.com\/wp-content\/uploads\/2024\/08\/CDP-DH-scaled.jpg","contentUrl":"https:\/\/thewebdevpoint.com\/wp-content\/uploads\/2024\/08\/CDP-DH-scaled.jpg","width":1707,"height":2560},{"@type":"BreadcrumbList","@id":"https:\/\/thewebdevpoint.com\/eveniment\/expozitia-temporara-cu-titlul-carmen-sylva-dora-hitz-cuvant-si-imagine-carmen-sylva-dora-hitz-word-and-image\/#breadcrumb","itemListElement":[{"@type":"ListItem","position":1,"name":"Acas\u0103","item":"https:\/\/thewebdevpoint.com\/"},{"@type":"ListItem","position":2,"name":"Evenimente","item":"https:\/\/thewebdevpoint.com\/ro\/evenimente\/"},{"@type":"ListItem","position":3,"name":"expozi\u021bia temporar\u0103 cu titlul ,,Carmen Sylva-Dora Hitz, cuv\u00e2nt \u0219i imagine \/ Carmen Sylva \u2013 Dora Hitz, word and image\u201d"}]},{"@type":"WebSite","@id":"https:\/\/thewebdevpoint.com\/ro\/#website","url":"https:\/\/thewebdevpoint.com\/ro\/","name":"Peles Test","description":"","publisher":{"@id":"https:\/\/thewebdevpoint.com\/ro\/#organization"},"potentialAction":[{"@type":"SearchAction","target":{"@type":"EntryPoint","urlTemplate":"https:\/\/thewebdevpoint.com\/ro\/?s={search_term_string}"},"query-input":{"@type":"PropertyValueSpecification","valueRequired":true,"valueName":"search_term_string"}}],"inLanguage":"ro-RO"},{"@type":"Organization","@id":"https:\/\/thewebdevpoint.com\/ro\/#organization","name":"Muzeul Pele\u0219","alternateName":"MP","url":"https:\/\/thewebdevpoint.com\/ro\/","logo":{"@type":"ImageObject","inLanguage":"ro-RO","@id":"https:\/\/thewebdevpoint.com\/ro\/#\/schema\/logo\/image\/","url":"https:\/\/thewebdevpoint.com\/wp-content\/uploads\/2024\/10\/Logo.svg","contentUrl":"https:\/\/thewebdevpoint.com\/wp-content\/uploads\/2024\/10\/Logo.svg","width":251,"height":48,"caption":"Muzeul Pele\u0219"},"image":{"@id":"https:\/\/thewebdevpoint.com\/ro\/#\/schema\/logo\/image\/"}}]}},"_links":{"self":[{"href":"https:\/\/thewebdevpoint.com\/ro\/wp-json\/wp\/v2\/eveniment\/8998","targetHints":{"allow":["GET"]}}],"collection":[{"href":"https:\/\/thewebdevpoint.com\/ro\/wp-json\/wp\/v2\/eveniment"}],"about":[{"href":"https:\/\/thewebdevpoint.com\/ro\/wp-json\/wp\/v2\/types\/eveniment"}],"version-history":[{"count":2,"href":"https:\/\/thewebdevpoint.com\/ro\/wp-json\/wp\/v2\/eveniment\/8998\/revisions"}],"predecessor-version":[{"id":16946,"href":"https:\/\/thewebdevpoint.com\/ro\/wp-json\/wp\/v2\/eveniment\/8998\/revisions\/16946"}],"wp:featuredmedia":[{"embeddable":true,"href":"https:\/\/thewebdevpoint.com\/ro\/wp-json\/wp\/v2\/media\/13815"}],"wp:attachment":[{"href":"https:\/\/thewebdevpoint.com\/ro\/wp-json\/wp\/v2\/media?parent=8998"}],"wp:term":[{"taxonomy":"categorie-evenimente","embeddable":true,"href":"https:\/\/thewebdevpoint.com\/ro\/wp-json\/wp\/v2\/categorie-evenimente?post=8998"}],"curies":[{"name":"wp","href":"https:\/\/api.w.org\/{rel}","templated":true}]}}