{"id":8999,"date":"2024-08-23T11:59:17","date_gmt":"2024-08-23T08:59:17","guid":{"rendered":"https:\/\/pelestest.thepoint-agency.com\/23-august-1944-marturia-regelui-mihai-i-si-o-dezbatere-despre-decizia-care-a-schimbat-istoria\/"},"modified":"2024-12-19T13:52:19","modified_gmt":"2024-12-19T11:52:19","slug":"23-august-1944-marturia-regelui-mihai-i-si-o-dezbatere-despre-decizia-care-a-schimbat-istoria","status":"publish","type":"eveniment","link":"https:\/\/thewebdevpoint.com\/ro\/eveniment\/23-august-1944-marturia-regelui-mihai-i-si-o-dezbatere-despre-decizia-care-a-schimbat-istoria\/","title":{"rendered":"23 August 1944: M\u0103rturia Regelui Mihai I \u0219i o dezbatere despre decizia care a  schimbat Istoria"},"content":{"rendered":"<p>Sinaia, 20 august 2024 \u2013 Institutul de Investigare a Crimelor Comunismului \u0219i<br \/>\nMemoria Exilului Rom\u00e2nesc (IICCMER), \u00een parteneriat cu Muzeul Na\u021bional Pele\u0219<br \/>\n\u0219i Institutul de Istorie \u201eNicolae Iorga\u201d al Academiei Rom\u00e2ne, organizeaz\u0103 o<br \/>\ndezbatere special\u0103, ce va avea loc la Muzeul Na\u021bional Pele\u0219, pe 23 august 2024,<br \/>\nde la ora 13.00, cu ocazia \u00eemplinirii a 80 de ani de la momentul crucial din<br \/>\nistoria Rom\u00e2niei, c\u00e2nd Majestatea Sa Regele Mihai I a decis demiterea \u0219i<br \/>\narestarea lui Ion Antonescu \u0219i schimbarea direc\u021biei politice \u0219i militare a \u021b\u0103rii.<br \/>\nEvenimentul cu titlul \u201e23 august 1944. 80 de ani \u00een retrospectiv\u0103\u201d se desf\u0103\u0219oar\u0103<br \/>\nsub egida seriei de dezbateri \u201eIdei \u00een Agora\u201d, ini\u021biat\u0103 de cunoscutul istoric Sorin<br \/>\nAntohi, ca o edi\u021bie special\u0103, cu num\u0103rul 101.<br \/>\nDiscu\u021biile se vor concentra asupra complexit\u0103\u021bii \u0219i necesit\u0103\u021bii momentului 23<br \/>\naugust 1944, care a schimbat cursul celui de-al Doilea R\u0103zboi Mondial. Acestea vor<br \/>\nexplora rolul jucat de Regele Mihai, de partidele istorice, de armata rom\u00e2n\u0103,<br \/>\nprecum \u0219i de Partidul Comunist, al\u0103turi de analiza negocierilor diplomatice ce au<br \/>\ndus la \u00eencheierea armisti\u021biului. Personalit\u0103\u021bi de renume din domeniul istoriei,<br \/>\ndreptului \u0219i \u0219tiin\u021belor politice, precum Sorin ANTOHI, reprezentant al Casei Regale<br \/>\na Rom\u00e2niei, Dinu ZAMFIRESCU, Pre\u0219edintele Consiliului \u0218tiin\u021bific al IICCMER, Narcis<br \/>\nDorin ION, Manager al Muzeului Na\u021bional Pele\u0219, Stelian T\u0102NASE, istoric \u0219i scriitor,<br \/>\nAlexandru MURARU, deputat \u0219i profesor, Matei GHEBOIANU, Decan al Facult\u0103\u021bii de<br \/>\nIstorie a Universit\u0103\u021bii din Bucure\u0219ti, Manuel ST\u0102NESCU, Director adjunct al<br \/>\nInstitutului pentru Studii Politice de Ap\u0103rare \u0219i Istorie Militar\u0103, \u0219i Simion<br \/>\nGHEORGHIU, cercet\u0103tor la Institutul de Istorie \u201eNicolae Iorga\u201d al Academiei<br \/>\nRom\u00e2ne, vor aduce perspective valoroase asupra impactului pe care aceste<br \/>\nevenimente l-au avut asupra destinului na\u021biunii. Discu\u021bia va fi moderat\u0103 de Mioara<br \/>\nANTON, directorul Institutului de Istorie \u201eNicolae Iorga\u201d, oferind un cadru<br \/>\nacademic pentru a reflecta asupra unui moment definitoriu din istoria Rom\u00e2niei.<br \/>\nEvenimentul va include \u0219i o proiec\u021bie memorabil\u0103, cu m\u0103rturia Regelui Mihai I<br \/>\ndespre acele momente istorice decisive, extras\u0103 din interviul realizat de c\u0103tre<br \/>\nStelian T\u0103nase.<br \/>\nAccesul este liber.<\/p>\n<p>Pentru mai multe informa\u021bii despre activitatea IICCMER, v\u0103 rug\u0103m s\u0103 ne<br \/>\ncontacta\u021bi la e-mail office@iiccmer.ro sau la telefon 40 21 316 7565 \u0219i s\u0103 ne<br \/>\nurm\u0103ri\u021bi pe site-ul nostru iiccmer.ro sau pe platformele Facebook \u0219i Instagram.<\/p>\n<p>***<br \/>\nDespre IICCMER<br \/>\nInstitutul de Investigare a Crimelor Comunismului \u015fi Memoria Exilului Rom\u00e2nesc<br \/>\n(IICCMER) este o structur\u0103 guvernamental\u0103 \u00eenfiin\u0163at\u0103 \u00een 2005 \u015fi aflat\u0103 \u00een<br \/>\ncoordonarea Prim-Ministrului Rom\u00e2niei. Rolul s\u0103u rezid\u0103, \u00eenainte de toate, \u00een<br \/>\ngestionarea \u015fi analizarea din punct de vedere \u015ftiin\u0163ific a perioadei totalitare \u015fi a<br \/>\nconsecin\u0163elor sale. \u00cen al doilea r\u00e2nd, IICCMER sprijin\u0103 crearea \u015fi implementarea<br \/>\nunor instrumente educa\u0163ionale cu finalitate memorial\u0103, contribuind astfel la<br \/>\narticularea contextului \u00een care valorile \u015fi drepturile fundamentale s\u0103 fie receptate<br \/>\nde societatea noastr\u0103 post-totalitar\u0103. Nu \u00een ultimul r\u00e2nd, IICCMER are rolul de a<br \/>\naduna, arhiva \u015fi publica documente referitoare la<\/p>\n","protected":false},"featured_media":13814,"template":"","meta":{"_acf_changed":false},"categorie-evenimente":[334],"class_list":["post-8999","eveniment","type-eveniment","status-publish","has-post-thumbnail","hentry","categorie-evenimente-conferinte"],"acf":[],"yoast_head":"<!-- This site is optimized with the Yoast SEO plugin v24.1 - https:\/\/yoast.com\/wordpress\/plugins\/seo\/ -->\n<title>23 August 1944: M\u0103rturia Regelui Mihai I \u0219i o dezbatere despre decizia care a schimbat Istoria &#183; Peles Test<\/title>\n<meta name=\"robots\" content=\"noindex, follow, max-snippet:-1, max-image-preview:large, max-video-preview:-1\" \/>\n<script type=\"application\/ld+json\" class=\"yoast-schema-graph\">{\"@context\":\"https:\/\/schema.org\",\"@graph\":[{\"@type\":\"WebPage\",\"@id\":\"https:\/\/thewebdevpoint.com\/eveniment\/23-august-1944-marturia-regelui-mihai-i-si-o-dezbatere-despre-decizia-care-a-schimbat-istoria\/\",\"url\":\"https:\/\/thewebdevpoint.com\/eveniment\/23-august-1944-marturia-regelui-mihai-i-si-o-dezbatere-despre-decizia-care-a-schimbat-istoria\/\",\"name\":\"23 August 1944: M\u0103rturia Regelui Mihai I \u0219i o dezbatere despre decizia care a schimbat Istoria &#183; Peles Test\",\"isPartOf\":{\"@id\":\"https:\/\/thewebdevpoint.com\/ro\/#website\"},\"primaryImageOfPage\":{\"@id\":\"https:\/\/thewebdevpoint.com\/eveniment\/23-august-1944-marturia-regelui-mihai-i-si-o-dezbatere-despre-decizia-care-a-schimbat-istoria\/#primaryimage\"},\"image\":{\"@id\":\"https:\/\/thewebdevpoint.com\/eveniment\/23-august-1944-marturia-regelui-mihai-i-si-o-dezbatere-despre-decizia-care-a-schimbat-istoria\/#primaryimage\"},\"thumbnailUrl\":\"https:\/\/thewebdevpoint.com\/wp-content\/uploads\/2024\/08\/Afis-eveniment-23-august-2024.jpg\",\"datePublished\":\"2024-08-23T08:59:17+00:00\",\"dateModified\":\"2024-12-19T11:52:19+00:00\",\"breadcrumb\":{\"@id\":\"https:\/\/thewebdevpoint.com\/eveniment\/23-august-1944-marturia-regelui-mihai-i-si-o-dezbatere-despre-decizia-care-a-schimbat-istoria\/#breadcrumb\"},\"inLanguage\":\"ro-RO\",\"potentialAction\":[{\"@type\":\"ReadAction\",\"target\":[\"https:\/\/thewebdevpoint.com\/eveniment\/23-august-1944-marturia-regelui-mihai-i-si-o-dezbatere-despre-decizia-care-a-schimbat-istoria\/\"]}]},{\"@type\":\"ImageObject\",\"inLanguage\":\"ro-RO\",\"@id\":\"https:\/\/thewebdevpoint.com\/eveniment\/23-august-1944-marturia-regelui-mihai-i-si-o-dezbatere-despre-decizia-care-a-schimbat-istoria\/#primaryimage\",\"url\":\"https:\/\/thewebdevpoint.com\/wp-content\/uploads\/2024\/08\/Afis-eveniment-23-august-2024.jpg\",\"contentUrl\":\"https:\/\/thewebdevpoint.com\/wp-content\/uploads\/2024\/08\/Afis-eveniment-23-august-2024.jpg\",\"width\":1241,\"height\":1754},{\"@type\":\"BreadcrumbList\",\"@id\":\"https:\/\/thewebdevpoint.com\/eveniment\/23-august-1944-marturia-regelui-mihai-i-si-o-dezbatere-despre-decizia-care-a-schimbat-istoria\/#breadcrumb\",\"itemListElement\":[{\"@type\":\"ListItem\",\"position\":1,\"name\":\"Acas\u0103\",\"item\":\"https:\/\/thewebdevpoint.com\/\"},{\"@type\":\"ListItem\",\"position\":2,\"name\":\"Evenimente\",\"item\":\"https:\/\/thewebdevpoint.com\/ro\/evenimente\/\"},{\"@type\":\"ListItem\",\"position\":3,\"name\":\"23 August 1944: M\u0103rturia Regelui Mihai I \u0219i o dezbatere despre decizia care a schimbat Istoria\"}]},{\"@type\":\"WebSite\",\"@id\":\"https:\/\/thewebdevpoint.com\/ro\/#website\",\"url\":\"https:\/\/thewebdevpoint.com\/ro\/\",\"name\":\"Peles Test\",\"description\":\"\",\"publisher\":{\"@id\":\"https:\/\/thewebdevpoint.com\/ro\/#organization\"},\"potentialAction\":[{\"@type\":\"SearchAction\",\"target\":{\"@type\":\"EntryPoint\",\"urlTemplate\":\"https:\/\/thewebdevpoint.com\/ro\/?s={search_term_string}\"},\"query-input\":{\"@type\":\"PropertyValueSpecification\",\"valueRequired\":true,\"valueName\":\"search_term_string\"}}],\"inLanguage\":\"ro-RO\"},{\"@type\":\"Organization\",\"@id\":\"https:\/\/thewebdevpoint.com\/ro\/#organization\",\"name\":\"Muzeul Pele\u0219\",\"alternateName\":\"MP\",\"url\":\"https:\/\/thewebdevpoint.com\/ro\/\",\"logo\":{\"@type\":\"ImageObject\",\"inLanguage\":\"ro-RO\",\"@id\":\"https:\/\/thewebdevpoint.com\/ro\/#\/schema\/logo\/image\/\",\"url\":\"https:\/\/thewebdevpoint.com\/wp-content\/uploads\/2024\/10\/Logo.svg\",\"contentUrl\":\"https:\/\/thewebdevpoint.com\/wp-content\/uploads\/2024\/10\/Logo.svg\",\"width\":251,\"height\":48,\"caption\":\"Muzeul Pele\u0219\"},\"image\":{\"@id\":\"https:\/\/thewebdevpoint.com\/ro\/#\/schema\/logo\/image\/\"}}]}<\/script>\n<!-- \/ Yoast SEO plugin. -->","yoast_head_json":{"title":"23 August 1944: M\u0103rturia Regelui Mihai I \u0219i o dezbatere despre decizia care a schimbat Istoria &#183; Peles Test","robots":{"index":"noindex","follow":"follow","max-snippet":"max-snippet:-1","max-image-preview":"max-image-preview:large","max-video-preview":"max-video-preview:-1"},"schema":{"@context":"https:\/\/schema.org","@graph":[{"@type":"WebPage","@id":"https:\/\/thewebdevpoint.com\/eveniment\/23-august-1944-marturia-regelui-mihai-i-si-o-dezbatere-despre-decizia-care-a-schimbat-istoria\/","url":"https:\/\/thewebdevpoint.com\/eveniment\/23-august-1944-marturia-regelui-mihai-i-si-o-dezbatere-despre-decizia-care-a-schimbat-istoria\/","name":"23 August 1944: M\u0103rturia Regelui Mihai I \u0219i o dezbatere despre decizia care a schimbat Istoria &#183; Peles Test","isPartOf":{"@id":"https:\/\/thewebdevpoint.com\/ro\/#website"},"primaryImageOfPage":{"@id":"https:\/\/thewebdevpoint.com\/eveniment\/23-august-1944-marturia-regelui-mihai-i-si-o-dezbatere-despre-decizia-care-a-schimbat-istoria\/#primaryimage"},"image":{"@id":"https:\/\/thewebdevpoint.com\/eveniment\/23-august-1944-marturia-regelui-mihai-i-si-o-dezbatere-despre-decizia-care-a-schimbat-istoria\/#primaryimage"},"thumbnailUrl":"https:\/\/thewebdevpoint.com\/wp-content\/uploads\/2024\/08\/Afis-eveniment-23-august-2024.jpg","datePublished":"2024-08-23T08:59:17+00:00","dateModified":"2024-12-19T11:52:19+00:00","breadcrumb":{"@id":"https:\/\/thewebdevpoint.com\/eveniment\/23-august-1944-marturia-regelui-mihai-i-si-o-dezbatere-despre-decizia-care-a-schimbat-istoria\/#breadcrumb"},"inLanguage":"ro-RO","potentialAction":[{"@type":"ReadAction","target":["https:\/\/thewebdevpoint.com\/eveniment\/23-august-1944-marturia-regelui-mihai-i-si-o-dezbatere-despre-decizia-care-a-schimbat-istoria\/"]}]},{"@type":"ImageObject","inLanguage":"ro-RO","@id":"https:\/\/thewebdevpoint.com\/eveniment\/23-august-1944-marturia-regelui-mihai-i-si-o-dezbatere-despre-decizia-care-a-schimbat-istoria\/#primaryimage","url":"https:\/\/thewebdevpoint.com\/wp-content\/uploads\/2024\/08\/Afis-eveniment-23-august-2024.jpg","contentUrl":"https:\/\/thewebdevpoint.com\/wp-content\/uploads\/2024\/08\/Afis-eveniment-23-august-2024.jpg","width":1241,"height":1754},{"@type":"BreadcrumbList","@id":"https:\/\/thewebdevpoint.com\/eveniment\/23-august-1944-marturia-regelui-mihai-i-si-o-dezbatere-despre-decizia-care-a-schimbat-istoria\/#breadcrumb","itemListElement":[{"@type":"ListItem","position":1,"name":"Acas\u0103","item":"https:\/\/thewebdevpoint.com\/"},{"@type":"ListItem","position":2,"name":"Evenimente","item":"https:\/\/thewebdevpoint.com\/ro\/evenimente\/"},{"@type":"ListItem","position":3,"name":"23 August 1944: M\u0103rturia Regelui Mihai I \u0219i o dezbatere despre decizia care a schimbat Istoria"}]},{"@type":"WebSite","@id":"https:\/\/thewebdevpoint.com\/ro\/#website","url":"https:\/\/thewebdevpoint.com\/ro\/","name":"Peles Test","description":"","publisher":{"@id":"https:\/\/thewebdevpoint.com\/ro\/#organization"},"potentialAction":[{"@type":"SearchAction","target":{"@type":"EntryPoint","urlTemplate":"https:\/\/thewebdevpoint.com\/ro\/?s={search_term_string}"},"query-input":{"@type":"PropertyValueSpecification","valueRequired":true,"valueName":"search_term_string"}}],"inLanguage":"ro-RO"},{"@type":"Organization","@id":"https:\/\/thewebdevpoint.com\/ro\/#organization","name":"Muzeul Pele\u0219","alternateName":"MP","url":"https:\/\/thewebdevpoint.com\/ro\/","logo":{"@type":"ImageObject","inLanguage":"ro-RO","@id":"https:\/\/thewebdevpoint.com\/ro\/#\/schema\/logo\/image\/","url":"https:\/\/thewebdevpoint.com\/wp-content\/uploads\/2024\/10\/Logo.svg","contentUrl":"https:\/\/thewebdevpoint.com\/wp-content\/uploads\/2024\/10\/Logo.svg","width":251,"height":48,"caption":"Muzeul Pele\u0219"},"image":{"@id":"https:\/\/thewebdevpoint.com\/ro\/#\/schema\/logo\/image\/"}}]}},"_links":{"self":[{"href":"https:\/\/thewebdevpoint.com\/ro\/wp-json\/wp\/v2\/eveniment\/8999","targetHints":{"allow":["GET"]}}],"collection":[{"href":"https:\/\/thewebdevpoint.com\/ro\/wp-json\/wp\/v2\/eveniment"}],"about":[{"href":"https:\/\/thewebdevpoint.com\/ro\/wp-json\/wp\/v2\/types\/eveniment"}],"version-history":[{"count":5,"href":"https:\/\/thewebdevpoint.com\/ro\/wp-json\/wp\/v2\/eveniment\/8999\/revisions"}],"predecessor-version":[{"id":16923,"href":"https:\/\/thewebdevpoint.com\/ro\/wp-json\/wp\/v2\/eveniment\/8999\/revisions\/16923"}],"wp:featuredmedia":[{"embeddable":true,"href":"https:\/\/thewebdevpoint.com\/ro\/wp-json\/wp\/v2\/media\/13814"}],"wp:attachment":[{"href":"https:\/\/thewebdevpoint.com\/ro\/wp-json\/wp\/v2\/media?parent=8999"}],"wp:term":[{"taxonomy":"categorie-evenimente","embeddable":true,"href":"https:\/\/thewebdevpoint.com\/ro\/wp-json\/wp\/v2\/categorie-evenimente?post=8999"}],"curies":[{"name":"wp","href":"https:\/\/api.w.org\/{rel}","templated":true}]}}