{"id":9000,"date":"2024-09-28T11:59:17","date_gmt":"2024-09-28T08:59:17","guid":{"rendered":"https:\/\/pelestest.thepoint-agency.com\/concert-veturia-ghibu-doamna-liedului\/"},"modified":"2024-12-19T13:52:07","modified_gmt":"2024-12-19T11:52:07","slug":"concert-veturia-ghibu-doamna-liedului","status":"publish","type":"eveniment","link":"https:\/\/thewebdevpoint.com\/ro\/eveniment\/concert-veturia-ghibu-doamna-liedului\/","title":{"rendered":"Concert \u201eVeturia Ghibu, doamna liedului\u201d"},"content":{"rendered":"<p>Uniunea de Crea\u021bie Interpretativ\u0103 a Muzicienilor din Rom\u00e2nia (UCIMR) anun\u021b\u0103 proiectul cultural \u201eVeturia Ghibu\u201d, ce \u00ee\u0219i propune s\u0103 omagieze via\u021ba \u0219i contribu\u021bia remarcabil\u0103 a unei figuri importante \u0219i adesea subestimat\u0103 a culturii muzicale rom\u00e2ne\u0219ti, pianista \u0219i soprana Veturia Ghibu, recunosc\u00e2ndu-i rolul central \u00een promovarea genului lied \u00een Rom\u00e2nia, \u00een dezvoltarea crea\u021biei muzicale rom\u00e2ne\u0219ti \u0219i \u00een organizarea vie\u021bii culturale din Transilvania, \u00een special \u00een Cluj-Napoca, dup\u0103 Marea Unire.<\/p>\n<p>Prin aniversarea \u00een 2024 a 135 de ani de la na\u0219terea \u0219i 65 de ani de la trecerea sa \u00een eternitate, proiectul readuce \u00een aten\u021bie o perioad\u0103 esen\u021bial\u0103 din istoria muzicii rom\u00e2ne\u0219ti, marcat\u0103 de reconfigurarea identit\u0103\u021bii na\u021bionale \u0219i de integrarea \u00een re\u021beaua cultural\u0103 european\u0103.<\/p>\n<p>Veturia Ghibu a fost so\u021bia savantului, lupt\u0103torului pentru Marea Unire de la 1918 \u0219i pedagogului militant Onisifor Ghibu \u0219i o muzician\u0103 cu influen\u021b\u0103 major\u0103 \u00een dezvoltarea crea\u021biei muzicale rom\u00e2ne\u0219ti \u0219i \u00een promovarea liedului \u00een Rom\u00e2nia, fiind ini\u021biatoarea acestui gen muzical la noi \u00een \u021bar\u0103. Ca sopran\u0103, pianist\u0103 \u0219i profesoar\u0103, de numele s\u0103u se leag\u0103 mai multe premiere importante \u00een domeniul muzical interpretativ \u0219i educativ \u00een perioada 1919-1948: este prima promotoare a recitalurilor de muzic\u0103 rom\u00e2neasc\u0103, sus\u021bin\u0103toare a \u00eenv\u0103\u021b\u0103m\u00e2ntului muzical, organizatoare de concerte, animatoare a vie\u021bii cultural-muzicale \u00een Cluj-Napoca, Sibiu \u0219i Bucure\u0219ti, colaboratoare a lui George Enescu, acompaniat\u0103 de acesta \u00een concerte, prima interpret\u0103 de origine rom\u00e2n\u0103 \u00eenregistrat\u0103 pe disc (Casa de Discuri \u201eColumbia\u201d \u2013 UK, 1927), prima rom\u00e2nc\u0103 difuzat\u0103 la postul Radio-Paris.<\/p>\n<p>Totu\u0219i, despre contribu\u021bia Veturiei Ghibu se \u0219tie \u0219i se vorbe\u0219te foarte pu\u021bin ast\u0103zi, iar proiectul care-i poart\u0103 numele \u00ee\u0219i propune sa-i omagieze via\u021ba \u0219i opera, aduc\u00e2nd \u00een aten\u021bie importan\u021ba \u0219i influen\u021ba sa asupra culturii muzicale rom\u00e2ne\u0219ti \u0219i europene.<\/p>\n<p>Astfel, 5 popasuri muzicale, programate pentru lunile septembrie \u0219i octombrie, \u00een ora\u0219ele cu leg\u0103tur\u0103 semnificativ\u0103 cu via\u021ba \u0219i activitatea sa (Bucure\u0219ti, Bra\u0219ov, Cluj-Napoca, Sibiu \u0219i Sinaia), vor prilejui conlucrarea \u00eentre factorul uman \u0219i noile tehnologii pentru portretizarea Veturiei Ghibu \u00een tonuri contemporane, care s\u0103 o apropie de publicul larg. Conferin\u021bele-spectacol vor cuprinde prezent\u0103ri istorico-bibliografice \u0219i muzicologice, recitaluri \u00een dialog multimedia, sesiuni de \u00eentreb\u0103ri \u0219i r\u0103spunsuri, o expozi\u021bie de fotografie digital\u0103, \u00een ora\u0219e dragi ale artistei, de care era legat\u0103 prin biografia, anii s\u0103i de formare, activitatea pianistic\u0103 \u0219i de canto. Conferin\u021bele muzicologice despre via\u021ba \u0219i activitatea Veturiei Ghibu vor fi prezentate \u00een urma unei ample cercet\u0103ri realizate de Dr. Bianca Manoleanu, sopran\u0103 \u0219i Cadru Didactic Asociat \u00een cadrul Universit\u0103\u021bii Na\u021bionale de Muzic\u0103 din Bucure\u0219ti, \u0219i Dr. Corneliu Beldiman, istoric, muzeograf, cercet\u0103tor \u0219tiin\u021bific la Muzeul Na\u021bional al Carpa\u021bilor R\u0103s\u0103riteni \u0219i la Institutul Na\u021bional pentru Studiul Totalitarismului, Academia Rom\u00e2n\u0103 Bucure\u0219ti. Recitalurile \u00een dialog vor fi prezentate de Dr. Bianca Manoleanu, cu participarea unui duo de voce \u0219i pian, compus de Stanca-Maria Manoleanu, sopran\u0103, \u0219i Mihai Murariu, pianist-compozitor. Ace\u0219tia vor interpreta lieduri compuse de compozitori contemporani nou\u0103, \u00eentr-un dialog multimedia cu \u00eenregistr\u0103ri ale Veturiei Ghibu interpret\u00e2nd lieduri contemporane din vremea sa;<\/p>\n<p>\u00cen cadrul evenimentelor vor avea loc sesiuni de \u00eentreb\u0103ri \u0219i r\u0103spunsuri cu jurnalista Ivona Cristescu, muzicolog \u0219i realizatoare TVR. \u00cen paralel, va exista o expozi\u021bie de fotografie digital\u0103 cu imagini din via\u021ba Veturiei Ghibu, pe care cei interesa\u021bi o vor putea accesa pe www.ucimr.ro.<\/p>\n<p>Programul evenimentelor<\/p>\n<p>Evenimentele sunt programate \u00een perioada 19 septembrie \u0219i 10 octombrie, astfel:<\/p>\n<p>CLUJ-NAPOCA, Academia de Muzic\u0103 Gheorghe Dima &#8211; Studioul de concerte, joi, 19 septembrie, orele 19:00<\/p>\n<p>BRA\u0218OV, Filarmonica Bra\u0219ov, Sala Mic\u0103, s\u00e2mb\u0103t\u0103, 21 septembrie, orele 12:00<\/p>\n<p>SINAIA, Castelul Pele\u0219 \u2013 Sala Mare de Concerte, s\u00e2mb\u0103t\u0103, 28 septembrie, orele 16:00<\/p>\n<p>SIBIU, Biblioteca Jude\u021bean\u0103 Astra, Sala Festiv\u0103, luni, 30 septembrie, orele 19:00<\/p>\n<p>BUCURE\u0218TI, Universitatea Na\u021bional\u0103 de Muzic\u0103 Bucure\u0219ti, Studioul de oper\u0103 \u0219i multimedia, joi, 10 octombrie, 19:00<\/p>\n<p>Liedul (din german\u0103 &#8222;Lied&#8221;, care \u00eenseamn\u0103 &#8222;c\u00e2ntec&#8221;) este o compozi\u021bie muzical\u0103 vocal\u0103, acompaniat\u0103 de obicei de pian, bazat\u0103 pe un text liric, adesea o poezie scurt\u0103.<\/p>\n<p>Proiectul \u201eVeturia Ghibu\u201d este realizat de Uniunea de Crea\u021bie Interpretativ\u0103 a Muzicienilor din Rom\u00e2nia (UCIMR), \u00een colaborare cu Academia de Muzic\u0103 Gheorghe Dima, Filarmonica Bra\u0219ov, Muzeul Na\u021bional Pele\u0219, Biblioteca Jude\u021bean\u0103 ASTRA Sibiu \u0219i Universitatea Na\u021bional\u0103 de Muzic\u0103 Bucure\u0219ti, Asocia\u021bia Sociocultural\u0103 \u201eBianca\u201d, Institutul Na\u021bional Pentru Studiul Totalitarismului \u0219i ENJOY TV Romania, fiind cofinan\u021bat de AFCN. Proiectul nu reprezint\u0103 \u00een mod necesar pozi\u021bia Administra\u021biei Fondului Cultural Na\u021bional. AFCN nu este responsabil\u0103 de con\u021binutul proiectului sau de modul \u00een care rezultatele proiectului pot fi folosite. Acestea sunt \u00een \u00eentregime responsabilitatea beneficiarului finan\u021b\u0103rii.<\/p>\n<p>Despre UCIMR<\/p>\n<p>Fondat\u0103 \u00een anul 1995, la ini\u021biativa prim-violistului Filarmonicii bucure\u0219tene, \u0218tefan Gheorghiu, Uniunea de Crea\u021bie Interpretativ\u0103 a Muzicienilor din Rom\u00e2nia este o organiza\u021bie nonprofit de utilitate public\u0103, care de aproape 3 decenii contribuie la dezvoltarea \u0219i r\u0103sp\u00e2ndirea muzicii clasice, at\u00e2t pe plan na\u021bional, c\u00e2t \u0219i interna\u021bional. UCIMR sus\u021bine arta interpretativ\u0103, de la soli\u0219ti, cori\u0219ti \u0219i instrumenti\u0219ti p\u00e2n\u0103 la dansatori sau balerini, prin ini\u021bierea \u0219i implementarea de proiecte culturale menite s\u0103 faciliteze schimbul de experien\u021b\u0103 \u0219i promovarea arti\u0219tilor \u00een medii c\u00e2t mai diverse. Misiunea UCIMR este dezvoltarea peisajului cultural rom\u00e2nesc prin promovarea valorilor artistice autentice. Asocia\u021bia creeaz\u0103 oportunit\u0103\u021bi de afirmare dedicate tinerilor arti\u0219ti, dar sus\u021bine \u0219i activitatea arti\u0219tilor pensionari.<\/p>\n<p><a href=\"http:\/\/www.ucimr.ro\">www.ucimr.ro<\/a><\/p>\n<p>Uniunea de Crea\u021bie Interpretativ\u0103 a Muzicienilor din Rom\u00e2nia \u0219i Muzeul National Pele\u0219 organizeaz\u0103 s\u00e2mb\u0103t\u0103, 28 septembrie 2024, ora 16:00, concertul ,,Veturia Ghibu, doamna liedului\u201d.<\/p>\n<p>Accesul se face pe baz\u0103 de invita\u021bie, care se solicit\u0103 la adresa de e-mail peles.ro@gmail.com.<\/p>\n<p>Proiectul cultural \u201eVeturia Ghibu\u201d, al Uniunii de Crea\u021bie Interpretativ\u0103 a Muzicienilor din Rom\u00e2nia (UCIMR), \u00ee\u0219i propune s\u0103 omagieze via\u021ba \u0219i contribu\u021bia remarcabil\u0103 a unei figuri importante \u0219i adesea subestimat\u0103 a culturii muzicale rom\u00e2ne\u0219ti, pianista \u0219i soprana Veturia Ghibu, recunosc\u00e2ndu-i rolul central \u00een promovarea genului lied \u00een Rom\u00e2nia, \u00een dezvoltarea crea\u021biei muzicale rom\u00e2ne\u0219ti \u0219i \u00een organizarea vie\u021bii culturale din Transilvania, \u00een special \u00een Cluj-Napoca, dup\u0103 Marea Unire.<\/p>\n<p>Prin aniversarea \u00een 2024 a 135 de ani de la na\u0219terea \u0219i 65 de ani de la trecerea sa \u00een eternitate, proiectul readuce \u00een aten\u021bie o perioad\u0103 esen\u021bial\u0103 din istoria muzicii rom\u00e2ne\u0219ti, marcat\u0103 de reconfigurarea identit\u0103\u021bii na\u021bionale \u0219i de integrarea \u00een re\u021beaua cultural\u0103 european\u0103.<\/p>\n<p>Veturia Ghibu a fost so\u021bia savantului, lupt\u0103torului pentru Marea Unire de la 1918 \u0219i pedagogului militant Onisifor Ghibu \u0219i o muzician\u0103 cu influen\u021b\u0103 major\u0103 \u00een dezvoltarea crea\u021biei muzicale rom\u00e2ne\u0219ti \u0219i \u00een promovarea liedului \u00een Rom\u00e2nia, fiind ini\u021biatoarea acestui gen muzical la noi \u00een \u021bar\u0103. Ca sopran\u0103, pianist\u0103 \u0219i profesoar\u0103, de numele s\u0103u se leag\u0103 mai multe premiere importante \u00een domeniul muzical interpretativ \u0219i educativ \u00een perioada 1919-1948: este prima promotoare a recitalurilor de muzic\u0103 rom\u00e2neasc\u0103, sus\u021bin\u0103toare a \u00eenv\u0103\u021b\u0103m\u00e2ntului muzical, organizatoare de concerte, animatoare a vie\u021bii cultural-muzicale \u00een Cluj-Napoca, Sibiu \u0219i Bucure\u0219ti, colaboratoare a lui George Enescu, acompaniat\u0103 de acesta \u00een concerte, prima interpret\u0103 de origine rom\u00e2n\u0103 \u00eenregistrat\u0103 pe disc (Casa de Discuri \u201eColumbia\u201d \u2013 UK, 1927), prima rom\u00e2nc\u0103 difuzat\u0103 la postul Radio-Paris.<\/p>\n","protected":false},"featured_media":13822,"template":"","meta":{"_acf_changed":false},"categorie-evenimente":[333],"class_list":["post-9000","eveniment","type-eveniment","status-publish","has-post-thumbnail","hentry","categorie-evenimente-concerte"],"acf":[],"yoast_head":"<!-- This site is optimized with the Yoast SEO plugin v24.1 - https:\/\/yoast.com\/wordpress\/plugins\/seo\/ -->\n<title>Concert \u201eVeturia Ghibu, doamna liedului\u201d &#183; Peles Test<\/title>\n<meta name=\"robots\" content=\"noindex, follow, max-snippet:-1, max-image-preview:large, max-video-preview:-1\" \/>\n<script type=\"application\/ld+json\" class=\"yoast-schema-graph\">{\"@context\":\"https:\/\/schema.org\",\"@graph\":[{\"@type\":\"WebPage\",\"@id\":\"https:\/\/thewebdevpoint.com\/eveniment\/concert-veturia-ghibu-doamna-liedului\/\",\"url\":\"https:\/\/thewebdevpoint.com\/eveniment\/concert-veturia-ghibu-doamna-liedului\/\",\"name\":\"Concert \u201eVeturia Ghibu, doamna liedului\u201d &#183; Peles Test\",\"isPartOf\":{\"@id\":\"https:\/\/thewebdevpoint.com\/ro\/#website\"},\"primaryImageOfPage\":{\"@id\":\"https:\/\/thewebdevpoint.com\/eveniment\/concert-veturia-ghibu-doamna-liedului\/#primaryimage\"},\"image\":{\"@id\":\"https:\/\/thewebdevpoint.com\/eveniment\/concert-veturia-ghibu-doamna-liedului\/#primaryimage\"},\"thumbnailUrl\":\"https:\/\/thewebdevpoint.com\/wp-content\/uploads\/2024\/09\/afis-concert-28-septembrie.jpg\",\"datePublished\":\"2024-09-28T08:59:17+00:00\",\"dateModified\":\"2024-12-19T11:52:07+00:00\",\"breadcrumb\":{\"@id\":\"https:\/\/thewebdevpoint.com\/eveniment\/concert-veturia-ghibu-doamna-liedului\/#breadcrumb\"},\"inLanguage\":\"ro-RO\",\"potentialAction\":[{\"@type\":\"ReadAction\",\"target\":[\"https:\/\/thewebdevpoint.com\/eveniment\/concert-veturia-ghibu-doamna-liedului\/\"]}]},{\"@type\":\"ImageObject\",\"inLanguage\":\"ro-RO\",\"@id\":\"https:\/\/thewebdevpoint.com\/eveniment\/concert-veturia-ghibu-doamna-liedului\/#primaryimage\",\"url\":\"https:\/\/thewebdevpoint.com\/wp-content\/uploads\/2024\/09\/afis-concert-28-septembrie.jpg\",\"contentUrl\":\"https:\/\/thewebdevpoint.com\/wp-content\/uploads\/2024\/09\/afis-concert-28-septembrie.jpg\",\"width\":1241,\"height\":1755},{\"@type\":\"BreadcrumbList\",\"@id\":\"https:\/\/thewebdevpoint.com\/eveniment\/concert-veturia-ghibu-doamna-liedului\/#breadcrumb\",\"itemListElement\":[{\"@type\":\"ListItem\",\"position\":1,\"name\":\"Acas\u0103\",\"item\":\"https:\/\/thewebdevpoint.com\/\"},{\"@type\":\"ListItem\",\"position\":2,\"name\":\"Evenimente\",\"item\":\"https:\/\/thewebdevpoint.com\/ro\/evenimente\/\"},{\"@type\":\"ListItem\",\"position\":3,\"name\":\"Concert \u201eVeturia Ghibu, doamna liedului\u201d\"}]},{\"@type\":\"WebSite\",\"@id\":\"https:\/\/thewebdevpoint.com\/ro\/#website\",\"url\":\"https:\/\/thewebdevpoint.com\/ro\/\",\"name\":\"Peles Test\",\"description\":\"\",\"publisher\":{\"@id\":\"https:\/\/thewebdevpoint.com\/ro\/#organization\"},\"potentialAction\":[{\"@type\":\"SearchAction\",\"target\":{\"@type\":\"EntryPoint\",\"urlTemplate\":\"https:\/\/thewebdevpoint.com\/ro\/?s={search_term_string}\"},\"query-input\":{\"@type\":\"PropertyValueSpecification\",\"valueRequired\":true,\"valueName\":\"search_term_string\"}}],\"inLanguage\":\"ro-RO\"},{\"@type\":\"Organization\",\"@id\":\"https:\/\/thewebdevpoint.com\/ro\/#organization\",\"name\":\"Muzeul Pele\u0219\",\"alternateName\":\"MP\",\"url\":\"https:\/\/thewebdevpoint.com\/ro\/\",\"logo\":{\"@type\":\"ImageObject\",\"inLanguage\":\"ro-RO\",\"@id\":\"https:\/\/thewebdevpoint.com\/ro\/#\/schema\/logo\/image\/\",\"url\":\"https:\/\/thewebdevpoint.com\/wp-content\/uploads\/2024\/10\/Logo.svg\",\"contentUrl\":\"https:\/\/thewebdevpoint.com\/wp-content\/uploads\/2024\/10\/Logo.svg\",\"width\":251,\"height\":48,\"caption\":\"Muzeul Pele\u0219\"},\"image\":{\"@id\":\"https:\/\/thewebdevpoint.com\/ro\/#\/schema\/logo\/image\/\"}}]}<\/script>\n<!-- \/ Yoast SEO plugin. -->","yoast_head_json":{"title":"Concert \u201eVeturia Ghibu, doamna liedului\u201d &#183; Peles Test","robots":{"index":"noindex","follow":"follow","max-snippet":"max-snippet:-1","max-image-preview":"max-image-preview:large","max-video-preview":"max-video-preview:-1"},"schema":{"@context":"https:\/\/schema.org","@graph":[{"@type":"WebPage","@id":"https:\/\/thewebdevpoint.com\/eveniment\/concert-veturia-ghibu-doamna-liedului\/","url":"https:\/\/thewebdevpoint.com\/eveniment\/concert-veturia-ghibu-doamna-liedului\/","name":"Concert \u201eVeturia Ghibu, doamna liedului\u201d &#183; Peles Test","isPartOf":{"@id":"https:\/\/thewebdevpoint.com\/ro\/#website"},"primaryImageOfPage":{"@id":"https:\/\/thewebdevpoint.com\/eveniment\/concert-veturia-ghibu-doamna-liedului\/#primaryimage"},"image":{"@id":"https:\/\/thewebdevpoint.com\/eveniment\/concert-veturia-ghibu-doamna-liedului\/#primaryimage"},"thumbnailUrl":"https:\/\/thewebdevpoint.com\/wp-content\/uploads\/2024\/09\/afis-concert-28-septembrie.jpg","datePublished":"2024-09-28T08:59:17+00:00","dateModified":"2024-12-19T11:52:07+00:00","breadcrumb":{"@id":"https:\/\/thewebdevpoint.com\/eveniment\/concert-veturia-ghibu-doamna-liedului\/#breadcrumb"},"inLanguage":"ro-RO","potentialAction":[{"@type":"ReadAction","target":["https:\/\/thewebdevpoint.com\/eveniment\/concert-veturia-ghibu-doamna-liedului\/"]}]},{"@type":"ImageObject","inLanguage":"ro-RO","@id":"https:\/\/thewebdevpoint.com\/eveniment\/concert-veturia-ghibu-doamna-liedului\/#primaryimage","url":"https:\/\/thewebdevpoint.com\/wp-content\/uploads\/2024\/09\/afis-concert-28-septembrie.jpg","contentUrl":"https:\/\/thewebdevpoint.com\/wp-content\/uploads\/2024\/09\/afis-concert-28-septembrie.jpg","width":1241,"height":1755},{"@type":"BreadcrumbList","@id":"https:\/\/thewebdevpoint.com\/eveniment\/concert-veturia-ghibu-doamna-liedului\/#breadcrumb","itemListElement":[{"@type":"ListItem","position":1,"name":"Acas\u0103","item":"https:\/\/thewebdevpoint.com\/"},{"@type":"ListItem","position":2,"name":"Evenimente","item":"https:\/\/thewebdevpoint.com\/ro\/evenimente\/"},{"@type":"ListItem","position":3,"name":"Concert \u201eVeturia Ghibu, doamna liedului\u201d"}]},{"@type":"WebSite","@id":"https:\/\/thewebdevpoint.com\/ro\/#website","url":"https:\/\/thewebdevpoint.com\/ro\/","name":"Peles Test","description":"","publisher":{"@id":"https:\/\/thewebdevpoint.com\/ro\/#organization"},"potentialAction":[{"@type":"SearchAction","target":{"@type":"EntryPoint","urlTemplate":"https:\/\/thewebdevpoint.com\/ro\/?s={search_term_string}"},"query-input":{"@type":"PropertyValueSpecification","valueRequired":true,"valueName":"search_term_string"}}],"inLanguage":"ro-RO"},{"@type":"Organization","@id":"https:\/\/thewebdevpoint.com\/ro\/#organization","name":"Muzeul Pele\u0219","alternateName":"MP","url":"https:\/\/thewebdevpoint.com\/ro\/","logo":{"@type":"ImageObject","inLanguage":"ro-RO","@id":"https:\/\/thewebdevpoint.com\/ro\/#\/schema\/logo\/image\/","url":"https:\/\/thewebdevpoint.com\/wp-content\/uploads\/2024\/10\/Logo.svg","contentUrl":"https:\/\/thewebdevpoint.com\/wp-content\/uploads\/2024\/10\/Logo.svg","width":251,"height":48,"caption":"Muzeul Pele\u0219"},"image":{"@id":"https:\/\/thewebdevpoint.com\/ro\/#\/schema\/logo\/image\/"}}]}},"_links":{"self":[{"href":"https:\/\/thewebdevpoint.com\/ro\/wp-json\/wp\/v2\/eveniment\/9000","targetHints":{"allow":["GET"]}}],"collection":[{"href":"https:\/\/thewebdevpoint.com\/ro\/wp-json\/wp\/v2\/eveniment"}],"about":[{"href":"https:\/\/thewebdevpoint.com\/ro\/wp-json\/wp\/v2\/types\/eveniment"}],"version-history":[{"count":3,"href":"https:\/\/thewebdevpoint.com\/ro\/wp-json\/wp\/v2\/eveniment\/9000\/revisions"}],"predecessor-version":[{"id":16913,"href":"https:\/\/thewebdevpoint.com\/ro\/wp-json\/wp\/v2\/eveniment\/9000\/revisions\/16913"}],"wp:featuredmedia":[{"embeddable":true,"href":"https:\/\/thewebdevpoint.com\/ro\/wp-json\/wp\/v2\/media\/13822"}],"wp:attachment":[{"href":"https:\/\/thewebdevpoint.com\/ro\/wp-json\/wp\/v2\/media?parent=9000"}],"wp:term":[{"taxonomy":"categorie-evenimente","embeddable":true,"href":"https:\/\/thewebdevpoint.com\/ro\/wp-json\/wp\/v2\/categorie-evenimente?post=9000"}],"curies":[{"name":"wp","href":"https:\/\/api.w.org\/{rel}","templated":true}]}}