{"id":9001,"date":"2024-10-05T11:59:17","date_gmt":"2024-10-05T08:59:17","guid":{"rendered":"https:\/\/pelestest.thepoint-agency.com\/turneul-national-romanian-young-virtuosos\/"},"modified":"2024-12-19T13:52:03","modified_gmt":"2024-12-19T11:52:03","slug":"turneul-national-romanian-young-virtuosos","status":"publish","type":"eveniment","link":"https:\/\/thewebdevpoint.com\/ro\/eveniment\/turneul-national-romanian-young-virtuosos\/","title":{"rendered":"TURNEUL NA\u021aIONAL \u201eROMANIAN YOUNG VIRTUOSOS\u201d"},"content":{"rendered":"<p class=\"s16\"><span class=\"s11\"><span class=\"bumpedFont15\">Cu ocazia\u00a0<\/span><\/span><span class=\"s12\"><span class=\"bumpedFont15\">Zilei Interna\u021bionale a Muzicii 2024<\/span><\/span><span class=\"s11\"><span class=\"bumpedFont15\">\u00a0Asocia\u021bia pentru Muzic\u0103, Art\u0103 \u0219i Cultur\u0103, \u00een parteneriat cu Universitatea Na\u021bional\u0103 de Muzic\u0103 din Bucure\u0219ti, Centrul Na\u021bional de Art\u0103 \u201eTinerimea Rom\u00e2n\u0103\u201d din Bucure\u0219ti, <\/span><\/span><span class=\"s11\"><span class=\"bumpedFont15\">Muzeul Na\u021bional \u201eGeorge Enescu\u201d din Bucure\u0219ti, <\/span><\/span><span class=\"s11\"><span class=\"bumpedFont15\">Centrul Multicultural al Universit\u0103\u021bii Transilvania din Bra\u0219ov, Vibrate Festival Bra\u0219ov, Asocia\u021bia Cultural\u0103 Paul Constantinescu din Ploie<\/span><\/span><span class=\"s11\"><span class=\"bumpedFont15\">\u0219ti, Muzeul Na\u021bional Pele\u0219 din Sinaia, Muzeul \u021a\u0103rii Cri\u0219urilor din Oradea, Universitatea din Oradea \u2013 Facultatea de Arte, Universitatea de Vest din Timi\u0219oara, Seat Rom\u00e2nia \u0219i<\/span><\/span><span class=\"s11\"><span class=\"bumpedFont15\"> Forumul Cultural Austriac din Bucure<\/span><\/span><span class=\"s11\"><span class=\"bumpedFont15\">\u0219ti<\/span><\/span><span class=\"s11\"><span class=\"bumpedFont15\">, prezint\u0103 turneul na\u021bional \u201e<\/span><\/span><span class=\"s12\"><span class=\"bumpedFont15\">ROMANIAN YOUN<\/span><\/span><span class=\"s12\"><span class=\"bumpedFont15\">G VIRTUOSOS<\/span><\/span><span class=\"s11\"><span class=\"bumpedFont15\">\u201d. Astfel, \u00een perioada 3 \u2013 11 octombrie 2024, muzicieni \u0219i oameni de cultur\u0103:\u00a0<\/span><\/span><span class=\"s12\"><span class=\"bumpedFont15\">Rodica Vic\u0103<\/span><\/span><span class=\"s11\"><span class=\"bumpedFont15\">\u00a0\u2013 sopran\u0103 (Austria\/Rom\u00e2nia),\u00a0<\/span><\/span><span class=\"s12\"><span class=\"bumpedFont15\">Martiniana Antonie<\/span><\/span><span class=\"s11\"><span class=\"bumpedFont15\">\u00a0\u2013 mezzosopran\u0103 (Germania\/Rom\u00e2nia),\u00a0<\/span><\/span><span class=\"s12\"><span class=\"bumpedFont15\">\u0218tefan Cazacu<\/span><\/span><span class=\"s11\"><span class=\"bumpedFont15\">\u00a0\u2013 violoncelist (Rom\u00e2nia),\u00a0<\/span><\/span><span class=\"s12\"><span class=\"bumpedFont15\">Diana Ionescu<\/span><\/span><span class=\"s11\"><span class=\"bumpedFont15\">\u00a0\u2013 pian (Rom\u00e2nia),\u00a0<\/span><\/span><span class=\"s12\"><span class=\"bumpedFont15\">Vlad Maistorovici<\/span><\/span><span class=\"s11\"><span class=\"bumpedFont15\">\u00a0\u2013 compozitor (Rom\u00e2nia) \u0219i<\/span><\/span><span class=\"s12\"><span class=\"bumpedFont15\">\u00a0Dana Deac<\/span><\/span><span class=\"s11\"><span class=\"bumpedFont15\">\u00a0\u2013 jurnalist\u0103 (Rom\u00e2nia), se reunesc pentru a aduce un omagiu compozitorilor rom\u00e2ni, propun\u00e2nd publicului un proiect inedit ce aduce la lumin\u0103 piese mai pu\u021bin cunoscute \u0219i interpretate. De asemenea, o noutate a acestui turneu o reprezint\u0103 <\/span><\/span><span class=\"s13\"><span class=\"bumpedFont15\">Ciclul de trei lieduri<\/span><\/span><span class=\"s14\"><span class=\"bumpedFont15\"> pe versuri de Noemi Marin pentru<\/span><\/span><span class=\"s14\"><span class=\"bumpedFont15\">voce, violoncel \u0219i pian special compus de muzicianul Vlad Maistorovici. \u00cen program piese de\u00a0George Enescu, George Steph\u0103nescu, Tiberiu Brediceanu, Ghe<\/span><\/span><span class=\"s14\"><span class=\"bumpedFont15\">r<\/span><\/span><span class=\"s14\"><span class=\"bumpedFont15\">ase Dendrino, <\/span><\/span><span class=\"s14\"><span class=\"bumpedFont15\">Paul Constantinescu \u0219i Vlad Maistoroivici.\u00a0Prin proiectul \u201eRomanian Young Virtuosos\u201d, Asocia\u021bia pentru Muzic\u0103, Art\u0103 \u0219i Cultur<\/span><\/span><span class=\"s15\"><span class=\"bumpedFont15\">\u0103<\/span><\/span><span class=\"s14\"><span class=\"bumpedFont15\"> \u00ee\u0219i propune s\u0103 inspire t\u00e2n\u0103ra genera\u021bie \u0219i s\u0103 promoveze patrimoniul muzical na\u021bional, oferind o experien\u021b\u0103 artistic\u0103 de neuitat publicului din Rom\u00e2nia.<\/span><\/span><\/p>\n<p class=\"s18\"><span class=\"s11\"><span class=\"bumpedFont15\">Turneul na\u021bional este co-finan\u021bat de\u00a0<\/span><\/span><span class=\"s12\"><span class=\"bumpedFont15\">AFCN \u2013 Administra\u021bia Fondului Cultural Na\u021bional<\/span><\/span><span class=\"s11\"><span class=\"bumpedFont15\">\u00a0\u0219i se va desf\u0103\u0219ura dup\u0103 cum urmeaz\u0103:<\/span><\/span><\/p>\n<p class=\"s18\"><span class=\"s12\"><span class=\"bumpedFont15\">BUCURE\u0218TI, 3 octombrie 2024, ora 19:00\u00a0<\/span><\/span><\/p>\n<p class=\"s18\"><span class=\"s11\"><span class=\"bumpedFont15\">Studioul de Oper\u0103 al Universit\u0103\u021bii Na\u021bionale de Muzic\u0103 \u2013 Str. \u0218tirbei<\/span><\/span><span class=\"s11\"><span class=\"bumpedFont15\">Vod\u0103 nr. 33\u00a0<\/span><\/span><\/p>\n<p class=\"s20\"><span class=\"s11\"><span class=\"bumpedFont15\">Concertul de deschidere a turneului na\u021bional \u201e<\/span><\/span><span class=\"s12\"><span class=\"bumpedFont15\">ROMANIAN YOUNG VIRTUOSOS<\/span><\/span><span class=\"s11\"><span class=\"bumpedFont15\">\u201d este sus\u021binut de\u00a0<\/span><\/span><span class=\"s12\"><span class=\"bumpedFont15\">Rodica Vic\u0103<\/span><\/span><span class=\"s11\"><span class=\"bumpedFont15\">\u00a0\u2013 sopran\u0103,\u00a0<\/span><\/span><span class=\"s12\"><span class=\"bumpedFont15\">Martiniana Antonie<\/span><\/span><span class=\"s11\"><span class=\"bumpedFont15\">\u00a0\u2013 mezzosopran\u0103,\u00a0<\/span><\/span><span class=\"s12\"><span class=\"bumpedFont15\">\u0218tefan Cazacu<\/span><\/span><span class=\"s11\"><span class=\"bumpedFont15\">\u00a0\u2013 violoncel \u0219i\u00a0<\/span><\/span><span class=\"s12\"><span class=\"bumpedFont15\">Diana Ionescu<\/span><\/span><span class=\"s11\"><span class=\"bumpedFont15\">\u00a0&#8211; pian. Evenimentul prezentat de jurnalista\u00a0<\/span><\/span><span class=\"s12\"><span class=\"bumpedFont15\">Dana De<\/span><\/span><span class=\"s12\"><span class=\"bumpedFont15\">ac<\/span><\/span><span class=\"s11\"><span class=\"bumpedFont15\">\u00a0este organizat \u00een parteneriat cu Universitatea Na\u021bional\u0103 de Muzic\u0103 din Bucure\u0219ti, Muzeul Na\u021bional \u201eGeorge Enescu\u201d din Bucure\u0219ti<\/span><\/span><span class=\"s11\"><span class=\"bumpedFont15\">, Forumul Cultural Austriac din Bucure\u0219ti<\/span><\/span><span class=\"s11\"><span class=\"bumpedFont15\"> \u0219i Centrul Na\u021bional de Art\u0103 \u201eTinerimea Rom\u00e2n\u0103\u201d din Bucure\u0219ti.\u00a0<\/span><\/span><\/p>\n<p class=\"s20\"><span class=\"s11\"><span class=\"bumpedFont15\">Participarea la eveniment este liber\u0103, \u00een limita locurilor disponibile, cu rezervarea obligatorie a locului la adresa de e-mail:\u00a0<\/span><\/span><a href=\"mailto:birou.presa.musicarte@gmail.com\"><span class=\"s21\"><span class=\"bumpedFont15\">birou.presa.musicarte@gmail.com<\/span><\/span><\/a><\/p>\n<p class=\"s18\"><span class=\"s12\"><span class=\"bumpedFont15\">BRA\u0218OV, 4 octombrie 2024, ora 19:00\u00a0<\/span><\/span><\/p>\n<p class=\"s18\"><span class=\"s11\"><span class=\"bumpedFont15\">Centrul Multicultural al<\/span><\/span><span class=\"s11\"><span class=\"bumpedFont15\"> Universit\u0103\u021bii Transilvania \u2013 Bulevardul Eroilor nr. 29\u00a0<\/span><\/span><\/p>\n<p class=\"s20\"><span class=\"s11\"><span class=\"bumpedFont15\">Cel de-al doilea concert din cadrul turneului na\u021bional \u201e<\/span><\/span><span class=\"s12\"><span class=\"bumpedFont15\">ROMANIAN YOUNG VIRTUOSOS<\/span><\/span><span class=\"s11\"><span class=\"bumpedFont15\">\u201d \u2013 concert sus\u021binut de\u00a0<\/span><\/span><span class=\"s12\"><span class=\"bumpedFont15\">Rodica Vic\u0103<\/span><\/span><span class=\"s11\"><span class=\"bumpedFont15\">\u00a0\u2013 sopran\u0103,\u00a0<\/span><\/span><span class=\"s12\"><span class=\"bumpedFont15\">Martiniana Antonie<\/span><\/span><span class=\"s11\"><span class=\"bumpedFont15\">\u00a0\u2013 mezzosopran\u0103,\u00a0<\/span><\/span><span class=\"s12\"><span class=\"bumpedFont15\">\u0218tefan Cazacu<\/span><\/span><span class=\"s11\"><span class=\"bumpedFont15\">\u00a0\u2013 violoncel \u0219i\u00a0<\/span><\/span><span class=\"s12\"><span class=\"bumpedFont15\">Diana I<\/span><\/span><span class=\"s12\"><span class=\"bumpedFont15\">onescu<\/span><\/span><span class=\"s11\"><span class=\"bumpedFont15\">\u00a0\u2013 pian, este organizat \u00een parteneriat cu Centrul Multicultural al Universit\u0103\u021bii Transilvania din Bra\u0219ov, Vibrate Festival din Bra\u0219ov<\/span><\/span><span class=\"s11\"><span class=\"bumpedFont15\">, Libris \u0218t. O. Iosif Bra\u0219ov <\/span><\/span><span class=\"s11\"><span class=\"bumpedFont15\">\u0219i Asocia\u021bia Culturala Paul Constantinescu din Ploie\u0219ti.\u00a0<\/span><\/span><\/p>\n<p class=\"s18\"><span class=\"s11\"><span class=\"bumpedFont15\">Participarea la eveniment este liber\u0103, \u00een limita locurilor disponibile, cu rezervarea obligatorie a locului la adresa de e-mail:\u00a0<\/span><\/span><a href=\"mailto:birou.presa.musicarte@gmail.com\"><span class=\"s21\"><span class=\"bumpedFont15\">birou.presa.musicarte@gmail.com<\/span><\/span><\/a><\/p>\n<p class=\"s18\"><span class=\"s12\"><span class=\"bumpedFont15\">SINAIA, 5 octombrie 2024, ora 16:00\u00a0<\/span><\/span><\/p>\n<p class=\"s22\"><span class=\"s11\"><span class=\"bumpedFont15\">Muzeul Na\u021bional Pele\u0219 &#8211; Str. Pel<\/span><\/span><span class=\"s11\"><span class=\"bumpedFont15\">e\u0219ului nr. 2\u00a0<\/span><\/span><\/p>\n<p class=\"s22\"><span class=\"s11\"><span class=\"bumpedFont15\">Accesul publicului \u00een Sala de Concerte se face pe terasa de nord a Castelului Pele\u0219.\u00a0<\/span><\/span><\/p>\n<p class=\"s20\"><span class=\"s11\"><span class=\"bumpedFont15\">Cel de-al treilea concert din cadrul turneului na\u021bional \u201e<\/span><\/span><span class=\"s12\"><span class=\"bumpedFont15\">ROMANIAN YOUNG VIRTUOSOS<\/span><\/span><span class=\"s11\"><span class=\"bumpedFont15\">\u201d \u2013 concert sus\u021binut de\u00a0<\/span><\/span><span class=\"s12\"><span class=\"bumpedFont15\">Rodica Vic\u0103<\/span><\/span><span class=\"s11\"><span class=\"bumpedFont15\">\u00a0\u2013 sopran\u0103,\u00a0<\/span><\/span><span class=\"s12\"><span class=\"bumpedFont15\">Martiniana Antonie<\/span><\/span><span class=\"s11\"><span class=\"bumpedFont15\">\u00a0\u2013 mezzosopran\u0103,\u00a0<\/span><\/span><span class=\"s12\"><span class=\"bumpedFont15\">\u0218tefan Cazacu<\/span><\/span><span class=\"s11\"><span class=\"bumpedFont15\">\u00a0\u2013 violoncel \u0219i\u00a0<\/span><\/span><span class=\"s12\"><span class=\"bumpedFont15\">Diana Ionescu<\/span><\/span><span class=\"s11\"><span class=\"bumpedFont15\">\u00a0\u2013 pian, este organizat \u00een parteneriat cu Muzeul Na\u021bional Pele\u0219 \u2013 Sinaia \u0219i Muzeul Na\u021bional \u201eGeorge Enescu\u201d \u2013 Bucure\u0219ti.<\/span><\/span><\/p>\n<p class=\"s18\"><span class=\"s11\"><span class=\"bumpedFont15\">Participarea la eveniment este liber\u0103, \u00een limita locurilor disponibile, cu rezervarea<\/span><\/span><span class=\"s11\"><span class=\"bumpedFont15\"> obligatorie a locului la adresa de e-mail:\u00a0<\/span><\/span><a href=\"mailto:peles.ro@gmail.com\"><span class=\"s21\"><span class=\"bumpedFont15\">peles.ro@gmail.com<\/span><\/span><\/a><\/p>\n<p class=\"s18\"><span class=\"s12\"><span class=\"bumpedFont15\">ORADEA, 9 octombrie 2024, ora 19:00\u00a0<\/span><\/span><\/p>\n<p class=\"s18\"><span class=\"s11\"><span class=\"bumpedFont15\">Muzeul \u021a\u0103rii Cri\u0219urilor \u2013 Calea Armatei nr. 1\/A<\/span><\/span><\/p>\n<p class=\"s20\"><span class=\"s11\"><span class=\"bumpedFont15\">Cel de-al patrulea concert din cadrul turneului na\u021bional \u201e<\/span><\/span><span class=\"s12\"><span class=\"bumpedFont15\">ROMANI<\/span><\/span><span class=\"s12\"><span class=\"bumpedFont15\">AN YOUNG VIRTUOSOS<\/span><\/span><span class=\"s11\"><span class=\"bumpedFont15\">\u201d \u2013 concert sus\u021binut de\u00a0<\/span><\/span><span class=\"s12\"><span class=\"bumpedFont15\">Rodica Vic\u0103<\/span><\/span><span class=\"s11\"><span class=\"bumpedFont15\">\u00a0\u2013 sopran\u0103,\u00a0<\/span><\/span><span class=\"s12\"><span class=\"bumpedFont15\">Martiniana Antonie<\/span><\/span><span class=\"s11\"><span class=\"bumpedFont15\">\u00a0\u2013 mezzosopran\u0103,\u00a0<\/span><\/span><span class=\"s12\"><span class=\"bumpedFont15\">\u0218tefan Cazacu<\/span><\/span><span class=\"s11\"><span class=\"bumpedFont15\">\u00a0\u2013 violoncel \u0219i\u00a0<\/span><\/span><span class=\"s12\"><span class=\"bumpedFont15\">Diana Ionescu<\/span><\/span><span class=\"s11\"><span class=\"bumpedFont15\">\u00a0\u2013 pian, este organizat \u00een parteneriat cu Muzeul \u021a\u0103rii Cri\u0219urilor din Oradea \u0219i Facultatea de Arte din cadrul Universit\u0103\u021bii din Oradea<\/span><\/span><span class=\"s11\"><span class=\"bumpedFont15\"> \u0219i Forumul Cultural Austriac din Bucure\u0219ti<\/span><\/span><span class=\"s11\"><span class=\"bumpedFont15\">.<\/span><\/span><\/p>\n<p class=\"s18\"><span class=\"s11\"><span class=\"bumpedFont15\">Participarea la eveniment este liber\u0103, \u00een limita a 150 de locurilor disponibile. Biletele gratuite pot fi ridicate de la casieria muzeului, \u00eencep\u00e2nd cu data de 1 octombrie, \u00een intervalul orar<\/span><\/span><span class=\"s11\"><span class=\"bumpedFont15\"> 10:00-18:00.\u00a0<\/span><\/span><\/p>\n<p class=\"s18\"><span class=\"s12\"><span class=\"bumpedFont15\">TIMI\u0218OARA, 10 octombrie 2024, ora 19:00<\/span><\/span><\/p>\n<p class=\"s22\"><span class=\"s11\"><span class=\"bumpedFont15\">Sala Orpheum din cadrul Universit\u0103\u021bii de Vest \u2013 Strada Emanoil Ungureanu nr. 2<\/span><\/span><\/p>\n<p class=\"s20\"><span class=\"s11\"><span class=\"bumpedFont15\">Concertul de \u00eenchidere a turneului na\u021bional \u201e<\/span><\/span><span class=\"s12\"><span class=\"bumpedFont15\">ROMANIAN YOUNG VIRTUOSOS<\/span><\/span><span class=\"s11\"><span class=\"bumpedFont15\">\u201d \u2013 concert sus\u021binut de\u00a0<\/span><\/span><span class=\"s12\"><span class=\"bumpedFont15\">Rodica Vic\u0103<\/span><\/span><span class=\"s11\"><span class=\"bumpedFont15\">\u00a0\u2013 sopran\u0103,\u00a0<\/span><\/span><span class=\"s12\"><span class=\"bumpedFont15\">Mart<\/span><\/span><span class=\"s12\"><span class=\"bumpedFont15\">iniana Antonie<\/span><\/span><span class=\"s11\"><span class=\"bumpedFont15\">\u00a0\u2013 mezzosopran\u0103,\u00a0<\/span><\/span><span class=\"s12\"><span class=\"bumpedFont15\">\u0218tefan Cazacu<\/span><\/span><span class=\"s11\"><span class=\"bumpedFont15\">\u00a0\u2013 violoncel \u0219i\u00a0<\/span><\/span><span class=\"s12\"><span class=\"bumpedFont15\">Diana Ionescu<\/span><\/span><span class=\"s11\"><span class=\"bumpedFont15\">\u00a0\u2013 pian, este organizat \u00een parteneriat cu Universitatea de Vest din Timi\u0219oara<\/span><\/span><span class=\"s11\"><span class=\"bumpedFont15\"> \u0219i Forumul Cultural Austriac din Bucure\u0219ti<\/span><\/span><span class=\"s11\"><span class=\"bumpedFont15\">. Participarea la eveniment este liber\u0103, \u00een limita locurilor disponibile.<\/span><\/span><\/p>\n<p class=\"s20\"><span class=\"s11\"><span class=\"bumpedFont15\">La finalul turneului na\u021bional \u201e<\/span><\/span><span class=\"s12\"><span class=\"bumpedFont15\">ROMANIAN YOUNG VIRTUOSOS<\/span><\/span><span class=\"s11\"><span class=\"bumpedFont15\">\u201d soprana Rodica Vic\u0103 \u0219i violoncelistul \u0218tefan Cazacu vor sus\u021bine, \u00een data de 11 octombrie 2024, un master-class vocal, respectiv de violoncel pentru studen\u021bii Universit\u0103\u021bii de Vest din Timi<\/span><\/span><span class=\"s11\"><span class=\"bumpedFont15\">\u0219oara.<\/span><\/span><\/p>\n<p class=\"s18\"><span class=\"s23\"><span class=\"bumpedFont15\">AFCN nu este responsabil\u0103 de con\u021binutul proiectului sau de modul \u00een care rezultatele proiectului pot fi folosite. Acestea sunt \u00een \u00eentregime responsabilitatea beneficiarului finan\u021b\u0103rii.<\/span><\/span><\/p>\n<p class=\"s18\"><span class=\"s11\"><span class=\"bumpedFont15\">Mai multe informa\u021bii despre turneului na\u021bional\u00a0<\/span><\/span><span class=\"s12\"><span class=\"bumpedFont15\">ROMANIAN YOUNG V<\/span><\/span><span class=\"s12\"><span class=\"bumpedFont15\">IRTUOSOS<\/span><\/span><span class=\"s11\"><span class=\"bumpedFont15\">\u00a0pot fi g\u0103site pe site-ul <\/span><\/span><a href=\"http:\/\/www.romanianvirtuosos.musicarte.ro\/\"><span class=\"s24\"><span class=\"bumpedFont15\">www.romanianvirtuosos.musicarte.ro<\/span><\/span><\/a><\/p>\n<p class=\"s7\"><span class=\"s26\"><span class=\"bumpedFont15\">***<\/span><\/span><\/p>\n<p class=\"s18\"><span class=\"s27\"><span class=\"bumpedFont15\">Despre turneu:\u00a0<\/span><\/span><span class=\"s23\"><span class=\"bumpedFont15\">Romanian Young Virtuosos<\/span><\/span><span class=\"s11\"><span class=\"bumpedFont15\">\u00a0este un proiect menit s\u0103 prezinte at\u00e2t publicului larg lucr\u0103ri rom\u00e2ne\u0219ti mai pu\u021bin c\u00e2ntate sau chiar necunoscute, dar mai ales s\u0103 \u00eencurajeze tinerii muzicienii rom\u00e2ni, l<\/span><\/span><span class=\"s11\"><span class=\"bumpedFont15\">a \u00eenceput de drum, s\u0103-\u0219i continue formarea, av\u00e2nd ca exemplu perioada de tinere\u021be a compozitorilor rom\u00e2ni ai secolului XX \u0219i XXI. Prin gesturile sale generoase de a sus\u021bin<\/span><\/span><span class=\"s11\"><span class=\"bumpedFont15\">e tinerii muzicieni ai vremurilor sale, prin premii, promovare, mentorat \u0219i chiar ajutor financiar pentru cei \u00een nevoie, George Enescu ne este un model \u0219i totodat\u0103 o inspira\u021bie pentru acest proiect. Proiectul se focuseaz\u0103 pe genera\u021bia t\u00e2n\u0103r\u0103, \u00een special pe cea din domeniul muzical, fiind un proiect ce aduce laolalt\u0103 muzicieni tineri rom\u00e2ni, deja cu o carier\u0103 interna\u021bional\u0103 \u0219i care aduc un manifest pentru genera\u021bia \u0219i mai t\u00e2n\u0103r\u0103 de muzicieni din Rom\u00e2nia, aspiran\u021bi \u0219i ei la o carier\u0103 interna\u021bional\u0103. Acest pro<\/span><\/span><span class=\"s11\"><span class=\"bumpedFont15\">iect este rezultatul cercet\u0103rilor sopranei Rodica Vic\u0103 realizate \u00een biblioteci \u0219i arhive din Bucure\u0219ti \u0219i Viena. Proiectul promoveaz\u0103 un repertoriu eclectic, cuprinz\u00e2nd lucr\u0103rile de tinere\u021be ale compozitorilor rom\u00e2ni prezentate \u00een aranjamente noi pentru dou\u0103 voci, violoncel \u0219i pian. De asemenea, violonistul \u0219i compozitorul Vlad Maistorovici a creat <\/span><\/span><span class=\"s13\"><span class=\"bumpedFont15\">Ciclul de trei lieduri<\/span><\/span><span class=\"s14\"><span class=\"bumpedFont15\"> pe versuri de Noemi Marin <\/span><\/span><span class=\"s11\"><span class=\"bumpedFont15\">pentru voce, pian \u0219i violoncel, ciclu ce va fi prezentat \u00een premier\u0103 na\u021bional\u0103 \u00een cadrul turneului. <\/span><\/span><\/p>\n<p class=\"s29\"><span class=\"s27\"><span class=\"bumpedFont15\">Despre ar<\/span><\/span><span class=\"s27\"><span class=\"bumpedFont15\">ti\u0219ti:<\/span><\/span><\/p>\n<p class=\"s20\"><span class=\"s12\"><span class=\"bumpedFont15\">RODICA VIC\u0102<\/span><\/span><span class=\"s11\"><span class=\"bumpedFont15\">\u00a0este o sopran\u0103 de excep\u021bie, apreciat\u0103 pentru expresivitatea \u0219i versatilitatea vocii sale, fiind considerat\u0103 una dintre cele mai promi\u021b\u0103toare artiste ale genera\u021biei sale. A debutat pe scena Operei Na\u021bionale din Bucure\u0219ti \u00een 2010, interpret\u00e2nd roluri principale \u00een opere de referin\u021b\u0103 precum Regina Nop\u021bii \u00een Flautul fermecat \u0219i Donna Anna \u00een Don Giovanni de W.A. Mozart, Rita de G. Donizetti, Rosina din B\u0103rbierul din Sevilla de G. Rossini \u0219i Alcina de G. Fr. Haendel. De-a lun<\/span><\/span><span class=\"s11\"><span class=\"bumpedFont15\">gul carierei sale,<\/span><\/span><span class=\"s11\"><span class=\"bumpedFont15\"> Rodica<\/span><\/span><span class=\"s11\"><span class=\"bumpedFont15\"> Vic\u0103 a c\u00e2\u0219tigat numeroase premii la concursuri de prestigiu, printre care Premiul I la Concursul Interna\u021bional de Muzic\u0103 Baroc\u0103 \u201eLa Stravaganza\u201d din Cluj-Napoca, Premiul II la Concursul Radiodifuziunii Rom\u00e2ne \u201eDrumul spre celebritate\u201d \u0219i Premiul pentru cea mai bun\u0103 interpretare muzical\u0103 \u00een cadrul Trofeului \u201eIon Dacian\u201d pentru tineri interpre\u021bi. Activitatea artistic\u0103 a sopranei include colabor\u0103ri cu importante orchestre \u0219i filarmonici at\u00e2t din Rom\u00e2nia, c\u00e2t \u0219i din str\u0103in\u0103tate. Printre realiz\u0103rile nota<\/span><\/span><span class=\"s11\"><span class=\"bumpedFont15\">bile se<\/span><\/span><span class=\"s11\"><span class=\"bumpedFont15\"> num\u0103r\u0103 premiera mondial\u0103 a oratoriului Strigoii de George Enescu al\u0103turi de Rundfunk Sinfonieorchester Berlin la Konzerthaus Berlin, sub bagheta dirijorului Gabriel Bebe\u0219elea \u0219i apari\u021biile la evenimente de prestigiu precum Gala OTP Bank la Sala Bela Bart\u00f3k-M\u00fcpa Budapesta, Canto Barocco la Teatro La Fenice \u0219i Gloria de Antonio Vivaldi al\u0103turi de Accademia Bizantina. De asemenea, Rodica Vic\u0103 a interpretat \u00een proiecte inovatoare precum La Lumiere Comique la Festivalul de Muzic\u0103 Veche de la Budapesta \u0219i<\/span><\/span><span class=\"s11\"><span class=\"bumpedFont15\"> BaRock<\/span><\/span><span class=\"s11\"><span class=\"bumpedFont15\">IN\u2019 Transylvania al\u0103turi de orchestra Musica Ricercata. Alte angajamente importante includ interpretarea Matth\u00e4us Passion de J.S. Bach sub conducerea lui Cristian M\u0103celaru la Ateneul Rom\u00e2n \u0219i Poemes pour mi de Olivier Messiaen cu Filarmonica Transilvania, dirijat\u0103 de Cristian Mandeal. Soprana a fost, de asemenea, invitat\u0103 s\u0103 participe la evenimentele organizate \u00een cadrul Lunii Oedip la Londra, inclusiv o serat\u0103 premerg\u0103toare premierei operei lui Enescu la Royal Opera House Covent Garden. Rodica Vic\u0103 <\/span><\/span><span class=\"s11\"><span class=\"bumpedFont15\">a ad\u0103ug<\/span><\/span><span class=\"s11\"><span class=\"bumpedFont15\">at recent \u00een repertoriul s\u0103u debutul \u00een rolurile Violetta Valery din La Traviata de Giuseppe Verdi \u0219i Fiorilla din Il Turco in Italia de Gioachino Rossini. Proiectele sale <\/span><\/span><span class=\"s11\"><span class=\"bumpedFont15\">recente<\/span><\/span><span class=\"s11\"><span class=\"bumpedFont15\"> includ un turneu interna\u021bional dedicat muzicii lui George Enescu, premiera modern\u0103 a operei La Foresta D\u2019Hermanstad de Valentino Fioravanti<\/span><\/span><span class=\"s11\"><span class=\"bumpedFont15\"> \u0219i interpretarea rolului Zima \u00een opera baroc\u0103 Indiile galante regizat\u0103 de Andrei \u0218erban. Discografia Rodic\u0103i Vic\u0103 include dou\u0103 CD-uri remarcabile: Strigoii de George Enescu, produs de casa de <\/span><\/span><span class=\"s11\"><span class=\"bumpedFont15\">discuri Capriccio \u0219i Stars in the Sky, un proiect multicultural lansat la Musikverein Vienna, care reune\u0219te c\u00e2ntece de leag\u0103n din \u00eentreaga lume, realizat \u00een colaborare cu \u021biterista Barbara Laister-Ebner. Mai multe informa\u021bii despre activitatea sopranei Rodica Vica pot fi g\u0103site pe<\/span><\/span><a href=\"http:\/\/www.rodicavica.com\/\"><span class=\"s30\"><span class=\"bumpedFont15\">\u00a0www.rodicavica.com<\/span><\/span><\/a><span class=\"s11\"><span class=\"bumpedFont15\">\u00a0<\/span><\/span><\/p>\n<p class=\"s18\"><span class=\"s11\"><span class=\"bumpedFont15\">T\u00e2n\u0103ra mezzosopran\u0103\u00a0<\/span><\/span><span class=\"s12\"><span class=\"bumpedFont15\">MARTINIANA ANTONIE<\/span><\/span><span class=\"s11\"><span class=\"bumpedFont15\">\u00a0\u0219i-a \u00eenceput c\u0103l\u0103toria muzical\u0103 ca elev\u0103 a Colegiului Na\u021bional de Art\u0103 \u201eOctav B\u0103ncil\u0103\u201d din Ia\u0219i \u0219i ulterior ca student\u0103 a Universit\u0103\u021bii Na\u021bional\u0103 de Muzic\u0103 din Bucure\u0219ti, perioad\u0103 in care a fost \u0219i bursiera programului Tinere Talente a Funda\u021bi<\/span><\/span><span class=\"s11\"><span class=\"bumpedFont15\">ei Regale Margareta a Rom\u00e2niei. Prima incursiune a Martinianei \u00een lumea spectacolului de Opera a avut loc \u00een 2017, \u00een cadrul Festivalului Rossini din Pesaro, atunci c\u00e2nd a debutat ca student\u0103 a renumitei Accademii Rossiniane \u201eAlbe<\/span><\/span><span class=\"s11\"><span class=\"bumpedFont15\">rto Zedda\u201d. Dup\u0103 acest succes, ea a revenit in Festivalul Rossini ca invitat in alte cinci produc\u021bii, ultima apari\u021bie fiind chiar anul acesta, in opera \u201eErmione\u201d. \u00cen 2018, Martiniana devine membra a Studio-ului de opera al Teatrului Na\u021bional din Mannheim, unde pentru trei ani \u00ee\u0219i va \u00eembog\u0103\u021bi repertoriul \u0219i experien\u021ba s<\/span><\/span><span class=\"s11\"><span class=\"bumpedFont15\">cenic\u0103. Martiniana are \u00een palmares numeroase premii na\u021bionale \u0219i interna\u021bionale, dintre care putem numi: C\u00e2\u0219tig\u0103tore a prestigiosului Concurs\u00a0AsLiCo\u00a0din Como; C\u00e2\u0219tig\u0103tore a Concursului \u201eJeunes<\/span><\/span><span class=\"s11\"><span class=\"bumpedFont15\">Espoires\u201d din Avignon, Fran\u021ba \u0219i Premiul II la Concursul In<\/span><\/span><span class=\"s11\"><span class=\"bumpedFont15\">terna\u021bional \u201eGeorge Enesco\u201d din Paris. De-a lungul carierei sale, Martiniana a avut privilegiul de a colabora cu arti\u0219ti, c\u00e2nt\u0103re\u021bi \u0219i dirijori celebri, precum: Carlo Rizzi, Michele Mariotti, Giacomo <\/span><\/span><span class=\"s11\"><span class=\"bumpedFont15\">Sagripanti, Gabriel Bebeselea, Alexander Soddy, Dmitry Korchak, Juan Diego Florez, Pretty Yende \u0219i Graham Vick. \u00cen stagiunea trecut\u0103 t\u00e2n\u0103ra mezzosoprana a putut fi urm\u0103rit\u0103 pe scena Ateneului Roman in cadrul Concertului Regal si pe scenele de opera ale Teatrului din Ancona in rolul lui Carmen din opera \u201cLa trag<\/span><\/span><span class=\"s11\"><span class=\"bumpedFont15\">edie de Carmen\u201d, ale Teatrului Na\u021bional din Mannheim si Praga in rolul lui Cherubino din opera \u201cLe Nozze di Figaro\u201d \u0219i \u00een cadrul Festivalului Rossini. Mai multe informa\u021bii despre<\/span><\/span><span class=\"s26\"><span class=\"bumpedFont15\"> mezzosoprana Martiniana Antonie pot fi g\u0103site pe\u00a0<\/span><\/span><a href=\"https:\/\/martiniana-antonie.com\/\"><span class=\"s31\"><span class=\"bumpedFont15\">Antonie Martiniana (martiniana-antonie.com)<\/span><\/span><\/a><span class=\"s26\"><span class=\"bumpedFont15\">\u00a0<\/span><\/span><\/p>\n<p class=\"s20\"><span class=\"s12\"><span class=\"bumpedFont15\">\u0218TEFAN CAZACU<\/span><\/span><span class=\"s11\"><span class=\"bumpedFont15\">\u00a0este un virtuos violoncelist rom\u00e2n, recent laureat al unor competi\u021bii interna\u021bionale importante. \u00cen 2022 a c\u00e2\u0219tigat premiul I la International Danube Festival &#8211; Donaufest (Ulm,<\/span><\/span><span class=\"s11\"><span class=\"bumpedFont15\"> Germania) \u0219i premiul al III-lea la Concursul Interna\u021bional George Enescu (edi\u021bia 2020-2021). Provenit dintr-o familie de muzicieni celebri, \u0218tefan a beneficiat de o educa\u021bie muzical\u0103 solid\u0103 \u00eenc\u0103 de timpuriu. A urmat studii universitare la Universitatea Na\u021bional\u0103 de Muzic\u0103 Bucure\u0219ti \u0219i la Viena, unde \u0219i-a perfec\u021bionat tehnica \u0219i expresivitatea artistic\u0103. Talentul s\u0103u a fost recunoscut \u00een competi\u021bii interna\u021bionale, ob\u021bin\u00e2nd premii prestigioase, inclusiv la Concursul de la Liezen (Austria) \u0219i Antonio Janigro <\/span><\/span><span class=\"s11\"><span class=\"bumpedFont15\">(Croa\u021bia), precum \u0219i Marele Premiu la selec\u021bia na\u021bional\u0103 pentru Concursul Eurovision Young Musicians (2010). \u0218tefan Cazacu a c\u00e2ntat pe numeroase scene interna\u021bionale printre care Musikverein \u0219i Konzerthaus din Viena, Filarmonica din Paris, Elbphilharmonie Hamburg, Konzerthaus Berlin \u0219i Auditorium Parco della Musica din Roma. \u00cen Rom\u00e2nia a fost aplaudat la Ateneul Rom\u00e2n, Sala Radio \u0219i Opera Na\u021bional\u0103 Bucure\u0219ti. De-a lungul carierei sale a colaborat cu toate orchestrele simfonice importante din Rom\u00e2nia, inclus<\/span><\/span><span class=\"s11\"><span class=\"bumpedFont15\">iv cu Filarmonica George Enescu, Orchestra Na\u021bional\u0103 Radio \u0219i Orchestra de Camer\u0103 Radio. De asemenea, a c\u00e2ntat cu Filarmonica din Chi\u0219in\u0103u \u0219i Orchestra de Tineret din Alicante. A fost acompaniat de dirijori renumi\u021bi precum Cristian Mandeal, Horia Andreescu, Cristian M\u0103celaru \u0219i Theo Wolters. \u0218tefan Cazacu este, de asemenea, dedicat pedagogiei, pred\u00e2nd din 2020 la Universitatea Na\u021bional\u0103 de Muzic\u0103 Bucure\u0219ti \u0219i la Colegiul Na\u021bional de Arte Dinu Lipatti. \u00cen paralel, sus\u021bine masterclass-uri \u0219i \u00ee\u0219i \u00eemp\u0103rt\u0103\u0219e\u0219te <\/span><\/span><span class=\"s11\"><span class=\"bumpedFont15\">experien\u021ba cu tineri muzicieni, iar pe l\u00e2ng\u0103 activitatea sa solistic\u0103, colaboreaz\u0103 cu ansamblul <\/span><\/span><span class=\"s23\"><span class=\"bumpedFont15\">Violoncelissimo<\/span><\/span><span class=\"s11\"><span class=\"bumpedFont15\">, fondat de tat\u0103l s\u0103u, Marin Cazacu, cu care a concertat \u00een ora\u0219e precum Bruxelles \u0219i Washington DC. \u00cen 2018, \u0218tefan Cazacu a participat la primul s\u0103u turneu na\u021bional, al\u0103turi de familia sa, \u00een cadrul proiectului <\/span><\/span><span class=\"s23\"><span class=\"bumpedFont15\">Clasic la puterea a treia<\/span><\/span><span class=\"s11\"><span class=\"bumpedFont15\">, o ini\u021biativ\u0103 care a adus \u00eempreun\u0103 pe scen\u0103 membri din trei genera\u021bii ale familiei Cazacu. Mai multe informa\u021bii despre violoncelistul \u0218tefan Cazacu pot fi g\u0103site <\/span><\/span><span class=\"s11\"><span class=\"bumpedFont15\">pe\u00a0<\/span><\/span><a href=\"https:\/\/stefancazacu.com\/biografie.html\"><span class=\"s32\"><span class=\"bumpedFont15\">biografie (stefancazacu.com)<\/span><\/span><\/a><span class=\"s11\"><span class=\"bumpedFont15\">.<\/span><\/span><\/p>\n<p class=\"s7\"><span class=\"s23\"><span class=\"bumpedFont15\">\u201e&#8230;sclipiri de virtuozitate \u0219i temperament \u00e0 la Martha Argerich&#8230; momente magice care aduc aminte de Maria Joao Pires \u00een momentele ei cele mai intense. (&#8230;) A fost un raport cameral \u00eentre solist\u0103 \u0219i orchestr\u0103 care ne-a amintit de Nigel Kennedy, \u00een momentele lui cele mai bune\u201d\u00a0<\/span><\/span><span class=\"s11\"><span class=\"bumpedFont15\">&#8211; Classical Source<\/span><\/span><\/p>\n<p class=\"s18\"><span class=\"s12\"><span class=\"bumpedFont15\">DIANA IONESCU<\/span><\/span><span class=\"s11\"><span class=\"bumpedFont15\">, pianista recunoscut\u0103 pentru \u201e<\/span><\/span><span class=\"s23\"><span class=\"bumpedFont15\">pianistica impun\u0103toare \u0219i muzicalitatea matur\u0103<\/span><\/span><span class=\"s11\"><span class=\"bumpedFont15\">\u201d (Musical Pointers), s-a remarc<\/span><\/span><span class=\"s11\"><span class=\"bumpedFont15\">at prin interpretarea capodoperelor din multiple epoci, de la Barocul lui Scarlatti \u0219i Bach, la puritatea clasic\u0103 a lui Mozart \u0219i Schubert, p\u00e2n\u0103 la m\u0103re\u021bia romanticilor \u0219i modernilor precum Schumann, Rachmaninov \u0219i Stravinsky. C\u00e2\u0219tig\u0103toare a Marelui Premiu la Concursul Interna\u021bional de Pian George Enescu 2001, Diana Ionescu se bucur\u0103 de o carier\u0103 interna\u021bional\u0103 ca solist\u0103, muzician de camer\u0103, pedagog \u0219i director de festival. <\/span><\/span><span class=\"s11\"><span class=\"bumpedFont15\">A ob\u021binut distinc\u021bii precum Premiul Alexis Weissenberg, Premiul EWLE pentru Mozart <\/span><\/span><span class=\"s11\"><span class=\"bumpedFont15\">Best Live Recording \u0219i Premiul II la Missouri Southern International Piano Competition. A sus\u021binut recitaluri \u0219i concerte pe scene prestigioase, incluz\u00e2nd Wigmore Hall, Purcell Room, Royal Festival Hall, Ateneul Rom\u00e2n \u0219i Merkin Hall din New York. A colaborat cu dirijori renumi\u021bi, printre care Peter Stark, Paul Daniel \u0219i Gabriel Bebe\u0219elea \u0219i a concertat cu orchestre de prestigiu, precum Filarmonica \u201eGeorge Enescu\u201d, Orchestra Na\u021bional\u0103 Radio \u0219i Guildhall Symphony Orchestra. <\/span><\/span><span class=\"s11\"><span class=\"bumpedFont15\">Diana Ionescu este fondatoarea\u00a0<\/span><\/span><span class=\"s12\"><span class=\"bumpedFont15\">vibr<\/span><\/span><span class=\"s12\"><span class=\"bumpedFont15\">ate!festival<\/span><\/span><span class=\"s11\"><span class=\"bumpedFont15\">\u00a0din Bra\u0219ov, un eveniment care aduce \u00eempreun\u0103 arti\u0219ti inovatori \u00eentr-un format interdisciplinar ce re\u00eemprosp\u0103teaz\u0103 experien\u021ba muzicii clasice. Pe l\u00e2ng\u0103 activitatea sa artistic\u0103, pred\u0103 la Universitatea Na\u021bional\u0103 de Muzic\u0103 din Bucure\u0219ti \u0219i ofer\u0103 masterclass-uri la festivaluri interna\u021bionale. N\u0103scut\u0103 la C\u00e2mpina \u00eentr-o familie de muzicieni, Diana Ionescu a \u00eenceput studiul pianului la v\u00e2rsta de 7 ani cu Sanda Bobescu. Dup\u0103 studii la Liceul \u201eGeorge Enescu\u201d \u0219i Universitatea Na\u021bional\u0103 de Muzic\u0103 din Bucu<\/span><\/span><span class=\"s11\"><span class=\"bumpedFont15\">re\u0219ti, sub \u00eendrumarea maestrului Dan Grigore, \u0219i-a continuat preg\u0103tirea la Birmingham Conservatoire \u0219i Guildhall School of Music and Drama. A avut parte de \u00eendrumarea unor mari mae\u0219tri precum Viktor Merzhanov \u0219i Alexis Weissenberg. \u00cen prezent, Diana finalizeaz\u0103 \u00eenregistrarea integralei sonatelor pentru pian \u0219i vioar\u0103 de Mozart, al\u0103turi de violonistul Vlad Maistorovici, \u0219i coordoneaz\u0103 programul educa\u021bional\u00a0<\/span><\/span><span class=\"s12\"><span class=\"bumpedFont15\">Muzica+<\/span><\/span><span class=\"s11\"><span class=\"bumpedFont15\">\u00a0\u00een C\u00e2mpina, care aduce concerte \u0219i ateliere inovatoare pentru elevi.<\/span><\/span><\/p>\n<p class=\"s7\"><span class=\"s11\"><span class=\"bumpedFont15\">\u201e<\/span><\/span><span class=\"s23\"><span class=\"bumpedFont15\">\u00eempinge barierele p\u00e2n\u0103 c<\/span><\/span><span class=\"s23\"><span class=\"bumpedFont15\">e ies sc\u00e2ntei\u201d &#8211;\u00a0<\/span><\/span><span class=\"s11\"><span class=\"bumpedFont15\">Musicweb International<\/span><\/span><\/p>\n<p class=\"s7\"><span class=\"s23\"><span class=\"bumpedFont15\">\u201eplin de atmosfer\u0103, un minunat v\u00e2rtej de sunete\u201d-\u00a0<\/span><\/span><span class=\"s11\"><span class=\"bumpedFont15\">The Classical Reviewer<\/span><\/span><\/p>\n<p class=\"s7\"><span class=\"s23\"><span class=\"bumpedFont15\">\u201eMaistorovici atinge o not\u0103 aparte\u201d &#8211;\u00a0<\/span><\/span><span class=\"s11\"><span class=\"bumpedFont15\">The Daily Telegraph<\/span><\/span><\/p>\n<p class=\"s18\"><a name=\"_Hlk177972773\"><\/a><span class=\"s12\"><span class=\"bumpedFont15\">VLAD H\u00ceRLAV MAISTOROVICI<\/span><\/span><span class=\"s11\"><span class=\"bumpedFont15\">, violonist, compozitor \u0219i dirijor rom\u00e2n<\/span><\/span><span class=\"s11\"><span class=\"bumpedFont15\">. <\/span><\/span><span class=\"s11\"><span class=\"bumpedFont15\">Compozi\u021biile lui H\u00eerlav Maistorovici sunt c\u0103utate \u0219i apreciate. \u201dAtr\u0103g\u0103toare \u0219i<\/span><\/span> <span class=\"s11\"><span class=\"bumpedFont15\">r\u0103sun\u0103toare\u201d (Musical America), plin\u0103 de \u201dcontraste vii\u201d (London Financial Times) \u0219i<\/span><\/span> <span class=\"s11\"><span class=\"bumpedFont15\">caracterizat\u0103 prin \u201dplasticitate a exprim\u0103rii\u201d, muzica sa figureaz\u0103 \u00een repertoriul unor<\/span><\/span> <span class=\"s11\"><span class=\"bumpedFont15\">orchestre \u0219i arti\u0219t<\/span><\/span><span class=\"s11\"><span class=\"bumpedFont15\">i de talie mondial\u0103. Reflect\u00e2nd experien\u021ba sa de interpret, lucr\u0103rile sale<\/span><\/span><span class=\"s11\"><span class=\"bumpedFont15\">sunt la fel de diverse ca \u0219i arti\u0219tii \u0219i institu\u021biile pentru care au fost comandate: de la<\/span><\/span> <span class=\"s11\"><span class=\"bumpedFont15\">\u201dminunatul v\u00e2rtej de sunete\u201d (The Classical Reviewer) din Halo pentru orchestr\u0103 (comanda London Symphony Orchestra), sau dadaismul ironic din R.E.M!X (Vis cu vampiri) (comand\u0103 a festivalului S\u0103pt\u0103m\u00e2na Interna\u021bional\u0103 a Muzicii Noi), la rapsodicul Concert<\/span><\/span><span class=\"s11\"><span class=\"bumpedFont15\">Transilvan (prezentat \u00een premiar\u0103 de Dmitry Sitkovetsky \u0219i orchestra de camer\u0103 New<\/span><\/span> <span class=\"s11\"><span class=\"bumpedFont15\">European <\/span><\/span><span class=\"s11\"><span class=\"bumpedFont15\">Strings, \u0219i comentat de ziarul Adev\u0103rul ca \u201do nou\u0103 Poem\u0103 Rom\u00e2n\u0103\u201d),<\/span><\/span> <span class=\"s11\"><span class=\"bumpedFont15\">Maistorovici \u201datinge o not\u0103 aparte\u201d (The Daily Telegraph). \u00cen 2012, Institutul Cultural<\/span><\/span> <span class=\"s11\"><span class=\"bumpedFont15\">Rom\u00e2n de la Londra a deschis stagiunea cu un concert intitulat Night Music: the chamber<\/span><\/span> <span class=\"s11\"><span class=\"bumpedFont15\">works of Vlad Maistorovici. \u00cen 2014, proiectul a fost reluat cu video-mapping \u00een cadrul Festivalului Interna\u021bional Amadeus de la Sibiu\/Hermanstadt, sub directoratul lui Christian<\/span><\/span> <span class=\"s11\"><span class=\"bumpedFont15\">Badea. \u00cen anul 2019, Maistorovici a condus \u00een premier\u0103 olandez\u0103 compozi\u021bia sa Concert<\/span><\/span> <span class=\"s11\"><span class=\"bumpedFont15\">Tran<\/span><\/span><span class=\"s11\"><span class=\"bumpedFont15\">silvan \u0219i a condus Octetul op. 7 de Enescu cu orchestra Young European Strings<\/span><\/span> <span class=\"s11\"><span class=\"bumpedFont15\">Camerata la Teatrul Diligentia din Haga \u00een cadrul sezonului cultural conex Pre\u0219edin\u021biei<\/span><\/span> <span class=\"s11\"><span class=\"bumpedFont15\">Rom\u00e2niei la Consiliul UE. \u00cen 2023 Maistorovici a conceput \u0219i dirijat spectacolul<\/span><\/span> <span class=\"s11\"><span class=\"bumpedFont15\">Metamorfoze: o c\u0103l\u0103torie muzical\u0103 \u00een lumea lui M. C. Escher la Kunstmuseum din Haga<\/span><\/span> <span class=\"s11\"><span class=\"bumpedFont15\">al\u0103turi de New European Ensemble \u0219i colectivul de arti\u0219ti video DeFrame cu ocazia<\/span><\/span> <span class=\"s11\"><span class=\"bumpedFont15\">anivers\u0103rii marelui artist olandez, care reune\u0219te muzica lui Bach, Webern, P\u00e4rt \u0219i<\/span><\/span><span class=\"s11\"><span class=\"bumpedFont15\">Maistorovici \u00een<\/span><\/span><span class=\"s11\"><span class=\"bumpedFont15\">tr-un \u201dspectacol muzical\/vizual prin excelen\u021b\u0103, un concert foare pl\u0103cut, cu o<\/span><\/span> <span class=\"s11\"><span class=\"bumpedFont15\">concep\u021bie \u0219i execu\u021bie str\u0103lucit\u0103\u201d (ArtsTalk Magazine). \u00cen 2024 a dirijat cu Orchestra de<\/span><\/span> <span class=\"s11\"><span class=\"bumpedFont15\">Camer\u0103 Radio lucrarea sa Mic tesseract Armonic \u0219i a compus lucrarea B.A.C.H.,<\/span><\/span> <span class=\"s11\"><span class=\"bumpedFont15\">passacaglia pentru vioar\u0103 solo, lucrarea impus\u0103 \u00een repertoriul sec\u021biunii violonistice a<\/span><\/span><span class=\"s11\"><span class=\"bumpedFont15\">Concursului Interna\u021bional George Enescu.<\/span><\/span><\/p>\n<p class=\"s18\"><span class=\"s12\"><span class=\"bumpedFont15\">DANA DEAC<\/span><\/span><span class=\"s11\"><span class=\"bumpedFont15\">, jurnalist\u0103. De la \u00eenceputul anului 2007 p\u00e2n\u0103 \u00een 2014, a de\u021binut func\u021bia de Director al TVR 1. Este \u00een continuare realizator TV<\/span><\/span><span class=\"s11\"><span class=\"bumpedFont15\"> la postul public. \u020antre 1998 \u0219i 2006 a fost reporter, produc\u0103tor executiv \u0219i prezentator la posturile de televiziune Antena 1 \u0219i Antena 3, timp \u00een care a primit numeroase premii pentru activitatea sa jurnalistic\u0103. Din 2013 este pre\u0219edintele Funda\u021biei Orange Rom\u00e2nia \u0219i de doi ani este ambasadorul Asocia\u021biei de Sprijin al Pacientului Oncologic. \u00cen 2023 a fondat proiectul Language Matters care este dedicat form\u0103rii g\u00e2ndirii critice a tinerilor din Rom\u00e2nia. Dana Deac a fost decorat\u0103 de Regele Mihai I al Rom\u00e2ni<\/span><\/span><span class=\"s11\"><span class=\"bumpedFont15\">ei cu \u00eenalte distinc\u021bii ale Casei Regale a Rom\u00e2niei: \u201eNihil Sine Deo\u201d \u0219i \u201eCrucea Casei Regale a Rom\u00e2niei\u201d. Este absolvent\u0103 a Facult\u0103\u021bii de Istorie \u0219i Filosofie, Sec\u021bia Filosofie-Istorie \u0219i doctorand la \u0218coala Doctoral\u0103 de Filosofie din Universitatea din Bucure\u0219ti.<\/span><\/span><\/p>\n<p class=\"s18\"><span class=\"s4\"><span class=\"bumpedFont15\">Organizator: <\/span><\/span><span class=\"s14\"><span class=\"bumpedFont15\">Asocia\u021bia pentru Muzic\u0103, Art\u0103 \u0219i Cultur\u0103<\/span><\/span><\/p>\n<p class=\"s18\"><span class=\"s4\"><span class=\"bumpedFont15\">Proiect co-finan\u021bat de: <\/span><\/span><span class=\"s14\"><span class=\"bumpedFont15\">AFCN \u2013 Administra\u021bia Fondului Cultural Na\u021bional<\/span><\/span><\/p>\n<p class=\"s18\"><span class=\"s4\"><span class=\"bumpedFont15\">Partener de mobilitate<\/span><\/span><span class=\"s14\"><span class=\"bumpedFont15\">: Seat Rom\u00e2nia<\/span><\/span><\/p>\n<p class=\"s18\"><span class=\"s4\"><span class=\"bumpedFont15\">\u00cen parteneriat cu: <\/span><\/span><span class=\"s14\"><span class=\"bumpedFont15\">Universitatea Na\u021bional\u0103 de Muzic\u0103 din Bucure\u0219ti, <\/span><\/span><span class=\"s14\"><span class=\"bumpedFont15\">Muzeul Na\u021bio<\/span><\/span><span class=\"s14\"><span class=\"bumpedFont15\">nal George Enescu din Bucure\u0219ti, <\/span><\/span><span class=\"s14\"><span class=\"bumpedFont15\">Centrul Na\u021bional de Art\u0103 \u201eTinerimea Rom\u00e2n\u0103\u201d din Bucure\u0219ti, Centrul Multicultural al Universit\u0103\u021bii Transilvania din Bra\u0219ov, Vibrate Festival Bra\u0219ov, Asocia\u021bia Cultural\u0103 Paul Constantinescu din Ploie\u0219ti, Libris \u0218t. O. Iosif din Bra\u0219ov, Muzeul Na\u021bional Pele\u0219, Muzeul \u021a\u0103rii Cri\u0219urilor din Oradea, Universitatea din Oradea \u2013 Facultatea de Arte, Universitatea de Vest din Timi\u0219oara<\/span><\/span><span class=\"s14\"><span class=\"bumpedFont15\">, Wagner Arte Frumoase \u0219i Pove\u0219ti<\/span><\/span><span class=\"s14\"><span class=\"bumpedFont15\"> \u0219i<\/span><\/span><span class=\"s14\"><span class=\"bumpedFont15\"> Forumul Cultural Austriac din Bucure\u0219ti<\/span><\/span><\/p>\n<p class=\"s18\"><span class=\"s4\"><span class=\"bumpedFont15\">Parteneri Media Na\u021bionali<\/span><\/span><span class=\"s14\"><span class=\"bumpedFont15\">: Trinitas Tv, Radio Rom\u00e2nia Muzical, Radio Rom\u00e2nia Cultural, RFI Rom\u00e2nia, Radio Trinitas, Radio Clasic, AGERPRES, spotmedia, UZPR \u2013 Uniunea Ziari\u0219tilor Profesioni\u0219ti din Rom\u00e2nia, PressOne, Zile \u0219i Nop\u021bi, Fest.ro, Revista Leviathan, ConnectArts, Ziarul News, Chic-Elite \u0219i Oficiul de \u0218tiri<\/span><\/span><\/p>\n<p class=\"s18\"><span class=\"s4\"><span class=\"bumpedFont15\">Parteneri Media Bucure\u0219ti \u0219i Sinaia<\/span><\/span><span class=\"s14\"><span class=\"bumpedFont15\">: Revista Femeia, Revista Femeia Azi, Revista Tango \u2013 Marea Dragoste, Revista Actualitatea Muzical\u0103 a UCMR, LiterNet.ro, BookHub, Verbs describe us, Literomania, \u00a0Iqads, Catchy, InOras.ro, AgentiadeCarte.ro, PRwave, Onlinegallery.ro, Bucharest Cultural Events, Edi\u021bia de Diminea\u021b\u0103, Jurnalul de Afaceri, Bucure\u0219tii vechi \u0219i noi, Bun\u0103 diminea\u021ba Bucure\u0219ti, Semne Bune, Republika Kritica, Autentici.info, Bucure\u0219ti City News, Rom\u00e2nia Pozitiv\u0103, Jurnal de Bucure\u0219ti, Urbea Mea, Bun\u0103 <\/span><\/span><span class=\"s14\"><span class=\"bumpedFont15\">Ziua Ia\u0219i, Promenada Cultural\u0103, Aici a Stat, \u00a0Cea\u0219ca de Cultur\u0103, <\/span><\/span><span class=\"s14\"><span class=\"bumpedFont15\">Bucure\u0219teni.ro, <\/span><\/span><span class=\"s14\"><span class=\"bumpedFont15\">\u0218tiri Actuale, Prahova Economic\u0103 \u0219i Prahova News<\/span><\/span><\/p>\n<p class=\"s18\"><span class=\"s4\"><span class=\"bumpedFont15\">Parteneri Media Bra\u0219ov<\/span><\/span><span class=\"s14\"><span class=\"bumpedFont15\">: Radio Rom\u00e2nia Bra\u0219ov, Star Fm, <\/span><\/span><span class=\"s14\"><span class=\"bumpedFont15\">Jurnal Fm Bra\u0219ov, <\/span><\/span><span class=\"s14\"><span class=\"bumpedFont15\">Bun\u0103 Ziua F\u0103g\u0103ra\u0219, Litera9, La Pas prin Bra\u0219ov, Metropola, Pre\u021bul Zilei, Monitorul Express, News Bra\u0219ov, <\/span><\/span><a name=\"_Hlk176203242\"><\/a><span class=\"s14\"><span class=\"bumpedFont15\">\u0218tirile Transilvaniei, Agenda Local\u0103, Digitalio<\/span><\/span><span class=\"s14\"><span class=\"bumpedFont15\">, Bra\u0219ov \u0218tiri<\/span><\/span><\/p>\n<p class=\"s18\"><span class=\"s4\"><span class=\"bumpedFont15\">Parteneri Media Oradea<\/span><\/span><span class=\"s14\"><span class=\"bumpedFont15\">: My Oradea, Bihoreanul, Jurnal Bihorean, Bihor Online, Info Oradea, Oradea Online, Cri\u0219ana, \u0218tiri Oradea \u0219i \u0218tiri din Oradea<\/span><\/span><\/p>\n<p class=\"s18\"><span class=\"s4\"><span class=\"bumpedFont15\">Parteneri Media Timi\u0219oara<\/span><\/span><span class=\"s14\"><span class=\"bumpedFont15\">: TVR Tim\u0219oara, Radio Rom\u00e2nia Timi\u0219oara, \u0218tiri de Timi\u0219oara, Rena\u0219terea B\u0103n\u0103\u021bean<\/span><\/span><span class=\"s14\"><span class=\"bumpedFont15\">, Timi<\/span><\/span><span class=\"s14\"><span class=\"bumpedFont15\">\u0219oreni.ro<\/span><\/span><\/p>\n<p class=\"s18\"><span class=\"s33\"><span class=\"bumpedFont15\">Birou Pres\u0103 &#8211; Asocia\u021bia pentru Muzic\u0103, Art\u0103 \u0219i Cultur\u0103<\/span><\/span><\/p>\n<p class=\"s18\"><span class=\"s34\"><span class=\"bumpedFont15\">tel. +40 723917995; e-mail: <\/span><\/span><a href=\"mailto:birou.presa.musicarte@gmail.com\"><span class=\"s35\"><span class=\"bumpedFont15\">birou.presa.musicarte@gmail.com<\/span><\/span><\/a><\/p>\n","protected":false},"featured_media":13821,"template":"","meta":{"_acf_changed":false},"categorie-evenimente":[333],"class_list":["post-9001","eveniment","type-eveniment","status-publish","has-post-thumbnail","hentry","categorie-evenimente-concerte"],"acf":[],"yoast_head":"<!-- This site is optimized with the Yoast SEO plugin v24.1 - https:\/\/yoast.com\/wordpress\/plugins\/seo\/ -->\n<title>TURNEUL NA\u021aIONAL \u201eROMANIAN YOUNG VIRTUOSOS\u201d &#183; Peles Test<\/title>\n<meta name=\"robots\" content=\"noindex, follow, max-snippet:-1, max-image-preview:large, max-video-preview:-1\" \/>\n<script type=\"application\/ld+json\" class=\"yoast-schema-graph\">{\"@context\":\"https:\/\/schema.org\",\"@graph\":[{\"@type\":\"WebPage\",\"@id\":\"https:\/\/thewebdevpoint.com\/eveniment\/turneul-national-romanian-young-virtuosos\/\",\"url\":\"https:\/\/thewebdevpoint.com\/eveniment\/turneul-national-romanian-young-virtuosos\/\",\"name\":\"TURNEUL NA\u021aIONAL \u201eROMANIAN YOUNG VIRTUOSOS\u201d &#183; Peles Test\",\"isPartOf\":{\"@id\":\"https:\/\/thewebdevpoint.com\/ro\/#website\"},\"primaryImageOfPage\":{\"@id\":\"https:\/\/thewebdevpoint.com\/eveniment\/turneul-national-romanian-young-virtuosos\/#primaryimage\"},\"image\":{\"@id\":\"https:\/\/thewebdevpoint.com\/eveniment\/turneul-national-romanian-young-virtuosos\/#primaryimage\"},\"thumbnailUrl\":\"https:\/\/thewebdevpoint.com\/wp-content\/uploads\/2024\/09\/IMG_4451-scaled.jpeg\",\"datePublished\":\"2024-10-05T08:59:17+00:00\",\"dateModified\":\"2024-12-19T11:52:03+00:00\",\"breadcrumb\":{\"@id\":\"https:\/\/thewebdevpoint.com\/eveniment\/turneul-national-romanian-young-virtuosos\/#breadcrumb\"},\"inLanguage\":\"ro-RO\",\"potentialAction\":[{\"@type\":\"ReadAction\",\"target\":[\"https:\/\/thewebdevpoint.com\/eveniment\/turneul-national-romanian-young-virtuosos\/\"]}]},{\"@type\":\"ImageObject\",\"inLanguage\":\"ro-RO\",\"@id\":\"https:\/\/thewebdevpoint.com\/eveniment\/turneul-national-romanian-young-virtuosos\/#primaryimage\",\"url\":\"https:\/\/thewebdevpoint.com\/wp-content\/uploads\/2024\/09\/IMG_4451-scaled.jpeg\",\"contentUrl\":\"https:\/\/thewebdevpoint.com\/wp-content\/uploads\/2024\/09\/IMG_4451-scaled.jpeg\",\"width\":1839,\"height\":2560},{\"@type\":\"BreadcrumbList\",\"@id\":\"https:\/\/thewebdevpoint.com\/eveniment\/turneul-national-romanian-young-virtuosos\/#breadcrumb\",\"itemListElement\":[{\"@type\":\"ListItem\",\"position\":1,\"name\":\"Acas\u0103\",\"item\":\"https:\/\/thewebdevpoint.com\/\"},{\"@type\":\"ListItem\",\"position\":2,\"name\":\"Evenimente\",\"item\":\"https:\/\/thewebdevpoint.com\/ro\/evenimente\/\"},{\"@type\":\"ListItem\",\"position\":3,\"name\":\"TURNEUL NA\u021aIONAL \u201eROMANIAN YOUNG VIRTUOSOS\u201d\"}]},{\"@type\":\"WebSite\",\"@id\":\"https:\/\/thewebdevpoint.com\/ro\/#website\",\"url\":\"https:\/\/thewebdevpoint.com\/ro\/\",\"name\":\"Peles Test\",\"description\":\"\",\"publisher\":{\"@id\":\"https:\/\/thewebdevpoint.com\/ro\/#organization\"},\"potentialAction\":[{\"@type\":\"SearchAction\",\"target\":{\"@type\":\"EntryPoint\",\"urlTemplate\":\"https:\/\/thewebdevpoint.com\/ro\/?s={search_term_string}\"},\"query-input\":{\"@type\":\"PropertyValueSpecification\",\"valueRequired\":true,\"valueName\":\"search_term_string\"}}],\"inLanguage\":\"ro-RO\"},{\"@type\":\"Organization\",\"@id\":\"https:\/\/thewebdevpoint.com\/ro\/#organization\",\"name\":\"Muzeul Pele\u0219\",\"alternateName\":\"MP\",\"url\":\"https:\/\/thewebdevpoint.com\/ro\/\",\"logo\":{\"@type\":\"ImageObject\",\"inLanguage\":\"ro-RO\",\"@id\":\"https:\/\/thewebdevpoint.com\/ro\/#\/schema\/logo\/image\/\",\"url\":\"https:\/\/thewebdevpoint.com\/wp-content\/uploads\/2024\/10\/Logo.svg\",\"contentUrl\":\"https:\/\/thewebdevpoint.com\/wp-content\/uploads\/2024\/10\/Logo.svg\",\"width\":251,\"height\":48,\"caption\":\"Muzeul Pele\u0219\"},\"image\":{\"@id\":\"https:\/\/thewebdevpoint.com\/ro\/#\/schema\/logo\/image\/\"}}]}<\/script>\n<!-- \/ Yoast SEO plugin. -->","yoast_head_json":{"title":"TURNEUL NA\u021aIONAL \u201eROMANIAN YOUNG VIRTUOSOS\u201d &#183; Peles Test","robots":{"index":"noindex","follow":"follow","max-snippet":"max-snippet:-1","max-image-preview":"max-image-preview:large","max-video-preview":"max-video-preview:-1"},"schema":{"@context":"https:\/\/schema.org","@graph":[{"@type":"WebPage","@id":"https:\/\/thewebdevpoint.com\/eveniment\/turneul-national-romanian-young-virtuosos\/","url":"https:\/\/thewebdevpoint.com\/eveniment\/turneul-national-romanian-young-virtuosos\/","name":"TURNEUL NA\u021aIONAL \u201eROMANIAN YOUNG VIRTUOSOS\u201d &#183; Peles Test","isPartOf":{"@id":"https:\/\/thewebdevpoint.com\/ro\/#website"},"primaryImageOfPage":{"@id":"https:\/\/thewebdevpoint.com\/eveniment\/turneul-national-romanian-young-virtuosos\/#primaryimage"},"image":{"@id":"https:\/\/thewebdevpoint.com\/eveniment\/turneul-national-romanian-young-virtuosos\/#primaryimage"},"thumbnailUrl":"https:\/\/thewebdevpoint.com\/wp-content\/uploads\/2024\/09\/IMG_4451-scaled.jpeg","datePublished":"2024-10-05T08:59:17+00:00","dateModified":"2024-12-19T11:52:03+00:00","breadcrumb":{"@id":"https:\/\/thewebdevpoint.com\/eveniment\/turneul-national-romanian-young-virtuosos\/#breadcrumb"},"inLanguage":"ro-RO","potentialAction":[{"@type":"ReadAction","target":["https:\/\/thewebdevpoint.com\/eveniment\/turneul-national-romanian-young-virtuosos\/"]}]},{"@type":"ImageObject","inLanguage":"ro-RO","@id":"https:\/\/thewebdevpoint.com\/eveniment\/turneul-national-romanian-young-virtuosos\/#primaryimage","url":"https:\/\/thewebdevpoint.com\/wp-content\/uploads\/2024\/09\/IMG_4451-scaled.jpeg","contentUrl":"https:\/\/thewebdevpoint.com\/wp-content\/uploads\/2024\/09\/IMG_4451-scaled.jpeg","width":1839,"height":2560},{"@type":"BreadcrumbList","@id":"https:\/\/thewebdevpoint.com\/eveniment\/turneul-national-romanian-young-virtuosos\/#breadcrumb","itemListElement":[{"@type":"ListItem","position":1,"name":"Acas\u0103","item":"https:\/\/thewebdevpoint.com\/"},{"@type":"ListItem","position":2,"name":"Evenimente","item":"https:\/\/thewebdevpoint.com\/ro\/evenimente\/"},{"@type":"ListItem","position":3,"name":"TURNEUL NA\u021aIONAL \u201eROMANIAN YOUNG VIRTUOSOS\u201d"}]},{"@type":"WebSite","@id":"https:\/\/thewebdevpoint.com\/ro\/#website","url":"https:\/\/thewebdevpoint.com\/ro\/","name":"Peles Test","description":"","publisher":{"@id":"https:\/\/thewebdevpoint.com\/ro\/#organization"},"potentialAction":[{"@type":"SearchAction","target":{"@type":"EntryPoint","urlTemplate":"https:\/\/thewebdevpoint.com\/ro\/?s={search_term_string}"},"query-input":{"@type":"PropertyValueSpecification","valueRequired":true,"valueName":"search_term_string"}}],"inLanguage":"ro-RO"},{"@type":"Organization","@id":"https:\/\/thewebdevpoint.com\/ro\/#organization","name":"Muzeul Pele\u0219","alternateName":"MP","url":"https:\/\/thewebdevpoint.com\/ro\/","logo":{"@type":"ImageObject","inLanguage":"ro-RO","@id":"https:\/\/thewebdevpoint.com\/ro\/#\/schema\/logo\/image\/","url":"https:\/\/thewebdevpoint.com\/wp-content\/uploads\/2024\/10\/Logo.svg","contentUrl":"https:\/\/thewebdevpoint.com\/wp-content\/uploads\/2024\/10\/Logo.svg","width":251,"height":48,"caption":"Muzeul Pele\u0219"},"image":{"@id":"https:\/\/thewebdevpoint.com\/ro\/#\/schema\/logo\/image\/"}}]}},"_links":{"self":[{"href":"https:\/\/thewebdevpoint.com\/ro\/wp-json\/wp\/v2\/eveniment\/9001","targetHints":{"allow":["GET"]}}],"collection":[{"href":"https:\/\/thewebdevpoint.com\/ro\/wp-json\/wp\/v2\/eveniment"}],"about":[{"href":"https:\/\/thewebdevpoint.com\/ro\/wp-json\/wp\/v2\/types\/eveniment"}],"version-history":[{"count":2,"href":"https:\/\/thewebdevpoint.com\/ro\/wp-json\/wp\/v2\/eveniment\/9001\/revisions"}],"predecessor-version":[{"id":16884,"href":"https:\/\/thewebdevpoint.com\/ro\/wp-json\/wp\/v2\/eveniment\/9001\/revisions\/16884"}],"wp:featuredmedia":[{"embeddable":true,"href":"https:\/\/thewebdevpoint.com\/ro\/wp-json\/wp\/v2\/media\/13821"}],"wp:attachment":[{"href":"https:\/\/thewebdevpoint.com\/ro\/wp-json\/wp\/v2\/media?parent=9001"}],"wp:term":[{"taxonomy":"categorie-evenimente","embeddable":true,"href":"https:\/\/thewebdevpoint.com\/ro\/wp-json\/wp\/v2\/categorie-evenimente?post=9001"}],"curies":[{"name":"wp","href":"https:\/\/api.w.org\/{rel}","templated":true}]}}