{"id":15704,"date":"2024-12-09T15:08:56","date_gmt":"2024-12-09T13:08:56","guid":{"rendered":"https:\/\/thewebdevpoint.com\/?post_type=personalitati&#038;p=15704"},"modified":"2024-12-17T10:47:44","modified_gmt":"2024-12-17T08:47:44","slug":"regina-mama-elena","status":"publish","type":"personalitati","link":"https:\/\/thewebdevpoint.com\/ro\/personalitati\/regina-mama-elena\/","title":{"rendered":"Regina Mam\u0103 Elena"},"content":{"rendered":"<p align=\"justify\">Principesa Elena de Grecia \u015fi Danemarca, so\u0163ia regelui Carol al II-lea al Rom\u00e2niei \u015fi mama regelui Mihai I, s-a n\u0103scut la 2 mai 1896, la Atena. A fost fiica cea mare a regelui Constantin I al Greciei \u015fi a reginei Sofia de Prusia. Pe linie patern\u0103, Elena descindea din \u0163arina Ecaterina cea Mare, iar pe linie matern\u0103, din Victoria a Marii Britanii. Se \u00eenrudea cu \u00eemp\u0103ratul Germaniei, cu regii Danemarcei, Norvegiei \u015fi Suediei.<\/p>\n<p align=\"justify\">Elena \u00ee\u015fi petrece anii copil\u0103riei \u015fi adolescen\u0163ei \u00een \u00eensorita Elad\u0103, al\u0103turi de fra\u0163ii \u015fi surorile sale, George, Alexandru, Paul, Irina \u015fi Katerina. Zilele \u00eensorite de la Tatoi, modestul Palat de var\u0103 al familiei regale, excursiile \u00een Corfu, insula pitoreasc\u0103, sc\u0103ldat\u0103 de Marea Ionic\u0103, \u00een valurile c\u0103reia Elena se av\u00e2nta adeseori, i-au r\u0103mas pentru totdeauna \u00eentip\u0103rite \u00een memorie.<\/p>\n<p align=\"justify\">T\u00e2n\u0103ra principes\u0103 prime\u015fte o educa\u0163ie sever\u0103, al\u0103turi de Miss Nichols, guvernanta care \u00eei impune reguli stricte \u00een toate privin\u0163ele. Pentru a-\u015fi perfec\u0163iona cuno\u015ftin\u0163ele de limb\u0103 englez\u0103, frecventeaz\u0103 cursurile de var\u0103 ale \u015ecolilor din Seaford \u015fi apoi din Eastbourne timp de \u015fapte ani. \u00cen paralel, practic\u0103 echita\u0163ia, gimnastica \u015fi ciclismul. Elena se transform\u0103 din copila zglobie \u00eentr-o adolescent\u0103 zvelt\u0103, \u00eenalt\u0103 \u015fi plin\u0103 de umor, \u00een ciuda timidit\u0103\u0163ii \u015fi rezervei manifestate \u00een afara cercului familiei. Erudit\u0103, cuno\u015ftea artele plastice, muzica \u015fi literatura \u015fi-i pl\u0103cea s\u0103 se \u00eenconjoare de personalit\u0103\u0163i ale epocii.<\/p>\n<p align=\"justify\">Zilele fericite sunt \u00eens\u0103 num\u0103rate: \u00een anul 1910, regele George I, bunicul patern, este for\u0163at s\u0103 abdice \u00een favoarea fiului s\u0103u, Constantin. Doi ani mai t\u00e2rziu, Grecia, membr\u0103 a Ligii Balcanice, se angajeaz\u0103 \u00een r\u0103zboaiele din 1912 \u2013 1913, extinz\u00e2ndu-\u015fi suprafa\u0163a \u00een Epir, Macedonia \u015fi Creta. Devotat\u0103 cauzei patriei sale, Elena \u00ee\u015fi \u00eenso\u0163e\u015fte mama \u015fi surorile \u00een zona de conflict, unde activeaz\u0103 \u00een calitate de infirmier\u0103. Pe final de r\u0103zboi, soarta familiei regale e marcat\u0103 \u00eens\u0103 de moartea tragic\u0103 a fostului rege, George I, asasinat la Salonic.<br \/>\nPacea de la Bucure\u015fti, din 10 august 1913, g\u0103se\u015fte Grecia \u00een tab\u0103ra \u00eenving\u0103torilor, \u00eens\u0103 inamicii interni se dovedesc mult mai redutabili: la \u00eenceputul primului r\u0103zboi mondial, Constantin I proclam\u0103 neutralitatea. Venizelos, politicianul cu vederi antimonarhice, adept al intr\u0103rii Greciei \u00een r\u0103zboi de partea Antantei, for\u0163eaz\u0103 semnarea alian\u0163ei cu Fran\u0163a, Marea Britanie \u015fi Rusia, \u00een anul 1917. Constantin I abdic\u0103 \u00een favoarea celui de-al doilea fiu, Alexandru, care guverneaz\u0103 p\u00e2n\u0103 \u00een anul 1920, an \u00een care Constantin este reinstalat pe tron pentru doi ani. Acesta este contextul dramatic \u00een care se desf\u0103\u015foar\u0103 \u00eent\u00e2lnirea principesei Elena cu viitorul rege al Rom\u00e2niei, Carol al II-lea.<\/p>\n<p align=\"justify\">Cei doi tineri se cunosc la Lausanne, \u00een Elve\u0163ia, unde se logodesc la 12 ianuarie 1921, dup\u0103 care particip\u0103 \u00eempreun\u0103 la oficierea la Bucure\u015fti a logodnei principesei Elisabeta cu George al Greciei. Tinerii logodnici c\u0103l\u0103toresc \u00een Grecia, unde Elena face oficiile de gazd\u0103 pentru principele rom\u00e2n, foarte interesat de cultura local\u0103 \u015fi de vestigiile antichit\u0103\u0163ii. La 10 martie 1921, \u00een Catedrala Ortodox\u0103 de la Atena, \u00een prezen\u0163a celor dou\u0103 familii regale \u015fi a peste 80 de invita\u0163i, Carol \u015fi Elena se c\u0103s\u0103toresc. Martor\u0103 la eveniment, regina Maria avea s\u0103-\u015fi noteze \u00een jurnal temerile legate de viitorul c\u0103sniciei celor doi, justificate de complica\u0163iile amoroase din trecutul recent al fiului ei: ,,[\u2026]dragoste \u015fi fidelitate \u2026 mul\u0163i \u00ee\u015fi promit unul altuia aceasta \u2013 fie ca ei s\u0103 o p\u0103streze c\u00e2t mai mult pot, aceasta este ruga mea \u2026\u201d<br \/>\nCuplul se stabile\u015fte provizoriu \u00eentr-un mic apartament amenajat special de regina Maria \u00eentr-o arip\u0103 a Palatului Cotroceni, pe care Elena, cu umorul care o caracteriza, l-a descris drept ,,o scar\u0103 cu trei camere\u201d. \u00cen mai 1921, tinerii primesc s\u0103 locuiasc\u0103 la Foi\u015for, vechea cas\u0103 de v\u00e2n\u0103toare, pe care Elena se amuz\u0103 s\u0103-l amenajeze cu mobilier englezesc de mare rafinament. \u00cen decembrie 1921, guvernul voteaz\u0103 achizi\u0163ionarea unei locuin\u0163e pe \u015foseaua Kiseleff din Bucure\u015fti, pe care Elena o transform\u0103 \u00eentr-o cas\u0103 luxoas\u0103, decorat\u0103 cu mobilier de valoare, cump\u0103rat de la Firma Harrods din Londra. La 25 octombrie 1921, se n\u0103\u015ftea la Foi\u015for mo\u015ftenitorul regelui Carol al II-lea, botezat la 10 ianuarie 1922, Mihai, dup\u0103 numele voievodului Mihai Viteazul, de c\u0103tre regele Ferdinand \u015fi regina Maria ca na\u015fi principali. Aproape imediat, Elena decide s\u0103 mearg\u0103 la Atena, \u00eempreun\u0103 cu Mihai, unde r\u0103m\u00e2ne timp de trei luni.<br \/>\nLa 8 iunie 1922, asist\u0103 \u00eempreun\u0103 cu principele Carol la c\u0103s\u0103toria principesei M\u0103rioara cu regele Alexandru I al Serbiei, desf\u0103\u015furat\u0103 la Belgrad. \u00cen paralel, ve\u015ftile din Grecia sunt tot mai nefavorabile familiei regale, angajat\u0103 \u00eentr-un r\u0103zboi s\u00e2ngeros \u00eempotriva Turciei, care masacreaz\u0103 \u015fi jefuie\u015fte popula\u0163ia din Smirna. Acuzat pe nedrept de genocidul turcesc, Constantin I este nevoit s\u0103 abdice din nou, de data aceasta \u00een favoarea fiului cel mare, George al II-lea, care guverneaz\u0103 cu dificultate al\u0163i doi ani, p\u00e2n\u0103 la proclamarea primei Republici grece\u015fti (1924 \u2013 1935). La 15 octombrie 1922, principii sunt prezen\u0163i la ceremoniile \u00cencoron\u0103rii de la Alba \u2013 Iulia \u015fi \u2013 \u00een ciuda tuturor dificult\u0103\u0163ilor \u2013 cuplul pare \u00eenc\u0103 sudat. Imediat dup\u0103 eveniment, Elena se precipit\u0103 la Palermo, \u00een Sicilia, unde regele Constantin \u00ee\u015fi tr\u0103ia ultimele clipe. Spre disperarea Elenei, se stinge din via\u0163\u0103 la 11 ianuarie 1922, f\u0103r\u0103 ca fiul s\u0103u, regele Greciei, s\u0103 poat\u0103 participa la \u00eenmorm\u00e2ntare. Revenit\u0103 \u00een Rom\u00e2nia \u00een prim\u0103vara anului 1923, Elena se confrunt\u0103 cu trista realitate: Carol era implicat \u00eentr-o leg\u0103tur\u0103 pasional\u0103 cu Elena Lupescu, pe care a \u00eent\u00e2lnit-o la una dintre evenimentele Funda\u0163iei Regele Carol, al c\u0103rei pre\u015fedinte onorific era.<\/p>\n<p>Nefericit\u0103, dar interiorizat\u0103 \u015fi discret\u0103 din fire, Elena \u00ee\u015fi ocup\u0103 timpul cu educa\u0163ia principelui Mihai, care \u00eenva\u0163\u0103 rom\u00e2na \u015fi engleza, c\u0103l\u0103re\u015fte un ponei \u015fi fotografiaz\u0103, iar de la \u015fase ani, conduce o ma\u015finu\u0163\u0103, sub atenta supraveghere a guvernantei engleze, Miss St. John. \u00cen spiritul tradi\u0163iei regale, se implic\u0103 \u00een ac\u0163iuni caritabile \u015fi sociale, pune bazele unui proiect medical, \u00een colaborare cu Crucea Ro\u015fie din Paris, sus\u0163ine Biserica na\u0163ional\u0103, ca \u015fi institu\u0163iile celorlalte confesiuni \u015fi particip\u0103 la paradele militare, \u00een calitate de colonel onorific al Regimentului 9 Ro\u015fiori.<br \/>\nSalvarea vine ca \u00eentotdeauna din partea familiei: la sf\u00e2r\u015fitul anului 1923, George \u015fi Elisabeta se stabilesc \u00een Palatul Cotroceni din Bucure\u015fti, iar regina Sophia, mama Elenei, prime\u015fte drept de reziden\u0163\u0103 \u00een Rom\u00e2nia. Pasionat\u0103 de decora\u0163iuni interioare, pentru care dovedea talent \u00eenn\u0103scut, Elena se simte mai pu\u0163in singur\u0103 \u015fi disperat\u0103 \u00een mijlocul rudelor grece\u015fti. Trec astfel doi ani \u00eentr-o aparent\u0103 acalmie. \u00cen noiembrie 1925, regina Alexandra a Regatului Unit se stinge din via\u0163\u0103. Casa regal\u0103 rom\u00e2n\u0103 desemneaz\u0103 pe principele mo\u015ftenitor drept reprezentant la funeralii. Carol, a c\u0103rui leg\u0103tur\u0103 cu Elena Lupescu devenise de notorietate public\u0103, se deplaseaz\u0103 la Londra, apoi la Milano, unde era a\u015fteptat de doamna Lupescu \u015fi de unde expediaz\u0103 regelui Ferdinand scrisoarea de abdicare.<br \/>\nConstantin Hiott, ministrul Casei regale, ob\u0163ine de la Carol declara\u0163ia de renun\u0163are la toate drepturile de succesor la tron, ca \u015fi la titluri \u015fi prerogative \u00een favoarea fiului s\u0103u, Mihai. Consiliul de Coroan\u0103, convocat urgent la ini\u0163iativa regelui Ferdinand, la 31 decembrie 1925, valideaz\u0103 hot\u0103r\u00e2rea luat\u0103 de Carol. La 4 ianuarie 1926, Parlamentul a adoptat o rezolu\u0163ie prin care Mihai era proclamat mo\u015ftenitor de drept. F\u0103r\u0103 \u00eendoial\u0103, gestul lui Carol a marcat debutul unei etape noi \u00een via\u0163a principesei, care-i expediaz\u0103 scrisori dezn\u0103d\u0103jduite \u015fi \u00eei propune \u00een zadar o \u00eentrevedere privat\u0103. Carol r\u0103m\u00e2ne deocamdat\u0103 neclintit \u00een decizia sa.<\/p>\n<p align=\"justify\">Revenit\u0103 \u00een \u0163ar\u0103, Elena petrece ore \u00eentregi la c\u0103p\u0103t\u00e2iul regelui muribund. Prietenia dintre ei fusese f\u0103r\u0103 pat\u0103: Ferdinand \u00eei aprecia inteligen\u0163a vie \u015fi umorul, iar Elena, intelectualitatea \u015fi modestia. Incertitudinea viitorului o determin\u0103 s\u0103 pre\u0163uiasc\u0103 fiecare moment al\u0103turi de vl\u0103starul princiar. La 18 iulie 1927, Ferdinand I se stinge din via\u0163\u0103 la castelul Peli\u015for, l\u0103s\u00e2nd \u00een urma sa o \u0163ar\u0103 divizat\u0103 \u00eentre simpatizan\u0163ii \u015fi opozan\u0163ii lui Carol. A doua zi, principele Mihai, \u00een v\u00e2rst\u0103 de numai \u015fase ani este proclamat rege \u015fi Elena \u00een\u0163elege responsabilit\u0103\u0163i suplimentare pe care le implica pozi\u0163ia de mam\u0103 a suveranului Rom\u00e2niei. Din str\u0103in\u0103tate, Carol expediaz\u0103 spre \u0163ar\u0103 trei scrisori, \u00een care \u00eei pretinde divor\u0163ul. Educa\u0163ia cre\u015ftin\u0103 profund\u0103 primit\u0103 \u00een s\u00e2nul familiei, ca \u015fi atitudinea guvernului rom\u00e2n, o impiedic\u0103 s\u0103 dea curs cererii, \u00eens\u0103 interven\u0163iile neoficiale ale sus\u0163in\u0103torilor din umbr\u0103 ai lui Carol, precum \u015fi sentimentul de \u00eenstr\u0103inare total\u0103, o determin\u0103 s\u0103 accepte: la 21 iunie 1928, Curtea Suprem\u0103 a Rom\u00e2niei desface c\u0103s\u0103toria pe motiv de ,,nepotrivire\u201d.<\/p>\n<p align=\"justify\">Dincolo de tribula\u0163iile cotidiene, Elena \u00ee\u015fi g\u0103se\u015fte timp pentru amenajarea gr\u0103dinilor Palatului Regal de la Mamaia, primit \u00een anul 1927 din partea reginei Maria. Elena transform\u0103 parcul regal, introduc\u00e2nd conducte de ap\u0103, schimb\u0103 drumurile \u015fi peluzele, reamenajeaz\u0103 interioarele. La \u00eenceputul anului urm\u0103tor, impune un nou regulament de func\u0163ionare a Palatului. Tot acum, pune bazele concursului anual de hipism, ea \u00eens\u0103\u015fi dovedindu-se foarte experimentat\u0103 \u00een domeniu. Mai activ\u0103 ca niciodat\u0103, Elena viziteaz\u0103 spitale, merge \u00een provincie, inaugureaz\u0103 clinici, \u00eencurajeaz\u0103 cultura local\u0103, ceea ce \u00eei aduce un capital de imagine, pe care \u2013 din integritate \u015fi modestie \u2013 nu-l exploateaz\u0103 \u00eempotriva fostului so\u0163. Demn\u0103 \u015fi resemnat\u0103, Elena \u00eel \u00eenso\u0163e\u015fte pe micul rege la ceremonii \u015fi evenimente oficiale.<\/p>\n<p align=\"justify\">Restaura\u0163ia carlist\u0103 o surprinde total nepreg\u0103tit\u0103 pentru o revedere cu Carol, care nu \u00eent\u00e2rzie \u00eens\u0103 s\u0103 se produc\u0103. La 8 iunie 1930, Carol se \u00eentoarce \u00een \u0163ar\u0103 cu ajutorul Partidului Na\u0163ional \u0162\u0103r\u0103nist \u015fi cu promisiuni mincinoase de revenire la inten\u0163ii mai bune vizavi de familia sa. Imediat, Actul de Succesiune din 4 ianuarie 1926 este invalidat de c\u0103tre Parlament. Elena asist\u0103 neputincioas\u0103 la acapararea treptat\u0103 a copilului de c\u0103tre tat\u0103l s\u0103u, care \u00eei alege dasc\u0103lii \u015fi anturajul. Cu elegan\u0163a-i \u00eenn\u0103scut\u0103, se retrage din via\u0163a public\u0103, refugiindu-se fie \u00een Palatul de la Mamaia, fie \u00een re\u015fedin\u0163a de var\u0103 de la Sinaia. \u00cen cele din urm\u0103, lucrul de care se temea cel mai mult s-a \u00eent\u00e2mplat: Carol \u00eei cere s\u0103 p\u0103r\u0103seasc\u0103 Rom\u00e2nia. Se stabile\u015fte mai \u00eent\u00e2i la Londra, apoi la Floren\u0163a, \u00eens\u0103 revine la Bucure\u015fti cu ocazia zilei de na\u015ftere a fiului s\u0103u, unde r\u0103m\u00e2ne p\u00e2n\u0103 la \u00eenceputul anului 1932, c\u00e2nd \u00ee\u015fi viziteaz\u0103 la Floren\u0163a mama muribund\u0103. Sophia de Grecia se stinge din via\u0163\u0103 \u00een ianuarie 1932 \u015fi este \u00eenmorm\u00e2ntat\u0103 \u00een Biserica rus\u0103, al\u0103turi de so\u0163ul s\u0103u, Constantin.<\/p>\n<p align=\"justify\">\u00cen lungile sale plimb\u0103ri la San Domenico, \u00een apropierea Floren\u0163ei, Elena descoper\u0103 un impresionant palat de Rena\u015ftere, pe care \u00eel cump\u0103r\u0103 \u015fi \u00eel boteaz\u0103 ,,Vila Sparta\u201d, \u00een amintirea momentelor fericite de pe meleagurile Greciei. \u00cenc\u00e2ntat\u0103 de noua achizi\u0163ie, realizat\u0103 cu banii rezulta\u0163i din v\u00e2nzarea Palatului de la Mamaia, ca \u015fi a fermei de l\u00e2ng\u0103 Bucure\u015fti, Elena se concentreaz\u0103 asupra design-ului interior. Se mut\u0103 \u00een noua locuin\u0163\u0103 abia \u00een prim\u0103vara anului 1934. Peste timp, una dintre cele mai interesante personalit\u0103\u0163i rom\u00e2ne\u015fti ale epocii, Tutu Georgescu, care o frecventa la Floren\u0163a, scria \u00een biografia sa despre Vila Sparta: ,,\u00ce\u015fi cump\u0103rase o cas\u0103 la Floren\u0163a, pe colina Fiesole. Villa Sparta avea un balcon mare, care domina toat\u0103 valea Toscanei cu toate cupolele, toate spendorile \u015fi turlele Floren\u0163ei, cu p\u0103duri de portocali mereu \u00een floare. Era o cas\u0103 extraordinar de bine \u0163inut\u0103, ca la c\u0103lug\u0103ri\u0163e. Totul str\u0103lucitor, frumos\u201d.<\/p>\n<p align=\"justify\">Conform unui acord \u00eencheiat \u00eentre Elena \u015fi Casa regal\u0103 rom\u00e2n\u0103, Marele Voievod Mihai, primea permisiunea de a petrece dou\u0103 luni pe an al\u0103turi de mama sa, \u00eens\u0103 termenii sunt adeseori \u00eenc\u0103lca\u0163i cu brutalitate de c\u0103tre Carol. \u00cen toamna anului 1932, \u00een urma unui incident nepl\u0103cut, Elena ignor\u0103 interdic\u0163ia de-a se \u00eentoarce \u00een \u0163ar\u0103 \u015fi r\u0103m\u00e2ne \u00een Rom\u00e2nia timp de trei s\u0103pt\u0103m\u00e2ni.<\/p>\n<p align=\"justify\">Din 1932 p\u00e2n\u0103 \u00een 1940, tr\u0103ie\u015fte ani de lini\u015fte \u015fi delectare la Floren\u0163a, al\u0103turi de membri ai familiei grece\u015fti. Timpul se scurge \u00een func\u0163ie de prezen\u0163a sau de absen\u0163a fiului drag. \u00cenclina\u0163ia spre cultur\u0103 o determin\u0103 s\u0103 se familiarizeze cu ora\u015ful \u015fi \u00eemprejurimile: frecventeaz\u0103 cu asiduitate muzee, biserici, biblioteci. \u00cenva\u0163\u0103 limba italian\u0103, vorbind astfel curent cinci limbi str\u0103ine, al\u0103turi de greac\u0103, rom\u00e2n\u0103, francez\u0103 \u015fi german\u0103 \u015fi \u2013 dup\u0103 bunul s\u0103u obicei \u2013 face echita\u0163ie \u00een fiecare diminea\u0163\u0103.<\/p>\n<p align=\"justify\">\u00cen tot acest timp, evenimentele politice se precipit\u0103: \u00een anul 1934, regele Alexandru al Serbiei este asasinat la Marsilia. P\u0103str\u00e2nd bunele rela\u0163ii cu Mignon, Elena c\u0103l\u0103tore\u015fte frecvent la Belgrad. \u00cen anul 1935, se pronun\u0163\u0103 divor\u0163ul cuplului George \u2013 Elisabeta. \u00cen acela\u015fi an, George revine pe tronul Greciei \u00een urma unui plebiscit na\u0163ional. \u00cen 1936, cu mult\u0103 emo\u0163ie, Elena, Irina \u015fi Katerina se deplaseaz\u0103 la Atena, cu ocazia ceremoniei de re\u00eenhumare a suveranilor mor\u0163i \u00een exil, Constantin \u015fi Sophia. \u00cen anii urm\u0103tori, doi dintre fra\u0163ii s\u0103i, Paul \u015fi Irina se c\u0103s\u0103toresc \u015fi fericit\u0103, Elena \u00ee\u015fi str\u00e2nge \u00een bra\u0163e primul nepot, pe Constantin, fiul lui Paul \u015fi al Frederik\u0103i de Hanovra.<\/p>\n<p align=\"justify\">Culorile pastelate ale fericitului tablou de familie sunt eclipsate \u00eens\u0103 de fundalul politic tot mai obscur. Europa era \u00een pragul unui nou r\u0103zboi mondial: \u00een martie 1938, Germania lui Hitler ocup\u0103 Austria \u015fi la \u00eenceputul anului urm\u0103tor, Cehoslovacia. La 1 septembrie 1939, Polonia este atacat\u0103 de Rusia \u015fi Germania. Pe r\u00e2nd, toate statele mici \u2013 obligate s\u0103 adere la unul dintre blocurile militare \u2013 sunt eliminate de pe scena politic\u0103 sau reduse la postura ingrat\u0103 de simpli pioni. Acesta a fost \u015fi destinul Rom\u00e2niei. \u00cen urma Dictatului de la Viena din 30 august 1940, mai bine de jum\u0103tate din teritoriul Transilvaniei este cedat Ungariei, Basarabia \u015fi nordul Bucovinei, Rusiei, iar Dobrogea, Bulgariei. Pus \u00een fa\u0163a unui dezastru de propor\u0163ii, regele Carol al II-lea este for\u0163at s\u0103 abdice de c\u0103tre propria sa armat\u0103. La 6 septembrie 1940, p\u0103r\u0103se\u015fte Rom\u00e2nia, \u00eenso\u0163it de Elena Lupescu, cu destina\u0163ia temporar\u0103 Paris.<\/p>\n<p align=\"justify\">Vestea abdic\u0103rii fostului s\u0103u so\u0163 i-a parvenit Elenei prin intermediul ambasadorului SUA la Berlin, o mai veche cuno\u015ftin\u0163\u0103. La scurt timp dup\u0103 aceea, prime\u015fte invita\u0163ia de a reveni \u00een Rom\u00e2nia, \u00een calitate de Regin\u0103-mam\u0103. Adresantul, nimeni altul dec\u00e2t mare\u015falul Ion Antonescu, \u00eei p\u0103strase o vie amintire de pe vremea \u00een care activase \u00een Regimentul 9 Ro\u015fiori. La 13 septembrie 1940, Elenei i se face primirea oficial\u0103 la Bucure\u015fti. \u00cen mai pu\u0163in de un an, la 22 iunie 1941, armata rom\u00e2n\u0103 intr\u0103 \u00een r\u0103zboi de partea Germaniei, dep\u0103\u015find cu greu \u015fi cu numeroase jertfe umane primii ani ai r\u0103zboiului, guvernarea legionar\u0103 din septembrie 1940-ianuarie 1941 \u015fi rebeliunea legionar\u0103 din 21-23 ianuarie. Reinstalat\u0103 \u00een postura de infirmier\u0103, Elena dispune transformarea unei aripi a Palatului regal \u00een spital, pe care \u00eel coordoneaz\u0103 cu neb\u0103nuit sim\u0163 administrativ.<\/p>\n<p align=\"justify\">\u00cen aprilie 1941, Grecia este \u00eenfr\u00e2nt\u0103 de trupele italo-germane, iar regele George se autoexileaz\u0103 \u00een Egipt. Zdrobit\u0103, Elena trebuie s\u0103-l \u00eenso\u0163easc\u0103 pe Mihai la Berlin, respectiv la Roma, unde acesta poart\u0103 discu\u0163ii oficiale cu c\u0103l\u0103ii patriei sale, Hitler \u015fi Mussolini. \u00centre dou\u0103 \u00eendatoriri sociale, Elena g\u0103se\u015fte \u00eentotdeauna r\u0103gazul necesar amenaj\u0103rii castelului de la S\u0103v\u00e2r\u015fin, din jude\u0163ul Arad, pe care \u00eel cump\u0103r\u0103 \u00eempreun\u0103 cu regele. Instalat\u0103 \u00een re\u015fedin\u0163a oficial\u0103 de la Foi\u015for, angajeaz\u0103 familia restauratorilor p\u00e2nzelor Galeriei Uffizzi, Vermeyer, pentru a se ocupa de colec\u0163ia de pictur\u0103 a Casei regale. Particip\u0103 cu destul\u0103 re\u0163inere la v\u00e2n\u0103torile regale, \u00eens\u0103 c\u0103l\u0103tore\u015fte neobosit\u0103 prin \u0163ar\u0103.<\/p>\n<p align=\"justify\">Actul istoric de la 23 august 1944 o g\u0103se\u015fte la Sinaia. \u00cen\u015ftiin\u0163at\u0103 de \u00eentoarcerea armelor \u00eempotriva Germaniei \u015fi de arestarea mare\u015falului Antonescu, Elena trece prin momente de co\u015fmar: \u015ftie c\u0103 via\u0163a fiului ei este \u00een pericol. La orele 22.00, Radio Bucure\u015fti difuzeaz\u0103 Proclama\u0163ia regelui Mihai \u00een direct. Generalul S\u0103n\u0103tescu preia conducerea noului guvern, pe fondul atacurilor aeriene germane, care bombardeaz\u0103 Bucure\u015ftiul. Casa Nou\u0103, cl\u0103dire situat\u0103 pe domeniul Palatului regal, servind drept locuin\u0163\u0103 particular\u0103 a regelui Mihai, este incediat\u0103. Regele p\u0103r\u0103se\u015fte precipitat capitala spre o direc\u0163ie necunoscut\u0103. Elena \u00eel urmeaz\u0103 pe ruta Bra\u015fov \u2013 T\u00e2rgu-Jiu \u2013 Bumbe\u015fti Jiu, unde cei doi se reunesc. Timp de dou\u0103 s\u0103pt\u0103m\u00e2ni, regele \u015fi Regina \u2013 mam\u0103 locuiesc incognito \u00een satul Dobri\u0163a.<\/p>\n<p align=\"justify\">Reveni\u0163i \u00een capital\u0103, se confrunt\u0103 acum cu adev\u0103ratul pericol, cel sovietic, care ac\u0163ioneaz\u0103 \u00een vederea \u00eenl\u0103tur\u0103rii Monarhiei. Astfel, comisarul Andrei V\u00e2\u015finski, responsabil cu Balcanii, pretinde suveranului demiterea guvernului R\u0103descu \u015fi \u00eenlocuirea lui cu un guvern comunist. \u00cen ciuda opozi\u0163iei regale, la 2 martie 1945, guvernul Groza se instaleaz\u0103 la putere. Atitudinea duplicitar\u0103 a Rusiei sovietice merge p\u00e2n\u0103 acolo \u00eenc\u00e2t, \u00een iulie 1945, regelui Mihai i se confer\u0103 Ordinul Victoria pentru meritele deosebite de r\u0103zboi, pe fondul dezordinilor interne tot mai alarmate, contracarate prin greva regal\u0103. Retras la Sinaia, Mihai I adreseaz\u0103 apeluri Rusiei, Angliei \u015fi Statelor Unite, care \u00ee\u015fi trimit formal reprezentan\u0163ii. \u00cen martie 1946, pre\u015fedintele Truman \u00eei acord\u0103 Legiunea de merit. \u00cen ciuda gestului de considera\u0163ie al unei superputeri ca Statele Unite, Tribunalul poporului, instituit ilegal de comuni\u015fti, \u00eel execut\u0103 la 1 iunie pe Ion Antonescu, iar alegerile electorale din noiembrie 1946 sunt m\u0103sluite. Cu spaim\u0103, dar nu f\u0103r\u0103 umor, Elena asist\u0103 la \u00eenrobirea quasi-total\u0103 a Rom\u00e2niei unei puteri ostile, prin intermediul unor oameni de joas\u0103 extrac\u0163ie social\u0103, demagogi \u015fi fal\u015fi patrio\u0163i, aservi\u0163i politicii lui Stalin. \u015ei cum o nenorocire nu vine niciodat\u0103 singur\u0103, la 1 aprilie 1947, Elenei \u00eei parvine \u015ftirea despre moartea subit\u0103 a fratelui s\u0103i, George al II-lea.<\/p>\n<p align=\"justify\">\u00cen octombrie 1947, regina Elisabeta a II-a a Marii Britanii \u00ee\u015fi oficiaz\u0103 c\u0103s\u0103toria cu prin\u0163ul Filip de Grecia \u015fi Danemarca, nepotul reginei-mame. Invita\u0163i la ceremonie, Mihai \u015fi Elena se deplaseaz\u0103 la Londra, de unde revin la 21 decembrie 1947, spre indignarea guvernului comunist. Incomoda\u0163i de prezen\u0163a celor doi, comuni\u015ftii for\u0163eaz\u0103 plecarea regelui Mihai, amenin\u0163at cu asasinarea unui num\u0103r de peste o mie de studen\u0163i, veni\u0163i s\u0103-i scandeze numele sub ferestre. Convocat de urgen\u0163\u0103 la Palatul Elisabeta de c\u0103tre Petru Groza \u015fi Gheorghe Gheorghiu \u2013 Dej, regele este pus \u00een fa\u0163a unei situa\u0163ii f\u0103r\u0103 ie\u015fire: la 30 decembrie 1947, dep\u0103\u015fit de circumstan\u0163e, Mihai I \u00ee\u015fi pune semn\u0103tura pe actul de abdicare. La 3 ianuarie 1948, Elena p\u0103r\u0103sea pentru totdeauna Rom\u00e2nia. Se \u00eencheia astfel ultimul capitol din existen\u0163a rom\u00e2neasc\u0103 a Elenei, sortit\u0103 s\u0103 \u00eemp\u0103rt\u0103\u015feasc\u0103 destinul familiei sale grece\u015fti.<\/p>\n<p align=\"justify\">Timp de peste trei decenii, Elena de Grecia tr\u0103ie\u015fte la Floren\u0163a, \u00eenconjurat\u0103 de arti\u015fti, scriitori, poe\u0163i, bijutieri, arhitec\u0163i horticoli, \u00een mijlocul gr\u0103dinilor sale de flori \u015fi portocali, a c\u0103r\u0163ilor \u015fi obiectelor rare. \u00cen memoria celor care au cunoscut-o \u015fi au pre\u0163uit-o la adev\u0103rata sa valoare, Elena a r\u0103mas drept una dintre cele mai distinse personalit\u0103\u0163i regale ale secolului. Elegant\u0103, discret\u0103, rafinat\u0103, dotat\u0103 cu un sim\u0163 al umorului unanim recunoscut, dar \u015fi cu spirit critic pe m\u0103sur\u0103, Elena a st\u00e2rnit admira\u0163ia unor contemporane remarcabile prin frumuse\u0163ea lor, precum regina Maria a Rom\u00e2niei, care o catalogheaz\u0103 ca ,,adorabil\u0103\u201d, \u00een timp ce Marta Bibescu, o descria ca ,,prezentabil\u0103, \u00eenalt\u0103, brunet\u0103, cu un farmec discret \u015fi o fire pl\u0103cut\u0103 care-i atr\u0103gea pe cei din jur\u201d.<\/p>\n<p align=\"justify\">Constr\u00e2ngerile materiale din ultimii ani de existen\u0163\u0103 o determin\u0103 s\u0103 renun\u0163e la Vila Sparta, locuin\u0163a sa de suflet \u015fi s\u0103 se mute \u00een anul 1980, la Lausanne, unde se stinge din via\u0163\u0103 la v\u00e2rsta de 86 de ani, la 28 noiembrie 1982.<\/p>\n<p align=\"justify\">Integritatea, discre\u0163ia, elegan\u0163a s-au \u00eempletit armonios \u00een personalitatea sa cu determinarea, spiritul justi\u0163iar \u015fi curajul. Elena \u015fi-a f\u0103cut exemplar datoria fa\u0163\u0103 de condi\u0163ia sa princiar\u0103 \u015fi regal\u0103. \u00cen timpul r\u0103zboiului, s-a opus cu d\u00e2rzenie persecu\u0163iei popula\u0163iei evrei\u015fti din Rom\u00e2nia, pe care a sprijinit-o prin toate mijloacele. Peste timp, meritele sale excep\u0163ionale \u00een lupta contra ororilor antisemitismului i-au adus recunoa\u015fterea sa ca ,,Drept \u00eentre popoare\u201d, distinc\u0163ie acordat\u0103 postmortem, \u00een anul 1993, de c\u0103tre statul Israel prin intermediul Institutului Yad Vashem, din Ierusalim.<\/p>\n","protected":false},"featured_media":15728,"parent":0,"menu_order":5,"template":"","meta":{"_acf_changed":false},"categories":[],"class_list":["post-15704","personalitati","type-personalitati","status-publish","has-post-thumbnail","hentry"],"acf":[],"yoast_head":"<!-- This site is optimized with the Yoast SEO plugin v24.1 - https:\/\/yoast.com\/wordpress\/plugins\/seo\/ -->\n<title>Regina Mam\u0103 Elena &#183; Peles Test<\/title>\n<meta name=\"robots\" content=\"noindex, follow, max-snippet:-1, max-image-preview:large, max-video-preview:-1\" \/>\n<script type=\"application\/ld+json\" class=\"yoast-schema-graph\">{\"@context\":\"https:\/\/schema.org\",\"@graph\":[{\"@type\":\"WebPage\",\"@id\":\"https:\/\/thewebdevpoint.com\/ro\/personalitati\/regina-mama-elena\/\",\"url\":\"https:\/\/thewebdevpoint.com\/ro\/personalitati\/regina-mama-elena\/\",\"name\":\"Regina Mam\u0103 Elena &#183; Peles Test\",\"isPartOf\":{\"@id\":\"https:\/\/thewebdevpoint.com\/ro\/#website\"},\"primaryImageOfPage\":{\"@id\":\"https:\/\/thewebdevpoint.com\/ro\/personalitati\/regina-mama-elena\/#primaryimage\"},\"image\":{\"@id\":\"https:\/\/thewebdevpoint.com\/ro\/personalitati\/regina-mama-elena\/#primaryimage\"},\"thumbnailUrl\":\"https:\/\/thewebdevpoint.com\/wp-content\/uploads\/2024\/12\/elena1940.jpg\",\"datePublished\":\"2024-12-09T13:08:56+00:00\",\"dateModified\":\"2024-12-17T08:47:44+00:00\",\"breadcrumb\":{\"@id\":\"https:\/\/thewebdevpoint.com\/ro\/personalitati\/regina-mama-elena\/#breadcrumb\"},\"inLanguage\":\"ro-RO\",\"potentialAction\":[{\"@type\":\"ReadAction\",\"target\":[\"https:\/\/thewebdevpoint.com\/ro\/personalitati\/regina-mama-elena\/\"]}]},{\"@type\":\"ImageObject\",\"inLanguage\":\"ro-RO\",\"@id\":\"https:\/\/thewebdevpoint.com\/ro\/personalitati\/regina-mama-elena\/#primaryimage\",\"url\":\"https:\/\/thewebdevpoint.com\/wp-content\/uploads\/2024\/12\/elena1940.jpg\",\"contentUrl\":\"https:\/\/thewebdevpoint.com\/wp-content\/uploads\/2024\/12\/elena1940.jpg\",\"width\":295,\"height\":427},{\"@type\":\"BreadcrumbList\",\"@id\":\"https:\/\/thewebdevpoint.com\/ro\/personalitati\/regina-mama-elena\/#breadcrumb\",\"itemListElement\":[{\"@type\":\"ListItem\",\"position\":1,\"name\":\"Acas\u0103\",\"item\":\"https:\/\/thewebdevpoint.com\/\"},{\"@type\":\"ListItem\",\"position\":2,\"name\":\"Personalit\u0103\u021bi\",\"item\":\"https:\/\/thewebdevpoint.com\/ro\/personalitati\/\"},{\"@type\":\"ListItem\",\"position\":3,\"name\":\"Regina Mam\u0103 Elena\"}]},{\"@type\":\"WebSite\",\"@id\":\"https:\/\/thewebdevpoint.com\/ro\/#website\",\"url\":\"https:\/\/thewebdevpoint.com\/ro\/\",\"name\":\"Peles Test\",\"description\":\"\",\"publisher\":{\"@id\":\"https:\/\/thewebdevpoint.com\/ro\/#organization\"},\"potentialAction\":[{\"@type\":\"SearchAction\",\"target\":{\"@type\":\"EntryPoint\",\"urlTemplate\":\"https:\/\/thewebdevpoint.com\/ro\/?s={search_term_string}\"},\"query-input\":{\"@type\":\"PropertyValueSpecification\",\"valueRequired\":true,\"valueName\":\"search_term_string\"}}],\"inLanguage\":\"ro-RO\"},{\"@type\":\"Organization\",\"@id\":\"https:\/\/thewebdevpoint.com\/ro\/#organization\",\"name\":\"Muzeul Pele\u0219\",\"alternateName\":\"MP\",\"url\":\"https:\/\/thewebdevpoint.com\/ro\/\",\"logo\":{\"@type\":\"ImageObject\",\"inLanguage\":\"ro-RO\",\"@id\":\"https:\/\/thewebdevpoint.com\/ro\/#\/schema\/logo\/image\/\",\"url\":\"https:\/\/thewebdevpoint.com\/wp-content\/uploads\/2024\/10\/Logo.svg\",\"contentUrl\":\"https:\/\/thewebdevpoint.com\/wp-content\/uploads\/2024\/10\/Logo.svg\",\"width\":251,\"height\":48,\"caption\":\"Muzeul Pele\u0219\"},\"image\":{\"@id\":\"https:\/\/thewebdevpoint.com\/ro\/#\/schema\/logo\/image\/\"}}]}<\/script>\n<!-- \/ Yoast SEO plugin. -->","yoast_head_json":{"title":"Regina Mam\u0103 Elena &#183; Peles Test","robots":{"index":"noindex","follow":"follow","max-snippet":"max-snippet:-1","max-image-preview":"max-image-preview:large","max-video-preview":"max-video-preview:-1"},"schema":{"@context":"https:\/\/schema.org","@graph":[{"@type":"WebPage","@id":"https:\/\/thewebdevpoint.com\/ro\/personalitati\/regina-mama-elena\/","url":"https:\/\/thewebdevpoint.com\/ro\/personalitati\/regina-mama-elena\/","name":"Regina Mam\u0103 Elena &#183; Peles Test","isPartOf":{"@id":"https:\/\/thewebdevpoint.com\/ro\/#website"},"primaryImageOfPage":{"@id":"https:\/\/thewebdevpoint.com\/ro\/personalitati\/regina-mama-elena\/#primaryimage"},"image":{"@id":"https:\/\/thewebdevpoint.com\/ro\/personalitati\/regina-mama-elena\/#primaryimage"},"thumbnailUrl":"https:\/\/thewebdevpoint.com\/wp-content\/uploads\/2024\/12\/elena1940.jpg","datePublished":"2024-12-09T13:08:56+00:00","dateModified":"2024-12-17T08:47:44+00:00","breadcrumb":{"@id":"https:\/\/thewebdevpoint.com\/ro\/personalitati\/regina-mama-elena\/#breadcrumb"},"inLanguage":"ro-RO","potentialAction":[{"@type":"ReadAction","target":["https:\/\/thewebdevpoint.com\/ro\/personalitati\/regina-mama-elena\/"]}]},{"@type":"ImageObject","inLanguage":"ro-RO","@id":"https:\/\/thewebdevpoint.com\/ro\/personalitati\/regina-mama-elena\/#primaryimage","url":"https:\/\/thewebdevpoint.com\/wp-content\/uploads\/2024\/12\/elena1940.jpg","contentUrl":"https:\/\/thewebdevpoint.com\/wp-content\/uploads\/2024\/12\/elena1940.jpg","width":295,"height":427},{"@type":"BreadcrumbList","@id":"https:\/\/thewebdevpoint.com\/ro\/personalitati\/regina-mama-elena\/#breadcrumb","itemListElement":[{"@type":"ListItem","position":1,"name":"Acas\u0103","item":"https:\/\/thewebdevpoint.com\/"},{"@type":"ListItem","position":2,"name":"Personalit\u0103\u021bi","item":"https:\/\/thewebdevpoint.com\/ro\/personalitati\/"},{"@type":"ListItem","position":3,"name":"Regina Mam\u0103 Elena"}]},{"@type":"WebSite","@id":"https:\/\/thewebdevpoint.com\/ro\/#website","url":"https:\/\/thewebdevpoint.com\/ro\/","name":"Peles Test","description":"","publisher":{"@id":"https:\/\/thewebdevpoint.com\/ro\/#organization"},"potentialAction":[{"@type":"SearchAction","target":{"@type":"EntryPoint","urlTemplate":"https:\/\/thewebdevpoint.com\/ro\/?s={search_term_string}"},"query-input":{"@type":"PropertyValueSpecification","valueRequired":true,"valueName":"search_term_string"}}],"inLanguage":"ro-RO"},{"@type":"Organization","@id":"https:\/\/thewebdevpoint.com\/ro\/#organization","name":"Muzeul Pele\u0219","alternateName":"MP","url":"https:\/\/thewebdevpoint.com\/ro\/","logo":{"@type":"ImageObject","inLanguage":"ro-RO","@id":"https:\/\/thewebdevpoint.com\/ro\/#\/schema\/logo\/image\/","url":"https:\/\/thewebdevpoint.com\/wp-content\/uploads\/2024\/10\/Logo.svg","contentUrl":"https:\/\/thewebdevpoint.com\/wp-content\/uploads\/2024\/10\/Logo.svg","width":251,"height":48,"caption":"Muzeul Pele\u0219"},"image":{"@id":"https:\/\/thewebdevpoint.com\/ro\/#\/schema\/logo\/image\/"}}]}},"_links":{"self":[{"href":"https:\/\/thewebdevpoint.com\/ro\/wp-json\/wp\/v2\/personalitati\/15704","targetHints":{"allow":["GET"]}}],"collection":[{"href":"https:\/\/thewebdevpoint.com\/ro\/wp-json\/wp\/v2\/personalitati"}],"about":[{"href":"https:\/\/thewebdevpoint.com\/ro\/wp-json\/wp\/v2\/types\/personalitati"}],"wp:featuredmedia":[{"embeddable":true,"href":"https:\/\/thewebdevpoint.com\/ro\/wp-json\/wp\/v2\/media\/15728"}],"wp:attachment":[{"href":"https:\/\/thewebdevpoint.com\/ro\/wp-json\/wp\/v2\/media?parent=15704"}],"wp:term":[{"taxonomy":"category","embeddable":true,"href":"https:\/\/thewebdevpoint.com\/ro\/wp-json\/wp\/v2\/categories?post=15704"}],"curies":[{"name":"wp","href":"https:\/\/api.w.org\/{rel}","templated":true}]}}